{"id":10313,"date":"2025-06-29T13:15:51","date_gmt":"2025-06-29T11:15:51","guid":{"rendered":"https:\/\/uj.adatbank.ro\/lexikon\/termek\/illyes-kinga-%c2%a7\/"},"modified":"2025-06-29T13:15:51","modified_gmt":"2025-06-29T11:15:51","slug":"illyes-kinga-%c2%a7","status":"publish","type":"product","link":"https:\/\/uj.adatbank.ro\/lexikon\/termek\/illyes-kinga-%c2%a7\/","title":{"rendered":"ILLY\u00c9S Kinga, \u00a7"},"content":{"rendered":"<p>Bereck, 1940. dec. 10., \u2020\u00a0Mv., 2004. j\u00fal. 28.: sz\u00ednm\u0171v\u00e9sz, el\u0151ad\u00f3m\u0171v\u00e9sz, tan\u00e1r. \u2013 I. Lajos gy\u00f3gyszer\u00e9sz \u00e9s Sz\u00edni D\u00f3ra le\u00e1nya. \u2013 Elemi iskol\u00e1it a k\u00e9zdiv\u00e1s\u00e1rhelyi Kat. Gimn. -ban kezdte, tanult Berecken \u00e9s Mv.-en a Le\u00e1nyl\u00edc. -ban, a 4. sz. K\u00f6z\u00e9piskol\u00e1ban \u00e9retts\u00e9gizett (1953\u201357), majd a Szentgy\u00f6rgyi Istv\u00e1n Sz\u00ednm\u0171v\u00e9szeti Int\u00e9zetben szerzett oklevelet (1957\u201361). A mv.-i Sz\u00ednh\u00e1z m\u0171v\u00e9sze (1961\u201390). A Szentgy\u00f6rgyi Istv\u00e1n Sz\u00ednm\u0171v\u00e9szeti Int\u00e9zet\/ Sz\u00ednm\u0171v\u00e9szeti Akad. (1990\u2013) tan\u00e1ra (1971\u2013). Szerepelt m\u00e1r egyetemista (3. \u00e9ves) kor\u00e1ban a Mamlock professzor-ban, majd \u00d6z\u00f6nv\u00edz el\u0151tt-ben. L\u00edrai h\u0151sn\u0151k hagyom\u00e1nyokt\u00f3l elt\u00e9r\u0151, szokatlan megeleven\u00edt\u00e9s\u00e9vel t\u0171nt fel. Visszafogott \u00e9rzelmeket, indulatokat sejtet\u0151 halks\u00e1got \u00f6tv\u00f6z egybe hirtelen kit\u00f6r\u00e9sekkel, v\u00e1ratlan sokkhat\u00e1sokkal. Sz\u00e9p dikci\u00f3ja, \u00e1rnyalt \u00e9s kifejez\u0151 besz\u00e9de jelent\u0151s el\u0151ad\u00f3m\u0171v\u00e9ssz\u00e9 tette. Irodalmi rendezv\u00e9nyeken, szaval\u00f3esteken l\u00e9pett fel (1965\u2013), a hetvenes \u00e9vekt\u0151l pedig \u00f6n\u00e1ll\u00f3 m\u0171sorokkal Nyugat-Eur\u00f3pa k\u00fcl\u00f6nb\u00f6z\u0151 orsz\u00e1gaiban is (Anglia, Ausztria, Sv\u00e1jc, Franciao., Belgium, N\u00e9meto., Sv\u00e9do., Jugoszl\u00e1via, Ausztr\u00e1lia). A Kis herceggel turn\u00e9zott nemcsak az orsz\u00e1gban, hanem az USA-ban, Belgiumban, Izraelben. A Securitate \u00e1lland\u00f3 megfigyel\u00e9s alatt tartotta mindazokat, akik Sz\u00e9pfalusi Istv\u00e1n b\u00e9csi lelk\u00e9sszel kapcsolatot tartottak fel, k\u00f6zt\u00fck I. K. -\u00e1t is megfigyelt\u00e9k, elutas\u00edtott\u00e1k utaz\u00e1si k\u00e9relm\u00e9t k\u00fclf\u00f6ldre (1974). Fell\u00e9pett az \u00daj \u00c9let ind\u00edtotta Aranymad\u00e1r sorozat\u00e1ban, az Ifj\u00famunk\u00e1s-matin\u00e9 Sz\u00fcl\u0151f\u00f6ldem c. m\u0171sorban (1976. dec.), a KZST rendezv\u00e9nyein (az utols\u00f3 fell\u00e9p\u00e9se is ott volt, 2004. m\u00e1j. 25.). Munk\u00e1ss\u00e1g\u00e1t sz\u00e1mos d\u00edj \u00e9s elismer\u00e9s honor\u00e1lta. Az El\u0151ad\u00f3m\u0171v\u00e9szek Orsz\u00e1gos fesztiv\u00e1lj\u00e1n I. d\u00edjat (1974), Nagyv\u00e1radon a legjobb n\u0151i alak\u00edt\u00e1s- \u00e9s el\u0151ad\u00e1s-d\u00edjat, ATM-d\u00edjat (1983), M\u00e1rton \u00c1ron eml\u00e9k\u00e9rmet (1989) kapott. A M. M\u0171v\u00e9szet\u00e9rt d\u00edjat (1991), a M. K\u00f6zt\u00e1rsas\u00e1gi \u00e9rdemrend kiskeresztj\u00e9t kapta meg (1996); EMKE Kem\u00e9ny J\u00e1nos-d\u00edj (1997. nov.); Mv. d\u00edszpolg\u00e1ra (2002), M. \u00d6r\u00f6ks\u00e9g D\u00edjas (2002), Sz\u00e9chenyi-d\u00edjas (??). A mv.-i P\u00e1lffy-h\u00e1zban leplezt\u00e9k le a plakettj\u00e9t, Cs\u00e1ki L\u00e1szl\u00f3 alkot\u00e1s\u00e1t (2006. okt. 3.). Berecken eml\u00e9kszob\u00e1t rendeztek be tisztelet\u00e9re (???). \u2013 <strong>F. sz.:<\/strong> Ruth (Fr. Wolf: Mamlock professzor, 1960); Ionel Hristea: Egyetlen \u00e9let (1965. febr. 22.); Arnold Wesker: Gy\u00f6kerek (1965. okt. 16.); Anyuta (L. Tolsztoj: A s\u00f6t\u00e9t\u00e9s\u00e9g hatalma, 1966. dec. 29.); M\u00e9hes Gy\u00f6rgy: Mi f\u00e9rfiak (1968. \u00e1pr. 23.); A kis herceg (1969. j\u00fan. 8.); Eg\u00e9rke (\u00d6rk\u00e9ny: Macskaj\u00e1t\u00e9k, 1972. m\u00e1rc. 17.); Armande (M. Bulgakv: K\u00e9pm\u00fatat\u00f3k cselsz\u00f6v\u00e9se, 1973); Valois Erzs\u00e9bet (Schiller: Don Carlos, 1977); Lizanka (Bulgakov: A divatszalon titka); \u00f6zv. Orm\u00f3din\u00e9 (Szigligeti-M\u00f3ricz: A csik\u00f3s); Jenny (E. Albee: Mindent a kertbe, 1978); I. L. Caragiale: Z\u0171rzavaros \u00e9jszaka (1984. \u00e1pr. 20.). Natasa (A. Gelman: N\u00e9gyszemk\u00f6zt, 1990); a rom\u00e1n tagozaton: Janika (Dorel Dorian: Dac\u0103 vei fi \u00eentrebat); \u201eIngenua\u201d(Luigi Pirandello: \u015ease personaje \u00een c\u0103utarea unui actor; El\u0151ad\u00f3 estjei \u00e9s lemezei: A. de Saint-Exup\u00e9ry: A kis herceg: Monodr\u00e1ma, Hencz J\u00f3zsef zen\u00e9j\u00e9vel (Electrecord lemezfelv\u00e9tel ST-EXE 02630, 1969; Bp., 1972. nov. 23.); Fagy\u00f6ngy: V\u00e1logat\u00e1s kort\u00e1rs m. k\u00f6lt\u0151k verseib\u0151l (St\u00fadi\u00f3 Sz\u00ednh\u00e1z, 1971. nov.; Szabadka, Zsombor, \u00dajvid\u00e9k, Temerin, Belgr\u00e1d, Zenta, 1972. j\u00fan.; Bp., 1972. nov. 23.) \u00e9s (Bp., MTV-, Buk. lemezfelv\u00e9tel, EXE 0813 1973); \u00cdgy \u00edrtok ti (Nemes Levente \u00e9s Gyarmati Istv\u00e1n k\u00f6z\u00f6s el\u0151ad\u00e1sban, 1971. dec. 31.); L\u00edrai orat\u00f3rium: Szil\u00e1gyi Domokos verseib\u0151l, 1971; (RTV m. ad\u00e1s\u00e1nak felv\u00e9tele, 1975; lemezfelv\u00e9tel EXE 01320, 1976; MTV-felv\u00e9tel, 1978); A n\u0151, aki vir\u00e1got akart szak\u00edtani: Monodr\u00e1ma O. Fallaci m\u0171veib\u0151l (1982); Hantaf\u0171- boh\u00f3cmonol\u00f3g (1985); T\u00e1ltos mad\u00e1r (Hungaroton, 1986); Szabadnak lenni mit jelent? : Kar\u00e1csony \u00e9s h\u00fasv\u00e9t k\u00f6z\u00f6tt Erd\u00e9lyben (1990; Bp. R\u00e1di\u00f3felv\u00e9tel, 1991). M\u00e1rai S\u00e1ndor: San Gennaro v\u00e9re; Szent Erzs\u00e9bet legend\u00e1ja; \u00datraval\u00f3 (album, Kecskem\u00e9t). ATM-d\u00edjat (1983), M\u00e1rton \u00c1ron eml\u00e9k\u00e9rmet (1989) kapott. A M. M\u0171v\u00e9szet\u00e9rt d\u00edjat (1991), a M. K\u00f6zt\u00e1rsas\u00e1gi \u00e9rdemrend kiskeresztj\u00e9t kapta meg (1996); EMKE Kem\u00e9ny J\u00e1nos-d\u00edj (1997. nov.); Mv. d\u00edszpolg\u00e1ra (2002), M. \u00d6r\u00f6ks\u00e9g D\u00edjas (2002), Sz\u00e9chenyi-d\u00edjas (??). A mv.-i P\u00e1lffy-h\u00e1zban leplezt\u00e9k le a plakettj\u00e9t, Cs\u00e1ki L\u00e1szl\u00f3 alkot\u00e1s\u00e1t (2006. okt. 3.). Berecken eml\u00e9kszob\u00e1t rendeztek be tisztelet\u00e9re (???). K. eml\u00e9kk\u00f6nyv \/\u00d6ssze\u00e1ll. Balogh Andr\u00e1s. (Bereck, 2006 v. 2007). <br \/><strong>Irod.:<\/strong> Aranykorszak; EMKK; Eml\u00e9kk. Szab\u00f3 Csaba; Erd\u00e9lyi L. 2009, (Foto. 1982); G\u00e1sp\u00e1rik Attila: I. K.-ra eml\u00e9kezve (N\u00fa., M\u00fazsa, 1208. sz., 2015. dec. 12.); I. K. eml\u00e9kk\u00f6nyv \/\u00d6ssze\u00e1ll. Balogh Andr\u00e1s. (Bereck, 2006 v. 2007); Hal\u00e1sz Anna: I. K. sz\u00ednm\u0171v\u00e9szn\u0151: Az anyanyelv tisztas\u00e1ga: m\u00e9lt\u00f3s\u00e1gunk (A H\u00e9t \u00e9vk., 1979), (A H\u00e9t \u00e9vk., 1982); Id\u0151t\u00e1r 4.; I. K. [Nekrol\u00f3g] (N\u00fa., 2004. j\u00fal. 30.); J\u00e1szber\u00e9nyi Emese: A kis herceg nevet\u00e9se (N\u00fa., M\u00fazsa, 876. sz., 2009. m\u00e1rc. 7.); Katona Szab\u00f3 Istv\u00e1n: Az \u00daj \u00c9let lexikona, 80. (\u00daj \u00c9let, 20. sz. 1973.); Kincses 2016; Koch M\u00e1ria: A m\u0171, mellyel \u00e9letem l\u00e9nyeg\u00e9t tudom elmondani. (V. Z., 1981. j\u00fan. 17.); Kov\u00e1cs Levente: Az emberi szenved\u00e9s sz\u00edvhangjai (N\u00fa., M\u00fazsa, 324. sz., 1997. dec. 12.); Kusz\u00e1lik; L\u00e1szl\u00f3 J\u00e1nos: l\u00e9lekt\u0151l l\u00e9lekig (N\u00fa., 1990. aug. 25.); MNL 19.; MSZL; Nagy Em\u0151ke: Igaz mese az embers\u00e9gr\u0151l: I. K. \u00fatraval\u00f3ja. (N\u0151k lapja, 47. sz., 2002. nov.); Nagyjaink; Nagy Mikl\u00f3s Kund: Verssel, dallal az \u00f6t\u00f6dik kontinensen (N\u00fa., M\u00fazsa, 28. sz., 1991. okt. 18.; 29. sz., 1991. okt. 25.); Szabadnak lenni mit jelent \u2013 verssel, dallal az \u00f6t\u00f6dik kontinensen = M\u00edg a magn\u00f3 \u00f6sszekapcsolt: Interjuk, besz\u00e9lget\u00e9sek (Cs\u00edkszereda, 2006); N\u00fa. (2002. j\u00fan. 15.; 2003. febr. 5.); [Nekrol\u00f3g] (N\u00fa., 2004. j\u00fal. 30.); Ol\u00e1h Tibor: I. K. el\u0151ad\u00e1sa (V. Z., 1982. \u00e1pr. 17.); Ol\u00e1h Tibor: I. K. \u00faj m\u0171sora [Szabadnak lenni, mit jelent ?] (N\u00fa., 1990. szept. 6.); Ol\u00e1h Tibor 1996; [Az RMDSZ Maros megyei k\u00e9pvisel\u0151jel\u0151ltje] (N\u00fa., 1990. m\u00e1j. 11.); R\u00daL; Sz[\u0151cs] K[\u00e1lm\u00e1n]: Vastaps (V. Z., 1966. \u00e1pr. 8.); Todea 2013; T\u00f3falvi Zolt\u00e1n: I. K. (Erd\u00e9lyi Figyel\u0151, 1\u20132. sz., 1989)<\/br><\/p>\n","protected":false},"excerpt":{"rendered":"<p>Bereck, 1940. dec. 10., \u2020\u00a0Mv., 2004. j\u00fal. 28.: sz\u00ednm\u0171v\u00e9sz, el\u0151ad\u00f3m\u0171v\u00e9sz, tan\u00e1r. \u2013 I. Lajos gy\u00f3gyszer\u00e9sz \u00e9s Sz\u00edni D\u00f3ra le\u00e1nya. \u2013 Elemi iskol\u00e1it a k\u00e9zdiv\u00e1s\u00e1rhelyi Kat. Gimn. -ban kezdte, tanult Berecken \u00e9s Mv.-en a Le\u00e1nyl\u00edc. -ban, a 4. sz. K\u00f6z\u00e9piskol\u00e1ban \u00e9retts\u00e9gizett (1953\u201357), majd a Szentgy\u00f6rgyi Istv\u00e1n Sz\u00ednm\u0171v\u00e9szeti Int\u00e9zetben szerzett oklevelet (1957\u201361). A mv.-i Sz\u00ednh\u00e1z m\u0171v\u00e9sze (1961\u201390). [&hellip;]<\/p>\n","protected":false},"featured_media":0,"comment_status":"open","ping_status":"closed","template":"","meta":[],"product_brand":[],"product_cat":[137],"product_tag":[],"class_list":{"0":"post-10313","1":"product","2":"type-product","3":"status-publish","5":"product_cat-maros-megyei-eletrajzi-lexikon","7":"first","8":"instock","9":"shipping-taxable","10":"product-type-simple"},"_links":{"self":[{"href":"https:\/\/uj.adatbank.ro\/lexikon\/wp-json\/wp\/v2\/product\/10313","targetHints":{"allow":["GET"]}}],"collection":[{"href":"https:\/\/uj.adatbank.ro\/lexikon\/wp-json\/wp\/v2\/product"}],"about":[{"href":"https:\/\/uj.adatbank.ro\/lexikon\/wp-json\/wp\/v2\/types\/product"}],"replies":[{"embeddable":true,"href":"https:\/\/uj.adatbank.ro\/lexikon\/wp-json\/wp\/v2\/comments?post=10313"}],"wp:attachment":[{"href":"https:\/\/uj.adatbank.ro\/lexikon\/wp-json\/wp\/v2\/media?parent=10313"}],"wp:term":[{"taxonomy":"product_brand","embeddable":true,"href":"https:\/\/uj.adatbank.ro\/lexikon\/wp-json\/wp\/v2\/product_brand?post=10313"},{"taxonomy":"product_cat","embeddable":true,"href":"https:\/\/uj.adatbank.ro\/lexikon\/wp-json\/wp\/v2\/product_cat?post=10313"},{"taxonomy":"product_tag","embeddable":true,"href":"https:\/\/uj.adatbank.ro\/lexikon\/wp-json\/wp\/v2\/product_tag?post=10313"}],"curies":[{"name":"wp","href":"https:\/\/api.w.org\/{rel}","templated":true}]}}