{"id":10331,"date":"2025-06-29T13:16:26","date_gmt":"2025-06-29T11:16:26","guid":{"rendered":"https:\/\/uj.adatbank.ro\/lexikon\/termek\/ilyes-laszlo-ilyes-lajos\/"},"modified":"2025-06-29T13:16:26","modified_gmt":"2025-06-29T11:16:26","slug":"ilyes-laszlo-ilyes-lajos","status":"publish","type":"product","link":"https:\/\/uj.adatbank.ro\/lexikon\/termek\/ilyes-laszlo-ilyes-lajos\/","title":{"rendered":"ILY\u00c9S L\u00e1szl\u00f3, Ily\u00e9s Lajos"},"content":{"rendered":"<p>Bar\u00f3t, 1900. aug. 22., \u2020\u00a0Bar\u00f3t, 1975. dec. 4.: r. k. pap. \u2013 Sz\u00e9kelyudvarhelyen \u00e9s Gyulafeh\u00e9rv\u00e1ron tanult. Gyulafeh\u00e9rv\u00e1ron szentelt\u00e9k papp\u00e1 (1923. j\u00fan. 29.). K\u00e1pl\u00e1n Gyergy\u00f3alfaluban (1923), Sz\u00e9kelyudvarhelyen (1925). Magyarzs\u00e1kod f\u00fcggetlen egyh\u00e1zk\u00f6zs\u00e9gg\u00e9 v\u00e1lt (1927\u2013), ennek els\u0151 pl\u00e9b\u00e1nosa (1927\u201339), majd Szenth\u00e1roms\u00e1gon (1939\u201345), Sepsib\u00fcksz\u00e1don (1945\u2013). szolg\u00e1lt. <br \/><strong>Irod.:<\/strong> Ferenczi S\u00e1ndor 2009; Maros-k\u00fck\u00fcll\u0151i f\u0151esp.<\/br><\/p>\n","protected":false},"excerpt":{"rendered":"<p>Bar\u00f3t, 1900. aug. 22., \u2020\u00a0Bar\u00f3t, 1975. dec. 4.: r. k. pap. \u2013 Sz\u00e9kelyudvarhelyen \u00e9s Gyulafeh\u00e9rv\u00e1ron tanult. Gyulafeh\u00e9rv\u00e1ron szentelt\u00e9k papp\u00e1 (1923. j\u00fan. 29.). K\u00e1pl\u00e1n Gyergy\u00f3alfaluban (1923), Sz\u00e9kelyudvarhelyen (1925). Magyarzs\u00e1kod f\u00fcggetlen egyh\u00e1zk\u00f6zs\u00e9gg\u00e9 v\u00e1lt (1927\u2013), ennek els\u0151 pl\u00e9b\u00e1nosa (1927\u201339), majd Szenth\u00e1roms\u00e1gon (1939\u201345), Sepsib\u00fcksz\u00e1don (1945\u2013). szolg\u00e1lt. Irod.: Ferenczi S\u00e1ndor 2009; Maros-k\u00fck\u00fcll\u0151i f\u0151esp.<\/p>\n","protected":false},"featured_media":0,"comment_status":"open","ping_status":"closed","template":"","meta":[],"product_brand":[],"product_cat":[137],"product_tag":[],"class_list":{"0":"post-10331","1":"product","2":"type-product","3":"status-publish","5":"product_cat-maros-megyei-eletrajzi-lexikon","7":"first","8":"instock","9":"shipping-taxable","10":"product-type-simple"},"_links":{"self":[{"href":"https:\/\/uj.adatbank.ro\/lexikon\/wp-json\/wp\/v2\/product\/10331","targetHints":{"allow":["GET"]}}],"collection":[{"href":"https:\/\/uj.adatbank.ro\/lexikon\/wp-json\/wp\/v2\/product"}],"about":[{"href":"https:\/\/uj.adatbank.ro\/lexikon\/wp-json\/wp\/v2\/types\/product"}],"replies":[{"embeddable":true,"href":"https:\/\/uj.adatbank.ro\/lexikon\/wp-json\/wp\/v2\/comments?post=10331"}],"wp:attachment":[{"href":"https:\/\/uj.adatbank.ro\/lexikon\/wp-json\/wp\/v2\/media?parent=10331"}],"wp:term":[{"taxonomy":"product_brand","embeddable":true,"href":"https:\/\/uj.adatbank.ro\/lexikon\/wp-json\/wp\/v2\/product_brand?post=10331"},{"taxonomy":"product_cat","embeddable":true,"href":"https:\/\/uj.adatbank.ro\/lexikon\/wp-json\/wp\/v2\/product_cat?post=10331"},{"taxonomy":"product_tag","embeddable":true,"href":"https:\/\/uj.adatbank.ro\/lexikon\/wp-json\/wp\/v2\/product_tag?post=10331"}],"curies":[{"name":"wp","href":"https:\/\/api.w.org\/{rel}","templated":true}]}}