{"id":10353,"date":"2025-06-29T13:17:10","date_gmt":"2025-06-29T11:17:10","guid":{"rendered":"https:\/\/uj.adatbank.ro\/lexikon\/termek\/imre-lajos-%c2%a7\/"},"modified":"2025-06-29T13:17:10","modified_gmt":"2025-06-29T11:17:10","slug":"imre-lajos-%c2%a7","status":"publish","type":"product","link":"https:\/\/uj.adatbank.ro\/lexikon\/termek\/imre-lajos-%c2%a7\/","title":{"rendered":"IMRE Lajos, \u00a7"},"content":{"rendered":"<p>H\u00f3dmez\u0151v\u00e1s\u00e1rhely, 1888. nov. 4., \u2020 Kv., 1974. m\u00e1rc. 8. A H\u00e1zsong\u00e1rdi temet\u0151ben nyugszik: ref. lelk\u00e9sz, teol. tan\u00e1r, szerk. \u2013 A kv.-i ref. teol. akad. -n (1906\u201310), Aberdeenben (Sk\u00f3cia; 1910\u201311), a heidelbergi egy.-en tanult (1912\u201313). A kv.-i egy.-en pedag\u00f3gi\u00e1b\u00f3l b\u00f6lcs\u00e9szdoktori oklevelet szerzett (1913). Az aberdeeni egy. t. doktora (1968). Tord\u00e1n seg\u00e9dlelk\u00e9sz, Kv. -ott k\u00f6z\u00e9pisk. vall\u00e1stan\u00e1r volt (1911\u201312). A kv.-i ref. teol. akad. mag\u00e1ntan\u00e1ra (1912\u2013), Mv.-en vall\u00e1stan\u00e1r \u00e9s intern\u00e1tusi fel\u00fcgyel\u0151 (1913\u201314). Kolozskar\u00e1n lelkip\u00e1sztor (1914\u201321), a kv.-i ref. teol. akad. -n mag\u00e1ntan\u00e1ri el\u0151ad\u00e1sokat tartott, a gyakorlati teol\u00f3gia h. (1921\u2013), r. tan\u00e1ra m\u00edg nyugd\u00edjazt\u00e1k (1922\u201348). Az Ifj\u00fa Erd\u00e9ly (1930\u201340), Az \u00dat c. havi foly\u00f3irat (1923\u201324), A M. Ifj\u00fas\u00e1g K\u00f6nyvt\u00e1ra sorozat (1928) szerk. Vall\u00e1si, pedag\u00f3giai, n\u00e9pnevel\u00e9si, filoz\u00f3fiai t\u00e1rgy\u00fa m\u0171veket publik\u00e1lt (1912\u20131947). &#8211; <strong>F. m.:<\/strong> A gyemek vall\u00e1sa (1912); Az erk\u00f6lcsi nevel\u00e9s viszonya a vall\u00e1shoz (1913); A falu kult\u00far\u00e1ja (Kv., 1914); Vez\u00e9rfonal az ifj\u00fas\u00e1g gondoz\u00e1s\u00e1ra (Bp., 1920); A falu m\u0171vel\u0151d\u00e9se (1922); A magyar k\u00e1lvinista lelkip\u00e1sztor eszm\u00e9nye (Kv., 1922); Hogyan tan\u00edtsunk vall\u00e1st? (Kv., 1923; t\u00f6bb kiad.); A praedes-tinatio tana az igehirdet\u00e9sben \u00e9s a nevel\u00e9sben (Debrecen, 1924); A modern nevel\u00e9s kritik\u00e1ja (Kv., 1928); Az Isten \u00e9s az emberi l\u00e9lek (Kv., 1929); A s\u00e1f\u00e1rkod\u00f3 egyh\u00e1z (Nagy\u00adb\u00e1nya, 1930); Az ifj\u00fas\u00e1g v\u00e1ls\u00e1ga (Nagyb\u00e1nya, 1930); A kijelent\u00e9s \u00e9s a paedagogia (K\u00adv., 1931); A protestantizmus \u00e9s a proleta\u00adri\u00e1tus (Kv., 1932); A vas\u00e1rnapi iskolai munka alapelvei (Kv., 1933); A falu\u00adnevel\u00e9s ir\u00e1nyelvei (Kv., 1933); Az Ige \u00e9s a fegyelem (Kv., 1934); A praedes-tinatio tana a misszi\u00f3i munk\u00e1ban (Kecskem\u00e9thy Istv\u00e1n Eml\u00e9kk. Kv., 1934); Aranyl\u00e1nc (elm\u00e9lked\u00e9sek; Kv., 1936; 2. kiad. Szil\u00e1gysomly\u00f3, 1939); Liliom a t\u00f6visek k\u00f6z\u00f6tt (Torda, 1936; 2. kiad. 1938); A gyermek vall\u00e1sos nevel\u00e9se az iskola el\u0151tt (Bp., 1937); Hivat\u00e1s \u00e9s \u00e9let (Kv., 1937); Kagawa a nagy jap\u00e1n kereszty\u00e9n (Cluj, 1937); A k\u00f6zm\u0171\u00advel\u0151d\u00e9s mint t\u00e1rsadalmi feladat (Kv., 1940); Ekl\u00e9ziasztika (Bp. 1941); N\u00e9pm\u0171\u00advel\u00e9s, mint pedag\u00f3giai feladat (Kv., 1942); Katechetika (Bp. 1942); Kereszty\u00e9n vall\u00e1stan\u00edt\u00e1s (Gy\u0151r, 1943); N\u00e9pek gy\u00f3gyul\u00e1sa (Kv., 1945); Krisztus visszaj\u00f6vetele (Kv., 1947); \u00d6n\u00e9let\u00edr\u00e1s (Kv., 1999); <strong>t\u00e1rssz.:<\/strong> Rom\u00e1nia \u00faj alkotm\u00e1ny\u00e1nak jelent\u0151s\u00e9\u00adge reform\u00e1tus egyh\u00e1zunk szempontj\u00e1b\u00f3l. (Kov\u00e1cs Andr\u00e1ssal; Torda, 1938). \u00d6n\u00e9let\u00edr\u00e1s (Kv., 1999). <br \/><strong>Irod.:<\/strong> Berekm\u00e9ri \u00c1rp\u00e1d R\u00f3bert: Dr. Imre Lajos teol\u00f3giai professzor belmisszi\u00f3i tev\u00e9kenys\u00e9ge Maros-Torda v\u00e1rmegy\u00e9ben, az imperiumv\u00e1lt\u00e1st k\u00f6vet\u0151 id\u0151szak\u00e1ban = Maros megyei m. t\u00f6rt. 5.; Ga\u00e1l Gy.; H\u00e1zsong\u00e1rd; I. L.: \u00d6n\u00e9let\u00edr\u00e1s (Kv., 1999); Molter 1.; T\u0151k\u00e9s Istv\u00e1n; \u00daIL; \u00daM\u00c9L; Valentiny 1938<\/br><\/p>\n","protected":false},"excerpt":{"rendered":"<p>H\u00f3dmez\u0151v\u00e1s\u00e1rhely, 1888. nov. 4., \u2020 Kv., 1974. m\u00e1rc. 8. A H\u00e1zsong\u00e1rdi temet\u0151ben nyugszik: ref. lelk\u00e9sz, teol. tan\u00e1r, szerk. \u2013 A kv.-i ref. teol. akad. -n (1906\u201310), Aberdeenben (Sk\u00f3cia; 1910\u201311), a heidelbergi egy.-en tanult (1912\u201313). A kv.-i egy.-en pedag\u00f3gi\u00e1b\u00f3l b\u00f6lcs\u00e9szdoktori oklevelet szerzett (1913). Az aberdeeni egy. t. doktora (1968). Tord\u00e1n seg\u00e9dlelk\u00e9sz, Kv. -ott k\u00f6z\u00e9pisk. vall\u00e1stan\u00e1r volt [&hellip;]<\/p>\n","protected":false},"featured_media":0,"comment_status":"open","ping_status":"closed","template":"","meta":[],"product_brand":[],"product_cat":[137],"product_tag":[],"class_list":{"0":"post-10353","1":"product","2":"type-product","3":"status-publish","5":"product_cat-maros-megyei-eletrajzi-lexikon","7":"first","8":"instock","9":"shipping-taxable","10":"product-type-simple"},"_links":{"self":[{"href":"https:\/\/uj.adatbank.ro\/lexikon\/wp-json\/wp\/v2\/product\/10353","targetHints":{"allow":["GET"]}}],"collection":[{"href":"https:\/\/uj.adatbank.ro\/lexikon\/wp-json\/wp\/v2\/product"}],"about":[{"href":"https:\/\/uj.adatbank.ro\/lexikon\/wp-json\/wp\/v2\/types\/product"}],"replies":[{"embeddable":true,"href":"https:\/\/uj.adatbank.ro\/lexikon\/wp-json\/wp\/v2\/comments?post=10353"}],"wp:attachment":[{"href":"https:\/\/uj.adatbank.ro\/lexikon\/wp-json\/wp\/v2\/media?parent=10353"}],"wp:term":[{"taxonomy":"product_brand","embeddable":true,"href":"https:\/\/uj.adatbank.ro\/lexikon\/wp-json\/wp\/v2\/product_brand?post=10353"},{"taxonomy":"product_cat","embeddable":true,"href":"https:\/\/uj.adatbank.ro\/lexikon\/wp-json\/wp\/v2\/product_cat?post=10353"},{"taxonomy":"product_tag","embeddable":true,"href":"https:\/\/uj.adatbank.ro\/lexikon\/wp-json\/wp\/v2\/product_tag?post=10353"}],"curies":[{"name":"wp","href":"https:\/\/api.w.org\/{rel}","templated":true}]}}