{"id":10393,"date":"2025-06-29T13:18:28","date_gmt":"2025-06-29T11:18:28","guid":{"rendered":"https:\/\/uj.adatbank.ro\/lexikon\/termek\/incze-antal\/"},"modified":"2025-06-29T13:18:28","modified_gmt":"2025-06-29T11:18:28","slug":"incze-antal","status":"publish","type":"product","link":"https:\/\/uj.adatbank.ro\/lexikon\/termek\/incze-antal\/","title":{"rendered":"INCZE Antal"},"content":{"rendered":"<p>Marosludas, 1898., \u2020\u00a0?: dr. med., orvos, ogy.-i k\u00e9pvisel\u0151. \u2013 A k\u00f6z\u00e9piskol\u00e1t Kv.-on a Piarista Gimn. -ban v\u00e9gezte. Bevonult katon\u00e1nak, az orosz \u00e9s az olasz harctereken harcolt \u00e9s mint t. hadnagy t\u00f6bb kit\u00fcntet\u00e9st szerzett. Szegeden folytatta egy. tanulm\u00e1nyait, \u00e9s megszerezte orvosdoktori oklevel\u00e9t (1923), az ottani Szem\u00e9szeti Klinika gyakonoka majd tan\u00e1rseg\u00e9de. Bp.-re ker\u00fclt mint az OTI oszt\u00e1lyvezet\u0151 szem\u00e9sz szakorvosa (1927). Kiv\u00e1ndorolt Brazili\u00e1ba (1929), Porto Alegre v\u00e1ros\u00e1ban 7 \u00e9vig mag\u00e1norvos, kutat\u00f3munk\u00e1t v\u00e9gzett a tr\u00f3pusi szembetegs\u00e9gek k\u00f6r\u00e9ben. Visszat\u00e9rt Bp.-re (1936), \u00fajb\u00f3l az OTI-n\u00e1l dolgozott; bekapcsol\u00f3dott a politikai \u00e9letbe, Imr\u00e9dy B\u00e9la akkori minisztereln\u00f6k megb\u00edz\u00e1s\u00e1b\u00f3l a M. \u00c9let Mozgalom egyik vezet\u0151je, szervez\u0151je (1938\u2013), V\u00e1c ogy.-i k\u00e9pvisel\u0151je (1939\u2013). Cikkeit: n\u00e9met szaklapok, Orvosi Hetilap, H\u00edd k\u00f6z\u00f6lte. \u2013 <strong>F. m.:<\/strong> Rio-Grande-Trieszt (Bp., 1937); Imr\u00e9dy (Bp., 1942). <br \/><strong>Irod.:<\/strong> Guly\u00e1s<\/br><\/p>\n","protected":false},"excerpt":{"rendered":"<p>Marosludas, 1898., \u2020\u00a0?: dr. med., orvos, ogy.-i k\u00e9pvisel\u0151. \u2013 A k\u00f6z\u00e9piskol\u00e1t Kv.-on a Piarista Gimn. -ban v\u00e9gezte. Bevonult katon\u00e1nak, az orosz \u00e9s az olasz harctereken harcolt \u00e9s mint t. hadnagy t\u00f6bb kit\u00fcntet\u00e9st szerzett. Szegeden folytatta egy. tanulm\u00e1nyait, \u00e9s megszerezte orvosdoktori oklevel\u00e9t (1923), az ottani Szem\u00e9szeti Klinika gyakonoka majd tan\u00e1rseg\u00e9de. Bp.-re ker\u00fclt mint az OTI oszt\u00e1lyvezet\u0151 [&hellip;]<\/p>\n","protected":false},"featured_media":0,"comment_status":"open","ping_status":"closed","template":"","meta":[],"product_brand":[],"product_cat":[137],"product_tag":[],"class_list":{"0":"post-10393","1":"product","2":"type-product","3":"status-publish","5":"product_cat-maros-megyei-eletrajzi-lexikon","7":"first","8":"instock","9":"shipping-taxable","10":"product-type-simple"},"_links":{"self":[{"href":"https:\/\/uj.adatbank.ro\/lexikon\/wp-json\/wp\/v2\/product\/10393","targetHints":{"allow":["GET"]}}],"collection":[{"href":"https:\/\/uj.adatbank.ro\/lexikon\/wp-json\/wp\/v2\/product"}],"about":[{"href":"https:\/\/uj.adatbank.ro\/lexikon\/wp-json\/wp\/v2\/types\/product"}],"replies":[{"embeddable":true,"href":"https:\/\/uj.adatbank.ro\/lexikon\/wp-json\/wp\/v2\/comments?post=10393"}],"wp:attachment":[{"href":"https:\/\/uj.adatbank.ro\/lexikon\/wp-json\/wp\/v2\/media?parent=10393"}],"wp:term":[{"taxonomy":"product_brand","embeddable":true,"href":"https:\/\/uj.adatbank.ro\/lexikon\/wp-json\/wp\/v2\/product_brand?post=10393"},{"taxonomy":"product_cat","embeddable":true,"href":"https:\/\/uj.adatbank.ro\/lexikon\/wp-json\/wp\/v2\/product_cat?post=10393"},{"taxonomy":"product_tag","embeddable":true,"href":"https:\/\/uj.adatbank.ro\/lexikon\/wp-json\/wp\/v2\/product_tag?post=10393"}],"curies":[{"name":"wp","href":"https:\/\/api.w.org\/{rel}","templated":true}]}}