{"id":10413,"date":"2025-06-29T13:19:12","date_gmt":"2025-06-29T11:19:12","guid":{"rendered":"https:\/\/uj.adatbank.ro\/lexikon\/termek\/incze-istvan-nagybaconi\/"},"modified":"2025-06-29T13:19:12","modified_gmt":"2025-06-29T11:19:12","slug":"incze-istvan-nagybaconi","status":"publish","type":"product","link":"https:\/\/uj.adatbank.ro\/lexikon\/termek\/incze-istvan-nagybaconi\/","title":{"rendered":"INCZE Istv\u00e1n, nagybaconi"},"content":{"rendered":"<p>Kv., 1721. jan. 5., \u2020 Mv., 1774. m\u00e1rc. 4.: ref. lelk\u00e9sz, tan\u00e1r. \u2013 I. M\u00e1t\u00e9, tan\u00e1r, ref. lelk\u00e9sz \u00e9s bogd\u00e1nyi Sajg\u00f3 Erzs\u00e9bet fia. Feles\u00e9ge: T\u0151ke S\u00e1ra, a mv.-i T\u0151ke Istv\u00e1n, enyedi tan\u00e1r le\u00e1nya. \u2013 Tanulm\u00e1nyait Kv.-on kezdte (1726\u2013), majd Leidenben \u00e9s Franekerben tanult (1741\u201345). Hazat\u00e9rve B\u00e1nffy Farkas udvari papja lett Boncid\u00e1n (1745\u2013); papp\u00e1 szentelt\u00e9k. Kv.-on \u00e9lt, majd a Mv. Ref. Koll. &#8211; ban matematik\u00e1t \u00e9s filoz\u00f3fi\u00e1t tan\u00edtott (26 \u00e9v \u00e9s 7 h\u00f3napot, 1749\u20131776). Az els\u0151 volt, aki a Christian Wolff-f\u00e9le filoz\u00f3fi\u00e1t tan\u00edtotta a mv.-i Koll. -ban. Felterjeszt\u00e9sre a f\u0151konziszt\u00f3rium megengedte, hogy a rektori hivatalt Benk\u0151 Mih\u00e1llyal felv\u00e1ltva viselje (1757\u2013). Tan\u00edtott \u00c1kosfalv\u00e1n (1760). Dr. M\u00e1tyus Istv\u00e1n t\u00f6bbek k\u00f6z\u00f6tt neki is, mint volt tan\u00edt\u00f3j\u00e1nak, aj\u00e1nlotta Melancholia c. orvosi disszert\u00e1ci\u00f3j\u00e1t (1756). Egyh\u00e1zi \u00e9s gy\u00e1szbesz\u00e9dei jelentek meg \u00e9s a kor\u00e1ban t\u00f6rt\u00e9nt nevezetes dolgokr\u00f3l napl\u00f3t vezetett. 8 halotti besz\u00e9de a mv.-i ref. f\u0151iskola k\u00f6nyvt\u00e1r\u00e1ban Halotti akci\u00f3k c. kollig\u00e1tumban. Temette Borosnyai L. Simeon. \u2013 <strong>F. m.:<\/strong> Carmen lagubre, quo optimi genitoris Matthaei Suprema deflevit filius (Claudiopoli, 1742); Halotti oratio, melyben. Tholdi \u00c1d\u00e1m \u00farnak utol\u00f3 tisztess\u00e9get tett Bolly\u00e1ban, 1751. nov. 14. (Kv., 1752); Halotti pr\u00e9dik\u00e1czi\u00f3 a keser\u0171s\u00e9gek \u00e9s nyomor\u00fas\u00e1gok ig\u00e1j\u00e1nak haysznos elvisel\u00e9s\u00e9r\u00f3l melyet. gr\u00f3f Losonczi B\u00e1nffi \u00c1gnes ifj\u00fa \u00farasszonynak \u00e9s n\u00e9hai. Vargyasi D\u00e1niel \u00c1gnes csecsem\u0151 kisasszonyk\u00e1nak utols\u00f3 tisztess\u00e9g-t\u00e9teleknek napj\u00e1n.., 1754. aug. 18. (Kv., 1755); Halotti oratio az igaz kereszty\u00e9ni szel\u00edds\u00e9gr\u00f3l, melyet ezen ritka virtussal t\u00fcnd\u00f6kl\u0151 szelid ifj\u00fa \u00farasszonynak. Losonczi B\u00e1nffi Erzs\u00e9bet asszonynak. nagyercsei gr. Toldalagi P\u00e1l. \u00e9lete szelid p\u00e1rj\u00e1nak utols\u00f3 tisztess\u00e9gt\u00e9tel\u00e9re elmondott. Koronk\u00e1n.., 1757. dec. 18. (Kv., 1758); Vil\u00e1gi \u00e9let\u00e9re n\u00e9zve tizenh\u00e9t, de elein meg\u00e9rt elm\u00e9j\u00e9re sat. n\u00e9zve sz\u00e1z esztend\u0151s kegyes ifj\u00fa gr. L\u00e1z\u00e1r Imre, kinek utols\u00f3 tisztess\u00e9ge napj\u00e1n szent tan\u00edt\u00e1st tett Gyalakuton, 1761. m\u00e1j. 17. (Nagyszeben, 1761); Halotti oratio a szerencs\u00e9tlens\u00e9gr\u0151l, avagy e vil\u00e1gi v\u00e9letlen szomor\u00fa t\u00f6rt\u00e9netekr\u0151l, melyet sz\u00e9ki gr. Teleki Mih\u00e1ly tisztess\u00e9ge t\u00e9tel\u00e9nek napj\u00e1n elmondott Gy\u00e9resen (Kv., 1762); Halotti oratio a kereszt\u00e9ny hadi vez\u00e9reknek gy\u0151zelmi szekerekr\u0151l, melyel ama ritka virtusoknak dics\u0151s\u00e9ges gy\u0151zedelmi szeker\u00e9n az halhatatlan tisztess\u00e9gnek templom\u00e1ban szerencs\u00e9sen \u00e1ltal ment nagy herosnak. Bethlen Farkas \u00far \u0151 nagys\u00e1g\u00e1nak utols\u00f3 tisztess\u00e9get tett Teremiben (Nagyszeben, 1763); Halotti oratio gr. Rh\u00e9dei P\u00e1l felett, 1764. dec. 9. (Kv., 1765); Halotti besz\u00e9d gr. Kisr\u00e9dei Rh\u00e9dei P\u00e1l felett (Kv., 1765); Halotti oratio a kegyess\u00e9gnek e vil\u00e1g ellen val\u00f3 keserves panaszair\u00f3l, melyet gr. R\u00e1dai Eszter sz\u00e9ki gr. Teleki L\u00e1szl\u00f3 hitves\u00e9nek utols\u00f3 tisztess\u00e9g t\u00e9teli napj\u00e1n elmondott (Kv., 1766); Halotti besz\u00e9dek n\u00e9hai gr. R\u00e1dai Eszter gr. sz\u00e9ki Teleki L\u00e1szl\u00f3 \u00e9lete p\u00e1rja felett (Kv., 1766); Halotti oratio e vil\u00e1gi minden boldogtalans\u00e1gnak \u00e9s dics\u0151s\u00e9gnek hijj\u00e1ban-val\u00f3s\u00e1g\u00e1r\u00f3l, melyel e vil\u00e1gi muland\u00f3 boldogs\u00e1gnak hely\u00e9re \u00e1ltal k\u00f6lt\u00f6z\u00f6tt nagy heroin\u00e1nak n\u00e9h. B\u00e1nffy Kl\u00e1ra asszonynak, n\u00e9hai bethleni gr. Bethleni Bethlen \u00c1d\u00e1m \u00e9lete p\u00e1rj\u00e1nak utols\u00f3 tisztess\u00e9get tett, 1767. aug. 16. (Kv., 1768). <br \/><strong>Irod.:<\/strong> Bod P\u00e9ter; Fogarasi; Halotti besz\u00e9dek; Kiss-K\u00e1lm\u00e1n-Bierbrunner; Koncz; Kov\u00e1sznai; Kozma; Kozma B\u00e9la: Koll\u00e9giumunk \u00e9s az Erd\u00e9lyi Magyar Nyelvm\u00edvel\u0151 T\u00e1rsas\u00e1g (2.)(N\u00fa., 1993. aug. 11.); Rugonfalvi Kiss; S\u00e1muel Alad\u00e1r: Fels\u0151cserb\u00e1toni Bod P\u00e9ter \u00e9lete \u00e9s m\u0171vei (Bp., 1899); Sipos G\u00e1bor; Szinnyei; \u00daM\u00c9L; Zov\u00e1nyi<\/br><\/p>\n","protected":false},"excerpt":{"rendered":"<p>Kv., 1721. jan. 5., \u2020 Mv., 1774. m\u00e1rc. 4.: ref. lelk\u00e9sz, tan\u00e1r. \u2013 I. M\u00e1t\u00e9, tan\u00e1r, ref. lelk\u00e9sz \u00e9s bogd\u00e1nyi Sajg\u00f3 Erzs\u00e9bet fia. Feles\u00e9ge: T\u0151ke S\u00e1ra, a mv.-i T\u0151ke Istv\u00e1n, enyedi tan\u00e1r le\u00e1nya. \u2013 Tanulm\u00e1nyait Kv.-on kezdte (1726\u2013), majd Leidenben \u00e9s Franekerben tanult (1741\u201345). Hazat\u00e9rve B\u00e1nffy Farkas udvari papja lett Boncid\u00e1n (1745\u2013); papp\u00e1 szentelt\u00e9k. Kv.-on [&hellip;]<\/p>\n","protected":false},"featured_media":0,"comment_status":"open","ping_status":"closed","template":"","meta":[],"product_brand":[],"product_cat":[137],"product_tag":[],"class_list":{"0":"post-10413","1":"product","2":"type-product","3":"status-publish","5":"product_cat-maros-megyei-eletrajzi-lexikon","7":"first","8":"instock","9":"shipping-taxable","10":"product-type-simple"},"_links":{"self":[{"href":"https:\/\/uj.adatbank.ro\/lexikon\/wp-json\/wp\/v2\/product\/10413","targetHints":{"allow":["GET"]}}],"collection":[{"href":"https:\/\/uj.adatbank.ro\/lexikon\/wp-json\/wp\/v2\/product"}],"about":[{"href":"https:\/\/uj.adatbank.ro\/lexikon\/wp-json\/wp\/v2\/types\/product"}],"replies":[{"embeddable":true,"href":"https:\/\/uj.adatbank.ro\/lexikon\/wp-json\/wp\/v2\/comments?post=10413"}],"wp:attachment":[{"href":"https:\/\/uj.adatbank.ro\/lexikon\/wp-json\/wp\/v2\/media?parent=10413"}],"wp:term":[{"taxonomy":"product_brand","embeddable":true,"href":"https:\/\/uj.adatbank.ro\/lexikon\/wp-json\/wp\/v2\/product_brand?post=10413"},{"taxonomy":"product_cat","embeddable":true,"href":"https:\/\/uj.adatbank.ro\/lexikon\/wp-json\/wp\/v2\/product_cat?post=10413"},{"taxonomy":"product_tag","embeddable":true,"href":"https:\/\/uj.adatbank.ro\/lexikon\/wp-json\/wp\/v2\/product_tag?post=10413"}],"curies":[{"name":"wp","href":"https:\/\/api.w.org\/{rel}","templated":true}]}}