{"id":10465,"date":"2025-06-29T13:20:58","date_gmt":"2025-06-29T11:20:58","guid":{"rendered":"https:\/\/uj.adatbank.ro\/lexikon\/termek\/irsai-elisabeta-gyorgy-erzsebet-irsaine-gyorgy-erzsebet\/"},"modified":"2025-06-29T13:20:58","modified_gmt":"2025-06-29T11:20:58","slug":"irsai-elisabeta-gyorgy-erzsebet-irsaine-gyorgy-erzsebet","status":"publish","type":"product","link":"https:\/\/uj.adatbank.ro\/lexikon\/termek\/irsai-elisabeta-gyorgy-erzsebet-irsaine-gyorgy-erzsebet\/","title":{"rendered":"IRSAI Elisabeta, Gy\u00f6rgy Erzs\u00e9bet, Irsain\u00e9 Gy\u00f6rgy Erzs\u00e9bet"},"content":{"rendered":"<p>Sz\u00e1szr\u00e9gen, 1919. szept. 12., \u2020 Marosszentgy\u00f6rgy, ? : tan\u00edt\u00f3n\u0151. \u2013 G\u00f6rg\u00e9nyben elemi iskol\u00e1t, Mv.-en gimn. -ot, Kv.-on tan\u00edt\u00f3k\u00e9pz\u0151t v\u00e9gzett (1940). Kett\u0151smez\u0151n (Szil\u00e1gy) kezdte p\u00e1ly\u00e1j\u00e1t (1940 \u2013 1945), onnan Nagycs\u00e1nyba (Kolozs), Magyarcsesztv\u00e9re (Feh\u00e9r), Marosj\u00e1r\u00e1ba ker\u00fclt, ahol h. tan\u00e1rk\u00e9nt rom\u00e1n nyelvet tan\u00edtott (\u20131960). Onnan Marosszentgy\u00f6rgyre helyezt\u00e9k \u00f3v\u00f3n\u0151nek, ahol igazgat\u00f3 is volt nyugd\u00edjaz\u00e1s\u00e1ig (1960\u201373). <br \/><strong>Irod.:<\/strong> Omagiu; S\u00e2ngeorgiu de Mure\u015f \u2013 \u015ecoala<\/br><\/p>\n","protected":false},"excerpt":{"rendered":"<p>Sz\u00e1szr\u00e9gen, 1919. szept. 12., \u2020 Marosszentgy\u00f6rgy, ? : tan\u00edt\u00f3n\u0151. \u2013 G\u00f6rg\u00e9nyben elemi iskol\u00e1t, Mv.-en gimn. -ot, Kv.-on tan\u00edt\u00f3k\u00e9pz\u0151t v\u00e9gzett (1940). Kett\u0151smez\u0151n (Szil\u00e1gy) kezdte p\u00e1ly\u00e1j\u00e1t (1940 \u2013 1945), onnan Nagycs\u00e1nyba (Kolozs), Magyarcsesztv\u00e9re (Feh\u00e9r), Marosj\u00e1r\u00e1ba ker\u00fclt, ahol h. tan\u00e1rk\u00e9nt rom\u00e1n nyelvet tan\u00edtott (\u20131960). Onnan Marosszentgy\u00f6rgyre helyezt\u00e9k \u00f3v\u00f3n\u0151nek, ahol igazgat\u00f3 is volt nyugd\u00edjaz\u00e1s\u00e1ig (1960\u201373). Irod.: Omagiu; S\u00e2ngeorgiu de [&hellip;]<\/p>\n","protected":false},"featured_media":0,"comment_status":"open","ping_status":"closed","template":"","meta":[],"product_brand":[],"product_cat":[137],"product_tag":[],"class_list":{"0":"post-10465","1":"product","2":"type-product","3":"status-publish","5":"product_cat-maros-megyei-eletrajzi-lexikon","7":"first","8":"instock","9":"shipping-taxable","10":"product-type-simple"},"_links":{"self":[{"href":"https:\/\/uj.adatbank.ro\/lexikon\/wp-json\/wp\/v2\/product\/10465","targetHints":{"allow":["GET"]}}],"collection":[{"href":"https:\/\/uj.adatbank.ro\/lexikon\/wp-json\/wp\/v2\/product"}],"about":[{"href":"https:\/\/uj.adatbank.ro\/lexikon\/wp-json\/wp\/v2\/types\/product"}],"replies":[{"embeddable":true,"href":"https:\/\/uj.adatbank.ro\/lexikon\/wp-json\/wp\/v2\/comments?post=10465"}],"wp:attachment":[{"href":"https:\/\/uj.adatbank.ro\/lexikon\/wp-json\/wp\/v2\/media?parent=10465"}],"wp:term":[{"taxonomy":"product_brand","embeddable":true,"href":"https:\/\/uj.adatbank.ro\/lexikon\/wp-json\/wp\/v2\/product_brand?post=10465"},{"taxonomy":"product_cat","embeddable":true,"href":"https:\/\/uj.adatbank.ro\/lexikon\/wp-json\/wp\/v2\/product_cat?post=10465"},{"taxonomy":"product_tag","embeddable":true,"href":"https:\/\/uj.adatbank.ro\/lexikon\/wp-json\/wp\/v2\/product_tag?post=10465"}],"curies":[{"name":"wp","href":"https:\/\/api.w.org\/{rel}","templated":true}]}}