{"id":10487,"date":"2025-06-29T13:21:44","date_gmt":"2025-06-29T11:21:44","guid":{"rendered":"https:\/\/uj.adatbank.ro\/lexikon\/termek\/issekutz-marton\/"},"modified":"2025-06-29T13:21:44","modified_gmt":"2025-06-29T11:21:44","slug":"issekutz-marton","status":"publish","type":"product","link":"https:\/\/uj.adatbank.ro\/lexikon\/termek\/issekutz-marton\/","title":{"rendered":"ISSEKUTZ M\u00e1rton"},"content":{"rendered":"<p>1801. m\u00e1j. 22., \u2020 Mv., 1835. aug. 1.: keresked\u0151. \u2013 Feles\u00e9ge: Cs\u00edki Anna (1805.? \u2013 Mv., 1866. nov. 13.). Gyerekeik: Adeod\u00e1t P\u00e9ter P\u00e1l (Bogd\u00e1n) (1826. j\u00fal. 1. \u2013 1881. dec. 2.), M\u00e1ria Johanna (1827. dec. 28. \u2013 1829. \u00e1pr. 5.), Johanna Anna M\u00e1ria (1830. febr. 8. \u2013 1838. \u00e1pr. 15.), M\u00e1ria Rebeka (1832. szept. 8. \u2013 1833. m\u00e1j. 15.), M\u00e1rton J\u00f3zsef (1834. \u00e1pr. 27. \u2013 1836. j\u00fal. 28.), M\u00e1ria postumus, (1837. febr. 20. \u2013 1838. \u00e1pr. 8.). \u2013 Nagykeresked\u0151 volt, a koleraj\u00e1rv\u00e1nykor halt meg. <br \/><strong>Irod.:<\/strong> Gudenus: \u00d6rm\u00e9ny csal\u00e1dok; Gy\u00e1szjelent\u0151.; Id\u0151t\u00e1r 1; P\u00e1l-Antal S\u00e1ndor: \u00d6rm\u00e9nyek Mv.-en 1848 el\u0151tt = Pusk\u00e1s-Sz\u00e1sz \u00c1v\u00e9d<\/br><\/p>\n","protected":false},"excerpt":{"rendered":"<p>1801. m\u00e1j. 22., \u2020 Mv., 1835. aug. 1.: keresked\u0151. \u2013 Feles\u00e9ge: Cs\u00edki Anna (1805.? \u2013 Mv., 1866. nov. 13.). Gyerekeik: Adeod\u00e1t P\u00e9ter P\u00e1l (Bogd\u00e1n) (1826. j\u00fal. 1. \u2013 1881. dec. 2.), M\u00e1ria Johanna (1827. dec. 28. \u2013 1829. \u00e1pr. 5.), Johanna Anna M\u00e1ria (1830. febr. 8. \u2013 1838. \u00e1pr. 15.), M\u00e1ria Rebeka (1832. szept. 8. [&hellip;]<\/p>\n","protected":false},"featured_media":0,"comment_status":"open","ping_status":"closed","template":"","meta":[],"product_brand":[],"product_cat":[137],"product_tag":[],"class_list":{"0":"post-10487","1":"product","2":"type-product","3":"status-publish","5":"product_cat-maros-megyei-eletrajzi-lexikon","7":"first","8":"instock","9":"shipping-taxable","10":"product-type-simple"},"_links":{"self":[{"href":"https:\/\/uj.adatbank.ro\/lexikon\/wp-json\/wp\/v2\/product\/10487","targetHints":{"allow":["GET"]}}],"collection":[{"href":"https:\/\/uj.adatbank.ro\/lexikon\/wp-json\/wp\/v2\/product"}],"about":[{"href":"https:\/\/uj.adatbank.ro\/lexikon\/wp-json\/wp\/v2\/types\/product"}],"replies":[{"embeddable":true,"href":"https:\/\/uj.adatbank.ro\/lexikon\/wp-json\/wp\/v2\/comments?post=10487"}],"wp:attachment":[{"href":"https:\/\/uj.adatbank.ro\/lexikon\/wp-json\/wp\/v2\/media?parent=10487"}],"wp:term":[{"taxonomy":"product_brand","embeddable":true,"href":"https:\/\/uj.adatbank.ro\/lexikon\/wp-json\/wp\/v2\/product_brand?post=10487"},{"taxonomy":"product_cat","embeddable":true,"href":"https:\/\/uj.adatbank.ro\/lexikon\/wp-json\/wp\/v2\/product_cat?post=10487"},{"taxonomy":"product_tag","embeddable":true,"href":"https:\/\/uj.adatbank.ro\/lexikon\/wp-json\/wp\/v2\/product_tag?post=10487"}],"curies":[{"name":"wp","href":"https:\/\/api.w.org\/{rel}","templated":true}]}}