{"id":10640,"date":"2025-06-29T13:26:44","date_gmt":"2025-06-29T11:26:44","guid":{"rendered":"https:\/\/uj.adatbank.ro\/lexikon\/termek\/jakab-elek-%c2%a7-szentgericei\/"},"modified":"2025-06-29T13:26:44","modified_gmt":"2025-06-29T11:26:44","slug":"jakab-elek-%c2%a7-szentgericei","status":"publish","type":"product","link":"https:\/\/uj.adatbank.ro\/lexikon\/termek\/jakab-elek-%c2%a7-szentgericei\/","title":{"rendered":"JAKAB Elek, \u00a7 szentgericei"},"content":{"rendered":"<p>Szentgerice, 1820. febr. 13., \u2020 Bp., 1897. j\u00fal. 22. Kv-on a H\u00e1zsong\u00e1rdi temet\u0151ben nyugszik: t\u00f6rt\u00e9n\u00e9sz, lev\u00e9lt\u00e1ros, jog\u00e1sz. \u2013 Testv\u00e9re J\u00f3zsef (1821\u20131855). \u2013 Sz\u00fcl\u0151faluj\u00e1ban v\u00e9gezte az elemi iskol\u00e1t, Tiboldi Istv\u00e1n tan\u00edtv\u00e1nya volt (1826\u201329). A sz\u00e9kelykereszt\u00fari unit. algimn.-ban tanult (1829\u201337), ahol testv\u00e9r\u00e9vel Olvas\u00f3 T\u00e1rsas\u00e1got, k\u00f6nyvt\u00e1rat szervezett \u00e9s Tavaszi Bimb\u00f3k c. di\u00e1klapot ind\u00edtott. Kv.-on az Unit. Koll.-ban b\u00f6lcseletet \u00e9s teol\u00f3gi\u00e1t v\u00e9gzett (1837\u201340), Brassai S\u00e1muel professzort is hallgathatta. A Ref. Koll.-ban elv\u00e9gezte a k\u00e9t\u00e9ves jogi tanfolyamot (1842), di\u00e1kt\u00e1rsa volt K\u0151v\u00e1ri L\u00e1szl\u00f3. Egy \u00e9vig gyakornok a mv.-i Kir. T\u00e1bl\u00e1n\u00e1l; Nagyszebenben a Kincst\u00e1rn\u00e1l hivatalnokoskodott (1841\u201348); letette az \u00fcgyv\u00e9di vizsg\u00e1t Kv.-on (1847); Marossz\u00e9k \u00edt\u00e9l\u0151t\u00e1blai b\u00edr\u00f3v\u00e1 v\u00e1lasztotta (1847). Nagyszebeni \u00e9vei alatt kezdett lev\u00e9lt\u00e1i kutat\u00e1ssal foglalkozni. Felt\u00e1rta a Sz\u00e1sz Nemzeti Lev\u00e9lt\u00e1r, Szeben vm.-i Lev\u00e9lt\u00e1r, a Bruckenthal M\u00fazeum \u00e9s K\u00f6nyvt\u00e1r anyag\u00e1t. R\u00e9szt vett az uni\u00f3t kimond\u00f3 ogy.-en, csatlakozott Bem sereg\u00e9hez. (1848. szept.), hadnagyi, f\u0151hadnagyi, alkapit\u00e1nyi rangban r\u00e9szt vett az erd\u00e9lyi \u00e9s b\u00e1n\u00e1ti hadj\u00e1ratban. A szabads\u00e1gharc lever\u00e9se ut\u00e1n fogs\u00e1gba esett, a nagyaszebeni v\u00e1rb\u00f6rt\u00f6nben raboskodott (\u20131850). Kiszabadul\u00e1sa ut\u00e1n 4 \u00e9vre sz\u00fcl\u0151faluja elhagy\u00e1s\u00e1nak tilalm\u00e1val b\u00fcntett\u00e9k, a birtok\u00e1n gazd\u00e1lkodott (1850\u201354). Agricola \u00e1ln\u00e9ven k\u00fcldte cikkeit Kv.-ra (1853\u2013). Ezekre figyelt fel gr. Mik\u00f3 Imre, felh\u00edvta \u00e9s Kv.-on titk\u00e1r\u00e1nak alkalmazta (1854). V\u00e9gleg Kv.-ra k\u00f6lt\u00f6z\u00f6tt (1856), \u00e9s seg\u00edtette Mik\u00f3 Imr\u00e9t a Nemzeti Sz\u00ednh\u00e1z, az Erd\u00e9lyi Gazdas\u00e1gi Egylet \u00fajraind\u00edt\u00e1s\u00e1ban, az Erd\u00e9lyi M\u00fazeum-Egylet \u00e9s a Kereszt\u00e9ny Magvet\u0151 alap\u00edt\u00e1s\u00e1ban. K\u00f6zrem\u0171k\u00f6d\u00f6tt az Erd\u00e9lyi T\u00f6rt\u00e9nelmi Adatok c. gy\u0171jtem\u00e9ny szerkeszt\u00e9s\u00e9ben. Mik\u00f3 megb\u00edz\u00e9s\u00e1b\u00f3l forr\u00e1skutat\u00e1sokat v\u00e9gzett Erd\u00e9ly k\u00fcl\u00f6nb\u00f6z\u0151 k\u00f6nyv- \u00e9s lev\u00e9lt\u00e1r\u00e1ban. Az Erd\u00e9lyi F\u0151korm\u00e1nysz\u00e9k Lev\u00e9lt\u00e1r\u00e1ban alkalmazt\u00e1k (1861\u2013), aligazgat\u00f3nak (1863), majd igazgat\u00f3nak nevezt\u00e9k ki (1867). Amikor a m. korm\u00e1ny elhat\u00e1rozta az Orsz\u00e1gos Lev\u00e9lt\u00e1r l\u00e9trehoz\u00e1s\u00e1t \u00e9s az Ed\u00e9lyi F\u0151korm\u00e1nysz\u00e9k lev\u00e9lt\u00e1r\u00e1nak szervezeti egys\u00e9gk\u00e9nt val\u00f3 beolvaszt\u00e1s\u00e1t, \u0151t bizt\u00e1k meg az \u00e1tsz\u00e1ll\u00edt\u00e1s megszervez\u00e9s\u00e9vel \u00e9s a lev\u00e9lt\u00e1r berendez\u00e9s\u00e9vel (1873). Tapasztalatszerz\u00e9s c\u00e9lj\u00e1b\u00f3l saj\u00e1t k\u00f6lts\u00e9g\u00e9n beutazta Eur\u00f3pa nevezetesebb v\u00e1rosait \u00e9s tanulm\u00e1nyozta azok lev\u00e9lt\u00e1rait (1874). Orsz\u00e1gos Lev\u00e9lt\u00e1r allev\u00e9lt\u00e1rnoka (aligazgat\u00f3nak) (1875), majd lev\u00e9lt\u00e1rnoknak (igazgat\u00f3nak) nevezt\u00e9k ki (1893\u2013), megb\u00edzt\u00e1k a MTA lev\u00e9lt\u00e1r\u00e1nak rendez\u00e9s\u00e9vel (1875), melyet t\u00f6bb \u00e9vi munk\u00e1val elv\u00e9gzett. Tudom\u00e1nyos munk\u00e1ss\u00e1ga k\u00f6z\u00e9ppontj\u00e1ban Erd\u00e9ly 16. \u2013 19. sz. t\u00f6rt\u00e9net\u00e9nek kutat\u00e1sa \u00e1llt, foglalkozott egyebek mellett Kv., Udvarhely vm. helyt\u00f6t\u00e9net\u00e9vel, a szabads\u00e1gharc erd\u00e9lyi vonatkoz\u00e1saival is. Sz\u00e1mos \u00e9letrajzot \u00edrt. Levelezett Kriza J\u00e1nossal, Tiboldi Istv\u00e1nnal \u00e9s seg\u00edtette a n\u00e9pdalk\u00f6lt\u00e9szeti gy\u0171l\u00e9st. A MTA levelez\u0151 (1870), majd rendes tagj\u00e1v\u00e1 v\u00e1lasztott\u00e1k (1889), tiszteleti tagja volt az ASTRA-nak, levelz\u0151 tagja a British and Foreign Unitarian Association-nak. K\u00f6ltem\u00e9nyeit k\u00f6z\u00f6lte a: kv.-i Rem\u00e9n, Athenaeum, Honder\u0171. <strong>Cikkei:<\/strong> Erd\u00e9lyi H\u00edrad\u00f3, Nemzeti T\u00e1rsalkod\u00f3, Honv\u00e9d, Kv.-i Hetilap, Bp.-i H\u00edrlap, Pesti H\u00edrlap, M. H\u00edrlap, kv.-i Ellenz\u00e9k, Pesti Napl\u00f3, Erd\u00e9szeti Lapok -stb. Kv.-on szerkesztette az Erd\u00e9lyi                                                                                          H\u00edrad\u00f3t (1848), az Erd\u00e9lyi Gazdas\u00e1gi Egylet \u00c9vk\u00f6nyv\u00e9t (1854\u201355), az Erd\u00e9lyi Mezei Napt\u00e1rt (1856), \u00e9s az Erd\u00e9lyi Nagyfejedelems\u00e9g Hivatali Tiszti N\u00e9vt\u00e1r\u00e1t (1864). A nev\u00e9t viselte sz\u00fcl\u0151fal\u00faj\u00e1ban a m\u0171vel\u0151d\u00e9si h\u00e1z (1926\u2013). Szentgerice k\u00f6zpontj\u00e1ban \u00fcnnep\u00e9lyes keretek k\u00f6z\u00f6tt leplezt\u00e9k le mellszobr\u00e1t, Miholcsa J\u00f3zsef szobr\u00e1szm\u0171v\u00e9sz alkot\u00e1s\u00e1t, valamint az 1848\u201349-es szabads\u00e1gharcban r\u00e9szt vett 59 szentgericei honv\u00e9d tisztelet\u00e9re eml\u00e9kfalat emeltek \u00e9s eml\u00e9kparkot hoztak l\u00e9tre (2021. szept. 25.). \u2013 <strong>F. m.:<\/strong> Adatok a XI. z\u00e1szl\u00f3alj t\u00f6rt\u00e9net\u00e9hez tekintettel az erd\u00e9lyi 1848\u201349. esem\u00e9nyekre (n\u00e9vtelen\u00fcl) (Kv., 1868); Kv. t\u00f6rt\u00e9nete (Bp., 1870\u20131888); Oklev\u00e9lt\u00e1r Kv. t\u00f6rt\u00e9nete els\u0151 k\u00f6tet\u00e9hez (Buda, 1870); A kir\u00e1lyf\u00f6ldi viszonyok ismertet\u00e9se (Pest, 1871, 1876); Der Kampf der Sachsen f\u00fcr die \u00dcberreste des Feudalwesens in Siebenb\u00fcrgen (Bp., 1874); Az utols\u00f3 Apafi: T\u00f6rt\u00e9nelmi tanulm\u00e1ny (Bp., 1875); B\u00e1r\u00f3 Wessel\u00e9nyi Mikl\u00f3s h\u0171tlens\u00e9gi b\u0171np\u00f6re (Kv., 1876); A Ghyczyek Erd\u00e9ly t\u00f6rt\u00e9net\u00e9ben, k\u00fcl\u00f6n\u00f6s tekintettel a kir\u00e1lyi korm\u00e1nyz\u00f3i int\u00e9zm\u00e9nyre (Bp., 1876); A lev\u00e9lt\u00e1rakr\u00f3l, tekintettel a m. \u00e1llami lev\u00e9lt\u00e1r\u00fcgyre (Bp., 1877); Tanulm\u00e1nyok Erd\u00e9ly XVIII. sz\u00e1zadi t\u00f6rt\u00e9net\u00e9b\u0151l (Bp., 1877); Eml\u00e9kbesz\u00e9d Szentkir\u00e1lyi Zsigmond felett (Bp., 1877); D\u00e1vid Ferenc eml\u00e9ke el\u00edt\u00e9l\u00e9se \u00e9s hal\u00e1la h\u00e1romsz\u00e1zados \u00e9vford\u00fal\u00f3j\u00e1n (Bp., 1879); Eml\u00e9kek a szabads\u00e1gharc idej\u00e9b\u0151l (Bp., 1879); Kazinczy G\u00e1bor irodalmi hat\u00e1s\u00e1r\u00f3l (Bp., 1880); A m. Fiume (Bp., 1881); Szabads\u00e1gharcunk t\u00f6rt\u00e9net\u00e9hez: Visszaeml\u00e9kez\u00e9sek 1848\u201349. re (Bp., 1880\u20131881); A kalend\u00e1riumokr\u00f3l (Bp., 1881); Az erd\u00e9lyi h\u00edrlapirodalom t\u00f6rt\u00e9nete 1848-ig (Bp., 1882); Erd\u00e9ly katonai v\u00e9dereje \u00e1talakul\u00e1sa a XVIII. sz\u00e1zadban (Bp., 1884); Aranka Gy\u00f6rgy \u00e9s az Erd\u00e9lyi Nyelvm\u00edvel\u0151 \u00e9s K\u00e9zirat Kiad\u00f3 T\u00e1rsas\u00e1g (Bp., 1884); Nagyernyei Kelemen Ben\u0151 \u00e9lete (Kv., 1887); Oklev\u00e9lt\u00e1r Kv. t\u00f6rt\u00e9nete m\u00e1sodik \u00e9s harmadik k\u00f6tet\u00e9hez (Buda, 1888); Duka Tivadar k\u00f6nyve K\u0151r\u00f6si csoma S\u00e1ndorr\u00f3l (Bp., 1889); Eml\u00e9kirat a bp.-i Unit. templom felszentel\u00e9si \u00fcnnep\u00e9ly\u00e9re (Bp., 1890); A MTA K\u00e9ziratt\u00e1r\u00e1nak ismertet\u00e9se (Bp., 1892); Eml\u00e9kbesz\u00e9d b\u00e1r\u00f3 Orb\u00e1n Bal\u00e1zs felett (Bp., 1891); Az erd\u00e9lyi ap\u00e1ts\u00e1gok t\u00f6rt\u00e9nete (\u00daIL); Tanulm\u00e1nyok (v\u00e1log., bevez., jegyz. Egyed \u00c1kos; Buk., 1986); <strong>t\u00e1rssz.:<\/strong> M. protest\u00e1ns egyh\u00e1zt\u00f6rt\u00e9neti monogr\u00e1fi\u00e1k (Bp., 1880); Udvarhely v\u00e1rmegye t\u00f6rt\u00e9nete a legr\u00e9gibb id\u0151kt\u0151l 1848-ig (Sz\u00e1deczky Lajossal; Bp., 1901; Cs\u00edkszereda, 200?); <strong>antol\u00f3g.:<\/strong> Rem\u00e9ny: zsebk\u00f6nyv (Kv., 1840); A magyar ember k\u00f6nyvt\u00e1ra (Pest, 1863); Erd\u00e9ly egyh\u00e1zt\u00f6rt\u00e9net\u00e9hez = M. t\u00f6rt. t\u00e1r 13. k\u00f6t. vagy 2. folyam 1. k\u00f6t. (Pest, 1867); S\u00e1ndor P\u00e1l kapithia s az erd\u00e9lyi nemzeti fejedelems\u00e9g utols\u00f3 \u00e9vei = M. t\u00f6rt. t\u00e1r 19. (Bp., 1874); Orb\u00e1n Bal\u00e1zs eml\u00e9ke (Kv., 1890); Erd\u00e9ly \u00f6r\u00f6ks\u00e9ge 10. (Bp., 1941\u201342); V\u00e9rz\u0151 Magyaro. (Bp., s. a.); A falu; H\u00fasv\u00e9ti hat\u00e1rker\u00fcl\u00e9s a Sz\u00e9kelyf\u00f6ld\u00f6n = Egyed \u00c1kos 1970 (szerk.); <strong>ford.:<\/strong> Tissot, Marcel: Eszterh\u00e1zy Johanna Gabriellla hercegn\u0151 (Pest, 1871); <strong>szerk.:<\/strong> Erd\u00e9lyi t\u00f6rt\u00e9nelmi adatok \/ szerk \u00e9s kiadja 1- 4 Mik\u00f3 Imre (Kv., 1855\u201362); B. Wessel\u00e9nyi Mikl\u00f3s h\u0171tlens\u00e9gi pere (Kv., 1876) <br \/><strong>Irod.:<\/strong> Bartoniek Emma: M. t\u00f6rt\u00e9neti forr\u00e1skiadv\u00e1nyok (Bp., 1929); Be\u00f6thy; B\u00edr\u00f3; B\u00f6z\u00f6di Gy\u00f6rgy: J. E. a t\u00f6rt\u00e9nettud\u00f3s (\u00daj \u00c9let 24. sz. 1970.); Czirj\u00e1k; D\u00e9zsi \u00d6d\u00f6n: J. E. (1820\u20131897); Egyed \u00c1kos: J. E. \u00e9s a sz\u00fcl\u0151f\u00f6ld (Korunk, 1990. febr.); Endes Mikl\u00f3s: Erd\u00e9ly h\u00e1rom nemzete \u00e9s n\u00e9gy vall\u00e1sa auton\u00f3mi\u00e1j\u00e1nak t\u00f6rt\u00e9nete (Bp., 1935); Erd\u00e9lyi panteon; Erd\u00e9lyi unit. 1848\u201349.; Fodor S. S\u00e1ndor: J. E. eml\u00e9kezete (Sz\u00e9kelyf\u00f6ld, 9. sz., 1998); Jakab Elek \u00e9s a sz\u00fcl\u0151f\u00f6ld=Korunk; F\u00fcl\u00f6p\u2013Ferencz; Ga\u00e1l; Ga\u00e1l Gy.; Ga\u00e1l 2001; G\u00e1l Kelemen: J. E. \u00e9let- \u00e9s jellemrajza (Kv., 1938); G\u00e1ldi L\u00e1szl\u00f3: Siebenb\u00fcrgen im Aufbau der Ungarischen Kultur (Bp. -Leipzig-Milano, s. a.); Gergely P\u00e1l: Sz\u00e9kely vil\u00e1gj\u00e1r\u00f3k (Bp., 1940); Gligor R\u00f3bert L\u00e1szl\u00f3. Erd\u00e9ly h\u0171 fia hazat\u00e9rt (N\u00fa., 2021. okt. 4.); H\u00e1zsong\u00e1rd; Hermann R\u00f3bert: A Bach-husz\u00e1r \u00e9s a husz\u00e1rkapit\u00e1ny: J. E. ismeretlen (f\u00e9l)munk\u00e1ja (Korunk, 5. sz., 2011. m\u00e1j.); Id\u0151t\u00e1r 1; K\u00e1d\u00e1r Zsombor: Ed\u00e9szett\u00f6rt\u00e9net\u00fcnk jeles m\u0171vel\u0151je = K\u00e1d\u00e1r Zsombor: Sz\u00e9kelyf\u00f6ldi erd\u00e9szeti arck\u00e9pcsarnok (Bp., 1999); K\u00e1d\u00e1r Zsombor: Jakab Elek \u00e9s az erd\u00e9szett\u00f6rt\u00e9net (Jakab Elek. Erdeink hajdan \u00e9s ma) = 1992. m\u00e1rc.; Katona Szab\u00f3 Istv\u00e1n: Az aranytoll\u00fa J. E. (\u00daj \u00c9let, 10. sz. 1980); Kelemen; Kelemen Lajos 1982; K\u0151v\u00e1ry L\u00e1szl\u00f3 1899; Kriza levelez\u00e9s; A m. irodalom t\u00f6rt\u00e9nete K\u00e9pes d\u00edszmunka (Bp., 1906\u201307); M\u00e1ln\u00e1si; M\u00c9L; MNL; Okm\u00e1nyt\u00e1r; P\u00e1l-Antal 2002; Pint\u00e9r; RNL; Rugonfalvi Kiss; Sepsisz\u00e9ki; Szab\u00f3 Mikl\u00f3s; Szentgerice; Szinnyei; Szinnyei J.; Szinnyei J-Sz. J., Todea\u2013F\u00fcl\u00f6p\u2013Avram 2013; \u00daM\u00c9L; \u00daMIL; V\u00e1zlatok a MTA f\u00e9lsz\u00e1zados t\u00f6rt\u00e9net\u00e9b\u0151l (Bp., 1880); Veress<\/br><\/p>\n","protected":false},"excerpt":{"rendered":"<p>Szentgerice, 1820. febr. 13., \u2020 Bp., 1897. j\u00fal. 22. Kv-on a H\u00e1zsong\u00e1rdi temet\u0151ben nyugszik: t\u00f6rt\u00e9n\u00e9sz, lev\u00e9lt\u00e1ros, jog\u00e1sz. \u2013 Testv\u00e9re J\u00f3zsef (1821\u20131855). \u2013 Sz\u00fcl\u0151faluj\u00e1ban v\u00e9gezte az elemi iskol\u00e1t, Tiboldi Istv\u00e1n tan\u00edtv\u00e1nya volt (1826\u201329). A sz\u00e9kelykereszt\u00fari unit. algimn.-ban tanult (1829\u201337), ahol testv\u00e9r\u00e9vel Olvas\u00f3 T\u00e1rsas\u00e1got, k\u00f6nyvt\u00e1rat szervezett \u00e9s Tavaszi Bimb\u00f3k c. di\u00e1klapot ind\u00edtott. Kv.-on az Unit. Koll.-ban b\u00f6lcseletet [&hellip;]<\/p>\n","protected":false},"featured_media":0,"comment_status":"open","ping_status":"closed","template":"","meta":[],"product_brand":[],"product_cat":[137],"product_tag":[],"class_list":{"0":"post-10640","1":"product","2":"type-product","3":"status-publish","5":"product_cat-maros-megyei-eletrajzi-lexikon","7":"first","8":"instock","9":"shipping-taxable","10":"product-type-simple"},"_links":{"self":[{"href":"https:\/\/uj.adatbank.ro\/lexikon\/wp-json\/wp\/v2\/product\/10640","targetHints":{"allow":["GET"]}}],"collection":[{"href":"https:\/\/uj.adatbank.ro\/lexikon\/wp-json\/wp\/v2\/product"}],"about":[{"href":"https:\/\/uj.adatbank.ro\/lexikon\/wp-json\/wp\/v2\/types\/product"}],"replies":[{"embeddable":true,"href":"https:\/\/uj.adatbank.ro\/lexikon\/wp-json\/wp\/v2\/comments?post=10640"}],"wp:attachment":[{"href":"https:\/\/uj.adatbank.ro\/lexikon\/wp-json\/wp\/v2\/media?parent=10640"}],"wp:term":[{"taxonomy":"product_brand","embeddable":true,"href":"https:\/\/uj.adatbank.ro\/lexikon\/wp-json\/wp\/v2\/product_brand?post=10640"},{"taxonomy":"product_cat","embeddable":true,"href":"https:\/\/uj.adatbank.ro\/lexikon\/wp-json\/wp\/v2\/product_cat?post=10640"},{"taxonomy":"product_tag","embeddable":true,"href":"https:\/\/uj.adatbank.ro\/lexikon\/wp-json\/wp\/v2\/product_tag?post=10640"}],"curies":[{"name":"wp","href":"https:\/\/api.w.org\/{rel}","templated":true}]}}