{"id":10659,"date":"2025-06-29T13:27:20","date_gmt":"2025-06-29T11:27:20","guid":{"rendered":"https:\/\/uj.adatbank.ro\/lexikon\/termek\/jakab-jozsef-szentgericei\/"},"modified":"2025-06-29T13:27:20","modified_gmt":"2025-06-29T11:27:20","slug":"jakab-jozsef-szentgericei","status":"publish","type":"product","link":"https:\/\/uj.adatbank.ro\/lexikon\/termek\/jakab-jozsef-szentgericei\/","title":{"rendered":"JAKAB J\u00f3zsef, szentgericei"},"content":{"rendered":"<p>Szentgerice, 1821. okt. 29., \u2020 N\u00e1poly, 1855.: unit. lelk\u00e9sz. \u2013 J. Elek testv\u00e9re. \u2013 Sz\u00e9kelykereszt\u00faron kezdte tanulm\u00e1nyait (1830), ahol tev\u00e9kenyen r\u00e9szt vett az ifj\u00fas\u00e1gi olvas\u00f3 egylet megalak\u00edt\u00e1s\u00e1ban (1837), p\u00e1lyad\u00edjat is nyert Temet\u0151 c. elbesz\u00e9l\u00e9s\u00e9vel. A kv.-i unit. f\u0151iskol\u00e1n tanult tov\u00e1bb (1839\u201345), ahol Brassai S\u00e1muel t\u00e1mogatta, ott is tev\u00e9kenykedett az olvas\u00f3 \u00e9s irodalmi egyletben, amelynek p\u00e1ly\u00e1zat\u00e1n d\u00edjat nyert (1840) a t\u00f6rv\u00e9nyek megtart\u00e1s\u00e1r\u00f3l \u00edrt tanulm\u00e1ny\u00e1val. K\u00f6ztan\u00edt\u00f3 (1843\u2013), az egyh\u00e1zt\u00f3l nyert seg\u00e9llyel k\u00fclf\u00f6ldi akad.-on folytatta tanulm\u00e1nyait: B\u00e9csben, G\u00f6ting\u00e1ban tanult (1846\u2013), fizik\u00e1t \u00e9s mat. -t hallgatott, k\u00e9s\u0151bb vegytant, b\u00f6lcseletet \u00e9s angol nyelvet is. Kv.-i m\u00e1sodpaps\u00e1got \u00e9s teol\u00f3giai tan\u00e1ri megb\u00edz\u00e1st kapott az egyh\u00e1zi f\u0151tan\u00e1cst\u00f3l (1847). A teol\u00f3giai tanul\u00e1sa elm\u00e9ly\u00edt\u00e9s\u00e9re Angli\u00e1ba indult (1848- elej\u00e9n), a febru\u00e1rt P\u00e1rizsban t\u00f6lt\u00f6tte. Londonban tanult \u00e9s eg\u00e9sz Sk\u00f3ci\u00e1t bej\u00e1rta. Papi hivatal\u00e1t elfoglalta Kv.-on (1848. szept. \u2013), a honv\u00e9ds\u00e9gn\u00e9l t\u0171z\u00e9rnek \u00e1llt be (1848. nov.), a magyarosi \u00fctk\u00f6zetben foglyul esett (1849) \u00e9s B\u00e9csbe vitt\u00e9k, onnan Mantu\u00e1ba, ahol besorozt\u00e1k az osztr\u00e1k ezredbe; innen megsz\u00f6k\u00f6tt, G\u00f6r\u00f6gorsz\u00e1gba ment, Ath\u00e9nban v\u00e1rosi tan\u00edt\u00f3, Syr\u00e1ban tan\u00e1r (1851), majd At\u00e9nben tan\u00e1ri vizsg\u00e1t tett. Apja er\u0151fesz\u00edt\u00e9sei dac\u00e1ra (1853) nem kapott amneszti\u00e1t, honv\u00e1gy gy\u00f6t\u00f6rte, megbetegedett, orvosai N\u00e1polyba k\u00fcldt\u00e9k, ahol meg is halt. Cikkeit k\u00f6z\u00f6lte a: kv.-i Ipar \u00e9s Term\u00e9szetbar\u00e1t, level\u00e9t a Kereszt\u00e9ny Magvet\u0151 \u00e9s a M. Polg\u00e1r. <br \/><strong>Irod.:<\/strong> G\u00e1l Kelemen: A kv.-i Unit\u00e1rius Koll\u00e9gium t\u0151rt\u00e9nete (Kv., 1935); K\u0151v\u00e1ry L\u00e1szl\u00f3 1899; Pallas Nagylexikona; Rugonfalvi Kiss; Szab\u00f3\u2013Sz\u00f6gi; Szentgerice; Szinnyei<\/br><\/p>\n","protected":false},"excerpt":{"rendered":"<p>Szentgerice, 1821. okt. 29., \u2020 N\u00e1poly, 1855.: unit. lelk\u00e9sz. \u2013 J. Elek testv\u00e9re. \u2013 Sz\u00e9kelykereszt\u00faron kezdte tanulm\u00e1nyait (1830), ahol tev\u00e9kenyen r\u00e9szt vett az ifj\u00fas\u00e1gi olvas\u00f3 egylet megalak\u00edt\u00e1s\u00e1ban (1837), p\u00e1lyad\u00edjat is nyert Temet\u0151 c. elbesz\u00e9l\u00e9s\u00e9vel. A kv.-i unit. f\u0151iskol\u00e1n tanult tov\u00e1bb (1839\u201345), ahol Brassai S\u00e1muel t\u00e1mogatta, ott is tev\u00e9kenykedett az olvas\u00f3 \u00e9s irodalmi egyletben, amelynek p\u00e1ly\u00e1zat\u00e1n [&hellip;]<\/p>\n","protected":false},"featured_media":0,"comment_status":"open","ping_status":"closed","template":"","meta":[],"product_brand":[],"product_cat":[137],"product_tag":[],"class_list":{"0":"post-10659","1":"product","2":"type-product","3":"status-publish","5":"product_cat-maros-megyei-eletrajzi-lexikon","7":"first","8":"instock","9":"shipping-taxable","10":"product-type-simple"},"_links":{"self":[{"href":"https:\/\/uj.adatbank.ro\/lexikon\/wp-json\/wp\/v2\/product\/10659","targetHints":{"allow":["GET"]}}],"collection":[{"href":"https:\/\/uj.adatbank.ro\/lexikon\/wp-json\/wp\/v2\/product"}],"about":[{"href":"https:\/\/uj.adatbank.ro\/lexikon\/wp-json\/wp\/v2\/types\/product"}],"replies":[{"embeddable":true,"href":"https:\/\/uj.adatbank.ro\/lexikon\/wp-json\/wp\/v2\/comments?post=10659"}],"wp:attachment":[{"href":"https:\/\/uj.adatbank.ro\/lexikon\/wp-json\/wp\/v2\/media?parent=10659"}],"wp:term":[{"taxonomy":"product_brand","embeddable":true,"href":"https:\/\/uj.adatbank.ro\/lexikon\/wp-json\/wp\/v2\/product_brand?post=10659"},{"taxonomy":"product_cat","embeddable":true,"href":"https:\/\/uj.adatbank.ro\/lexikon\/wp-json\/wp\/v2\/product_cat?post=10659"},{"taxonomy":"product_tag","embeddable":true,"href":"https:\/\/uj.adatbank.ro\/lexikon\/wp-json\/wp\/v2\/product_tag?post=10659"}],"curies":[{"name":"wp","href":"https:\/\/api.w.org\/{rel}","templated":true}]}}