{"id":10839,"date":"2025-06-29T13:33:08","date_gmt":"2025-06-29T11:33:08","guid":{"rendered":"https:\/\/uj.adatbank.ro\/lexikon\/termek\/jegenyei-ferenc-andras-arp\/"},"modified":"2025-06-29T13:33:08","modified_gmt":"2025-06-29T11:33:08","slug":"jegenyei-ferenc-andras-arp","status":"publish","type":"product","link":"https:\/\/uj.adatbank.ro\/lexikon\/termek\/jegenyei-ferenc-andras-arp\/","title":{"rendered":"JEGENYEI Ferenc Andr\u00e1s, ARP."},"content":{"rendered":"<p>Jegenye, 1619., \u2020\u00a0Mikh\u00e1za, 1684. j\u00fan. 3: r. k. lelk\u00e9sztan\u00e1r, ferences szerzetes. \u2013 Gyulafeh\u00e9rv\u00e1ron v\u00e9gezte a koll. -ot., \u00e9s b\u00f6lcs\u00e9szeti tanulm\u00e1nyait, kiv\u00e1l\u00f3 tanul\u00f3 volt \u00e9s az iskola igazgat\u00f3ja lett. Bel\u00e9pett a Ferenc-rendbe (1644. okt. 28.) \u00e9s R\u00f3m\u00e1ban papp\u00e1 szentelt\u00e9k (1646. szept. 9.). Az \u00faj Custodi\u00e1nak P. Nagy M\u00e1rtonnal az els\u0151 be\u00f6lt\u00f6z\u00f6tt n\u00f6vend\u00e9ke. Mikh\u00e1z\u00e1n, tan\u00edt\u00f3nak alkalmazt\u00e1k. Definitor (1662\u201365), Custos Provinci\u00e1lis (1678\u201381). Egy\u00fctt D\u00f3czi Imr\u00e9vel befejezt\u00e9k a kolostor \u00e9p\u00edt\u00e9s\u00e9t. Custos Commissarius (1662- 81). Az ogy. megb\u00edz\u00e1s\u00e1b\u00f3l Kornis G\u00e1sp\u00e1r marossz\u00e9ki f\u0151kapit\u00e1nynak \u00e9s a Sz\u00e9kelyf\u00f6ldek f\u0151 bir\u00e1j\u00e1val, sz\u00e1rhegyi L\u00e1z\u00e1r Istv\u00e1nnal \u00e9s katon\u00e1ikkal a h\u00e1rom boszniai p\u00e1tert: P. Bankovich Ferencet, P. Vares P\u00e9tert \u00e9s P. Imottai Simont er\u0151szakkal siker\u00fclt elt\u00e1vol\u00edtaniuk a z\u00e1rd\u00e1b\u00f3l \u00e9s Boszni\u00e1ba k\u00fcldt\u00e9k \u0151ket (1666. aug. 6.). P. Bankovich Ferenccel kib\u00e9k\u00fcltek. P. Domokos K\u00e1zm\u00e9r custos vik\u00e1riust R\u00f3m\u00e1ba k\u00fcldt\u00e9k, helyette vezette a kuszt\u00f3di\u00e1t (1665\u2013). Visitator generalis (1675\u201378). <br \/><strong>Irod.:<\/strong> Benedek Fid\u00e9l; Gy\u00f6rgy: A ferencrendiek<\/br><\/p>\n","protected":false},"excerpt":{"rendered":"<p>Jegenye, 1619., \u2020\u00a0Mikh\u00e1za, 1684. j\u00fan. 3: r. k. lelk\u00e9sztan\u00e1r, ferences szerzetes. \u2013 Gyulafeh\u00e9rv\u00e1ron v\u00e9gezte a koll. -ot., \u00e9s b\u00f6lcs\u00e9szeti tanulm\u00e1nyait, kiv\u00e1l\u00f3 tanul\u00f3 volt \u00e9s az iskola igazgat\u00f3ja lett. Bel\u00e9pett a Ferenc-rendbe (1644. okt. 28.) \u00e9s R\u00f3m\u00e1ban papp\u00e1 szentelt\u00e9k (1646. szept. 9.). Az \u00faj Custodi\u00e1nak P. Nagy M\u00e1rtonnal az els\u0151 be\u00f6lt\u00f6z\u00f6tt n\u00f6vend\u00e9ke. Mikh\u00e1z\u00e1n, tan\u00edt\u00f3nak alkalmazt\u00e1k. Definitor [&hellip;]<\/p>\n","protected":false},"featured_media":0,"comment_status":"open","ping_status":"closed","template":"","meta":[],"product_brand":[],"product_cat":[137],"product_tag":[],"class_list":{"0":"post-10839","1":"product","2":"type-product","3":"status-publish","5":"product_cat-maros-megyei-eletrajzi-lexikon","7":"first","8":"instock","9":"shipping-taxable","10":"product-type-simple"},"_links":{"self":[{"href":"https:\/\/uj.adatbank.ro\/lexikon\/wp-json\/wp\/v2\/product\/10839","targetHints":{"allow":["GET"]}}],"collection":[{"href":"https:\/\/uj.adatbank.ro\/lexikon\/wp-json\/wp\/v2\/product"}],"about":[{"href":"https:\/\/uj.adatbank.ro\/lexikon\/wp-json\/wp\/v2\/types\/product"}],"replies":[{"embeddable":true,"href":"https:\/\/uj.adatbank.ro\/lexikon\/wp-json\/wp\/v2\/comments?post=10839"}],"wp:attachment":[{"href":"https:\/\/uj.adatbank.ro\/lexikon\/wp-json\/wp\/v2\/media?parent=10839"}],"wp:term":[{"taxonomy":"product_brand","embeddable":true,"href":"https:\/\/uj.adatbank.ro\/lexikon\/wp-json\/wp\/v2\/product_brand?post=10839"},{"taxonomy":"product_cat","embeddable":true,"href":"https:\/\/uj.adatbank.ro\/lexikon\/wp-json\/wp\/v2\/product_cat?post=10839"},{"taxonomy":"product_tag","embeddable":true,"href":"https:\/\/uj.adatbank.ro\/lexikon\/wp-json\/wp\/v2\/product_tag?post=10839"}],"curies":[{"name":"wp","href":"https:\/\/api.w.org\/{rel}","templated":true}]}}