{"id":10844,"date":"2025-06-29T13:33:19","date_gmt":"2025-06-29T11:33:19","guid":{"rendered":"https:\/\/uj.adatbank.ro\/lexikon\/termek\/jelinek-antal-jellinek-antal\/"},"modified":"2025-06-29T13:33:19","modified_gmt":"2025-06-29T11:33:19","slug":"jelinek-antal-jellinek-antal","status":"publish","type":"product","link":"https:\/\/uj.adatbank.ro\/lexikon\/termek\/jelinek-antal-jellinek-antal\/","title":{"rendered":"JELINEK Antal, Jellinek Antal"},"content":{"rendered":"<p>? \u2020\u00a0?.: \u00e9p\u00edt\u00e9sz, v\u00e1rosi f\u0151m\u00e9rn\u00f6k, fest\u0151. \u2013 Feles\u00e9ge: Bartha Zsuzs\u00e1nna (1838- Mv., 1860. j\u00fal. 6.), h\u00e1zass\u00e1guk 3. \u00e9v\u00e9ben hunyt el. Fi\u00fak: Vilmos. \u2013 Mv.-en cs. k. ker\u00fcleti m\u00e9rn\u00f6ki seg\u00e9d (1860 k.), v\u00e1rosi m\u00e9rn\u00f6k (1873), f\u0151m\u00e9rn\u00f6k (1880\u20131910 k.). A v\u00e1ros Bodor k\u00fatj\u00e1t jav\u00edtotta, fel\u00faj\u00edtotta a k\u00f6vesdombit (1872, 1874). Tervei alapj\u00e1n \u00e9p\u00fclt az \u00faj katonai laktanya, az egykori H\u00edd u. \u00e9s az Erzs\u00e9bet-liget k\u00f6z\u00f6tt (1880\u201383), a Katolikus Z\u00e1rda Sancta Maria n\u00e9ven a Szentgy\u00f6rgy utc\u00e1ban (1892), a Ferenc-rendi n\u0151v\u00e9rek elemi \u00e9s a ref. polg\u00e1ri le\u00e1nyiskola \u00e9p\u00fclete So\u00f3s P\u00e1l k\u0151m\u0171vesmester ir\u00e1ny\u00edt\u00e1s\u00e1val \u00e9p\u00fclt (1890\u201392). Maros szab\u00e1lyoz\u00e1si tervet k\u00e9sz\u00edtett (1889, 1900) valamint t\u00e1vbesz\u00e9l\u0151 tervet Farkas Mendel gy\u00e1ra r\u00e9sz\u00e9re. Mv. utols\u00f3 rend\u0151rkapit\u00e1nya. Amat\u0151r fest\u0151. V\u00edzfest\u00e9ses csend\u00e9letei, apr\u00f3l\u00e9kos munk\u00e1i rendkiv\u00fcl kedveltek voltak. <br \/><strong>Irod.:<\/strong> Gy\u00e1szjelent\u0151; Id\u0151t\u00e1r 2; Id\u0151t\u00e1r 3; Koszta; Maros-k\u00fck\u00fcll\u0151i f\u0151esp.; Maros megye; Millenniumi ki\u00e1ll.; Mv. t\u00f6rt. 2; Mv. m\u0171v. v\u00e1r.; \u00d6kr\u00f6s; P\u00e1l-Antal 2013<\/br><\/p>\n","protected":false},"excerpt":{"rendered":"<p>? \u2020\u00a0?.: \u00e9p\u00edt\u00e9sz, v\u00e1rosi f\u0151m\u00e9rn\u00f6k, fest\u0151. \u2013 Feles\u00e9ge: Bartha Zsuzs\u00e1nna (1838- Mv., 1860. j\u00fal. 6.), h\u00e1zass\u00e1guk 3. \u00e9v\u00e9ben hunyt el. Fi\u00fak: Vilmos. \u2013 Mv.-en cs. k. ker\u00fcleti m\u00e9rn\u00f6ki seg\u00e9d (1860 k.), v\u00e1rosi m\u00e9rn\u00f6k (1873), f\u0151m\u00e9rn\u00f6k (1880\u20131910 k.). A v\u00e1ros Bodor k\u00fatj\u00e1t jav\u00edtotta, fel\u00faj\u00edtotta a k\u00f6vesdombit (1872, 1874). Tervei alapj\u00e1n \u00e9p\u00fclt az \u00faj katonai laktanya, az [&hellip;]<\/p>\n","protected":false},"featured_media":0,"comment_status":"open","ping_status":"closed","template":"","meta":[],"product_brand":[],"product_cat":[137],"product_tag":[],"class_list":{"0":"post-10844","1":"product","2":"type-product","3":"status-publish","5":"product_cat-maros-megyei-eletrajzi-lexikon","7":"first","8":"instock","9":"shipping-taxable","10":"product-type-simple"},"_links":{"self":[{"href":"https:\/\/uj.adatbank.ro\/lexikon\/wp-json\/wp\/v2\/product\/10844","targetHints":{"allow":["GET"]}}],"collection":[{"href":"https:\/\/uj.adatbank.ro\/lexikon\/wp-json\/wp\/v2\/product"}],"about":[{"href":"https:\/\/uj.adatbank.ro\/lexikon\/wp-json\/wp\/v2\/types\/product"}],"replies":[{"embeddable":true,"href":"https:\/\/uj.adatbank.ro\/lexikon\/wp-json\/wp\/v2\/comments?post=10844"}],"wp:attachment":[{"href":"https:\/\/uj.adatbank.ro\/lexikon\/wp-json\/wp\/v2\/media?parent=10844"}],"wp:term":[{"taxonomy":"product_brand","embeddable":true,"href":"https:\/\/uj.adatbank.ro\/lexikon\/wp-json\/wp\/v2\/product_brand?post=10844"},{"taxonomy":"product_cat","embeddable":true,"href":"https:\/\/uj.adatbank.ro\/lexikon\/wp-json\/wp\/v2\/product_cat?post=10844"},{"taxonomy":"product_tag","embeddable":true,"href":"https:\/\/uj.adatbank.ro\/lexikon\/wp-json\/wp\/v2\/product_tag?post=10844"}],"curies":[{"name":"wp","href":"https:\/\/api.w.org\/{rel}","templated":true}]}}