{"id":10959,"date":"2025-06-29T13:37:16","date_gmt":"2025-06-29T11:37:16","guid":{"rendered":"https:\/\/uj.adatbank.ro\/lexikon\/termek\/jozsa-zsigmond\/"},"modified":"2025-06-29T13:37:16","modified_gmt":"2025-06-29T11:37:16","slug":"jozsa-zsigmond","status":"publish","type":"product","link":"https:\/\/uj.adatbank.ro\/lexikon\/termek\/jozsa-zsigmond\/","title":{"rendered":"J\u00d3ZSA Zsigmond"},"content":{"rendered":"<p>K\u00f3r\u00f3dszentm\u00e1rton, 1863. febr. 5. \u2020 Nagyenyed, 1893. aug. 14.: ref. tan\u00e1r. \u2013 Nagyenyeden tanult, gimn. -ot (1871\u201382) \u00e9s teol\u00f3gi\u00e1t v\u00e9gzett (1886). K\u00e9t \u00e9vig az utrechti egyetem Hittud. Kar\u00e1n folytatta tanulm\u00e1nyait (1886\u201387), k\u00f6zben n\u00e9h\u00e1ny h\u00f3napot Marburgban (1886\u201388) is t\u00f6lt\u00f6tt. Majd teol. mag\u00e1ntan\u00e1ri k\u00e9pes\u00edt\u00e9st szerzett Nagyenyeden (1888), ahol ett\u0151l fogva helyettes, majd rendes tan\u00e1r lett (1891. szept.) az \u00d3sz\u00f6vets\u00e9gi tansz\u00e9ken. \u00c9rtekez\u00e9sei megjelentek a Protest\u00e1ns K\u00f6zl\u00f6nyben, Protest\u00e1ns Szeml\u00e9ben. A felette Berde S\u00e1ndort\u00f3l tartott eml\u00e9kbesz\u00e9d szint\u00e9n megjelent. (1894.). \u2013 <strong>F. m.:<\/strong> Babyloniai \u00c9zsai\u00e1s universalismusa. (Kv., 1888). <br \/><strong>Irod.:<\/strong> Gy\u00e1szjelent\u0151; Szab\u00f3\u2013Simon\u2013Sz\u00f6gi; Zov\u00e1nyi<\/br><\/p>\n","protected":false},"excerpt":{"rendered":"<p>K\u00f3r\u00f3dszentm\u00e1rton, 1863. febr. 5. \u2020 Nagyenyed, 1893. aug. 14.: ref. tan\u00e1r. \u2013 Nagyenyeden tanult, gimn. -ot (1871\u201382) \u00e9s teol\u00f3gi\u00e1t v\u00e9gzett (1886). K\u00e9t \u00e9vig az utrechti egyetem Hittud. Kar\u00e1n folytatta tanulm\u00e1nyait (1886\u201387), k\u00f6zben n\u00e9h\u00e1ny h\u00f3napot Marburgban (1886\u201388) is t\u00f6lt\u00f6tt. Majd teol. mag\u00e1ntan\u00e1ri k\u00e9pes\u00edt\u00e9st szerzett Nagyenyeden (1888), ahol ett\u0151l fogva helyettes, majd rendes tan\u00e1r lett (1891. szept.) [&hellip;]<\/p>\n","protected":false},"featured_media":0,"comment_status":"open","ping_status":"closed","template":"","meta":[],"product_brand":[],"product_cat":[137],"product_tag":[],"class_list":{"0":"post-10959","1":"product","2":"type-product","3":"status-publish","5":"product_cat-maros-megyei-eletrajzi-lexikon","7":"first","8":"instock","9":"shipping-taxable","10":"product-type-simple"},"_links":{"self":[{"href":"https:\/\/uj.adatbank.ro\/lexikon\/wp-json\/wp\/v2\/product\/10959","targetHints":{"allow":["GET"]}}],"collection":[{"href":"https:\/\/uj.adatbank.ro\/lexikon\/wp-json\/wp\/v2\/product"}],"about":[{"href":"https:\/\/uj.adatbank.ro\/lexikon\/wp-json\/wp\/v2\/types\/product"}],"replies":[{"embeddable":true,"href":"https:\/\/uj.adatbank.ro\/lexikon\/wp-json\/wp\/v2\/comments?post=10959"}],"wp:attachment":[{"href":"https:\/\/uj.adatbank.ro\/lexikon\/wp-json\/wp\/v2\/media?parent=10959"}],"wp:term":[{"taxonomy":"product_brand","embeddable":true,"href":"https:\/\/uj.adatbank.ro\/lexikon\/wp-json\/wp\/v2\/product_brand?post=10959"},{"taxonomy":"product_cat","embeddable":true,"href":"https:\/\/uj.adatbank.ro\/lexikon\/wp-json\/wp\/v2\/product_cat?post=10959"},{"taxonomy":"product_tag","embeddable":true,"href":"https:\/\/uj.adatbank.ro\/lexikon\/wp-json\/wp\/v2\/product_tag?post=10959"}],"curies":[{"name":"wp","href":"https:\/\/api.w.org\/{rel}","templated":true}]}}