{"id":10976,"date":"2025-06-29T13:37:52","date_gmt":"2025-06-29T11:37:52","guid":{"rendered":"https:\/\/uj.adatbank.ro\/lexikon\/termek\/jurian-alexandru\/"},"modified":"2025-06-29T13:37:52","modified_gmt":"2025-06-29T11:37:52","slug":"jurian-alexandru","status":"publish","type":"product","link":"https:\/\/uj.adatbank.ro\/lexikon\/termek\/jurian-alexandru\/","title":{"rendered":"JURIAN Alexandru"},"content":{"rendered":"<p>Sz\u00e1szr\u00e9gen, 1920. m\u00e1j. 3., \u2020\u00a0?: k\u00f6zgazd\u00e1sz, tan\u00e1r. \u2013 V\u00e9gzett a buk.-i K\u00f6zgazdas\u00e1gi Akad. Hadnagy a 3. hegyi divizi\u00f3ban, a rom\u00e1n hadsereggel r\u00e9szt vett a nyugati hadm\u0171veletekben (1944. aug. 24. \u201345. \u00e1pr. 24.). Mociorschi gener\u00e1lis sz\u00e1rnyseg\u00e9de volt. Kit\u00fcntet\u00e9sei : Coroana Rom\u00e2niei cu spade, cl. a V-a; Steaua Rom\u00e2niei, cl. a V-a. 9 \u00e9ves kor\u00e1t\u00f3l mag\u00e1n\u00faton heged\u00fclni tanult b\u00e9csi tan\u00e1rokkal a r\u00e9geni sz\u00e1sz gimn. -ban, azut\u00e1n a mv.-i Zenekonzervat\u00f3riumban. Zeneelm\u00e9letet \u00e9s heged\u0171t tan\u00edtott R\u00e9gen iskol\u00e1iban \u00e9s a zeneiskol\u00e1ban. 15 \u00e9ves kor\u00e1ban G. Enescu el\u0151tt heged\u00fclt, t\u00f6bb k\u00f3rus \u00e9s zenekar oktat\u00f3ja volt. K\u00f3rusvezet\u0151 Mez\u0151banyic\u00e1n, Kozmatelk\u00e9n, Farag\u00f3n, G\u00f6rg\u00e9nyszentimr\u00e9n, Marosh\u00e9v\u00edzen, amelyekkel sikerrel vett r\u00e9szt k\u00fcl\u00f6mb\u00f6z\u0151 versenyeken. Zen\u00e9s jelenetek, versek \u00edr\u00f3ja, vok\u00e1lsz\u00f3lista, gy\u0171jt\u00f6tt kolind\u00e1kat \u00e9s egyh\u00e1zi \u00e9nekeket. Sz\u00e1mos h\u00edress\u00e9 v\u00e1lt tan\u00edtv\u00e1nya volt: Gentilia Pop, aki Stocholmban mag\u00e1nzeneiskol\u00e1t alap\u00edtott, Pop Cristian N\u00e9meto.-ban zen\u00e9sz, m\u00e1sok zenetan\u00e1rok, el\u0151ad\u00f3k, papok, tan\u00edt\u00f3k. <br \/><strong>Irod.:<\/strong> Regh. cult. 6.; Reghin, militari<\/br><\/p>\n","protected":false},"excerpt":{"rendered":"<p>Sz\u00e1szr\u00e9gen, 1920. m\u00e1j. 3., \u2020\u00a0?: k\u00f6zgazd\u00e1sz, tan\u00e1r. \u2013 V\u00e9gzett a buk.-i K\u00f6zgazdas\u00e1gi Akad. Hadnagy a 3. hegyi divizi\u00f3ban, a rom\u00e1n hadsereggel r\u00e9szt vett a nyugati hadm\u0171veletekben (1944. aug. 24. \u201345. \u00e1pr. 24.). Mociorschi gener\u00e1lis sz\u00e1rnyseg\u00e9de volt. Kit\u00fcntet\u00e9sei : Coroana Rom\u00e2niei cu spade, cl. a V-a; Steaua Rom\u00e2niei, cl. a V-a. 9 \u00e9ves kor\u00e1t\u00f3l mag\u00e1n\u00faton heged\u00fclni [&hellip;]<\/p>\n","protected":false},"featured_media":0,"comment_status":"open","ping_status":"closed","template":"","meta":[],"product_brand":[],"product_cat":[137],"product_tag":[],"class_list":{"0":"post-10976","1":"product","2":"type-product","3":"status-publish","5":"product_cat-maros-megyei-eletrajzi-lexikon","7":"first","8":"instock","9":"shipping-taxable","10":"product-type-simple"},"_links":{"self":[{"href":"https:\/\/uj.adatbank.ro\/lexikon\/wp-json\/wp\/v2\/product\/10976","targetHints":{"allow":["GET"]}}],"collection":[{"href":"https:\/\/uj.adatbank.ro\/lexikon\/wp-json\/wp\/v2\/product"}],"about":[{"href":"https:\/\/uj.adatbank.ro\/lexikon\/wp-json\/wp\/v2\/types\/product"}],"replies":[{"embeddable":true,"href":"https:\/\/uj.adatbank.ro\/lexikon\/wp-json\/wp\/v2\/comments?post=10976"}],"wp:attachment":[{"href":"https:\/\/uj.adatbank.ro\/lexikon\/wp-json\/wp\/v2\/media?parent=10976"}],"wp:term":[{"taxonomy":"product_brand","embeddable":true,"href":"https:\/\/uj.adatbank.ro\/lexikon\/wp-json\/wp\/v2\/product_brand?post=10976"},{"taxonomy":"product_cat","embeddable":true,"href":"https:\/\/uj.adatbank.ro\/lexikon\/wp-json\/wp\/v2\/product_cat?post=10976"},{"taxonomy":"product_tag","embeddable":true,"href":"https:\/\/uj.adatbank.ro\/lexikon\/wp-json\/wp\/v2\/product_tag?post=10976"}],"curies":[{"name":"wp","href":"https:\/\/api.w.org\/{rel}","templated":true}]}}