{"id":10981,"date":"2025-06-29T13:38:00","date_gmt":"2025-06-29T11:38:00","guid":{"rendered":"https:\/\/uj.adatbank.ro\/lexikon\/termek\/kabdebo-erna-talpasi-kabdebo-ernesztin\/"},"modified":"2025-06-29T13:38:00","modified_gmt":"2025-06-29T11:38:00","slug":"kabdebo-erna-talpasi-kabdebo-ernesztin","status":"publish","type":"product","link":"https:\/\/uj.adatbank.ro\/lexikon\/termek\/kabdebo-erna-talpasi-kabdebo-ernesztin\/","title":{"rendered":"KABDEB\u00d3 Erna, talpasi, Kabdeb\u00f3 Ernesztin"},"content":{"rendered":"<p>Brass\u00f3, 1886. dec. 19., \u2020 Mv., 1972. nov. 5.: tan\u00e1r, sz\u00ednm\u0171\u00edr\u00f3, el\u0151ad\u00f3m\u0171v\u00e9sz. \u2013 A nagyszebeni R. K. Le\u00e1nyk\u00f6z\u00e9piskol\u00e1ban \u00e9retts\u00e9gizett (1904), a bp.-i \u00c1llami Erzs\u00e9bet N\u0151iskola Tan\u00edt\u00f3k\u00e9pz\u0151 Int\u00e9zet\u00e9ben tan\u00edt\u00f3n\u0151i k\u00e9pes\u00edt\u00e9st, \u00e9s m. -n\u00e9met szakos tan\u00e1ri oklevelet szerzett (1910). M. \u00e9s n\u00e9met nyelvet tan\u00edtott Mv.-en az \u00c1llami f. Le\u00e1nyiskol\u00e1ban (1910\u201323), majd az Unirea L\u00edc.-ban \u00e9s a Ref. Le\u00e1nygimn.-ban, ahol nyugd\u00edjaz\u00e1s\u00e1ig igazgat\u00f3n\u0151 volt (1923\u201360). A KZST tagja (1920. nov. 3. \u2013), aleln\u00f6ke (1943. aug. \u2013), (eln\u00f6k Kem\u00e9ny J\u00e1nos), az egyes\u00fclet f\u00f6lboml\u00e1s\u00e1ig. A Kaszin\u00f3 tagja (1932\u2013). A Zord Id\u0151 est\u00e9in Berde M\u00e1ria verseinek egyik els\u0151 szaval\u00f3ja, kit\u0171n\u0151 konferanszi\u00e9, az erd\u00e9lyi, a rom\u00e1n- \u00e9s a vil\u00e1girodalom n\u00e9pszer\u0171s\u00edt\u0151je. A mv.-i V\u00e1rosi Tan\u00e1cs tagja (1944. nov. \u2013). Fell\u00e9pett irodalmi esteken, el\u0151ad\u00e1sokat tartott. Berde M\u00e1ri\u00e1val k\u00f6z\u00f6sen t\u00f6bb sz\u00edndarabot \u00edrt. Novell\u00e1i, essz\u00e9i, karcolatai, humoreszkjei, tr\u00e9f\u00e1i a Zord Id\u0151, T\u00fck\u00f6r, H\u00f6lgyfut\u00e1r, P\u00e1sztort\u0171z, Ellenz\u00e9k, F\u00fcggetlen \u00dajs\u00e1g-ban jelentek meg. Egyfelvon\u00e1sos sz\u00ednm\u0171veit: Kalapribilli\u00f3 (bemutat\u00f3 Mv. 1921. m\u00e1rc. 7), Seg\u00edts\u00e9g (bemutat\u00f3 Mv. 1923. febr. 26), V\u00e9n le\u00e1nyok, t\u00f6bb erd\u00e9lyi sz\u00ednpadon rom\u00e1n \u00e9s n\u00e9met nyelveken is bemutatt\u00e1k. Ford\u00edtotta a Vestapapn\u0151 c. darabot el\u0151adt\u00e1k a M\u00e1ria Kongreg\u00e1ci\u00f3ja fen\u00e1ll\u00e1s\u00e1nak 25. \u00e9vfordul\u00f3j\u00e1n tarott \u00fcnnepen (1928. j\u00fan. 4.). A Kat. Gimn. igazgat\u00f3ja, Loky Jen\u0151 szevezte szabadegyetem egyik szerepl\u0151je (1931. febr. 10), el\u0151ad\u00f3 a rom\u00e1n-m. k\u00f6zeled\u00e9st. c\u00e9lz\u00f3 Kult\u00farpalot\u00e1ban rendezett el\u0151ad\u00e1ssorozaton (1932. febr.). Amikor a Mv. F\u0151ter\u00e9n \u00e1ll\u00f3 csal\u00e1di h\u00e1zukat kisaj\u00e1t\u00edtott\u00e1k, lebontott\u00e1k, t\u00f6mbh\u00e1zlak\u00e1st \u00e9p\u00edtettek a hely\u00e9re, minden irom\u00e1ny\u00e1t el\u00e9gette. \u2013 <strong>F. m.:<\/strong> Sz\u00ednpad (H\u00e1rom felvon\u00e1sban; Mv., 1922); V\u00e9nle\u00e1nyok (Bp., 1934); <strong>t\u00e1rssz.:<\/strong> V\u00e9gre egy f\u00e9rfi (Berde M\u00e1ri\u00e1val; Mv., 1928); <strong>antol\u00f3g.:<\/strong> Pet\u0151fi-eml\u00e9ksorok (Mv., s. a.). <br \/><strong>Irod.:<\/strong> Gudenus: \u00d6rm\u00e9ny csal\u00e1dok; Guly\u00e1s; Gy\u00f6rgy 1926; 1924\u20131944 Helikon; Id\u0151t\u00e1r 3; KZST1930; Marosi-KZST; Metz Katalin: K. E. l\u00e9leknemes\u00edt\u0151 szellemi \u00f6r\u00f6ks\u00e9ge (V. Z., 1972. nov. 12.); Molter 1., 2., 3.; Osv\u00e1th; \u00d6kr\u00f6s; P\u00e1lmay; Pomog\u00e1ts 1.; RMIL; Sch\u00f6pflin; \u00dcnnepi k\u00f6nyv<\/br><\/p>\n","protected":false},"excerpt":{"rendered":"<p>Brass\u00f3, 1886. dec. 19., \u2020 Mv., 1972. nov. 5.: tan\u00e1r, sz\u00ednm\u0171\u00edr\u00f3, el\u0151ad\u00f3m\u0171v\u00e9sz. \u2013 A nagyszebeni R. K. Le\u00e1nyk\u00f6z\u00e9piskol\u00e1ban \u00e9retts\u00e9gizett (1904), a bp.-i \u00c1llami Erzs\u00e9bet N\u0151iskola Tan\u00edt\u00f3k\u00e9pz\u0151 Int\u00e9zet\u00e9ben tan\u00edt\u00f3n\u0151i k\u00e9pes\u00edt\u00e9st, \u00e9s m. -n\u00e9met szakos tan\u00e1ri oklevelet szerzett (1910). M. \u00e9s n\u00e9met nyelvet tan\u00edtott Mv.-en az \u00c1llami f. Le\u00e1nyiskol\u00e1ban (1910\u201323), majd az Unirea L\u00edc.-ban \u00e9s a Ref. [&hellip;]<\/p>\n","protected":false},"featured_media":0,"comment_status":"open","ping_status":"closed","template":"","meta":[],"product_brand":[],"product_cat":[137],"product_tag":[],"class_list":{"0":"post-10981","1":"product","2":"type-product","3":"status-publish","5":"product_cat-maros-megyei-eletrajzi-lexikon","7":"first","8":"instock","9":"shipping-taxable","10":"product-type-simple"},"_links":{"self":[{"href":"https:\/\/uj.adatbank.ro\/lexikon\/wp-json\/wp\/v2\/product\/10981","targetHints":{"allow":["GET"]}}],"collection":[{"href":"https:\/\/uj.adatbank.ro\/lexikon\/wp-json\/wp\/v2\/product"}],"about":[{"href":"https:\/\/uj.adatbank.ro\/lexikon\/wp-json\/wp\/v2\/types\/product"}],"replies":[{"embeddable":true,"href":"https:\/\/uj.adatbank.ro\/lexikon\/wp-json\/wp\/v2\/comments?post=10981"}],"wp:attachment":[{"href":"https:\/\/uj.adatbank.ro\/lexikon\/wp-json\/wp\/v2\/media?parent=10981"}],"wp:term":[{"taxonomy":"product_brand","embeddable":true,"href":"https:\/\/uj.adatbank.ro\/lexikon\/wp-json\/wp\/v2\/product_brand?post=10981"},{"taxonomy":"product_cat","embeddable":true,"href":"https:\/\/uj.adatbank.ro\/lexikon\/wp-json\/wp\/v2\/product_cat?post=10981"},{"taxonomy":"product_tag","embeddable":true,"href":"https:\/\/uj.adatbank.ro\/lexikon\/wp-json\/wp\/v2\/product_tag?post=10981"}],"curies":[{"name":"wp","href":"https:\/\/api.w.org\/{rel}","templated":true}]}}