{"id":10982,"date":"2025-06-29T13:38:05","date_gmt":"2025-06-29T11:38:05","guid":{"rendered":"https:\/\/uj.adatbank.ro\/lexikon\/termek\/kabdebo-ferenc-talpasi-kabdebo-ferenc-kapdebo-ferenc-alneve-timon-sandor\/"},"modified":"2025-06-29T13:38:05","modified_gmt":"2025-06-29T11:38:05","slug":"kabdebo-ferenc-talpasi-kabdebo-ferenc-kapdebo-ferenc-alneve-timon-sandor","status":"publish","type":"product","link":"https:\/\/uj.adatbank.ro\/lexikon\/termek\/kabdebo-ferenc-talpasi-kabdebo-ferenc-kapdebo-ferenc-alneve-timon-sandor\/","title":{"rendered":"K\u00c1BDEB\u00d3 Ferenc, talpasi; Kabdeb\u00f3 Ferenc, K\u00e1pdeb\u00f3 Ferenc, \u00e1lneve: Timon S\u00e1ndor"},"content":{"rendered":"<p>Sz\u00e9kelykereszt\u00far, 1853. m\u00e1rc., \u2020 Mv., 1910. m\u00e1rc. 25.: dr. kir. k\u00f6zjegyz\u0151, \u00fcgyv\u00e9d, politikus, k\u00f6lt\u0151. \u2013 Testv\u00e9rei: Istv\u00e1n; R\u00f3za Mesk\u00f3 Luk\u00e1csn\u00e9; Etelka; Ott\u00f3. Feles\u00e9ge: Simay R\u00f3za (1857 \u2013 Mv., 1934. szept. 8.), zongoram\u0171v\u00e9sz. Gyermekeik: Lor\u00e1nd, Ernesztine \u2013 Tanulm\u00e1nyait sz\u00fcl\u0151hely\u00e9n, Segesv\u00e1rt \u00e9s a sz\u00e9kelyudvarhelyi F\u0151gimn.-ban v\u00e9gezte; k\u00e9t \u00e9vig Bp. -n a Politechnikumot l\u00e1togatta; Kv.-on a Jog- \u00e9s \u00c1llamtudom\u00e1nyi Karon jogtudom\u00e1nyi doktor\u00e1tust szerzett; Kv.-on jogi gyakornok \u00e9s \u00fajs\u00e1g\u00edr\u00f3; majd Bp.-en \u00fcgyv\u00e9di oklevelet szerzett, jogi dr. Brass\u00f3ban \u00fcgyv\u00e9d, ahol r\u00e9szt vett a nemzetis\u00e9gi k\u00fczdelmekben. Kinevezt\u00e9k Brass\u00f3megye tiszteletbeli tiszti \u00fcgy\u00e9sz\u00e9v\u00e9; n\u00e9gy\u00e9vi \u00fcgyv\u00e9di gyakorlat ut\u00e1n Fogarason kir. \u00fcgy\u00e9sz. Az EMKE alap\u00edt\u00f3 \u00e9s v\u00e1lasztott v\u00e1lasztm\u00e1nyi tagja (1885. \u00e1pr. 12\u2013). Mv.-en tev\u00e9kenykedett (1896\u2013): kir. k\u00f6zjegyz\u0151; v\u00e1rosi jegyz\u0151 (1902\u20131907); a mv.-i r. k. egyh\u00e1zk\u00f6zs\u00e9g gondnoka (1907\u20131910), v\u00e1rosi t\u00f6rv\u00e9nyhat\u00f3s\u00e1gi tag, a Mv.-i ipar- \u00e9s kereskedelmi bank r. t. igazgat\u00f3s\u00e1gi eln\u00f6ke, a szabadelv\u0171 p\u00e1rt eln\u00f6ke, a Nemzeti Munkap\u00e1rt alap\u00edt\u00f3 tagja, tiszteletbeli eln\u00f6ke (1910. m\u00e1rc. 16.). A KZST aleln\u00f6ke (1896- hal\u00e1l\u00e1ig). Az EMKE alap\u00edt\u00f3 \u00e9s \u00f6r\u00f6k\u00f6s tagja volt. Bels\u0151 munkat\u00e1rsa volt a kv.-i Ellenz\u00e9knek \u00e9s a Kolozsv\u00e1nak, ahol vez\u00e9rcikkeket, elbesz\u00e9l\u00e9seket \u00edrt; jogi dolgozatai k\u00f6z\u00f6lte: Jogtudom\u00e1nyi K\u00f6zl\u00f6ny, a Jog. \u2013 <strong>F. m.:<\/strong> Egyfelvon\u00e1sos sz\u00edndarabjai: Kalapribilli\u00f3, Seg\u00edts\u00e9g! V\u00e9n le\u00e1nyok v. tan\u00e1rok (n\u00e9met \u00e9s rom\u00e1n nyelven is) K\u00f6ltem\u00e9nyek (Nagyszeben, 1879); Egy sz\u00f3 \u2018\u2019A nemzetis\u00e9gi k\u00e9rd\u00e9s \u00e1llamethikai vil\u00e1g\u00edt\u00e1sban\u2019\u2019 c. r\u00f6pirathoz (Nagyszeben, 1879); \u00c9jek \u00e9s nappalok (Brass\u00f3, 1879); A jog\u00fcgyletekr\u0151l (Bp., 1884); elbesz\u00e9l\u00e9s: Sz\u0151cs Istv\u00e1n uram=Mv.-i KZST 1914 <br \/><strong>Irod.:<\/strong> EMKE 120; Guly\u00e1s; Gy\u00e1szjelent\u0151; Id\u0151t\u00e1r 2; Maros-K\u00fck\u00fcll\u0151i f\u0151esp.; Marosi-KZST; Mv.-i \u00f6rm\u00e9nyek; P\u00e1lmay; S\u00e1ndor; Szinnyei<\/br><\/p>\n","protected":false},"excerpt":{"rendered":"<p>Sz\u00e9kelykereszt\u00far, 1853. m\u00e1rc., \u2020 Mv., 1910. m\u00e1rc. 25.: dr. kir. k\u00f6zjegyz\u0151, \u00fcgyv\u00e9d, politikus, k\u00f6lt\u0151. \u2013 Testv\u00e9rei: Istv\u00e1n; R\u00f3za Mesk\u00f3 Luk\u00e1csn\u00e9; Etelka; Ott\u00f3. Feles\u00e9ge: Simay R\u00f3za (1857 \u2013 Mv., 1934. szept. 8.), zongoram\u0171v\u00e9sz. Gyermekeik: Lor\u00e1nd, Ernesztine \u2013 Tanulm\u00e1nyait sz\u00fcl\u0151hely\u00e9n, Segesv\u00e1rt \u00e9s a sz\u00e9kelyudvarhelyi F\u0151gimn.-ban v\u00e9gezte; k\u00e9t \u00e9vig Bp. -n a Politechnikumot l\u00e1togatta; Kv.-on a Jog- \u00e9s [&hellip;]<\/p>\n","protected":false},"featured_media":0,"comment_status":"open","ping_status":"closed","template":"","meta":[],"product_brand":[],"product_cat":[137],"product_tag":[],"class_list":{"0":"post-10982","1":"product","2":"type-product","3":"status-publish","5":"product_cat-maros-megyei-eletrajzi-lexikon","7":"first","8":"instock","9":"shipping-taxable","10":"product-type-simple"},"_links":{"self":[{"href":"https:\/\/uj.adatbank.ro\/lexikon\/wp-json\/wp\/v2\/product\/10982","targetHints":{"allow":["GET"]}}],"collection":[{"href":"https:\/\/uj.adatbank.ro\/lexikon\/wp-json\/wp\/v2\/product"}],"about":[{"href":"https:\/\/uj.adatbank.ro\/lexikon\/wp-json\/wp\/v2\/types\/product"}],"replies":[{"embeddable":true,"href":"https:\/\/uj.adatbank.ro\/lexikon\/wp-json\/wp\/v2\/comments?post=10982"}],"wp:attachment":[{"href":"https:\/\/uj.adatbank.ro\/lexikon\/wp-json\/wp\/v2\/media?parent=10982"}],"wp:term":[{"taxonomy":"product_brand","embeddable":true,"href":"https:\/\/uj.adatbank.ro\/lexikon\/wp-json\/wp\/v2\/product_brand?post=10982"},{"taxonomy":"product_cat","embeddable":true,"href":"https:\/\/uj.adatbank.ro\/lexikon\/wp-json\/wp\/v2\/product_cat?post=10982"},{"taxonomy":"product_tag","embeddable":true,"href":"https:\/\/uj.adatbank.ro\/lexikon\/wp-json\/wp\/v2\/product_tag?post=10982"}],"curies":[{"name":"wp","href":"https:\/\/api.w.org\/{rel}","templated":true}]}}