{"id":11033,"date":"2025-06-29T13:39:42","date_gmt":"2025-06-29T11:39:42","guid":{"rendered":"https:\/\/uj.adatbank.ro\/lexikon\/termek\/kacso-sandor-%c2%a7-selyei-iroi-neven-orhegyi-sandor\/"},"modified":"2025-06-29T13:39:42","modified_gmt":"2025-06-29T11:39:42","slug":"kacso-sandor-%c2%a7-selyei-iroi-neven-orhegyi-sandor","status":"publish","type":"product","link":"https:\/\/uj.adatbank.ro\/lexikon\/termek\/kacso-sandor-%c2%a7-selyei-iroi-neven-orhegyi-sandor\/","title":{"rendered":"KACS\u00d3 S\u00e1ndor, \u00a7, selyei, \u00edr\u00f3i nev\u00e9n \u0150rhegyi S\u00e1ndor"},"content":{"rendered":"<p>Mikh\u00e1za, 1901. febr. 21., \u2020 Kv., 1984. febr. 17., a H\u00e1zsong\u00e1rdban temett\u00e9k: \u00edr\u00f3, szerkeszt\u0151, k\u00f6z\u00edr\u00f3, tanulm\u00e1ny\u00edr\u00f3, politikus. \u2013 \u0150seit Zsigmond kir\u00e1ly nemes\u00edtette. A ny\u00e1r\u00e1dremetei elemi elv\u00e9gz\u00e9se ut\u00e1n, a mv.-i Katolikus F\u0151gimn.-ban ingyeneb\u00e9des di\u00e1k, a k\u00f6z\u00e9piskol\u00e1t itt v\u00e9gezte (1920). Utols\u00f3 gimn.-i \u00e9v\u00e9ben az iskolai \u00f6nk\u00e9pz\u0151k\u00f6r di\u00e1keln\u00f6ke lett. Egy \u00e9vig a kv-i Tan\u00e1rk\u00e9pz\u0151 Int\u00e9zet (1920\u201321), k\u00e9t \u00e9vig a Ferdin\u00e1nd TE hallgat\u00f3ja volt (1921\u201323). Itt kezd\u0151d\u00f6tt irodalmi munk\u00e1ss\u00e1ga is, a Tizenegyek csoportj\u00e1hoz tartozott, egy\u00fctt jelentkeztek egy antol\u00f3gi\u00e1ban (1923). Az antol\u00f3gia \u00f6tlete a Jancs\u00f3 B\u00e9l\u00e1\u00e9 volt, a c\u00edmet pedig K\u00f3s K\u00e1roly adta: Versek, elbesz\u00e9l\u00e9sek \u00e9s tanulm\u00e1nyok tizenegy fiatal erd\u00e9lyi \u00edr\u00f3t\u00f3l. Az El\u0151re \u00edfj\u00fas\u00e1gi foly\u00f3irat (1921), a Keleti \u00dajs\u00e1g (1923\u201325) \u00e9s az \u00dajs\u00e1g (1925\u201327) bels\u0151 munkat\u00e1rsa; kezdett\u0151l a Helikon munkak\u00f6z\u00f6ss\u00e9g tagja volt; r\u00e9szt vett Marosv\u00e9csen m\u00e1r az els\u0151 Helikon tal\u00e1lkoz\u00f3n (1926), ahol els\u0151k\u00e9nt megkapta Kem\u00e9ny J\u00e1nos fiatal \u00edr\u00f3k k\u00fclf\u00f6ldi tanulm\u00e1ny\u00fatj\u00e1ra sz\u00e1nt alap\u00edtv\u00e1ny\u00e1nak harmincezer lejes irodalmi d\u00edj\u00e1t, amivel P\u00e1rizsba utazhatott h\u00e1rom h\u00f3napra (1926 \u0151sz\u00e9n). Hazat\u00e9rve bels\u0151 munkat\u00e1rsa lett a Brass\u00f3i Lapoknak (1927\u201338), majd f\u0151szerkeszt\u0151je a lap betilt\u00e1s\u00e1ig (1938\u201340). Benedek Elek \u0151t is \u201efiai\u201d k\u00f6z\u00e9 fogadta, megh\u00edvta a \u201esz\u00e9kely csapat\u201d irodalmi estjein val\u00f3 szerepl\u00e9sre (1928\u2013), ezeken \u00f6r\u00f6mmel vett r\u00e9szt Szentimrei, Tam\u00e1si, Ny\u00edr\u0151, Tompa, Bartalis t\u00e1rsas\u00e1g\u00e1ban. Megjelent els\u0151 novell\u00e1sk\u00f6tete (1927), k\u00f6zben reg\u00e9nyein is dolgozott, megjelent a Vakv\u00e1g\u00e1nyon (1930). Szervez\u0151je \u00e9s egyik vezet\u0151je volt a sz\u00e9kely f\u00f6ldm\u0171vesek megseg\u00edt\u00e9s\u00e9re l\u00e9trehozott \u00c1ltal\u00e1nos Gazd. \u00e9s Ipari Sz\u00f6vetkezet, az \u00c1GISZ- sz\u00f6vetkezetnek (1933\u201340). Tudom\u00e1nyn\u00e9pszer\u0171s\u00edt\u0151 olcs\u00f3 sorozatot ind\u00edtott Hasznos K\u00f6nyvt\u00e1r c\u00edmen (1935\u201339). Munkat\u00e1rsa volt az Erd\u00e9lyi Fiatalok c. lapnak. Egyik szervez\u0151je, Tam\u00e1si \u00c1ron mellett a V\u00e1s\u00e1rhelyi Tal\u00e1lkoz\u00f3nak (1937), ahol elmondott besz\u00e9d\u00e9nek c. Az erd\u00e9lyi magyars\u00e1g \u00e9s a rom\u00e1n n\u00e9p \u00e9p\u00edt\u0151 egy\u00fcttm\u00e9l\u00e9s\u00e9nek felt\u00e9telei \u00e9s \u00fatja. A Brass\u00f3i Lapok betilt\u00e1sa ut\u00e1n (1940), Nagyenyedre k\u00f6lt\u00f6z\u00f6tt \u00e9s az Erd\u00e9lyi Gazda c. lapot szerk. (1941\u201344). Sz\u00e1sz P\u00e1l megv\u00e1s\u00e1rolta a Brass\u00f3i Lapok nyomd\u00e1j\u00e1t, hogy a nyomtat\u00e1s is biztos\u00edtva legyen, azt \u00e1tsz\u00e1ll\u00edtott\u00e1k Enyedre \u00e9s a nyomd\u00e1szok itt kezdt\u00e9k el a munk\u00e1t. H\u00e1bor\u00fas b\u0171n\u00f6snek nyilv\u00e1n\u00edtott\u00e1k a zsilv\u00e1s\u00e1ri gy\u0171jt\u0151t\u00e1borba Tg. Jiu-ba intern\u00e1lt\u00e1k (1944. aug. \u201345. j\u00fan.), ahol az illeg\u00e1lis Zsilv\u00e1s\u00e1rhelyi D-i H\u00edrlap c. l\u00e1ger\u00fajs\u00e1gban jelentek meg \u00edr\u00e1sai. A t\u00e1borb\u00f3l szabadulva Kv.-on telepedett le, a Falvak N\u00e9pe f\u0151szerk. volt (1945\u201346). Buk. -be k\u00f6lt\u00f6z\u00f6tt, a NNGY-ben k\u00e9pvisel\u0151 (1947\u201348), a M. N\u00e9pi Sz\u00f6vets\u00e9g eln\u00f6ke (1947\u201352), az RMP-b\u00f3l is kiz\u00e1rt\u00e1k a Rom\u00e1niai M. Sz\u00f3 c. napilap f\u0151szerk. (1947\u201352). Lemondat\u00e1sa ut\u00e1n f\u00e9lre\u00e1ll\u00edtott\u00e1k, majd ism\u00e9t Kv.-on \u00e9lt (1952\u2013), az ott m\u0171k\u00f6d\u0151 \u00c1ll. Irod. \u00e9s M\u0171v. Kiad\u00f3 kv.-i szerk. -\u00e9nek munkat\u00e1rsa, majd az Irod. K\u00f6nyvkiad\u00f3 m. szerk. -s\u00e9g\u00e9nek vezet\u0151je, nyugalmba vonul\u00e1s\u00e1ig (1952\u201368); itt \u00edrta meg h\u00e1romk\u00f6tetes \u00f6n\u00e9letrajzi tril\u00f3gi\u00e1j\u00e1t (1968\u20131983). Versei, novell\u00e1i <strong>Cikkei:<\/strong> El\u0151re, P\u00e1sztort\u0171z, Vas\u00e1rnapi \u00dajs\u00e1g, Cimbora, Napkelet, H\u00edd, Erd\u00e9lyi Helikon, D\u00e9li H\u00edrlap Havi Szemle-ben. T\u00f6bb napt\u00e1r jelent meg szerkeszt\u00e9s\u00e9ben Brass\u00f3ban \u00e9s Nagyenyeden. A Rom\u00e1n \u00cdr\u00f3sz\u00f6vets\u00e9g D\u00edja (1971). Mikh\u00e1z\u00e1n sz\u00fcl\u0151h\u00e1z\u00e1nak homlokzat\u00e1n eml\u00e9kt\u00e1bla \u00e1ll (1991-t\u0151l), eml\u00e9kszob\u00e1t is berendeztek a tisztelet\u00e9re. \u2013 <strong>F. m.:<\/strong> Erd\u00e9lyi szemmel Mo.-on (rip.; [k\u00fcl\u00f6nnyomat a Brass\u00f3i Lapokb\u00f3l], \u00e9. n.); Utolj\u00e1ra m\u00e9g megkapaszkodunk (Kv., 1927); Vakv\u00e1g\u00e1nyon (Reg\u00e9ny k\u00e9t k\u00f6tetben. Brass\u00f3, 1927, 1930; Buk., 1957; Kv., 1979); L\u00e9lekveszt\u0151n (reg.; Kv., 1941); Nagyid\u0151 (novell\u00e1k; Mv., 1946); \u00cdr\u00f3k, \u00edr\u00e1sok (Tanulm\u00e1nyok \u00e9s cikkek; Buk., 1964); V\u00e1logatott \u00edr\u00e1sok (el\u0151sz\u00f3 Izs\u00e1k J\u00f3zsef; Buk., 1970); Pe linie moart\u0103 (Vasile Grunea ford.; Cluj, 1970); Vir\u00e1g alatt iszap f\u00f6l\u00f6tt : \u00d6n\u00e9letrajzi visszaeml\u00e9kez\u00e9sek (Buk., 1971, 1981); Fogy a vir\u00e1g gy\u0171l az iszap: \u00d6n\u00e9letrajzi visszaeml\u00e9kez\u00e9sek. 2. (Buk., 1974); Sz\u00e1m\u0171zet\u00e9seim (Buk., 1978); Neh\u00e9z szag\u00fa iszap felett: \u00d6n\u00e9letrajzi visszaeml\u00e9kez\u00e9sek. 3. (Buk., 1985, 1993); A gyergy\u00f3i dalosverseny = \u00dcnnepi k\u00f6nyv; <strong>t\u00e1rssz.:<\/strong> A m\u00e9h a kisgazda ingyen napsz\u00e1mosa Bl\u00e9nessy K\u00e1rollyal (Brass\u00f3, 1936); H\u00e1rom portr\u00e9: Asztalos Istv\u00e1n, Nagy Istv\u00e1n, Kov\u00e1cs Gy\u00f6rgy (S\u0151ni P\u00e1llal \u00e9s Abaf\u00e1y Guszt\u00e1vval; Buk., 1963); \u00cdr\u00f3k \u00edr\u00e1sok. Tanulm\u00e1nyok \u00e9s cikkek. (S\u0151ni P\u00e1l. Abaf\u00e1y Guszt\u00e1vval; Buk., 1964); <strong>antol\u00f3g.:<\/strong> Versek, elbesz\u00e9l\u00e9sek \u00e9s tanulm\u00e1nyok tizenegy fiatal erd\u00e9lyi \u00edr\u00f3t\u00f3l. (Kv., 1923); Erd\u00e9lyi t\u00f6rt\u00e9netek (Bp., 1924); A gyergy\u00f3i dalosverseny = \u00dcnnepi k\u00f6nyv; Erd\u00e9ly lelke (Berlin, 1924); Erd\u00e9lyi Helikon antol\u00f3gi\u00e1ja (Kv., 1927); \u00daj Aur\u00f3ra (Pozsony, 1929\u201330); Koszor\u00fa (Bp., 1931); Anyanyelv\u00fcnk (Brass\u00f3, 1934); Erd\u00e9lyi magyar \u00e9vk\u00f6nyv (Brass\u00f3, 1937); Magyar irodalomt\u00f6rt\u00e9net 1939 : Eml\u00e9kk\u00f6nyv Krist\u00f3f Gy\u00f6rgy hatvanadik sz\u00fclet\u00e9snapj\u00e1ra (Kv., 1939); Fegyverek k\u00f6zt m\u00fazs\u00e1k (Kv., 1940); Erd\u00e9lyi elbesz\u00e9l\u0151k (Bp., 1941, 2004),<strong>ford.:<\/strong> Tolsztoj: Ivan Ilics hal\u00e1la (Buk., 1953); Beniuc M.: Gy\u0171l\u00f6let (Buk., 1956); Ion Slavici: Anyja l\u00e1nya (Buk., 1956, 1967, Kv., 1981), C\u0103lug\u0103ru, I.: Egy mihaszna gyermekkora (Kakassy Endr\u00e9vel; Buk., 1958, 1964); <strong>szerk.:<\/strong> 1924\u20131944 Helikon; Erd\u00e9ly lelke: Gy\u0171jtem\u00e9ny \u00e9l\u0151 erd\u00e9lyi novellist\u00e1k m\u0171veib\u0151l (\u00f6ssze\u00e1ll., el\u0151sz\u00f3; Berlin, 1924); Anyanyelv\u00fcnk (Brass\u00f3, 1934); Erd\u00e9lyi magyar \u00e9vk\u00f6nyv: A kisebbs\u00e9gi magyar polg\u00e1r \u00e9vk\u00f6nyve (Brass\u00f3, 1937); Eminescu: K\u00f6ltem\u00e9nyek (Buk., 1955); E\u00f6tv\u00f6s J\u00f3zsef: Notarul satului (bev.; Buc., 1960); Asztalos Istv\u00e1n: M\u0171vei (bev.; Buk., 1961); Pet\u0151fi S\u00e1ndor: K\u00f6ltem\u00e9nyek (el\u0151sz\u00f3; Buk., 1960, 1961, 1968). Tompa L\u00e1szl\u00f3 legszebb versei (el\u0151sz\u00f3; Buk., 1962); K\u00e1ntor Lajos: \u00cdr\u00e1st\u00f3l emberig (el\u0151sz\u00f3, Buk., 1963); K\u00f3s K\u00e1roly: Budai Nagy Antal hist\u00f3ri\u00e1ja. \u2013 Varju-nemzets\u00e9g (el\u0151sz\u00f3; Buk., 1963); Pet\u0151fi S\u00e1ndor: V\u00e1logatott l\u00edrai k\u00f6ltem\u00e9nyek (v\u00e1l., el\u0151sz\u00f3, jegyzet; Buk., 1966); Mihai Eminescu k\u00f6ltem\u00e9nyei (v\u00e1l., bev.; Buk., 1966); Rom\u00e1niai Magyar Irodalmi lexikon (Buk., 1981). <br \/><strong>Irod.:<\/strong> Adamovits; Aranykorszak; Balogh Edg\u00e1r 1974; Balot\u0103; B\u00e1rdi 2013; Bottoni 2006; B\u00f6l\u00f6ni Domokos: K. S. \u00e9s Mikh\u00e1za (N\u00fa., Sz\u00ednes Vil\u00e1g, 2011. jan. 22.); EM;., fot\u00f3 1971; Erd\u00e9lyi L. 1991; Erd\u00e9lyi L 2009, Erd\u00e9lyi ezredek, Erd\u00e9lyi Fiatalok; Az Erd\u00e9lyi Helikon mo.-i bar\u00e1tainak aranyk\u00f6nyve (Kv., 1937); Erd\u00e9lyi Ref. Kal ; Erd\u00e9lyi Sz\u00e9pm\u00edves C\u00e9h eml\u00e9kk\u00f6nyv (Kv., 1934); Ferenczi 2012; F\u00fcl\u00f6p\u2013Ferencz; Ga\u00e1l; Ga\u00e1l Gy; G\u00e1lfalvi Zsolt: Mindig v\u00e1llalni. K. S. sz\u00fclet\u00e9snapj\u00e1ra (A H\u00e9t, 1976); Gligor R\u00f3bert L\u00e1szl\u00f3: Nem felejtik K. S. -t. (V\u00e1s\u00e1rhelyi H\u00edrlap, 2009. m\u00e1j. 14.); Guly\u00e1s; Gy\u00e1rf\u00e1s 2013; Gy\u00f6rgy 1926; Halasy; H\u00e1zsong\u00e1rd; Helikon 1924\u20131944; Helikoni arck\u00e9pcsarnok 2.; Hencz Hilda: M. Buk. a kommunizmus alatt (Sz\u00e9kelyf\u00f6ld, 7. sz., 2015. j\u00fal.); Id\u0151t\u00e1r 3; Izs\u00e1k J\u00f3zsef: \u0150szi l\u00e1togat\u00e1s az ifj\u00fas\u00e1gban (Igaz Sz\u00f3, 1971); Kacs\u00f3 S\u00e1ndor: A j\u00f6v\u0151\u00e9rt nem agg\u00f3dni, hanem dolgozni kell. 40 \u00e9ve hunyt el az erd\u00e9lyi sz\u00e9p\u00edr\u00f3 = Erd\u00e9lyi Reform\u00e1tus Kalend\u00e1rium 2024 (Kv., 2023); Katona Szab\u00f3; K\u00e1ntor\u2013L\u00e1ng; Kicsi Antal: K. S. (Brass\u00f3i L., 1973. 14. sz.); KM\u00cd; Kort\u00e1rs M\u00cdKL; Kusz\u00e1lik; L. Balogh B\u00e9ni. Az erd\u00e9lyi szellem\u00e9rt k\u00fczdeni. Hivat\u00e1s, feladat, de elker\u00fclhetetlen sors is.; Lokodi Imre: K. S. eml\u00e9kezete (N\u00fa, 2001. febr. 23); Magyar Erd\u00e9lyben; M\u00e1ln\u00e1si; Marosi-Helikon; Marosi-KZST; Marosi Ildik\u00f3: A k\u00f6z v\u00e1llal\u00e1sa mindny\u00e1junkban ott bolyongott. Interj\u00fa K. S. -ral (K\u00f6zelk\u00e9pek. Buk., 1974); M\u00e1th\u00e9 J\u00f3zsef: Egy gazdag \u00e9letp\u00e1lya eml\u00e9kezete (V. Z., 1984. j\u00fan. 2.); Molter 1., 2.; MTTT; Mv.-i R. K. okt., Nagy Istv\u00e1n: A vakv\u00e1g\u00e1nyr\u00f3l a szocializmus \u00fatj\u00e1ra = Nagy Istv\u00e1n: A harc hev\u00e9ben (Mv., 1957); Nagy P\u00e1l: Bet\u0171vet\u00e9s; Nagy P\u00e1l: Az eml\u00e9kez\u0151 = Nagy P\u00e1l: Visszan\u00e9z\u0151; Nagy P\u00e1l: Ma \u00e9s mind\u00f6r\u00f6kk\u00e9 (N\u00fa., M\u00fazsa, 135. sz., 1994. febr. 17.); Nagy P\u00e1l; Nagy P\u00e1l: Itthoni k\u00f6nyv; Nagy P\u00e1l: Az eml\u00e9kez\u0151 = Nagy P\u00e1l: Visszan\u00e9z\u0151; Osv\u00e1th; Pomog\u00e1ts 1.; R\u00e9thy-\u00dajv\u00e1ri. V\u00e1czi, RMIL; RMKK; R\u00daL; Sepsisz\u00e9ki; Szigethy\u2013\u00dajv\u00e1ri; Transilvania; \u00daM\u00c9L; \u00daMIL; Visnai; Vita; Vita Zsigmond: K. S. eml\u00e9kezete: Nagyenyedi \u00e9vek (Helikon (1991. febr. 22.); Vita Zsigmond: \u00d6tven \u00e9vvel ezel\u0151tt (N\u00fa., M\u00fazsa, 177. sz., 1994. dec. 15.); Vita; Vita Zsigmond: Visszatekint\u00e9s V\u00e9csre \u00e9s Enyedre (N\u00fa., 1995. j\u00fal. 6.)<\/br><\/p>\n","protected":false},"excerpt":{"rendered":"<p>Mikh\u00e1za, 1901. febr. 21., \u2020 Kv., 1984. febr. 17., a H\u00e1zsong\u00e1rdban temett\u00e9k: \u00edr\u00f3, szerkeszt\u0151, k\u00f6z\u00edr\u00f3, tanulm\u00e1ny\u00edr\u00f3, politikus. \u2013 \u0150seit Zsigmond kir\u00e1ly nemes\u00edtette. A ny\u00e1r\u00e1dremetei elemi elv\u00e9gz\u00e9se ut\u00e1n, a mv.-i Katolikus F\u0151gimn.-ban ingyeneb\u00e9des di\u00e1k, a k\u00f6z\u00e9piskol\u00e1t itt v\u00e9gezte (1920). Utols\u00f3 gimn.-i \u00e9v\u00e9ben az iskolai \u00f6nk\u00e9pz\u0151k\u00f6r di\u00e1keln\u00f6ke lett. Egy \u00e9vig a kv-i Tan\u00e1rk\u00e9pz\u0151 Int\u00e9zet (1920\u201321), k\u00e9t \u00e9vig [&hellip;]<\/p>\n","protected":false},"featured_media":0,"comment_status":"open","ping_status":"closed","template":"","meta":[],"product_brand":[],"product_cat":[137],"product_tag":[],"class_list":{"0":"post-11033","1":"product","2":"type-product","3":"status-publish","5":"product_cat-maros-megyei-eletrajzi-lexikon","7":"first","8":"instock","9":"shipping-taxable","10":"product-type-simple"},"_links":{"self":[{"href":"https:\/\/uj.adatbank.ro\/lexikon\/wp-json\/wp\/v2\/product\/11033","targetHints":{"allow":["GET"]}}],"collection":[{"href":"https:\/\/uj.adatbank.ro\/lexikon\/wp-json\/wp\/v2\/product"}],"about":[{"href":"https:\/\/uj.adatbank.ro\/lexikon\/wp-json\/wp\/v2\/types\/product"}],"replies":[{"embeddable":true,"href":"https:\/\/uj.adatbank.ro\/lexikon\/wp-json\/wp\/v2\/comments?post=11033"}],"wp:attachment":[{"href":"https:\/\/uj.adatbank.ro\/lexikon\/wp-json\/wp\/v2\/media?parent=11033"}],"wp:term":[{"taxonomy":"product_brand","embeddable":true,"href":"https:\/\/uj.adatbank.ro\/lexikon\/wp-json\/wp\/v2\/product_brand?post=11033"},{"taxonomy":"product_cat","embeddable":true,"href":"https:\/\/uj.adatbank.ro\/lexikon\/wp-json\/wp\/v2\/product_cat?post=11033"},{"taxonomy":"product_tag","embeddable":true,"href":"https:\/\/uj.adatbank.ro\/lexikon\/wp-json\/wp\/v2\/product_tag?post=11033"}],"curies":[{"name":"wp","href":"https:\/\/api.w.org\/{rel}","templated":true}]}}