{"id":11057,"date":"2025-06-29T13:40:29","date_gmt":"2025-06-29T11:40:29","guid":{"rendered":"https:\/\/uj.adatbank.ro\/lexikon\/termek\/kadar-ferenc-%c2%a7\/"},"modified":"2025-06-29T13:40:29","modified_gmt":"2025-06-29T11:40:29","slug":"kadar-ferenc-%c2%a7","status":"publish","type":"product","link":"https:\/\/uj.adatbank.ro\/lexikon\/termek\/kadar-ferenc-%c2%a7\/","title":{"rendered":"K\u00c1D\u00c1R Ferenc, \u00a7"},"content":{"rendered":"<p>S\u00e1romberke, 1927., \u2020 Temesv\u00e1r, 2004. j\u00fal. 2.: opera\u00e9nekes. \u2013 K\u0151m\u0171ves volt, majd beiratkozott a Mv.-i Fest\u0151iskol\u00e1ba (1944); a h\u00e1bor\u00fa ut\u00e1n ker\u00e1miagy\u00e1rban dolgozott, a mv.-i Zeneiskol\u00e1ban Tr\u00f3zner J\u00f3zsef \u00e9s Bed\u0151 Emilia tan\u00edtv\u00e1nya; a kv.-i M. \u00c1llami Opera k\u00f3rus\u00e1ban \u00e9nekelt (1948\u201349; Leningr\u00e1dban a Rimszkij Korszakov Zenem\u0171v\u00e9szeti Akad. -\u00e1n v\u00e9gzett (1949\u20131953). A Temesv\u00e1ri \u00c1llami Opera sz\u00f3l\u00f3\u00e9nekese (1953 \u2013 nyugd\u00edjaz\u00e1s\u00e1ig), az opera igazgat\u00f3ja (1954\u20131956). Sz\u00e1mos hangversenyen, dalesten l\u00e9pett fel Temesv\u00e1rt \u00e9s a buk.-i r\u00e1di\u00f3ban. \u2013 <strong>F. sz.:<\/strong> Aleco (Borodin: Igor herceg); J\u00e1nos (Moniusko: Halka), Valentin (Gounaud: Faust); Scarpia (Puccini: Tosca); Amonastro (Verdi: Aida); Toreador (Bizet: Caemen), Michelangelo (Alfred Mendelsohn); Borisz Godunov (Muszorgszkij); Feri b\u00e1csi (K\u00e1lm\u00e1n Imre: Szilvia). Kisplasztik\u00e1i, melyeket a n\u00e9p\u00e9let ihletett, sz\u00e1mos hazai \u00e9s k\u00fclf\u00f6ldi mag\u00e1ngy\u0171jtem\u00e9nyben tal\u00e1lhat\u00f3k. <br \/><strong>Irod.:<\/strong> EMKK 2000; Katona Szab\u00f3 Istv\u00e1n: Az \u00daj \u00c9let lexikona, 86. (\u00daj \u00c9let, 2. sz. 1974.); MSZL<\/br><\/p>\n","protected":false},"excerpt":{"rendered":"<p>S\u00e1romberke, 1927., \u2020 Temesv\u00e1r, 2004. j\u00fal. 2.: opera\u00e9nekes. \u2013 K\u0151m\u0171ves volt, majd beiratkozott a Mv.-i Fest\u0151iskol\u00e1ba (1944); a h\u00e1bor\u00fa ut\u00e1n ker\u00e1miagy\u00e1rban dolgozott, a mv.-i Zeneiskol\u00e1ban Tr\u00f3zner J\u00f3zsef \u00e9s Bed\u0151 Emilia tan\u00edtv\u00e1nya; a kv.-i M. \u00c1llami Opera k\u00f3rus\u00e1ban \u00e9nekelt (1948\u201349; Leningr\u00e1dban a Rimszkij Korszakov Zenem\u0171v\u00e9szeti Akad. -\u00e1n v\u00e9gzett (1949\u20131953). A Temesv\u00e1ri \u00c1llami Opera sz\u00f3l\u00f3\u00e9nekese (1953 \u2013 [&hellip;]<\/p>\n","protected":false},"featured_media":0,"comment_status":"open","ping_status":"closed","template":"","meta":[],"product_brand":[],"product_cat":[137],"product_tag":[],"class_list":{"0":"post-11057","1":"product","2":"type-product","3":"status-publish","5":"product_cat-maros-megyei-eletrajzi-lexikon","7":"first","8":"instock","9":"shipping-taxable","10":"product-type-simple"},"_links":{"self":[{"href":"https:\/\/uj.adatbank.ro\/lexikon\/wp-json\/wp\/v2\/product\/11057","targetHints":{"allow":["GET"]}}],"collection":[{"href":"https:\/\/uj.adatbank.ro\/lexikon\/wp-json\/wp\/v2\/product"}],"about":[{"href":"https:\/\/uj.adatbank.ro\/lexikon\/wp-json\/wp\/v2\/types\/product"}],"replies":[{"embeddable":true,"href":"https:\/\/uj.adatbank.ro\/lexikon\/wp-json\/wp\/v2\/comments?post=11057"}],"wp:attachment":[{"href":"https:\/\/uj.adatbank.ro\/lexikon\/wp-json\/wp\/v2\/media?parent=11057"}],"wp:term":[{"taxonomy":"product_brand","embeddable":true,"href":"https:\/\/uj.adatbank.ro\/lexikon\/wp-json\/wp\/v2\/product_brand?post=11057"},{"taxonomy":"product_cat","embeddable":true,"href":"https:\/\/uj.adatbank.ro\/lexikon\/wp-json\/wp\/v2\/product_cat?post=11057"},{"taxonomy":"product_tag","embeddable":true,"href":"https:\/\/uj.adatbank.ro\/lexikon\/wp-json\/wp\/v2\/product_tag?post=11057"}],"curies":[{"name":"wp","href":"https:\/\/api.w.org\/{rel}","templated":true}]}}