{"id":11094,"date":"2025-06-29T13:41:38","date_gmt":"2025-06-29T11:41:38","guid":{"rendered":"https:\/\/uj.adatbank.ro\/lexikon\/termek\/kajoni-janos-arp-%c2%a7-caianu-valahus-ioan\/"},"modified":"2025-06-29T13:41:38","modified_gmt":"2025-06-29T11:41:38","slug":"kajoni-janos-arp-%c2%a7-caianu-valahus-ioan","status":"publish","type":"product","link":"https:\/\/uj.adatbank.ro\/lexikon\/termek\/kajoni-janos-arp-%c2%a7-caianu-valahus-ioan\/","title":{"rendered":"K\u00c1JONI J\u00e1nos, ARP, \u00a7 C\u0103ianu-Valahus Ioan"},"content":{"rendered":"<p>Kisk\u00e1jon, 1629. vagy 1630., \u2020 Gyergy\u00f3sz\u00e1rhegy, 1687. \u00e1pr. 25. S\u00edrja a sz\u00e1rhegyi ferences templom kript\u00e1j\u00e1ban: ferencrendi szerzetes, orgona\u00e9p\u00edt\u0151, zeneszerz\u0151, botanikus, nyomd\u00e1sz. \u2013 Bel\u00e9pett a ferences rendbe Cs\u00edksomly\u00f3n (1648. szept. 17.) \u00e9s fogadalmat tett (1649. szept. 17.). Teol\u00f3giai tanulm\u00e1nyait Nagyszombaton \u00e9s Als\u00f3sebesen v\u00e9gezte. Orgonist\u00e1v\u00e1 \u00e9s orgonak\u00e9sz\u00edt\u0151v\u00e9 k\u00e9pezte mag\u00e1t \u00e9s az egyh\u00e1zi \u00e9nekben, k\u00fcl\u00f6n\u00f6sen a Gregori\u00e1n zen\u00e9ben kiv\u00e1l\u00f3 j\u00e1rtass\u00e1gra tett szert. Nagyszombaton v\u00e9gezte filoz\u00f3fiai \u00e9s hittudom\u00e1nyi tanulm\u00e1nyait \u00e9s itt szentelt\u00e9k papp\u00e1 (1655. szept. 5.). A renben minden hivatalt viselt: Definitor (1662\u201365), Custos Provincialis \u00e9s Missio f\u0151n\u00f6k (1675\u201378). A tat\u00e1rokt\u00f3l elpuszt\u00edtott csiksomly\u00f3i iskol\u00e1t \u00fajj\u00e1 \u00e9p\u00edtette (1661). Mikh\u00e1zi z\u00e1rdaf\u0151n\u00f6k (1663 \u00e9s 1666\u201368), az ottani f\u00e1b\u00f3l \u00e9p\u00edtett kolostort lebontatta helyett emeletes k\u0151\u00e9p\u00fcletet \u00e9p\u00edtetett, a ma is \u00e1ll\u00f3- n\u00e9gysz\u00f6g\u0171 form\u00e1j\u00e1ba (1667\u201378). A megnagyobb\u00edtott templomot Szent Istv\u00e1n tisztelet\u00e9re szentelt\u00e9k fel (1692), Cs\u00edksomly\u00f3 mellett Mikh\u00e1za lett az egyetlen fejedelmileg is enged\u00e9lyezett b\u00facs\u00faj\u00e1r\u00f3 hely (ma is az). T\u00e1voz\u00e1sa ut\u00e1n (1669) az \u00e1ltala elkezdett \u00e9p\u00edtkez\u00e9st ut\u00f3dai folytatt\u00e1k. Gyergy\u00f3sz\u00e1rhegyen h\u00e1zf\u0151n\u00f6ks\u00e9ge idej\u00e9n (1669\u201374) \u00fajra\u00e9p\u00edtette a z\u00e1rd\u00e1t a romokb\u00f3l. Csiksomly\u00f3ra (1675) ker\u00fclt, ahol nyomd\u00e1t alap\u00edtott (1676), mint tartom\u00e1nyi rendf\u00f6n\u00f6k szolg\u00e1lt (1681\u201383). A tat\u00e1rok \u00e1ltal lerombolt \u00e9s P. Domokos K\u00e1zmer kezdett \u00fajra \u00e9p\u00edttetni templomot \u00e9s z\u00e1rd\u00e1t, ezt befejezte \u00e9s felszenteltette (1682). K\u00f6nyvsajt\u00f3t alap\u00edtott, melyben a maga munk\u00e1j\u00e1t is kinyomtatta. Az erd\u00e9lyi ferences rendtartom\u00e1ny f\u0151n\u00f6ke (1675\u201378), \u00e1ltal\u00e1nos p\u00fcsp\u00f6ki helyn\u00f6k (1676\u2013), pater custodiace (1686\u2013). Ism\u00e9t Sz\u00e1rhegyre nevezt\u00e9k ki h\u00e1zf\u0151n\u00f6knek (1687\u2013). T\u00edz nappal kinevez\u00e9se ut\u00e1n meghalt. Teol\u00f3giai, t\u00f6rt\u00e9nelmi, irodalmi, botanikai, f\u00f6ldrajzi t\u00e1rgy\u00fa m\u0171vek szerz\u0151je, amelyek t\u00f6bbnyire k\u00e9ziratban maradtak: imak\u00f6nyvek, napt\u00e1r, f\u00fcv\u00e9szk\u00f6nyv- Hasznos orvosk\u00f6nyv az f\u00e1knak \u00e9s f\u00fcveknek nemei \u00e9s hasznai c., rendtart\u00e1s, rov\u00e1s\u00edr\u00e1sr\u00f3l sz\u00f3l\u00f3 tanulm\u00e1ny, vall\u00e1st\u00f6rt\u00e9neti \u00e9rtekez\u00e9s, versgy\u0171jtem\u00e9ny, misek\u00f6nyv, egyh\u00e1zi \u00e9s vil\u00e1gi zenegy\u0171jtem\u00e9ny. Sz\u00e1mos orgon\u00e1t \u00e9p\u00edtett (Csiksomly\u00f3 1659, majd 1664-ben \u00fajra\u00e9p\u00edtette, Mikh\u00e1za, Udvarhely). Magas sz\u00ednvonal\u00fa zenei m\u0171velts\u00e9ge volt, j\u00f3 irodalm\u00e1r \u00e9s a k\u00f6lt\u00e9szetben is j\u00e1rtas. Kieg\u00e9sz\u00edtette \u00e9s tov\u00e1bb fejlesztette a Sereg\u00e9ly M\u00e1ty\u00e1s \u00e1ltal (1634\u201342) elkezdett gy\u0171jtem\u00e9nyt, a K\u00e1joni K\u00f3dexet, amely k\u00fcl\u00f6nb\u00f6z\u0151 m\u0171faj\u00fa zenedarabokat tartalmaz: motett\u00e1k, miset\u00e9telek, uzu\u00e1lis egyh\u00e1zzene, barokk hangszeres t\u00e9telek, m., n\u00e9met \u00e9s latin \u00e9nekek, nyugat-eur\u00f3pai \u00e9s region\u00e1lis t\u00e1nct\u00e9teleket. A m. egyh\u00e1zi zene egyik els\u0151 m\u0171vel\u00e9je: megvan a K\u00e1joni Cantionale Catholicuma (1676), a mise egyes r\u00e9szeit, a Gl\u00f3ri\u00e1t \u00e9s Kred\u00f3t t\u00f6bb v\u00e1ltozatban dallamas\u00edtotta meg magyarul. Legjelent\u0151sebb tette a m., rom\u00e1n, cig\u00e1ny n\u00e9pzene, ill. n\u00e9pies zene anyag\u00e1nak els\u0151 megfigyel\u00e9se. Egy Apor-formul\u00e1rium toldal\u00e9ka c\u00edmen ismeretes m\u0171r\u0151l (mivel az Apor csal\u00e1d Ab\u00e1sfalvi lev\u00e9lt\u00e1r\u00e1b\u00f3l ker\u00fclt el\u0151), 1654-ben keletkezett m\u0171r\u0151l gyan\u00edtj\u00e1k K\u00e1joni J\u00e1nos szerz\u0151s\u00e9g\u00e9t. A Lupul vajd\u00e1nak roml\u00e1s\u00e1r\u00f3l c. \u2013 <strong>F. m.:<\/strong> k\u00e9zirat: De origine Custodiae \u2013 \u201eFekete k\u00f6nyv\u201d ( 1650- 84); Cs\u00edkcsobotfalvi k\u00e9zirat (dallamfeljegyz\u00e9sek; 1651\u201376); Organo-Missale (mise \u00e9s lit\u00e1niagy\u0171jtem\u00e9ny, 1667); Cancionale Catholicum: R\u00e9gi- \u00e9s \u00daj De\u00e1k \u00e9s M. \u00c1itatos Egyh\u00e1zi \u00c9nekek Dicsiretek, Soltarok \u00e9s Litaniak: Kikkel a Kereszt\u00e9nyek Esztend\u0151 \u00e1ltal val\u00f3 Templomi solemnit\u00e1sokban, Processi\u00f3kban, \u00e9s egy\u00e9bb \u00e1hitatoss\u00e1gokban szoktak \u00e9lni (Csiksomly\u00f3, 1676, 1719, 1806); Calendarium In quo Omnes Sancti Breviarij Romani, Ordinis Fratrum Minorum, Regni Hungariae, ac ad libitum suis locis inserti continentur (Csiksomly\u00f3, 1678); Aranyos h\u00e1z (Csiksomly\u00f3, 1680; k\u00e9zirat 1650), Graduale (Latin mise-\u00e9nekesk\u00f6nyv, 1681); Szerafim Szent Ferenc \u00e9let\u00e9r\u0151l \u00e9s hal\u00e1l\u00e1r\u00f3l ( \u00e9. n.); R\u00e9gi M. K\u00f6nyvt\u00e1r., XVII. sz., (Bp., 1993); <strong>t\u00e1rssz.:<\/strong> K\u00e1joni \u2013k\u00f3dex (k\u00fclf\u00f6ldi zeneszerz\u0151k egyh\u00e1zi m\u0171vei, m. egyh\u00e1zi \u00e9s vil\u00e1gi \u00e9nekek, m. t\u00e1ncdallamok, francia szvit t\u00e9telek (Sereg\u00e9lyes M\u00e1ty\u00e1ssal, Tasn\u00e1di B\u00e1linttal, 1634\u201371); Sacri Concentus (Viadana \u00e9s m\u00e1sok m\u0171veinek \u00e1tiratai, 1669), K\u00e1joni J\u00e1nos f\u00f6ljegyz\u00e9sei 1673 b\u00f3l Mikh\u00e1za  =  Sebesty\u00e9n Gyula: A magyar rov\u00e1s\u00edr\u00e1s hiteles eml\u00e9kei (Bp., 1915). <br \/><strong>Irod.:<\/strong> Bak\u00f3 Zolt\u00e1n: K\u00f3dexek dallama k\u00eds\u00e9rt a Sz\u00e9kelyf\u00f6ld\u00f6n (V\u00e1s\u00e1rhelyi H\u00edrlap, 2008. jan. 4.); Benk\u0151 Andr\u00e1s: K. J., a humanista muzsikus (Korunk, 11. sz., 1981); B\u00f6l\u00f6ni Domokos: K\u00e1joni \u00e9s Kaj\u00e1n \u00e9s \u2013 Gyergy\u00f3sz\u00e1rhegy (N\u00fa., 2009. j\u00fan. 6.); Diaconescu, Mihail: Marele c\u00e2ntec (reg.; Buc., 1980); Domokos P\u00e1l P\u00e9ter: \u201e&#8230; \u00e9des Haz\u00e1mat akartam szolg\u00e1lni\u201d (Bp., 1979); Erd\u00e9lyi egyh\u00e1zak; Erd\u00e9lyi panteon; Ferenczi S\u00e1ndor 2009; Fodor Ferenc 2000; F\u00fcl\u00f6p\u2013Ferencz; Gy\u00f6rgy: A ferencrendiek; Incze; K\u0151v\u00e1ri R\u00e9ka: M\u00e1ria-\u00e9nekek a VII-XVIII. sz\u00e1zadi somly\u00f3i ferencesekn\u00e9l (Cs\u00edksomly\u00f3 \u00fczenete, 3. sz., 2014); L\u00e9sty\u00e1n \u2013 templomok 1.; MAM\u0170L;. Marton J. 2013; Ny\u00e1r\u00e1d mente; Papp \u00c1gnes: \u201eSacri concentus\u201d K. J., a muzsikus (Zenetud. \u00edr\u00e1sok 1998, p. 41\u201351.); R\u00e1cz 2009; R\u00f3th: Sz\u00fcletett nyelv\u00fcnk\u00f6n; Sepsisz\u00e9ki; Szinnyei; Tak\u00e1cs Ince P.: M. ferences aszk\u00e9tikus \u00e9let (Bp., 1942); Toldy; T\u00f3th Istv\u00e1n; T\u00f3th Istv\u00e1n: A gyulafeh\u00e9rv\u00e1ri humanista k\u00f6lt\u00e9szet antol\u00f3gi\u00e1ja (Bp., 2001); T\u00f3th Istv\u00e1n: Mv. irodalmi m\u0171velts\u00e9g\u00e9r\u0151l 8. (N\u00fa., M\u00fazsa., 455 sz., 2000. aug. 19), T\u00f3th Istv\u00e1n: Sz\u00edvvel, sz\u00f3val, tiszta \u00e9sszel (Bp., 2001); \u00daM\u00c9L; Zenetud. \u00edr\u00e1sok 1998<\/br><\/p>\n","protected":false},"excerpt":{"rendered":"<p>Kisk\u00e1jon, 1629. vagy 1630., \u2020 Gyergy\u00f3sz\u00e1rhegy, 1687. \u00e1pr. 25. S\u00edrja a sz\u00e1rhegyi ferences templom kript\u00e1j\u00e1ban: ferencrendi szerzetes, orgona\u00e9p\u00edt\u0151, zeneszerz\u0151, botanikus, nyomd\u00e1sz. \u2013 Bel\u00e9pett a ferences rendbe Cs\u00edksomly\u00f3n (1648. szept. 17.) \u00e9s fogadalmat tett (1649. szept. 17.). Teol\u00f3giai tanulm\u00e1nyait Nagyszombaton \u00e9s Als\u00f3sebesen v\u00e9gezte. Orgonist\u00e1v\u00e1 \u00e9s orgonak\u00e9sz\u00edt\u0151v\u00e9 k\u00e9pezte mag\u00e1t \u00e9s az egyh\u00e1zi \u00e9nekben, k\u00fcl\u00f6n\u00f6sen a Gregori\u00e1n zen\u00e9ben [&hellip;]<\/p>\n","protected":false},"featured_media":0,"comment_status":"open","ping_status":"closed","template":"","meta":[],"product_brand":[],"product_cat":[137],"product_tag":[],"class_list":{"0":"post-11094","1":"product","2":"type-product","3":"status-publish","5":"product_cat-maros-megyei-eletrajzi-lexikon","7":"first","8":"instock","9":"shipping-taxable","10":"product-type-simple"},"_links":{"self":[{"href":"https:\/\/uj.adatbank.ro\/lexikon\/wp-json\/wp\/v2\/product\/11094","targetHints":{"allow":["GET"]}}],"collection":[{"href":"https:\/\/uj.adatbank.ro\/lexikon\/wp-json\/wp\/v2\/product"}],"about":[{"href":"https:\/\/uj.adatbank.ro\/lexikon\/wp-json\/wp\/v2\/types\/product"}],"replies":[{"embeddable":true,"href":"https:\/\/uj.adatbank.ro\/lexikon\/wp-json\/wp\/v2\/comments?post=11094"}],"wp:attachment":[{"href":"https:\/\/uj.adatbank.ro\/lexikon\/wp-json\/wp\/v2\/media?parent=11094"}],"wp:term":[{"taxonomy":"product_brand","embeddable":true,"href":"https:\/\/uj.adatbank.ro\/lexikon\/wp-json\/wp\/v2\/product_brand?post=11094"},{"taxonomy":"product_cat","embeddable":true,"href":"https:\/\/uj.adatbank.ro\/lexikon\/wp-json\/wp\/v2\/product_cat?post=11094"},{"taxonomy":"product_tag","embeddable":true,"href":"https:\/\/uj.adatbank.ro\/lexikon\/wp-json\/wp\/v2\/product_tag?post=11094"}],"curies":[{"name":"wp","href":"https:\/\/api.w.org\/{rel}","templated":true}]}}