{"id":11126,"date":"2025-06-29T13:42:41","date_gmt":"2025-06-29T11:42:41","guid":{"rendered":"https:\/\/uj.adatbank.ro\/lexikon\/termek\/kakuts-andras-endre-zoltan-%c2%a7-kakucs-endre\/"},"modified":"2025-06-29T13:42:41","modified_gmt":"2025-06-29T11:42:41","slug":"kakuts-andras-endre-zoltan-%c2%a7-kakucs-endre","status":"publish","type":"product","link":"https:\/\/uj.adatbank.ro\/lexikon\/termek\/kakuts-andras-endre-zoltan-%c2%a7-kakucs-endre\/","title":{"rendered":"KAKUTS Andr\u00e1s Endre Zolt\u00e1n, \u00a7 Kakucs Endre"},"content":{"rendered":"<p>Parajd, 1908. \u00e1pr. 17., \u2020 Mv., 1991. j\u00fan. 12.: testnevel\u0151 tan\u00e1r, v\u00edv\u00f3bajnok, v\u00edv\u00f3edz\u0151. \u2013 Feles\u00e9ge: Bachner (1909\u20131973). \u2013 Testnevel\u00e9si f\u0151ikol\u00e1t v\u00e9gzett. F\u0151iskolai tanulm\u00e1nyainak befejez\u00e9se ut\u00e1n Mv.-en \u00e1tvette a MSE t\u00f6bb szakoszt\u00e1ly\u00e1nak vezet\u00e9s\u00e9t \u00e9s m\u0171k\u00f6d\u00e9s\u00e9vel \u00faj \u00e9letet \u00f6nt\u00f6tt az egyes\u00fclet sport\u00e9let\u00e9be (1938). Mint az \u00fasz\u00f3 szakoszt\u00e1ly edz\u0151je az ut\u00e1np\u00f3tl\u00e1s nevel\u00e9s\u00e9re helyezte a f\u0151 s\u00falyt. A sz\u00e9kelyf\u00f6ldi ker\u00fclet \u00fasz\u00f3kapit\u00e1nya, a b\u00edrkoz\u00f3 sz\u00f6vets\u00e9g vezet\u0151je. Tesnevel\u00e9stan\u00e1r Mv.-en a Ref. Koll. -ban. A Tornakertben fel\u00e1ll\u00edtotta az els\u0151 kos\u00e1rlabda-t\u00e1bl\u00e1t, \u00e9s ezt a sport\u00e1gat meghonos\u00edtotta Mv.-en. Az els\u0151 n\u0151i kos\u00e1rlabda csapatot l\u00e9tes\u00edtette Mv.-en (1939). T\u00f6bb iskol\u00e1s csapattal vett r\u00e9szt k\u00fcl\u00f6nb\u00f6z\u0151 bajnoks\u00e1gokon. A II. vh.-ban tart. z\u00e1szl\u00f3si rangban vett r\u00e9szt. Hadifogoly volt a Krim-f\u00e9lszigeten h\u00e1rom \u00e9vig, hazat\u00e9rt \u00e9s munk\u00e1ba \u00e1llt (1948). A mv.-i OGYI Testnevel\u0151 \u00e9s Sport katedr\u00e1j\u00e1n, docens, katedraf\u0151n\u00f6k, el\u0151ad\u00f3tan\u00e1r (1950\u201374), az Egyetemi Sportklub (CSU) alap\u00edt\u00f3 tagja, az egyetem mellett m\u0171k\u00fcd\u0151 v\u00edv\u00f3 szakoszt\u00e1ly l\u00e9trehoz\u00f3ja (1945), versenyz\u0151, edz\u0151 (nyugd\u00edjazt\u00e1k 1978\u2013), de folytatta tev\u00e9kenys\u00e9g\u00e9t. A mv.-i v\u00edv\u00e1s atyj\u00e1nak tekintik. Keze al\u00f3l sorra ker\u00fcltek ki az orsz\u00e1gos bajnokok, a v\u00e1logatottak: Czimbalmos Ilona (Ica), Sz\u00e1ntai J\u00e1nos, Csipler Attila, Dvorzs\u00e1k Titusz, Szaploncai Zsuzsa, Szentkir\u00e1lyi Csaba, Horv\u00e1th L\u00f3r\u00e1nt, Hov\u00e1nyi Gyula, Briscan Lucia, P\u00e9terffy Gyula, Nyilka S\u00e1ndor, Zilahi J\u00f3zsef. \u0150 fedezte fel \u00e9s ind\u00edtotta \u00fatnak az ifj\u00fas\u00e1gi vil\u00e1gbajnok (1967) \u00e9s h\u00e1romszoros olimpiai 4. helyezett dr. Pongr\u00e1cz Antalt. A mv.-i egyetemi Sportklub \u00e9vente K. A. f\u00e9rfi p\u00e1rbajt\u0151r eml\u00e9kversenyt rendez. <br \/><strong>Irod.:<\/strong> Berekm\u00e9ri; Facultatea de Farmacie; Kl\u00f3sz-Tolok\u00e1n; Komj\u00e1tszegi; Marosi P\u00e9ter. K\u00e9t hadifogs\u00e1gb\u00f3l hazat\u00e9rt tan\u00e1r. (Szabad Sz\u00f3, 1948. j\u00fan. 7.); Mv. t\u00f6rt. 2.; [Nekrol\u00f3g] (N\u00fa., 1991. j\u00fan. 14.); Pluh\u00e1r; Ra\u0163iu: Sportul mure\u015fan; Tompa Mih\u00e1ly: Sorok egy sportmesterr\u0151l (\u00daj \u00c9let, 17. sz., 1978); Tompa Z. Mih\u00e1ly: K. A. 80 ? (V. Z., 1988. \u00e1pr. 17.)<\/br><\/p>\n","protected":false},"excerpt":{"rendered":"<p>Parajd, 1908. \u00e1pr. 17., \u2020 Mv., 1991. j\u00fan. 12.: testnevel\u0151 tan\u00e1r, v\u00edv\u00f3bajnok, v\u00edv\u00f3edz\u0151. \u2013 Feles\u00e9ge: Bachner (1909\u20131973). \u2013 Testnevel\u00e9si f\u0151ikol\u00e1t v\u00e9gzett. F\u0151iskolai tanulm\u00e1nyainak befejez\u00e9se ut\u00e1n Mv.-en \u00e1tvette a MSE t\u00f6bb szakoszt\u00e1ly\u00e1nak vezet\u00e9s\u00e9t \u00e9s m\u0171k\u00f6d\u00e9s\u00e9vel \u00faj \u00e9letet \u00f6nt\u00f6tt az egyes\u00fclet sport\u00e9let\u00e9be (1938). Mint az \u00fasz\u00f3 szakoszt\u00e1ly edz\u0151je az ut\u00e1np\u00f3tl\u00e1s nevel\u00e9s\u00e9re helyezte a f\u0151 s\u00falyt. A sz\u00e9kelyf\u00f6ldi [&hellip;]<\/p>\n","protected":false},"featured_media":0,"comment_status":"open","ping_status":"closed","template":"","meta":[],"product_brand":[],"product_cat":[137],"product_tag":[],"class_list":{"0":"post-11126","1":"product","2":"type-product","3":"status-publish","5":"product_cat-maros-megyei-eletrajzi-lexikon","7":"first","8":"instock","9":"shipping-taxable","10":"product-type-simple"},"_links":{"self":[{"href":"https:\/\/uj.adatbank.ro\/lexikon\/wp-json\/wp\/v2\/product\/11126","targetHints":{"allow":["GET"]}}],"collection":[{"href":"https:\/\/uj.adatbank.ro\/lexikon\/wp-json\/wp\/v2\/product"}],"about":[{"href":"https:\/\/uj.adatbank.ro\/lexikon\/wp-json\/wp\/v2\/types\/product"}],"replies":[{"embeddable":true,"href":"https:\/\/uj.adatbank.ro\/lexikon\/wp-json\/wp\/v2\/comments?post=11126"}],"wp:attachment":[{"href":"https:\/\/uj.adatbank.ro\/lexikon\/wp-json\/wp\/v2\/media?parent=11126"}],"wp:term":[{"taxonomy":"product_brand","embeddable":true,"href":"https:\/\/uj.adatbank.ro\/lexikon\/wp-json\/wp\/v2\/product_brand?post=11126"},{"taxonomy":"product_cat","embeddable":true,"href":"https:\/\/uj.adatbank.ro\/lexikon\/wp-json\/wp\/v2\/product_cat?post=11126"},{"taxonomy":"product_tag","embeddable":true,"href":"https:\/\/uj.adatbank.ro\/lexikon\/wp-json\/wp\/v2\/product_tag?post=11126"}],"curies":[{"name":"wp","href":"https:\/\/api.w.org\/{rel}","templated":true}]}}