{"id":11133,"date":"2025-06-29T13:42:56","date_gmt":"2025-06-29T11:42:56","guid":{"rendered":"https:\/\/uj.adatbank.ro\/lexikon\/termek\/kalaber-laszlo-%c2%a7\/"},"modified":"2025-06-29T13:42:56","modified_gmt":"2025-06-29T11:42:56","slug":"kalaber-laszlo-%c2%a7","status":"publish","type":"product","link":"https:\/\/uj.adatbank.ro\/lexikon\/termek\/kalaber-laszlo-%c2%a7\/","title":{"rendered":"KALAB\u00c9R L\u00e1szl\u00f3, \u00a7"},"content":{"rendered":"<p>K\u00e9zdimartonfalva, 1937. febr. 13., \u2020 Magyarr\u00e9gen, 2008. m\u00e1rc. 9.: ornitol\u00f3gus, gy\u00f3gyszer\u00e9sz, mammol\u00f3gus. \u2013 Brass\u00f3ban \u00e9retts\u00e9gizett (1954), a MOGYI-n seg\u00e9dgy\u00f3gyszer\u00e9szi oklevelet szerzett (1957). A sz\u00e1szr\u00e9geni k\u00f3rh\u00e1z gy\u00f3gyszer\u00e9sze (1957\u201364); seg\u00e9dgy\u00f3gyszer\u00e9sz (1964\u201368); gy\u00f3gyszertechnikus (1968\u201375); f\u0151gy\u00f3gyszer\u00e9sz-asszisztens (1975\u201396). Gy\u00f3gyszer\u00e9sz l\u00e9t\u00e9re ornitol\u00f3giai kutat\u00e1ssal foglalkozozott (1963\u201390). K\u00fclf\u00f6ldi tanulm\u00e1nyi \u00e9s gy\u0171jt\u0151 utakon vett r\u00e9szt, sz\u00e1mos jelent\u0151s szakemberrel alakitott ki kapcsolatot. Megfigyel\u00e9si napl\u00f3t vezetett, tudom\u00e1nyos megfigyel\u00e9s, adatgy\u0171jt\u00e9s, feldolgoz\u00e1s, k\u00f6zl\u00e9s volt a c\u00e9lja. A Rom\u00e1niai Biol\u00f3giai Tudom\u00e1nyos T\u00e1rsas\u00e1g r\u00e9geni Fi\u00f3kj\u00e1nak megalap\u00edt\u00f3ja (1978), eln\u00f6ke. A m\u00e1sodik orsz\u00e1gos biol\u00f3giai szimpoziumot Sz\u00e1szr\u00e9genben tartott\u00e1k (1982), ekkor t\u00e1rsas\u00e1guk, amely amat\u0151r ornitol\u00f3gusokb\u00f3l, entomol\u00f3gusokb\u00f3l \u00e1llt (1977. m\u00e1rc. \u2013) megkapta a fi\u00f3kszervezet rangot (1982\u2013). \u00cdgy lett a Rom\u00e1niai Biol\u00f3giai Tudom\u00e1nyos T\u00e1rsas\u00e1g r\u00e9geni Fi\u00f3kj\u00e1nak megalap\u00edt\u00f3ja, eln\u00f6ke. Nyugd\u00edjaz\u00e1s\u00e1ig a ragadoz\u00f3 eml\u0151s\u00f6k \u00e9lettan\u00e1val foglalkozott (1990\u201396). Megalap\u00edtja a K\u00e1rp\u00e1tok Kincsei Alap\u00edtv\u00e1nyt (1995). Bp.-en bev\u00e1lasztott\u00e1k az Eur\u00f3pai Parlagi Sas V\u00e9delmi Bizotts\u00e1g\u00e1ba (1998). Sz\u00e1mos hazai \u00e9s nemzetk\u00f6zi mad\u00e1rtani kongresszuson vett r\u00e9szt. Az UNESCO \u00e9gisze alatt m\u0171k\u00f6d\u0151 Nemzetk\u00f6zi Mad\u00e1rv\u00e9delmi Tan\u00e1cs ragadoz\u00f3 madarakkal foglalkoz\u00f3 eur\u00e1zsiai munkak\u00f6z\u00f6ss\u00e9g\u00e9nek vb. tagja (1979\u2013). 126 szaktanulm\u00e1nya, tudom\u00e1nyos \u00e9rtekez\u00e9se, 733 cikke \u00e9s m\u00e1s jelleg\u0171 \u00edr\u00e1sa jelent meg h\u00e9t nyelven, tizenegy orsz\u00e1gban (1970\u2013). Cikket k\u00f6z\u00f6lt a V\u00een\u0103torul \u015fi pescarul sportiv, az Ocrotirea naturii, a b\u00e1k\u00f3i Studii \u015fi comunic\u0103ri, a nagyv\u00e1radi Nymphaea, a sepsiszentgy\u00f6rgyi Aluta, a br\u00fcsszeli Le Gerfaut, a lille-i Le Heron, a bp.-i \u00c1llattani K\u00f6zlem\u00e9nyek, az Acta Hargitensia, St. R., V. Z. L\u00e9trehozta a 218 eur\u00f3pai mad\u00e1rfaj toj\u00e1saib\u00f3l \u00e1ll\u00f3 gy\u0171jtem\u00e9ny\u00e9t. Szakmai elismer\u00e9sei: Membre honoris-c\u00edm (Hollandia, 1993); Ottawa (Kanada, 1986); Christchurch (\u00daj-Z\u00e9land, 1990); Missoula (Montana, 1992); Fairbanks (Alaszka, 1995). A Rom\u00e1n Tud. Akad\u00e9mia Term\u00e9szeti Ritkas\u00e1gokat V\u00e9d\u0151 Bizotts\u00e1g Tiszteletbeli tagja (1981); a Rom\u00e1n Kinegetikai T\u00e1rs.; az International Special Group for the Research and Managrment of the Bears (1996\u2013); a Rom\u00e1n Mad\u00e1rtani T\u00e1rs. V\u00e9grehajt\u00f3 vezet\u0151tan\u00e1cs\u00e1nak \u00e9s a Nemzetk\u00f6zi Ornitol\u00f3giai Tan\u00e1csnak a tagja volt. \u2013 <strong>F. m.:<\/strong> K\u00e9zdimartonfalv\u00e1t\u00f3l \u00daj-Z\u00e9landig a madarak nyom\u00e1n (Brass\u00f3, 1997); Despre ecologiaautecolgogia \u015fi etologia ursului brun (Ursul arctos) \u00een Carpa\u0163ii Rom\u00e2niei (Tg. M., 1999); <strong>t\u00e1rssz.:<\/strong> Studii \u015fi comunic\u0103ri 1\u20132. (Reghin, 1980\u20131981). \u2013 Irod: EMKK 2000; Husar; Makkai J\u00e1nos: Mi foglalkoztatja? Az ornitol\u00f3gust? (V. Z., 1985. szept. 1.); [Nekrol\u00f3g] (N\u00fa., 2008 m\u00e1rc. 12.); MIL; Profiluri reghinene; Todea\u2013F\u00fcl\u00f6p\u2013Avram<\/br><\/p>\n","protected":false},"excerpt":{"rendered":"<p>K\u00e9zdimartonfalva, 1937. febr. 13., \u2020 Magyarr\u00e9gen, 2008. m\u00e1rc. 9.: ornitol\u00f3gus, gy\u00f3gyszer\u00e9sz, mammol\u00f3gus. \u2013 Brass\u00f3ban \u00e9retts\u00e9gizett (1954), a MOGYI-n seg\u00e9dgy\u00f3gyszer\u00e9szi oklevelet szerzett (1957). A sz\u00e1szr\u00e9geni k\u00f3rh\u00e1z gy\u00f3gyszer\u00e9sze (1957\u201364); seg\u00e9dgy\u00f3gyszer\u00e9sz (1964\u201368); gy\u00f3gyszertechnikus (1968\u201375); f\u0151gy\u00f3gyszer\u00e9sz-asszisztens (1975\u201396). Gy\u00f3gyszer\u00e9sz l\u00e9t\u00e9re ornitol\u00f3giai kutat\u00e1ssal foglalkozozott (1963\u201390). K\u00fclf\u00f6ldi tanulm\u00e1nyi \u00e9s gy\u0171jt\u0151 utakon vett r\u00e9szt, sz\u00e1mos jelent\u0151s szakemberrel alakitott ki kapcsolatot. Megfigyel\u00e9si napl\u00f3t vezetett, [&hellip;]<\/p>\n","protected":false},"featured_media":0,"comment_status":"open","ping_status":"closed","template":"","meta":[],"product_brand":[],"product_cat":[137],"product_tag":[],"class_list":{"0":"post-11133","1":"product","2":"type-product","3":"status-publish","5":"product_cat-maros-megyei-eletrajzi-lexikon","7":"first","8":"instock","9":"shipping-taxable","10":"product-type-simple"},"_links":{"self":[{"href":"https:\/\/uj.adatbank.ro\/lexikon\/wp-json\/wp\/v2\/product\/11133","targetHints":{"allow":["GET"]}}],"collection":[{"href":"https:\/\/uj.adatbank.ro\/lexikon\/wp-json\/wp\/v2\/product"}],"about":[{"href":"https:\/\/uj.adatbank.ro\/lexikon\/wp-json\/wp\/v2\/types\/product"}],"replies":[{"embeddable":true,"href":"https:\/\/uj.adatbank.ro\/lexikon\/wp-json\/wp\/v2\/comments?post=11133"}],"wp:attachment":[{"href":"https:\/\/uj.adatbank.ro\/lexikon\/wp-json\/wp\/v2\/media?parent=11133"}],"wp:term":[{"taxonomy":"product_brand","embeddable":true,"href":"https:\/\/uj.adatbank.ro\/lexikon\/wp-json\/wp\/v2\/product_brand?post=11133"},{"taxonomy":"product_cat","embeddable":true,"href":"https:\/\/uj.adatbank.ro\/lexikon\/wp-json\/wp\/v2\/product_cat?post=11133"},{"taxonomy":"product_tag","embeddable":true,"href":"https:\/\/uj.adatbank.ro\/lexikon\/wp-json\/wp\/v2\/product_tag?post=11133"}],"curies":[{"name":"wp","href":"https:\/\/api.w.org\/{rel}","templated":true}]}}