{"id":11177,"date":"2025-06-29T13:44:26","date_gmt":"2025-06-29T11:44:26","guid":{"rendered":"https:\/\/uj.adatbank.ro\/lexikon\/termek\/kallay-lajos-kallai-lajos\/"},"modified":"2025-06-29T13:44:26","modified_gmt":"2025-06-29T11:44:26","slug":"kallay-lajos-kallai-lajos","status":"publish","type":"product","link":"https:\/\/uj.adatbank.ro\/lexikon\/termek\/kallay-lajos-kallai-lajos\/","title":{"rendered":"K\u00c1LLAY Lajos, K\u00e1llai Lajos"},"content":{"rendered":"<p>Sz\u00e9kelyudvarhely, 1915. febr. 5., \u2020 Sz\u00e9kelyudvarhely, 1992. aug. 28.: r. k. pap. \u2013 tanult Sz\u00e9kelyudvarhelyen \u00e9s Gyulafeh\u00e9rv\u00e1ron, ahol papp\u00e1 szentelt\u00e9k (1940. j\u00fan. 29.). K\u00e1pl\u00e1n volt Gyergy\u00f3csomafalv\u00e1n, K\u00e9zdiszentl\u00e9leken, Cs\u00edkszentsimon Csat\u00f3szegen, Cs\u00edkszentgy\u00f6rgy\u00f6n, Gyergy\u00f3remet\u00e9n, Lup\u00e9nyban, Petrozs\u00e9nyban, Vic\u00e9n. Lelkip\u00e1sztor K\u00e1szonjakabfalv\u00e1n, Sz\u00e1rhegyen. Sz\u00e9kelyv\u00e9ckei pl\u00e9b\u00e1nos (1956\u201361). \u00daj harangot v\u00e1s\u00e1roltak Buk.-ben a v\u00e9ckei lakosok adom\u00e1ny\u00e1b\u00f3l (1957). Renov\u00e1lt\u00e1k a pl\u00e9b\u00e1ni\u00e1t \u00e9s a mell\u00e9k\u00e9p\u00fcleteit. Aranyosgy\u00e9resen pl\u00e9b\u00e1nos (1961). <br \/><strong>Irod.:<\/strong> Ferenczi S\u00e1ndor 2009; Maros-k\u00fck\u00fcll\u0151i f\u0151esp.<\/br><\/p>\n","protected":false},"excerpt":{"rendered":"<p>Sz\u00e9kelyudvarhely, 1915. febr. 5., \u2020 Sz\u00e9kelyudvarhely, 1992. aug. 28.: r. k. pap. \u2013 tanult Sz\u00e9kelyudvarhelyen \u00e9s Gyulafeh\u00e9rv\u00e1ron, ahol papp\u00e1 szentelt\u00e9k (1940. j\u00fan. 29.). K\u00e1pl\u00e1n volt Gyergy\u00f3csomafalv\u00e1n, K\u00e9zdiszentl\u00e9leken, Cs\u00edkszentsimon Csat\u00f3szegen, Cs\u00edkszentgy\u00f6rgy\u00f6n, Gyergy\u00f3remet\u00e9n, Lup\u00e9nyban, Petrozs\u00e9nyban, Vic\u00e9n. Lelkip\u00e1sztor K\u00e1szonjakabfalv\u00e1n, Sz\u00e1rhegyen. Sz\u00e9kelyv\u00e9ckei pl\u00e9b\u00e1nos (1956\u201361). \u00daj harangot v\u00e1s\u00e1roltak Buk.-ben a v\u00e9ckei lakosok adom\u00e1ny\u00e1b\u00f3l (1957). Renov\u00e1lt\u00e1k a pl\u00e9b\u00e1ni\u00e1t \u00e9s a mell\u00e9k\u00e9p\u00fcleteit. [&hellip;]<\/p>\n","protected":false},"featured_media":0,"comment_status":"open","ping_status":"closed","template":"","meta":[],"product_brand":[],"product_cat":[137],"product_tag":[],"class_list":{"0":"post-11177","1":"product","2":"type-product","3":"status-publish","5":"product_cat-maros-megyei-eletrajzi-lexikon","7":"first","8":"instock","9":"shipping-taxable","10":"product-type-simple"},"_links":{"self":[{"href":"https:\/\/uj.adatbank.ro\/lexikon\/wp-json\/wp\/v2\/product\/11177","targetHints":{"allow":["GET"]}}],"collection":[{"href":"https:\/\/uj.adatbank.ro\/lexikon\/wp-json\/wp\/v2\/product"}],"about":[{"href":"https:\/\/uj.adatbank.ro\/lexikon\/wp-json\/wp\/v2\/types\/product"}],"replies":[{"embeddable":true,"href":"https:\/\/uj.adatbank.ro\/lexikon\/wp-json\/wp\/v2\/comments?post=11177"}],"wp:attachment":[{"href":"https:\/\/uj.adatbank.ro\/lexikon\/wp-json\/wp\/v2\/media?parent=11177"}],"wp:term":[{"taxonomy":"product_brand","embeddable":true,"href":"https:\/\/uj.adatbank.ro\/lexikon\/wp-json\/wp\/v2\/product_brand?post=11177"},{"taxonomy":"product_cat","embeddable":true,"href":"https:\/\/uj.adatbank.ro\/lexikon\/wp-json\/wp\/v2\/product_cat?post=11177"},{"taxonomy":"product_tag","embeddable":true,"href":"https:\/\/uj.adatbank.ro\/lexikon\/wp-json\/wp\/v2\/product_tag?post=11177"}],"curies":[{"name":"wp","href":"https:\/\/api.w.org\/{rel}","templated":true}]}}