{"id":11289,"date":"2025-06-29T13:48:02","date_gmt":"2025-06-29T11:48:02","guid":{"rendered":"https:\/\/uj.adatbank.ro\/lexikon\/termek\/karolyi-istvan\/"},"modified":"2025-06-29T13:48:02","modified_gmt":"2025-06-29T11:48:02","slug":"karolyi-istvan","status":"publish","type":"product","link":"https:\/\/uj.adatbank.ro\/lexikon\/termek\/karolyi-istvan\/","title":{"rendered":"KAROLYI Istv\u00e1n"},"content":{"rendered":"<p>?, \u2020 S\u00e1rfalva, 1591. febr. 26-m\u00e1rc. 29 el\u0151tt: kapit\u00e1ny. \u2013 Feles\u00e9ge: 1. Derzsi Anna. Le\u00e1nyuk Zsuzsanna, Becz Imr\u00e9n\u00e9 (1585\u2013). 2. Buni Bethlen S\u00e1ra, akinek anyai nagyanyja, Bal\u00e1dfi Anna. \u00d6ccse: Antal. S\u00f3gora, Bethlen Farkas a k\u00e9s\u0151bbi szamos\u00fajv\u00e1ri f\u0151kapit\u00e1ny, K\u00fck\u00fcll\u0151 v\u00e1rmegye f\u0151isp\u00e1nja, tan\u00e1cs\u00far, az udvari lovasok f\u0151kapit\u00e1nya. Gyermekei: Katalin, Zs\u00f3fia, Istv\u00e1n -Sz\u00e9p vagyonra tett szert. A gyalogpusk\u00e1sok f\u0151kapit\u00e1nya, a vajdai test\u0151rgyalogok kapit\u00e1nya, udvari gyalogok kapit\u00e1nya, gyulai v\u00e1r gyalogosainak kapit\u00e1nya, vajdai f\u0151kapit\u00e1ny, az \u00f6tsz\u00e1z gyalogok vezet\u0151je (1585). Gyalu mez\u0151v\u00e1ros\u00e1ban kapott egy h\u00e1zat (1586), amit eladott (1589. m\u00e1rc. 20). Gyulafeh\u00e9rv\u00e1ron kertes h\u00e1zat vett (1587). A lengyel kir\u00e1ly sereg\u00e9ben mutatott vit\u00e9zs\u00e9g\u00e9\u00e9rt \u00e9s szolg\u00e1latai\u00e9rt adott egy jobb\u00e1gyat h\u00e1zzal \u00e9s hozz\u00e1 tartoz\u00f3 f\u00f6ldekkel. (1591. jan. 8.). B\u00e1thory Istv\u00e1nt\u00f3l jelent\u0151s birtokadom\u00e1nyban r\u00e9szes\u00fclt (1581. nov. 8.). Aranyossz\u00e9ken, Harasztoson, \u00d6rm\u00e9nyesen, K\u00f6venden stb. Kit\u0171n\u0151 katonai vez\u00e9ri k\u00e9pess\u00e9gei megnyilatkoztak a harcokban, vesz\u00e9lyekben, ostromokban. A civiL \u00e9letben er\u0151szakos \u00f6ldes\u00far pl. Szentl\u00e9leken a szomsz\u00e9daival. Kinevezt\u00e9k az \u00f6tsz\u00e1z gyalogok vezet\u0151j\u00e9v\u00e9 (1585), a vajdai gyalogpusk\u00e1sok f\u0151kapit\u00e1nya (1588). <br \/><strong>Irod.:<\/strong> Jak\u00f3 Kl\u00e1ra = Tonk S. 2020<\/br><\/p>\n","protected":false},"excerpt":{"rendered":"<p>?, \u2020 S\u00e1rfalva, 1591. febr. 26-m\u00e1rc. 29 el\u0151tt: kapit\u00e1ny. \u2013 Feles\u00e9ge: 1. Derzsi Anna. Le\u00e1nyuk Zsuzsanna, Becz Imr\u00e9n\u00e9 (1585\u2013). 2. Buni Bethlen S\u00e1ra, akinek anyai nagyanyja, Bal\u00e1dfi Anna. \u00d6ccse: Antal. S\u00f3gora, Bethlen Farkas a k\u00e9s\u0151bbi szamos\u00fajv\u00e1ri f\u0151kapit\u00e1ny, K\u00fck\u00fcll\u0151 v\u00e1rmegye f\u0151isp\u00e1nja, tan\u00e1cs\u00far, az udvari lovasok f\u0151kapit\u00e1nya. Gyermekei: Katalin, Zs\u00f3fia, Istv\u00e1n -Sz\u00e9p vagyonra tett szert. A gyalogpusk\u00e1sok [&hellip;]<\/p>\n","protected":false},"featured_media":0,"comment_status":"open","ping_status":"closed","template":"","meta":[],"product_brand":[],"product_cat":[137],"product_tag":[],"class_list":{"0":"post-11289","1":"product","2":"type-product","3":"status-publish","5":"product_cat-maros-megyei-eletrajzi-lexikon","7":"first","8":"instock","9":"shipping-taxable","10":"product-type-simple"},"_links":{"self":[{"href":"https:\/\/uj.adatbank.ro\/lexikon\/wp-json\/wp\/v2\/product\/11289","targetHints":{"allow":["GET"]}}],"collection":[{"href":"https:\/\/uj.adatbank.ro\/lexikon\/wp-json\/wp\/v2\/product"}],"about":[{"href":"https:\/\/uj.adatbank.ro\/lexikon\/wp-json\/wp\/v2\/types\/product"}],"replies":[{"embeddable":true,"href":"https:\/\/uj.adatbank.ro\/lexikon\/wp-json\/wp\/v2\/comments?post=11289"}],"wp:attachment":[{"href":"https:\/\/uj.adatbank.ro\/lexikon\/wp-json\/wp\/v2\/media?parent=11289"}],"wp:term":[{"taxonomy":"product_brand","embeddable":true,"href":"https:\/\/uj.adatbank.ro\/lexikon\/wp-json\/wp\/v2\/product_brand?post=11289"},{"taxonomy":"product_cat","embeddable":true,"href":"https:\/\/uj.adatbank.ro\/lexikon\/wp-json\/wp\/v2\/product_cat?post=11289"},{"taxonomy":"product_tag","embeddable":true,"href":"https:\/\/uj.adatbank.ro\/lexikon\/wp-json\/wp\/v2\/product_tag?post=11289"}],"curies":[{"name":"wp","href":"https:\/\/api.w.org\/{rel}","templated":true}]}}