{"id":11323,"date":"2025-06-29T13:49:15","date_gmt":"2025-06-29T11:49:15","guid":{"rendered":"https:\/\/uj.adatbank.ro\/lexikon\/termek\/kasza-laszlo\/"},"modified":"2025-06-29T13:49:15","modified_gmt":"2025-06-29T11:49:15","slug":"kasza-laszlo","status":"publish","type":"product","link":"https:\/\/uj.adatbank.ro\/lexikon\/termek\/kasza-laszlo\/","title":{"rendered":"KASZA L\u00e1szl\u00f3"},"content":{"rendered":"<p>Pusztakereszt\u00far, 1914. dec. 15., \u2020 Mv., 2010. febr. 10.: orvos, egyetemi tan\u00e1r. \u2013 \u00c9retts\u00e9gizett Temesv\u00e1ron a Kegyesrendi F\u0151gimn.-ban (1932), az orvosi egyetemet Kv.-on v\u00e9gezte (1939); doktor\u00e1lt (1960). Kv.-on a K\u00f3rt\u00fcnettani klinik\u00e1n gyakornok (1941), tan\u00e1rseg\u00e9d (43); A II. vh.-ban tart. orvos z\u00e1szl\u00f3si rangban vett r\u00e9szt. A SzU \u2013ban teljes\u00edtett frontszolg\u00e1latot \u00e9s hadifogs\u00e1gba esett (1944- 1948), M\u00f3cson k\u00f6rorvos, S\u00e1rm\u00e1son k\u00f6zeg\u00e9szs\u00e9g\u00fcgyi fel\u00fcgyel\u0151 (1948\u201349); a mv.-i OGYI Fert\u00f6z\u0151klinika t\u00e1n\u00e1rseg\u00e9de, majd adjunktus (1949\u201364), el\u0151ad\u00f3tan\u00e1r (1964\u201374), tansz\u00e9kvezet\u0151 tan\u00e1r (1974\u201383), a II. sz. Fert\u0151z\u0151klinika f\u0151n\u00f6ke. Kutat\u00e1si ter\u00fclete a fert\u0151z\u0151 megbeteged\u00e9sek k\u00f3rtana, sz\u00f6v\u0151dm\u00e9nyei, kezel\u00e9se. Behat\u00f3an vizsg\u00e1lta a k\u00fcl\u00f6nb\u00f6z\u0151 m\u00e1jbetegs\u00e9gek \u00e9s s\u00e1rgas\u00e1gok elk\u00fcl\u00f6n\u00edt\u0151 k\u00f3rism\u00e9j\u00e9t, e c\u00e9lra \u00f6n\u00e1ll\u00f3 biok\u00e9miai \u00e9s polarogr\u00e1fiai m\u00f3dszereket dolgozott ki. Els\u0151k\u00e9nt \u00edrta le n\u00e1lunk a Robin t\u00edpus\u00fa id\u00fclt s\u00e1rgas\u00e1got (eset kapcs\u00e1n), s az els\u0151k k\u00f6z\u00f6tt k\u00f6z\u00f6lt \u00e9rt\u00e9kes megfigyel\u00e9seket a Dubin\u2013Johnson t\u00edpus\u00fa s\u00e1rgas\u00e1gr\u00f3l. Mint \u00faj\u00edt\u00f3, a hasv\u00edzk\u00f3ros folyad\u00e9k lecspol\u00e1s\u00e1ra \u00f6n\u00e1ll\u00f3 elj\u00e1r\u00e1st alkalmazott. Tanulm\u00e1nyai hazai Orvosi Szemle \u2013 Revista Medical\u0103, T\u00e1j\u00e9koztat\u00f3, Studii \u015fi Cercet\u0103ri de Medicin\u0103, Studii \u015fi Cercet\u0103ri de Microbiologie, Medicina Intern\u0103) \u00e9s k\u00fclf\u00f6ldi szakfoly\u00f3iratokban (Acta Medica Hungarica, Zeitschrift f\u00fcr die Gesamte Innere Medizin und Grenzgebiete), tudom\u00e1nyn\u00e9pszer\u0171s\u00edt\u0151 \u00edr\u00e1sai a TETT has\u00e1bjain jelennek meg. A MOGYE tiszteletbeli professzora (2001). \u2013 <strong>F. m.:<\/strong> Boli infec\u0163ioase (Buc, 1960, 1982); <strong>t\u00e1rssz.:<\/strong> A fert\u0151z\u0151 betegs\u00e9gek k\u00f3r- \u00e9s gy\u00f3gytana (Mv., 1951, 1954, 1956, 1958), Fert\u0151z\u0151 betegs\u00e9gek (Mv., 1975, 1979); Boli infec\u0163ioase (Mv., 1960, 1982); <strong>szerk.:<\/strong> Fert\u0151z\u0151 betegs\u00e9gek ( Mv., 1979\u20131980). <br \/><strong>Irod.:<\/strong> Berekm\u00e9ri; Genersich; KKACs; <br \/><strong>Irod.:<\/strong> [Nekrol\u00f3g] (N\u00fa., 2010. febr. 16., 20.), Barab\u00e1s-P\u00e9ter M.\u2013P\u00e9ter H. M.; Kiss-P. &#8211; P.; RMIL; RMKK; Todea\u2013F\u00fcl\u00f6p\u2013Avram<\/br><\/p>\n","protected":false},"excerpt":{"rendered":"<p>Pusztakereszt\u00far, 1914. dec. 15., \u2020 Mv., 2010. febr. 10.: orvos, egyetemi tan\u00e1r. \u2013 \u00c9retts\u00e9gizett Temesv\u00e1ron a Kegyesrendi F\u0151gimn.-ban (1932), az orvosi egyetemet Kv.-on v\u00e9gezte (1939); doktor\u00e1lt (1960). Kv.-on a K\u00f3rt\u00fcnettani klinik\u00e1n gyakornok (1941), tan\u00e1rseg\u00e9d (43); A II. vh.-ban tart. orvos z\u00e1szl\u00f3si rangban vett r\u00e9szt. A SzU \u2013ban teljes\u00edtett frontszolg\u00e1latot \u00e9s hadifogs\u00e1gba esett (1944- 1948), M\u00f3cson [&hellip;]<\/p>\n","protected":false},"featured_media":0,"comment_status":"open","ping_status":"closed","template":"","meta":[],"product_brand":[],"product_cat":[137],"product_tag":[],"class_list":{"0":"post-11323","1":"product","2":"type-product","3":"status-publish","5":"product_cat-maros-megyei-eletrajzi-lexikon","7":"first","8":"instock","9":"shipping-taxable","10":"product-type-simple"},"_links":{"self":[{"href":"https:\/\/uj.adatbank.ro\/lexikon\/wp-json\/wp\/v2\/product\/11323","targetHints":{"allow":["GET"]}}],"collection":[{"href":"https:\/\/uj.adatbank.ro\/lexikon\/wp-json\/wp\/v2\/product"}],"about":[{"href":"https:\/\/uj.adatbank.ro\/lexikon\/wp-json\/wp\/v2\/types\/product"}],"replies":[{"embeddable":true,"href":"https:\/\/uj.adatbank.ro\/lexikon\/wp-json\/wp\/v2\/comments?post=11323"}],"wp:attachment":[{"href":"https:\/\/uj.adatbank.ro\/lexikon\/wp-json\/wp\/v2\/media?parent=11323"}],"wp:term":[{"taxonomy":"product_brand","embeddable":true,"href":"https:\/\/uj.adatbank.ro\/lexikon\/wp-json\/wp\/v2\/product_brand?post=11323"},{"taxonomy":"product_cat","embeddable":true,"href":"https:\/\/uj.adatbank.ro\/lexikon\/wp-json\/wp\/v2\/product_cat?post=11323"},{"taxonomy":"product_tag","embeddable":true,"href":"https:\/\/uj.adatbank.ro\/lexikon\/wp-json\/wp\/v2\/product_tag?post=11323"}],"curies":[{"name":"wp","href":"https:\/\/api.w.org\/{rel}","templated":true}]}}