{"id":13099,"date":"2025-06-29T14:49:57","date_gmt":"2025-06-29T12:49:57","guid":{"rendered":"https:\/\/uj.adatbank.ro\/lexikon\/termek\/kovats-kalman-vitez\/"},"modified":"2025-06-29T14:49:57","modified_gmt":"2025-06-29T12:49:57","slug":"kovats-kalman-vitez","status":"publish","type":"product","link":"https:\/\/uj.adatbank.ro\/lexikon\/termek\/kovats-kalman-vitez\/","title":{"rendered":"KOV\u00c1TS K\u00e1lm\u00e1n, vit\u00e9z"},"content":{"rendered":"<p>Segesv\u00e1r, 1888. \u00e1pr. 20., \u2020 ? : vez\u00e9r\u0151rnagy. \u2013 K. J\u00e1nos f\u0151hadnagy \u00e9s Wreat Janka fia. \u2013 A cs. \u00e9s kir. katonai alre\u00e1liskol\u00e1ban Kass\u00e1n (1898\u20131902), M\u00f6dlingben a f\u0151re\u00e1liskol\u00e1ban (1902\u20131905) \u00e9s a m\u0171szaki akad. (1905\u20131908) tanult. Hadnagy (1908. aug. 18.), f\u0151hadnagy (1913. m\u00e1j. 1.), sz\u00e1zados (1916. szept.), \u0151rnagy (1925. m\u00e1j. 1.), alezredes (193?), ezredes (1937. nov. 1.), t\u00e1bornok (1940. nov. 1.). T\u0171z\u00e9rs\u00e9gi l\u0151v\u00e9sszaki oktat\u00f3, t\u0171z\u00e9r ir\u00e1nyz\u00f3 tanfolyam parancsnok, osztag parancsnok, majd nyug\u00e1lom\u00e1nyba vonult (1943. febr. 1). <br \/><strong>Irod.:<\/strong> Szak\u00e1ly S\u00e1ndor<\/br><\/p>\n","protected":false},"excerpt":{"rendered":"<p>Segesv\u00e1r, 1888. \u00e1pr. 20., \u2020 ? : vez\u00e9r\u0151rnagy. \u2013 K. J\u00e1nos f\u0151hadnagy \u00e9s Wreat Janka fia. \u2013 A cs. \u00e9s kir. katonai alre\u00e1liskol\u00e1ban Kass\u00e1n (1898\u20131902), M\u00f6dlingben a f\u0151re\u00e1liskol\u00e1ban (1902\u20131905) \u00e9s a m\u0171szaki akad. (1905\u20131908) tanult. Hadnagy (1908. aug. 18.), f\u0151hadnagy (1913. m\u00e1j. 1.), sz\u00e1zados (1916. szept.), \u0151rnagy (1925. m\u00e1j. 1.), alezredes (193?), ezredes (1937. nov. [&hellip;]<\/p>\n","protected":false},"featured_media":0,"comment_status":"open","ping_status":"closed","template":"","meta":[],"product_brand":[],"product_cat":[137],"product_tag":[],"class_list":{"0":"post-13099","1":"product","2":"type-product","3":"status-publish","5":"product_cat-maros-megyei-eletrajzi-lexikon","7":"first","8":"instock","9":"shipping-taxable","10":"product-type-simple"},"_links":{"self":[{"href":"https:\/\/uj.adatbank.ro\/lexikon\/wp-json\/wp\/v2\/product\/13099","targetHints":{"allow":["GET"]}}],"collection":[{"href":"https:\/\/uj.adatbank.ro\/lexikon\/wp-json\/wp\/v2\/product"}],"about":[{"href":"https:\/\/uj.adatbank.ro\/lexikon\/wp-json\/wp\/v2\/types\/product"}],"replies":[{"embeddable":true,"href":"https:\/\/uj.adatbank.ro\/lexikon\/wp-json\/wp\/v2\/comments?post=13099"}],"wp:attachment":[{"href":"https:\/\/uj.adatbank.ro\/lexikon\/wp-json\/wp\/v2\/media?parent=13099"}],"wp:term":[{"taxonomy":"product_brand","embeddable":true,"href":"https:\/\/uj.adatbank.ro\/lexikon\/wp-json\/wp\/v2\/product_brand?post=13099"},{"taxonomy":"product_cat","embeddable":true,"href":"https:\/\/uj.adatbank.ro\/lexikon\/wp-json\/wp\/v2\/product_cat?post=13099"},{"taxonomy":"product_tag","embeddable":true,"href":"https:\/\/uj.adatbank.ro\/lexikon\/wp-json\/wp\/v2\/product_tag?post=13099"}],"curies":[{"name":"wp","href":"https:\/\/api.w.org\/{rel}","templated":true}]}}