{"id":13128,"date":"2025-06-29T14:50:56","date_gmt":"2025-06-29T12:50:56","guid":{"rendered":"https:\/\/uj.adatbank.ro\/lexikon\/termek\/kover-andras-2\/"},"modified":"2025-06-29T14:50:56","modified_gmt":"2025-06-29T12:50:56","slug":"kover-andras-2","status":"publish","type":"product","link":"https:\/\/uj.adatbank.ro\/lexikon\/termek\/kover-andras-2\/","title":{"rendered":"K\u00d6V\u00c9R Andr\u00e1s"},"content":{"rendered":"<p>K\u00f6z\u00e9pajta, ( Kov\u00e1szna), 1846. aug. 3. \u2020 K\u00f6z\u00e9pajta, 1927.: ref. lelk\u00e9sz. \u2013 K\u00f6z\u00e9piskol\u00e1t Sz\u00e9kelyudvarhelyen, teol\u00f3gi\u00e1t Nagyenyeden v\u00e9gzett. Aranyospoj\u00e1nban k\u00e9t \u00e9vig szolg\u00e1lt (1874\u20131876), azut\u00e1n Kib\u00e9den folytatta szolg\u00e1lat\u00e1t. A nagy gazdas\u00e1gi v\u00e1ls\u00e1g nagyon megnehez\u00edtette dolg\u00e1t. Az egyh\u00e1zi \u00e9p\u00fcletek karbantart\u00e1s\u00e1ra sem volt p\u00e9nz. Ennek ellen\u00e9re h\u0171s\u00e9gesen szolg\u00e1lt tizenh\u00e1rom \u00e9ven kereszt\u00fcl. Ekkor sz\u00fcl\u0151faluja hazah\u00edvta (1889 okt. 28). Az Erd\u0151vid\u00e9ki egyh\u00e1zmegye esperes\u00e9v\u00e9 v\u00e1lasztott\u00e1k (1891), \u00e9s ezt a tiszts\u00e9get 25 \u00e9ven \u00e1t t\u00f6lt\u00f6tte be akkora megel\u00e9ged\u00e9sre, h. \u00f6r\u00f6k\u00f6s tiszteletbeli esperesi c\u00edmmel ruh\u00e1zt\u00e1k fel. K\u00f6z\u00e9pajt\u00e1n 36 \u00e9vig szolg\u00e1lt (1876\u20131889), \u00e9s csak 1925-ben ment nyugd\u00edjba. &#8211;<br \/><strong>Irod.:<\/strong> P\u00e9terfy L\u00e1szl\u00f3: Kib\u00e9d \u00e9s egyh\u00e1za (2000); Kib\u00e9d 2.<\/br><\/p>\n","protected":false},"excerpt":{"rendered":"<p>K\u00f6z\u00e9pajta, ( Kov\u00e1szna), 1846. aug. 3. \u2020 K\u00f6z\u00e9pajta, 1927.: ref. lelk\u00e9sz. \u2013 K\u00f6z\u00e9piskol\u00e1t Sz\u00e9kelyudvarhelyen, teol\u00f3gi\u00e1t Nagyenyeden v\u00e9gzett. Aranyospoj\u00e1nban k\u00e9t \u00e9vig szolg\u00e1lt (1874\u20131876), azut\u00e1n Kib\u00e9den folytatta szolg\u00e1lat\u00e1t. A nagy gazdas\u00e1gi v\u00e1ls\u00e1g nagyon megnehez\u00edtette dolg\u00e1t. Az egyh\u00e1zi \u00e9p\u00fcletek karbantart\u00e1s\u00e1ra sem volt p\u00e9nz. Ennek ellen\u00e9re h\u0171s\u00e9gesen szolg\u00e1lt tizenh\u00e1rom \u00e9ven kereszt\u00fcl. Ekkor sz\u00fcl\u0151faluja hazah\u00edvta (1889 okt. 28). Az Erd\u0151vid\u00e9ki [&hellip;]<\/p>\n","protected":false},"featured_media":0,"comment_status":"open","ping_status":"closed","template":"","meta":[],"product_brand":[],"product_cat":[137],"product_tag":[],"class_list":{"0":"post-13128","1":"product","2":"type-product","3":"status-publish","5":"product_cat-maros-megyei-eletrajzi-lexikon","7":"first","8":"instock","9":"shipping-taxable","10":"product-type-simple"},"_links":{"self":[{"href":"https:\/\/uj.adatbank.ro\/lexikon\/wp-json\/wp\/v2\/product\/13128","targetHints":{"allow":["GET"]}}],"collection":[{"href":"https:\/\/uj.adatbank.ro\/lexikon\/wp-json\/wp\/v2\/product"}],"about":[{"href":"https:\/\/uj.adatbank.ro\/lexikon\/wp-json\/wp\/v2\/types\/product"}],"replies":[{"embeddable":true,"href":"https:\/\/uj.adatbank.ro\/lexikon\/wp-json\/wp\/v2\/comments?post=13128"}],"wp:attachment":[{"href":"https:\/\/uj.adatbank.ro\/lexikon\/wp-json\/wp\/v2\/media?parent=13128"}],"wp:term":[{"taxonomy":"product_brand","embeddable":true,"href":"https:\/\/uj.adatbank.ro\/lexikon\/wp-json\/wp\/v2\/product_brand?post=13128"},{"taxonomy":"product_cat","embeddable":true,"href":"https:\/\/uj.adatbank.ro\/lexikon\/wp-json\/wp\/v2\/product_cat?post=13128"},{"taxonomy":"product_tag","embeddable":true,"href":"https:\/\/uj.adatbank.ro\/lexikon\/wp-json\/wp\/v2\/product_tag?post=13128"}],"curies":[{"name":"wp","href":"https:\/\/api.w.org\/{rel}","templated":true}]}}