{"id":13139,"date":"2025-06-29T14:51:20","date_gmt":"2025-06-29T12:51:20","guid":{"rendered":"https:\/\/uj.adatbank.ro\/lexikon\/termek\/kovesdi-janos-lithocomes\/"},"modified":"2025-07-26T13:33:16","modified_gmt":"2025-07-26T11:33:16","slug":"kovesdi-janos-lithocomes","status":"publish","type":"product","link":"https:\/\/uj.adatbank.ro\/lexikon\/termek\/kovesdi-janos-lithocomes\/","title":{"rendered":"K\u00d6VESDI J\u00e1nos, Lithocomes"},"content":{"rendered":"<p>? \u2020 Mv., 1759. dec. 30.: tan\u00e1r. \u2013 Feles\u00e9ge: 1. (?): le\u00e1nyai: Judit, T\u0151ke M\u00e1rtonn\u00e9, b\u00faz\u00e1sbocs\u00e1rdi pap feles\u00e9ge, Zsuzsa, Vajai Istv\u00e1nn\u00e9 \u00e9s Jusztina, Nemes Mih\u00e1lyn\u00e9; 2. Halm\u00e1gyi Anna, 18 \u00e9ves (esk\u00fcv\u0151: 1748. j\u00fal. 18.), gyermekeik: Izs\u00e1k (keresztel. 1749. nov. 7.), J\u00e1nos, v\u00e1rosi tan\u00e1csos (1753\u20131828), Anna \u00e9s \u00c9va. \u2013 S\u00e1rospatakon tanult. P\u00e1p\u00e1n a reform\u00e1tus f\u0151iskol\u00e1n\u00e1l k\u00e9tszer volt rektor (1714 \u00e9s 1718), k\u00f6zben k\u00fclf\u00f6ldre ment, Halleban k\u00e9pezte mag\u00e1t az egyetemen. Zilahi Sebess Andr\u00e1s hal\u00e1la ut\u00e1n, annak hely\u00e9re h\u00edvta meg a f\u0151consitorium Mv.-re, ahol \u00e1tvette a filoz\u00f3fia tan\u00edt\u00e1s\u00e1t (1721. nov.). Mag\u00e1n\u00e9lete, magaviselete \u00e9s neh\u00e9z anyagi helyzete miatt lemondott \u00e9s vissza akart t\u00e9rni P\u00e1p\u00e1ra (1739), gyakran k\u00e9rt t\u00e1mogat\u00e1st gr. Teleki S\u00e1ndor f\u0151gondnokt\u00f3l. Nem kapott azonban fizet\u00e9st, maradni k\u00e9nyszer\u00fclt \u00e9s be kellett \u00e9rnie kisebb fizet\u00e9ssel. K\u00e9relm\u00e9re visszahelyezt\u00e9k, mivel az egyh\u00e1ztan\u00e1cs nem fizette, k\u00e9nytelen volt cs\u00f6kkentett fizet\u00e9ssel maradni \u00e9s hal\u00e1l\u00e1ig m\u0171k\u00f6d\u00f6tt (1745. szept. 5. \u2013 1759.). Egy gy\u00e1szbesz\u00e9det tartott Gyulai Ferenc felett. Levelei (8 drb.) a gr. Teleki-csal\u00e1d lev\u00e9lt\u00e1r\u00e1ban. \u2013 <strong>F. m.:<\/strong> K\u00e9sz\u00fcl\u0151 n\u00f3ta\u2026 (Hossz\u00fa verses b\u00facs\u00faztat\u00f3 gr. Gyulai Ferenc temet\u00e9s\u00e9n, 1730.). (Kv., 1743.).<br \/>\n<strong>Irod.:<\/strong> Fogarasi; H\u00edres polg\u00e1rok; Id\u0151t\u00e1r 1; Kozma; Kov\u00e1sznai; Kr\u00f3n F\u00fcz. (1940. 4\/10); Zov\u00e1nyi<\/p>\n","protected":false},"excerpt":{"rendered":"<p>? \u2020 Mv., 1759. dec. 30.: tan\u00e1r. \u2013 Feles\u00e9ge: 1. (?): le\u00e1nyai: Judit, T\u0151ke M\u00e1rtonn\u00e9, b\u00faz\u00e1sbocs\u00e1rdi pap feles\u00e9ge, Zsuzsa, Vajai Istv\u00e1nn\u00e9 \u00e9s Jusztina, Nemes Mih\u00e1lyn\u00e9; 2. Halm\u00e1gyi Anna, 18 \u00e9ves (esk\u00fcv\u0151: 1748. j\u00fal. 18.), gyermekeik: Izs\u00e1k (keresztel. 1749. nov. 7.), J\u00e1nos, v\u00e1rosi tan\u00e1csos (1753\u20131828), Anna \u00e9s \u00c9va. \u2013 S\u00e1rospatakon tanult. P\u00e1p\u00e1n a reform\u00e1tus f\u0151iskol\u00e1n\u00e1l k\u00e9tszer [&hellip;]<\/p>\n","protected":false},"featured_media":0,"comment_status":"open","ping_status":"closed","template":"","meta":[],"product_brand":[],"product_cat":[137],"product_tag":[],"class_list":{"0":"post-13139","1":"product","2":"type-product","3":"status-publish","5":"product_cat-maros-megyei-eletrajzi-lexikon","7":"first","8":"instock","9":"shipping-taxable","10":"product-type-simple"},"_links":{"self":[{"href":"https:\/\/uj.adatbank.ro\/lexikon\/wp-json\/wp\/v2\/product\/13139","targetHints":{"allow":["GET"]}}],"collection":[{"href":"https:\/\/uj.adatbank.ro\/lexikon\/wp-json\/wp\/v2\/product"}],"about":[{"href":"https:\/\/uj.adatbank.ro\/lexikon\/wp-json\/wp\/v2\/types\/product"}],"replies":[{"embeddable":true,"href":"https:\/\/uj.adatbank.ro\/lexikon\/wp-json\/wp\/v2\/comments?post=13139"}],"wp:attachment":[{"href":"https:\/\/uj.adatbank.ro\/lexikon\/wp-json\/wp\/v2\/media?parent=13139"}],"wp:term":[{"taxonomy":"product_brand","embeddable":true,"href":"https:\/\/uj.adatbank.ro\/lexikon\/wp-json\/wp\/v2\/product_brand?post=13139"},{"taxonomy":"product_cat","embeddable":true,"href":"https:\/\/uj.adatbank.ro\/lexikon\/wp-json\/wp\/v2\/product_cat?post=13139"},{"taxonomy":"product_tag","embeddable":true,"href":"https:\/\/uj.adatbank.ro\/lexikon\/wp-json\/wp\/v2\/product_tag?post=13139"}],"curies":[{"name":"wp","href":"https:\/\/api.w.org\/{rel}","templated":true}]}}