{"id":13155,"date":"2025-06-29T14:51:52","date_gmt":"2025-06-29T12:51:52","guid":{"rendered":"https:\/\/uj.adatbank.ro\/lexikon\/termek\/kozma-bela-%c2%a7\/"},"modified":"2025-06-29T14:51:52","modified_gmt":"2025-06-29T12:51:52","slug":"kozma-bela-%c2%a7","status":"publish","type":"product","link":"https:\/\/uj.adatbank.ro\/lexikon\/termek\/kozma-bela-%c2%a7\/","title":{"rendered":"KOZMA B\u00e9la, \u00a7"},"content":{"rendered":"<p>B\u00e1nd, 1931. nov. 15.., \u2020 Bp., 2000. nov. 1., s\u00edrja a bp.-i Megyeri \u00fati temet\u0151ben: tan\u00e1r, igazgat\u00f3. \u2013 Feles\u00e9ge Leopold Ir\u00e9n. \u2013 K\u00f6z\u00e9piskolai tanulm\u00e1nyait a mv.-i Ref. Koll.-ban v\u00e9gezte (1948). Egyetemi tanulm\u00e1nyait Kv.-on BTE m. nyelv \u00e9s irodalom szak\u00e1n v\u00e9gezte. Az akkor Ranghe\u0163 \/Rangetz J\u00f3zsef Marxista-Leninista Esti Egyetem-nek oktat\u00f3ja (1952\u2013). A mv.-i Rangetz J\u00f3zsef k\u00f6z\u00e9piskola (a volt Ref. Koll.) aligazgat\u00f3 (1953\u201354), igazgat\u00f3ja (1954\u201363), Meg\u00fcnnepelt\u00e9k az iskola fenn\u00e1ll\u00e1s\u00e1nak 400. \u00e9vfordul\u00f3j\u00e1t (V. Z., 1956. szept. 16. \u00e9s tal\u00e1n 23.), amikor eml\u00e9kt\u00e1bl\u00e1t \u00e1ll\u00edtottak, majd ezt hossz\u00fa id\u0151re elrejtett\u00e9k, napjainkban \u00fajra napvil\u00e1got l\u00e1tott. Igazgat\u00f3k\u00e9nt siker\u00fclt el\u00e9rnie, hogy a nagy matematikus hal\u00e1l\u00e1nak 100. \u00e9vfordul\u00f3j\u00e1n, az iskola Bolyai Farkas nev\u00e9t vegye fel (1956. nov. 18.); valamint az iskola 400. \u00e9vfordul\u00f3j\u00e1n (1957. szept.) az iskola el\u0151tti parkban a k\u00e9t Bolyai szobr\u00e1t \u00e1ll\u00edts\u00e1k fel. Igazgat\u00f3s\u00e1ga idej\u00e9n \u201ehalad\u00f3 hagyom\u00e1ny\u201d c\u00edm\u00e9n bevezett\u00e9k a Ref. Koll. intern\u00e1tusi rendj\u00e9t, ami igazgat\u00f3i \u00e1ll\u00e1s\u00e1ba ker\u00fclt (elbocs\u00e1jtott\u00e1k 1958-ban). Igazgat\u00f3 az Unirea L\u00edc.-ban (1963- ), magyart tan\u00edtott az Al Papiu Ilarian Lic. -ban. P\u00e1ly\u00e1ja utols\u00f3 szakasz\u00e1ban \u00fajra a Bolyai Farkas l\u00edc. tan\u00e1ra (1990\u201397). Szuggeszt\u00edv tan\u00e1rk\u00e9nt lelket, jellemet csiszolt, s a magyar irodalom mellett. Az iskola m\u00faltj\u00e1nak tisztelet\u00e9re nevelte di\u00e1kjait. K\u00f6tetbe foglalta az iskola t\u00f6rt\u00e9net\u00e9t, ismertette Bolyai Farkas irodalmi munk\u00e1ss\u00e1g\u00e1t, a k\u00e9t Bolyai alakj\u00e1t a sz\u00e9pirodalomban, Bolyai Farkas aforizm\u00e1it. A keserg\u00f4 avagy a sz\u00f3nokias hazafis\u00e1g helyett az alkot\u00f3 hazafis\u00e1g szellem\u00e9ben a m\u0171velts\u00e9g fegyver\u00e9vel harcolt azzal a hitvall\u00e1ssal, hogy a Bolyaiak szelleme az \u00f6nmagunkhoz val\u00f3 h\u0171s\u00e9g parancs\u00e1t jelenti. &#8211; rajzol\u00f3dott ki a besz\u00e9dekb\u00f4l a tud\u00f3s-tan\u00e1r alakja. B\u00e1lint Istv\u00e1n igazgat\u00f3 pedig a nagy el\u00f4d, a nagy tan\u00edt\u00f3mester eszm\u00e9ihez h\u0171en, a gy\u00f4zelembe vetett hit\u00e9t Szenved\u00e9lyes Bolyai-kutat\u00f3 \u00e9s iskolat\u00f6rt\u00e9n\u00e9sz. Doktori disszert\u00e1ci\u00f3j\u00e1nak c\u00edme: A k\u00e9t Bolyai alakja a magyar sz\u00e9pirodalomban. Tov\u00e1bb\u00e1 kutat\u00e1si ter\u00fclete a Koll. t\u00f6rt\u00e9nete az 1848\u201349-es forradalom \u00e9s szabads\u00e1gharc idej\u00e9n. Cikkei a helyi lapokban jelentek meg (pl. A sk\u00f3la zavaros sz\u00e1zadaib\u00f3l. N\u00fa., 1994. \u00e1pr. 30.). A Koll. \u00d6reg Di\u00e1kok Bar\u00e1ti K\u00f6r\u00e9nek vezet\u0151s\u00e9gi tagja volt \u00e9s akt\u00edv munk\u00e1sa. A bp.-i Bolyais \u00d6regdi\u00e1kok Bar\u00e1ti K\u00f6re k\u00f6vet \u00e1ll\u00edtott eml\u00e9k\u00e9re Mv.-en a ref. temet\u0151ben a k\u00e9t Bolyai s\u00edrhely\u00e9nek k\u00f6zel\u00e9ben (Kiss Levente alkot\u00e1sa, 2001. nov. 1. S. V. Utc\u00e1t nevezn\u00e9nek el K. B. tan\u00e1rr\u00f3l (V\u00e1s\u00e1rhelyi H\u00edrlap, \u2013 <strong>F. m.:<\/strong> A Marosv\u00e1s\u00e1rhelyi Reform\u00e1tus Koll\u00e9gium-Bolyai Farkas L\u00edceum 440 \u00e9ves t\u00f6rt\u00e9nete 1557\u20131997 (Mv., 1997); A K\u00e9t Bolyai alakja a magyar sz\u00e9pirodalomban (Mv., 2007); szerk. = F\u00fczetlen orient\u00e1l gy\u00f6ngy\u00f6k: Bolyai Farkas aforizm\u00e1i (Mv., 1994). <br \/><strong>Irod.:<\/strong> Aranykorszak; Bottoni 2008; Felavatt\u00e1k dr. K. B. eml\u00e9kk\u00f6v\u00e9t (N\u00fa., 2001. nov. 2.); G\u00e1sp\u00e1r Botond: Neki k\u00f6sz\u00f6nhet\u0151, hogy a Bolyai az Bolyai (V\u00e1s\u00e1rhelyi H\u00edrlap, 2010. nov. 18.); Kiss Zsuzs: Tiszta l\u00e1ngk\u00e9nt vil\u00e1g\u00edtott (N\u00fa-, M\u00fazsa 526. sz. 2002. febr. 9); Madaras; Mv. \u00e9s a h\u00e1bor\u00fa; M\u00e1th\u00e9 M\u00e1rta-Haller B\u00e9la: A mv.-i Ref. Koll. alap\u00edt\u00e1s\u00e1nak 450. \u00e9vfordul\u00f3j\u00e1ra (Magiszter, 3\u20134. sz., 2007); Nagyjaink; [Nekrol\u00f3g] (N\u00fa., 2000. nov. 8.); Ol\u00e1h Tibor: F\u00fczetlen orient\u00e1l gy\u00f6ngy\u00f6k (N\u00fa., 1994. j\u00fal. 6.); S. V.: Utc\u00e1t nevezn\u00e9nek el K. B. tan\u00e1rr\u00f3l (V\u00e1s\u00e1rhelyi H\u00edrlap, 2014. \u00e1pr. 17); Todea 2013; (weisz): Az Orsz\u00e1gos Konferencia k\u00fcld\u00f6ttei: K. B. (V. Z., 1972. j\u00fal. 2.); <\/br><\/p>\n","protected":false},"excerpt":{"rendered":"<p>B\u00e1nd, 1931. nov. 15.., \u2020 Bp., 2000. nov. 1., s\u00edrja a bp.-i Megyeri \u00fati temet\u0151ben: tan\u00e1r, igazgat\u00f3. \u2013 Feles\u00e9ge Leopold Ir\u00e9n. \u2013 K\u00f6z\u00e9piskolai tanulm\u00e1nyait a mv.-i Ref. Koll.-ban v\u00e9gezte (1948). Egyetemi tanulm\u00e1nyait Kv.-on BTE m. nyelv \u00e9s irodalom szak\u00e1n v\u00e9gezte. Az akkor Ranghe\u0163 \/Rangetz J\u00f3zsef Marxista-Leninista Esti Egyetem-nek oktat\u00f3ja (1952\u2013). A mv.-i Rangetz J\u00f3zsef k\u00f6z\u00e9piskola [&hellip;]<\/p>\n","protected":false},"featured_media":0,"comment_status":"open","ping_status":"closed","template":"","meta":[],"product_brand":[],"product_cat":[137],"product_tag":[],"class_list":{"0":"post-13155","1":"product","2":"type-product","3":"status-publish","5":"product_cat-maros-megyei-eletrajzi-lexikon","7":"first","8":"instock","9":"shipping-taxable","10":"product-type-simple"},"_links":{"self":[{"href":"https:\/\/uj.adatbank.ro\/lexikon\/wp-json\/wp\/v2\/product\/13155","targetHints":{"allow":["GET"]}}],"collection":[{"href":"https:\/\/uj.adatbank.ro\/lexikon\/wp-json\/wp\/v2\/product"}],"about":[{"href":"https:\/\/uj.adatbank.ro\/lexikon\/wp-json\/wp\/v2\/types\/product"}],"replies":[{"embeddable":true,"href":"https:\/\/uj.adatbank.ro\/lexikon\/wp-json\/wp\/v2\/comments?post=13155"}],"wp:attachment":[{"href":"https:\/\/uj.adatbank.ro\/lexikon\/wp-json\/wp\/v2\/media?parent=13155"}],"wp:term":[{"taxonomy":"product_brand","embeddable":true,"href":"https:\/\/uj.adatbank.ro\/lexikon\/wp-json\/wp\/v2\/product_brand?post=13155"},{"taxonomy":"product_cat","embeddable":true,"href":"https:\/\/uj.adatbank.ro\/lexikon\/wp-json\/wp\/v2\/product_cat?post=13155"},{"taxonomy":"product_tag","embeddable":true,"href":"https:\/\/uj.adatbank.ro\/lexikon\/wp-json\/wp\/v2\/product_tag?post=13155"}],"curies":[{"name":"wp","href":"https:\/\/api.w.org\/{rel}","templated":true}]}}