{"id":13172,"date":"2025-06-29T14:52:27","date_gmt":"2025-06-29T12:52:27","guid":{"rendered":"https:\/\/uj.adatbank.ro\/lexikon\/termek\/kozma-janos\/"},"modified":"2025-06-29T14:52:27","modified_gmt":"2025-06-29T12:52:27","slug":"kozma-janos","status":"publish","type":"product","link":"https:\/\/uj.adatbank.ro\/lexikon\/termek\/kozma-janos\/","title":{"rendered":"KOZMA J\u00e1nos"},"content":{"rendered":"<p>? \u2020 1840.: unit. lelk\u00e9sz. \u2013 Fia: J\u00e1nos. \u2013 Cs\u00f3kfalv\u00e1n pap (1800\u201312). Nyugalomba vonult Szab\u00e9dra, \u0151si birtok\u00e1ra. Itt egyh\u00e1zt\u00f6rt\u00e9n\u00e9szkedett (24 \u00e9vig), a K\u00e9nosi-Uzoni-f\u00e9le Unit\u00e1rius egyh\u00e1z t\u00f6rt\u00e9net els\u0151 h\u00e1rom k\u00f6nyv\u00e9t, h\u00e9t \u00e9v alatt sz\u00e9p, gondos k\u00e9z\u00edr\u00e1ssal lem\u00e1solta n\u00e9gy k\u00f6tetben (1813\u201315). Hal\u00e1l\u00e1ig folytatta az egyh\u00e1zt\u00f6rt\u00e9net \u00edr\u00e1s\u00e1t, m\u00e9g k\u00e9t k\u00f6tetetben folytatta az esem\u00e9nyek le\u00edr\u00e1s\u00e1t (1792\u20131834), \u00edgy hat k\u00f6tetet hagyott az ut\u00f3korra (1798\u20131840), a Historia Ecclesiastica Transylvano-Unitari\u00e1t (az erd\u00e9lyi unit. egyh\u00e1z t\u00f6rt\u00e9net\u00e9t, amelyet K\u00e9nosi T\u0151zs\u00e9r J\u00e1nos kezdett \u00edrni, Uzoni Foszt\u00f3 Istv\u00e1n, majd ennek hal\u00e1la ut\u00e1n Kozma Mih\u00e1ly, s az \u0151 hal\u00e1la ut\u00e1n fia folytatott, s m\u00e9g k\u00e9t k\u00f6tettel b\u0151v\u00edtette). A k\u00e9ziratot fia \u00f6r\u00f6k\u00f6lte, hal\u00e1la ut\u00e1n \u00f6zvegye a k\u00f6teteket elad\u00e1sra kin\u00e1lta a mv.-i L\u0151csei S\u00e1muel k\u00f6nyvk\u00f6t\u0151nek, tudom\u00e1s\u00e1ra j\u00fatott a h\u00edr J\u00e1nosfalvi S\u00e1ndor Istv\u00e1n papnak, aki megv\u00e1s\u00e1rolta a k\u00f6teteket, de el kellett adnia \u00e9s Jakab Elek tulajdon\u00e1ba ker\u00fclt, t\u0151le a Kereszt\u00fari Unit. Gimn. v\u00e1s\u00e1rolta meg. <br \/><strong>Irod.:<\/strong> Ga\u00e1l 2001; K\u00e9nosi-Uzoni 1., 2.; Rugonfalvi \u2013Kiss<\/br><\/p>\n","protected":false},"excerpt":{"rendered":"<p>? \u2020 1840.: unit. lelk\u00e9sz. \u2013 Fia: J\u00e1nos. \u2013 Cs\u00f3kfalv\u00e1n pap (1800\u201312). Nyugalomba vonult Szab\u00e9dra, \u0151si birtok\u00e1ra. Itt egyh\u00e1zt\u00f6rt\u00e9n\u00e9szkedett (24 \u00e9vig), a K\u00e9nosi-Uzoni-f\u00e9le Unit\u00e1rius egyh\u00e1z t\u00f6rt\u00e9net els\u0151 h\u00e1rom k\u00f6nyv\u00e9t, h\u00e9t \u00e9v alatt sz\u00e9p, gondos k\u00e9z\u00edr\u00e1ssal lem\u00e1solta n\u00e9gy k\u00f6tetben (1813\u201315). Hal\u00e1l\u00e1ig folytatta az egyh\u00e1zt\u00f6rt\u00e9net \u00edr\u00e1s\u00e1t, m\u00e9g k\u00e9t k\u00f6tetetben folytatta az esem\u00e9nyek le\u00edr\u00e1s\u00e1t (1792\u20131834), \u00edgy hat k\u00f6tetet [&hellip;]<\/p>\n","protected":false},"featured_media":0,"comment_status":"open","ping_status":"closed","template":"","meta":[],"product_brand":[],"product_cat":[137],"product_tag":[],"class_list":{"0":"post-13172","1":"product","2":"type-product","3":"status-publish","5":"product_cat-maros-megyei-eletrajzi-lexikon","7":"first","8":"instock","9":"shipping-taxable","10":"product-type-simple"},"_links":{"self":[{"href":"https:\/\/uj.adatbank.ro\/lexikon\/wp-json\/wp\/v2\/product\/13172","targetHints":{"allow":["GET"]}}],"collection":[{"href":"https:\/\/uj.adatbank.ro\/lexikon\/wp-json\/wp\/v2\/product"}],"about":[{"href":"https:\/\/uj.adatbank.ro\/lexikon\/wp-json\/wp\/v2\/types\/product"}],"replies":[{"embeddable":true,"href":"https:\/\/uj.adatbank.ro\/lexikon\/wp-json\/wp\/v2\/comments?post=13172"}],"wp:attachment":[{"href":"https:\/\/uj.adatbank.ro\/lexikon\/wp-json\/wp\/v2\/media?parent=13172"}],"wp:term":[{"taxonomy":"product_brand","embeddable":true,"href":"https:\/\/uj.adatbank.ro\/lexikon\/wp-json\/wp\/v2\/product_brand?post=13172"},{"taxonomy":"product_cat","embeddable":true,"href":"https:\/\/uj.adatbank.ro\/lexikon\/wp-json\/wp\/v2\/product_cat?post=13172"},{"taxonomy":"product_tag","embeddable":true,"href":"https:\/\/uj.adatbank.ro\/lexikon\/wp-json\/wp\/v2\/product_tag?post=13172"}],"curies":[{"name":"wp","href":"https:\/\/api.w.org\/{rel}","templated":true}]}}