{"id":13298,"date":"2025-06-29T14:56:48","date_gmt":"2025-06-29T12:56:48","guid":{"rendered":"https:\/\/uj.adatbank.ro\/lexikon\/termek\/kukullei-janos-kukulloi-janos-totsolymosi-aprod-janos-aprod-janos\/"},"modified":"2025-06-29T14:56:48","modified_gmt":"2025-06-29T12:56:48","slug":"kukullei-janos-kukulloi-janos-totsolymosi-aprod-janos-aprod-janos","status":"publish","type":"product","link":"https:\/\/uj.adatbank.ro\/lexikon\/termek\/kukullei-janos-kukulloi-janos-totsolymosi-aprod-janos-aprod-janos\/","title":{"rendered":"K\u00dcK\u00dcLLEI J\u00e1nos, K\u00fck\u00fcll\u0151i J\u00e1nos; T\u00f3tsolymosi Apr\u00f3d J\u00e1nos; Apr\u00f3d J\u00e1nos"},"content":{"rendered":"<p>? 1320., \u2020 ? 1393. szept 15 \u2013 1394. dec. 10. k\u00f6z\u00f6tt: f\u0151esperes, \u00e9rseki helyn\u00f6k, kr\u00f3nika\u00edr\u00f3. \u2013 Apja: Apr\u00f3d Mikl\u00f3s. \u2013 Felvid\u00e9ki k\u00f6znemesi csal\u00e1dban sz\u00fcletett, mo.-i iskol\u00e1kat v\u00e9gzett. Apja javaib\u00f3l kiesve, a kir\u00e1lyi nagykancell\u00e1ria \u00edr\u00f3de\u00e1kja lett (1343\u201344), megszerezte a kir\u00e1ly kegy\u00e9t \u00e9s visszaszerezte T\u00f3tsolymos birtok\u00e1t. Erzs\u00e9bet kir\u00e1lyn\u00e9val N\u00e1polyban j\u00e1rt (1343); a kir. kancell\u00e1ri\u00e1ban Nagy Lajos kir\u00e1ly titkos jegyz\u0151je, az uralkod\u00f3 szem\u00e9lyi titk\u00e1rak\u00e9nt szolg\u00e1lt (1347\u201353). Papp\u00e1 szentelt\u00e9k (1350-es \u00e9vekben), aradi, z\u00e1gr\u00e1bi, sz\u00e9kesfeh\u00e9rv\u00e1ri, egri kanonok, emellett az egri, z\u00e1gr\u00e1bi, sz\u00e9kesfeh\u00e9rv\u00e1ri k\u00e1ptalanban egy-egy kanonoki javadalmat szerzett; a gyulafeh\u00e9rv\u00e1ri k\u00e1ptalan tagja mint k\u00fck\u00fcllei f\u0151esperes (1355. j\u00fan. 14. -hal\u00e1l\u00e1ig), innen ered neve is; esztergomi kanonok (1359\u2013). Vask\u00fati Demeter erd\u00e9lyi p\u00fcsp\u00f6k helyn\u00f6ke, esztergomi \u00e9rseki helyn\u00f6k (1379\u20131387). Visegr\u00e1don telepedett meg, az esztergomi \u00e9rsek helyettese volt (1363\u20131380), Ugyanekkor \u00fajb\u00f3l kancell\u00e1riai alkalmaz\u00e1sba ker\u00fclt. V\u00e9grendelet\u00e9ben k\u00f6nyveket \u00e9s m\u00e1s t\u00e1rgyakat hagyott az esztergomi egyh\u00e1znak. \u00c9lete utols\u00f3 \u00e9veiben \u00edrta meg Nagy Lajos kir\u00e1ly \u00e9let\u00e9t uralkod\u00e1sa kezdet\u00e9t\u0151l 1386-ig, amely az Anjou- kor egyik fontos forr\u00e1sa, a budai, dubnici \u00e9s Tur\u00f3czi-f\u00e9le kr\u00f3nik\u00e1kba v\u00e1ltozatlanul van felv\u00e9ve, \u00e9s felhaszn\u00e1lta a kancell\u00e1ri\u00e1ba \u00e9rkezett okleveleket is. B\u00e1r kor\u00e1bban sz\u00e1mos kutat\u00f3 korai humanist\u00e1nak tekintette, manaps\u00e1g ink\u00e1bb a lovagkorhoz val\u00f3 tart\u00f3z\u00e1s\u00e1t, m\u0171ve k\u00f6z\u00e9pkorias elemeit hangs\u00falyozz\u00e1k. \u2013 <strong>F. m.:<\/strong> Chronica Ludovici regi  = Rerum Hungaricarum scriptores varii historici (Frankfurt am Main, 1600); Chronica Hungarorum de Ludovico rege Chronica Hungarorum de Ludovico rege a th\u00far\u00f3czi \u00e9s a budai, dublniczi kr\u00f3nik\u00e1ban magyarul: Els\u0151 Lajos magyar kir\u00e1lynak dics\u0151s\u00e9ges orsz\u00e1gl\u00e1s\u00e1r\u00f3l \u00e9s \u00e9lete fogyt\u00e1ig viselt dolgair\u00f3l. szerzett r\u00f6vid kr\u00f3nika (Buda, 1760); Nagy Lajos kir. viselt dolgair\u00f3l. (Lat-b\u00f3l ford., \u00e9letr-zal, kritikai m\u00e9ltat\u00e1ssal \u00e9s m. jegyz. ell\u00e1tta D\u00e9k\u00e1ni K\u00e1lm\u00e1n. Bp., 1906); N\u00e9vtelen Minorita kr\u00f3nik\u00e1ja. (Ford. Ger\u00e9b L\u00e1szl\u00f3. Bev. Trencs\u00e9nyi Waldapfel Imre. Bp., 1960). <br \/><strong>Irod.:<\/strong> Cat. Bibl. T. -B.; Ferenczi S\u00e1ndor; Ferenczi 2012; MAM\u0170L; MIL; M\u00c9L; MKL; Pascu Stefan: Contribu\u0163ii documentare la istoria rom\u00e2nilor \u00een sec. XIII \u015fi XIV (Sibiu, 1944); Szinnyei; \u00daIL<\/br><\/p>\n","protected":false},"excerpt":{"rendered":"<p>? 1320., \u2020 ? 1393. szept 15 \u2013 1394. dec. 10. k\u00f6z\u00f6tt: f\u0151esperes, \u00e9rseki helyn\u00f6k, kr\u00f3nika\u00edr\u00f3. \u2013 Apja: Apr\u00f3d Mikl\u00f3s. \u2013 Felvid\u00e9ki k\u00f6znemesi csal\u00e1dban sz\u00fcletett, mo.-i iskol\u00e1kat v\u00e9gzett. Apja javaib\u00f3l kiesve, a kir\u00e1lyi nagykancell\u00e1ria \u00edr\u00f3de\u00e1kja lett (1343\u201344), megszerezte a kir\u00e1ly kegy\u00e9t \u00e9s visszaszerezte T\u00f3tsolymos birtok\u00e1t. Erzs\u00e9bet kir\u00e1lyn\u00e9val N\u00e1polyban j\u00e1rt (1343); a kir. kancell\u00e1ri\u00e1ban Nagy Lajos [&hellip;]<\/p>\n","protected":false},"featured_media":0,"comment_status":"open","ping_status":"closed","template":"","meta":[],"product_brand":[],"product_cat":[137],"product_tag":[],"class_list":{"0":"post-13298","1":"product","2":"type-product","3":"status-publish","5":"product_cat-maros-megyei-eletrajzi-lexikon","7":"first","8":"instock","9":"shipping-taxable","10":"product-type-simple"},"_links":{"self":[{"href":"https:\/\/uj.adatbank.ro\/lexikon\/wp-json\/wp\/v2\/product\/13298","targetHints":{"allow":["GET"]}}],"collection":[{"href":"https:\/\/uj.adatbank.ro\/lexikon\/wp-json\/wp\/v2\/product"}],"about":[{"href":"https:\/\/uj.adatbank.ro\/lexikon\/wp-json\/wp\/v2\/types\/product"}],"replies":[{"embeddable":true,"href":"https:\/\/uj.adatbank.ro\/lexikon\/wp-json\/wp\/v2\/comments?post=13298"}],"wp:attachment":[{"href":"https:\/\/uj.adatbank.ro\/lexikon\/wp-json\/wp\/v2\/media?parent=13298"}],"wp:term":[{"taxonomy":"product_brand","embeddable":true,"href":"https:\/\/uj.adatbank.ro\/lexikon\/wp-json\/wp\/v2\/product_brand?post=13298"},{"taxonomy":"product_cat","embeddable":true,"href":"https:\/\/uj.adatbank.ro\/lexikon\/wp-json\/wp\/v2\/product_cat?post=13298"},{"taxonomy":"product_tag","embeddable":true,"href":"https:\/\/uj.adatbank.ro\/lexikon\/wp-json\/wp\/v2\/product_tag?post=13298"}],"curies":[{"name":"wp","href":"https:\/\/api.w.org\/{rel}","templated":true}]}}