{"id":13306,"date":"2025-06-29T14:57:05","date_gmt":"2025-06-29T12:57:05","guid":{"rendered":"https:\/\/uj.adatbank.ro\/lexikon\/termek\/kulcsar-bela-%c2%a7-2\/"},"modified":"2025-06-29T14:57:05","modified_gmt":"2025-06-29T12:57:05","slug":"kulcsar-bela-%c2%a7-2","status":"publish","type":"product","link":"https:\/\/uj.adatbank.ro\/lexikon\/termek\/kulcsar-bela-%c2%a7-2\/","title":{"rendered":"KULCS\u00c1R B\u00e9la, \u00a7"},"content":{"rendered":"<p>Mv., 1929. febr. 2., \u2020 Mv., 1976. j\u00fan. 18. S\u00edreml\u00e9ke saj\u00e1t alkot\u00e1sa: szobr\u00e1sz, fest\u0151m\u0171v\u00e9sz. \u2013 K\u00f6z\u00e9piskolai tanulm\u00e1nyait a Ref. Koll.-ban v\u00e9gezte (1948), Piskolti G\u00e1bor fest\u0151 tan\u00e1ra figyelt fel tehets\u00e9g\u00e9re, majd a kv.-i Ion Andreescu K\u00e9pz\u0151m\u0171v\u00e9szeti F\u0151iskol\u00e1n v\u00e9gzett a szobr\u00e1sz szakon (1948\u201355). A f\u0151iskol\u00e1n mesterei: Romul Ladea, Vetr\u00f3 Art\u00far. Kezdett\u0151l a k\u00f6zt\u00e9ri szobr\u00e1szat \u00e9rdekelte. Mv.-en telepedett le (1955), tan\u00edtott a N\u00e9pi Egyetemen, a Bolyai Liceumban \u00e9s az Ipariskol\u00e1ban (1957\u201364). A Rom\u00e1niai K\u00e9pz\u0151m\u0171v\u00e9szek Sz\u00f6vets\u00e9g\u00e9nek tagja (1956\u201376). Tanulm\u00e1ny\u00fatat tett Cseszlov\u00e1ki\u00e1ba (1958), Magyaro.-ra (1963), Jugoszl\u00e1vi\u00e1ba, Olaszo. -ba, Magyaro. -ra, Ausztri\u00e1ba, N\u00e9meto. -ba, D\u00e1ni\u00e1ban, Sv\u00e9do. -ba, Norv\u00e9gi\u00e1ba \u00e9s Franciaorsz\u00e1gba (1968\u201371); K\u00f6z\u00e9p-\u00c1zsi\u00e1na, Magyaro. -ra, Ausztri\u00e1ba, N\u00e9meto. -ba (1973\u201374). Felh\u00edv\u00e1s\u00e1t M\u0171veket a k\u00f6zterekre a mv.-i V. Z. k\u00f6z\u00f6lte (1973. j\u00fan. 17.). Megnyerte az 1848\u201349-es szabads\u00e1gharc agyagfalvi eml\u00e9km\u0171v\u00e9nek p\u00e1ly\u00e1zat\u00e1t (1975), de tervei szerinti megalkot\u00e1s\u00e1ra \u00e9s f\u00f6l\u00e1ll\u00edt\u00e1s\u00e1ra nem ker\u00fclhetett sor, de az \u00fajabb sz\u00edvrohama megakad\u00e1lyozta elk\u00e9sz\u00edt\u00e9s\u00e9t (1976), tervei alapj\u00e1n Hunyadi L\u00e1szl\u00f3 \u00e9s Kiss Levente k\u00e9sz\u00edtette el (1975\u201380). Sz\u00edvinfarktusa ut\u00e1n (1968\u2013) a fest\u00e9szet fel\u00e9 fordult. Korszer\u0171 t\u00e9rszobra, a \u201eTrafor\u201d t\u00edz alakzatb\u00f3l \u00e1ll\u00f3 szoborcsoportja a mv.-i Sz\u00ednh\u00e1z t\u00e9ren \u00e1ll \u00e9s a Nemzeti Sz\u00ednh\u00e1zban tal\u00e1lhat\u00f3 a Fl\u00f3ra nev\u0171 n\u0151alakja. Sz\u00e1mos alkot\u00e1sa hazai, magyaro.-i, ausztriai, n\u00e9meto.-i, sv\u00e9dorsz\u00e1gi \u00e9s amerikai gy\u0171jt\u0151kn\u00e9l tal\u00e1lhat\u00f3, valamint a mv.-i (szobrok: Borika, Copfos le\u00e1nyfej, Katona gyermekkel; Sorsom \u00f6narck\u00e9p), sz\u00e9kelyudvarhelyi, gyergy\u00f3szentmikl\u00f3si, brass\u00f3i m\u00fazeumokban. Az \u00daj \u00c9let, Igaz Sz\u00f3, Utunk, El\u0151re, V. Z., Contemporanul, St. r., Art\u0103 plastic\u0103 stb. k\u00f6z\u00f6lt\u00e9k reprodukci\u00f3it, a tev\u00e9kenys\u00e9g\u00e9r\u0151l sz\u00f3l\u00f3 cikkeket. \u2013 <strong>F. ki\u00e1ll.:<\/strong> a mv.-i fest\u0151iskola ki\u00e1ll\u00edt\u00e1s\u00e1n szerepel (1947), az Erd\u00e9lyr\u00e9szi \u00e1llami k\u00e9pz\u0151m\u0171v\u00e9szeti t\u00e1rlaton Kv.-on (1948), Mv.-en r\u00e9szt vett minden tartom\u00e1nyi (megyei) k\u00e9pz\u0151m\u0171v\u00e9szeti ki\u00e1ll\u00edt\u00e1son (1954\u201376), Brass\u00f3 (1958), B\u00e9cs (1961), Cs\u00edkszereda (1968), Buk. \u2013ben orsz\u00e1gos t\u00e1rlatokon (1954, 1961, 1963); egy\u00e9ni fest\u00e9szeti ki\u00e1ll\u00edt\u00e1sai: Mv. (1968), Sz\u00e9kelyudvarhely (1968), Sz\u00e1szr\u00e9gen (fest\u00e9szet \u00e9s szobr\u00e1szat) (1972), Stockholm (1973), Sepsiszentgy\u00f6rgy (1975); retrospekt\u00edvki\u00e1ll, eml\u00e9kki\u00e1ll\u00edt\u00e1s (Mv. Kult\u00farpalota, 1998; Bp., 1999, 2001); Bp., Kecskem\u00e9ten, Sopronban \u00e9s Sz\u00e1zhalombatt\u00e1n (2001). \u2013 <strong>F. m.:<\/strong> D\u00f3zsa Gy\u00f6rgy-mellszobor (k\u0151, Sepsiszentgy\u00f6rgy, 1958), Kov\u00e1sznai kult\u00farh\u00e1z homlokzati reliefje, N\u00e9pi kult\u00fara c. (1959\u201360), Ajtay \u00c9va fest\u0151m\u0171v\u00e9sz s\u00edreml\u00e9ke (m\u00e1rv\u00e1ny, Mv. a ref. temet\u0151ben, 1961) \u00e9s P\u00e9ter Erzs\u00e9bet s\u00edreml\u00e9ke (Mv., a ref. temet\u0151ben, 1969), \u00cdj\u00e1szn\u0151 (bronz, Mv., 1967). Az \u00faj mv.-i Nemzeti Sz\u00ednh\u00e1z el\u0151tti t\u00e9rren fel\u00e1ll\u00edtott\u00e1k a T\u00e9rkompozici\u00f3 szoborcsoportj\u00e1t (bronz, 1973\u201374); Sz\u00e1rhegyi szfinx, Fejkend\u0151s n\u0151, Pillang\u00f3 (travertin, Sz\u00e1rhegy alkot\u00f3t\u00e1bor, 1975); Agyagfalvi eml\u00e9km\u0171, amelyet tervei alapj\u00e1n, hal\u00e1la ut\u00e1n Hunyadi L\u00e1szl\u00f3 \u00e9s Kiss Levente k\u00e9sz\u00edtett el. <br \/><strong>Irod.:<\/strong> 100 \u00e9v; Arck\u00e9pcsarnok (Igaz Sz\u00f3, 1972, 11. sz.); artportal; Banner; Banner Zolt\u00e1n. Kulcs\u00e1r B\u00e9la: kismonogr\u00e1fia. Album (Mv., 1998.); B\u00f6l\u00f6ni Domokos: K. B. -eml\u00e9kki\u00e1ll\u00edt\u00e1s a Kult\u00farpalot\u00e1ban (N\u00fa., 1998. \u00e1pr. 24.; \u00e1pr. 28.); Csekme; J. A.: Ifj\u00fa k\u00e9pz\u0151m\u0171v\u00e9szek aj\u00e1nd\u00e9ka (V. Z., 1960. szept. 15.); Duicu, Serafim: Formele nelini\u015ftii (Tg. M., 2009); Du\u015fa Traian: Expozi\u0163ie K. B. la Tg. M. (Arta Plastic\u0103, 7., 1967); Erd\u00e9lyi L 2009, fot\u00f31975; Erd\u00e9lyi Lajos 2018; Fodor S\u00e1ndor: Ifj. K. B.-r\u00f3l (N\u00fa., Sz\u00ednes Vil\u00e1g, 2006. szept 23.); Gyergy\u00f3sz\u00e1rhegyi BME; Henter Gy\u00f6rgy: K. B. szobr\u00e1sz \u00e9s fest\u0151m\u0171v\u00e9sz (\u00daj Kezdet, 2. sz., 2009. febr.); Katona Szab\u00f3 Istv\u00e1n: Az \u00daj \u00c9let lexikona, 95. (\u00daj \u00c9let, 12. sz. 1974.); Koch M\u00e1ria: K. B. k\u00e9pz\u0151m\u0171v\u00e9szn\u00e9l (V. Z., 1975. okt. 25.); MMK; Moln\u00e1r; Peris Ter\u00e9z: Eml\u00e9kez\u0151-eml\u00e9keztet\u00e9s (\u00e9zirat, elhangzott a Mv.-i R\u00e1di\u00f3ban); RepM; RMIL; Todea 2013; Varr\u00f3 Ilona: B\u00facs\u00fa K. B. -t\u00f3l (\u00daj \u00c9let, 13. sz., 1976.)<\/br><\/p>\n","protected":false},"excerpt":{"rendered":"<p>Mv., 1929. febr. 2., \u2020 Mv., 1976. j\u00fan. 18. S\u00edreml\u00e9ke saj\u00e1t alkot\u00e1sa: szobr\u00e1sz, fest\u0151m\u0171v\u00e9sz. \u2013 K\u00f6z\u00e9piskolai tanulm\u00e1nyait a Ref. Koll.-ban v\u00e9gezte (1948), Piskolti G\u00e1bor fest\u0151 tan\u00e1ra figyelt fel tehets\u00e9g\u00e9re, majd a kv.-i Ion Andreescu K\u00e9pz\u0151m\u0171v\u00e9szeti F\u0151iskol\u00e1n v\u00e9gzett a szobr\u00e1sz szakon (1948\u201355). A f\u0151iskol\u00e1n mesterei: Romul Ladea, Vetr\u00f3 Art\u00far. Kezdett\u0151l a k\u00f6zt\u00e9ri szobr\u00e1szat \u00e9rdekelte. Mv.-en telepedett [&hellip;]<\/p>\n","protected":false},"featured_media":0,"comment_status":"open","ping_status":"closed","template":"","meta":[],"product_brand":[],"product_cat":[137],"product_tag":[],"class_list":{"0":"post-13306","1":"product","2":"type-product","3":"status-publish","5":"product_cat-maros-megyei-eletrajzi-lexikon","7":"first","8":"instock","9":"shipping-taxable","10":"product-type-simple"},"_links":{"self":[{"href":"https:\/\/uj.adatbank.ro\/lexikon\/wp-json\/wp\/v2\/product\/13306","targetHints":{"allow":["GET"]}}],"collection":[{"href":"https:\/\/uj.adatbank.ro\/lexikon\/wp-json\/wp\/v2\/product"}],"about":[{"href":"https:\/\/uj.adatbank.ro\/lexikon\/wp-json\/wp\/v2\/types\/product"}],"replies":[{"embeddable":true,"href":"https:\/\/uj.adatbank.ro\/lexikon\/wp-json\/wp\/v2\/comments?post=13306"}],"wp:attachment":[{"href":"https:\/\/uj.adatbank.ro\/lexikon\/wp-json\/wp\/v2\/media?parent=13306"}],"wp:term":[{"taxonomy":"product_brand","embeddable":true,"href":"https:\/\/uj.adatbank.ro\/lexikon\/wp-json\/wp\/v2\/product_brand?post=13306"},{"taxonomy":"product_cat","embeddable":true,"href":"https:\/\/uj.adatbank.ro\/lexikon\/wp-json\/wp\/v2\/product_cat?post=13306"},{"taxonomy":"product_tag","embeddable":true,"href":"https:\/\/uj.adatbank.ro\/lexikon\/wp-json\/wp\/v2\/product_tag?post=13306"}],"curies":[{"name":"wp","href":"https:\/\/api.w.org\/{rel}","templated":true}]}}