{"id":13356,"date":"2025-06-29T14:58:42","date_gmt":"2025-06-29T12:58:42","guid":{"rendered":"https:\/\/uj.adatbank.ro\/lexikon\/termek\/kun-kuun-kun-kuun-kunn-osdolai-gr-csalad\/"},"modified":"2025-06-29T14:58:42","modified_gmt":"2025-06-29T12:58:42","slug":"kun-kuun-kun-kuun-kunn-osdolai-gr-csalad","status":"publish","type":"product","link":"https:\/\/uj.adatbank.ro\/lexikon\/termek\/kun-kuun-kun-kuun-kunn-osdolai-gr-csalad\/","title":{"rendered":"K\u00daN, Kuun, Kun, Ku\u00fan, Kunn, osdolai gr. csal\u00e1d"},"content":{"rendered":"<p>A XVI sz.-ban t\u00fcntek fel a Sz\u00e9kelyf\u00f6ld\u00f6n a sz\u00e1zad k\u00f6zep\u00e9n m\u00e1r D\u00e1l-Erd\u00e9ly egyik legjelent\u0151debb csal\u00e1dja. Magyar erd\u00e9lyi gr\u00f3fi c\u00edmet nyertek M\u00e1ria Ter\u00e9zi\u00e1t\u00f3l (B\u00e9cs, 1762. m\u00e1j. 17) L\u00e1szl\u00f3, \u00e9s fiai Istv\u00e1n \u00e9s fiai. L\u00e1szl\u00f3 az algy\u00f3gyi \u00e1g, Istv\u00e1n az osdolai \u00e1g megalap\u00edt\u00f3ja. Az Istv\u00e1n \u00e1gbeli Zsigmond (1920\u20132005) lesz\u00e1rmazottai Mv.-en \u00e9lnek- Birtokai, kast\u00e9lyai: Algy\u00f3gy, Szentkatolna-<br \/><strong>Irod.:<\/strong> \u00c1ll\u00f3- \u00e9s mozg\u00f3k\u00e9pek; Bicsok-Orb\u00e1n; Gudenus; P\u00e1lmay<\/br><\/p>\n","protected":false},"excerpt":{"rendered":"<p>A XVI sz.-ban t\u00fcntek fel a Sz\u00e9kelyf\u00f6ld\u00f6n a sz\u00e1zad k\u00f6zep\u00e9n m\u00e1r D\u00e1l-Erd\u00e9ly egyik legjelent\u0151debb csal\u00e1dja. Magyar erd\u00e9lyi gr\u00f3fi c\u00edmet nyertek M\u00e1ria Ter\u00e9zi\u00e1t\u00f3l (B\u00e9cs, 1762. m\u00e1j. 17) L\u00e1szl\u00f3, \u00e9s fiai Istv\u00e1n \u00e9s fiai. L\u00e1szl\u00f3 az algy\u00f3gyi \u00e1g, Istv\u00e1n az osdolai \u00e1g megalap\u00edt\u00f3ja. Az Istv\u00e1n \u00e1gbeli Zsigmond (1920\u20132005) lesz\u00e1rmazottai Mv.-en \u00e9lnek- Birtokai, kast\u00e9lyai: Algy\u00f3gy, Szentkatolna-Irod.: \u00c1ll\u00f3- \u00e9s [&hellip;]<\/p>\n","protected":false},"featured_media":0,"comment_status":"open","ping_status":"closed","template":"","meta":[],"product_brand":[],"product_cat":[137],"product_tag":[],"class_list":{"0":"post-13356","1":"product","2":"type-product","3":"status-publish","5":"product_cat-maros-megyei-eletrajzi-lexikon","7":"first","8":"instock","9":"shipping-taxable","10":"product-type-simple"},"_links":{"self":[{"href":"https:\/\/uj.adatbank.ro\/lexikon\/wp-json\/wp\/v2\/product\/13356","targetHints":{"allow":["GET"]}}],"collection":[{"href":"https:\/\/uj.adatbank.ro\/lexikon\/wp-json\/wp\/v2\/product"}],"about":[{"href":"https:\/\/uj.adatbank.ro\/lexikon\/wp-json\/wp\/v2\/types\/product"}],"replies":[{"embeddable":true,"href":"https:\/\/uj.adatbank.ro\/lexikon\/wp-json\/wp\/v2\/comments?post=13356"}],"wp:attachment":[{"href":"https:\/\/uj.adatbank.ro\/lexikon\/wp-json\/wp\/v2\/media?parent=13356"}],"wp:term":[{"taxonomy":"product_brand","embeddable":true,"href":"https:\/\/uj.adatbank.ro\/lexikon\/wp-json\/wp\/v2\/product_brand?post=13356"},{"taxonomy":"product_cat","embeddable":true,"href":"https:\/\/uj.adatbank.ro\/lexikon\/wp-json\/wp\/v2\/product_cat?post=13356"},{"taxonomy":"product_tag","embeddable":true,"href":"https:\/\/uj.adatbank.ro\/lexikon\/wp-json\/wp\/v2\/product_tag?post=13356"}],"curies":[{"name":"wp","href":"https:\/\/api.w.org\/{rel}","templated":true}]}}