{"id":13566,"date":"2025-07-15T12:32:54","date_gmt":"2025-07-15T10:32:54","guid":{"rendered":"https:\/\/uj.adatbank.ro\/lexikon\/termek\/lajos-balazs-2\/"},"modified":"2025-07-15T12:32:54","modified_gmt":"2025-07-15T10:32:54","slug":"lajos-balazs-2","status":"publish","type":"product","link":"https:\/\/uj.adatbank.ro\/lexikon\/termek\/lajos-balazs-2\/","title":{"rendered":"LAJOS Bal\u00e1zs"},"content":{"rendered":"<p>Cs\u00edktapolca, 1894. aug. 28.,\u2020\u00a0Cs\u00edktapolca, 1970. szept. 28.: r. k. pap. \u2013 Cs\u00edksomly\u00f3n, \u00e9s Gyulafef\u00e9rv\u00e1ron \u00e9s Bp,-en tanult. Papp\u00e1 szentelt\u00e9k (1918. j\u00fan. 11.). K\u00e1pl\u00e1n, pl\u00e9b\u00e1nos t\u00f6bb erd\u00e9lyi v\u00e1rosban \u00e9s k\u00f6zs\u00e9gben, majd Jobb\u00e1gytelk\u00e9n volt pl\u00e9b\u00e1nos (1945\u201347). Szilveszter S\u00e1ndor letart\u00f3ztat\u00e1sa (1952 nyara) ut\u00e1n titkos ordin\u00e1rius (1954 eleje), nyugd\u00edjazt\u00e1k (1968). M\u00e1rton \u00c1ron egyik bizalmas munkat\u00e1rsa volt, G\u00e1lffy S\u00e1ndorral k\u00f6z\u00f6sen szerkesztette a Misszi\u00f3sk\u00f6nyvet (I-II. Nv. 1935)<br \/><strong>Irod.:<\/strong> Ferenczi S\u00e1ndor 2009; Maros-k\u00fck\u00fcll\u0151i f\u0151esp; MKL; RMIL.<\/br><\/p>\n","protected":false},"excerpt":{"rendered":"<p>Cs\u00edktapolca, 1894. aug. 28.,\u2020\u00a0Cs\u00edktapolca, 1970. szept. 28.: r. k. pap. \u2013 Cs\u00edksomly\u00f3n, \u00e9s Gyulafef\u00e9rv\u00e1ron \u00e9s Bp,-en tanult. Papp\u00e1 szentelt\u00e9k (1918. j\u00fan. 11.). K\u00e1pl\u00e1n, pl\u00e9b\u00e1nos t\u00f6bb erd\u00e9lyi v\u00e1rosban \u00e9s k\u00f6zs\u00e9gben, majd Jobb\u00e1gytelk\u00e9n volt pl\u00e9b\u00e1nos (1945\u201347). Szilveszter S\u00e1ndor letart\u00f3ztat\u00e1sa (1952 nyara) ut\u00e1n titkos ordin\u00e1rius (1954 eleje), nyugd\u00edjazt\u00e1k (1968). M\u00e1rton \u00c1ron egyik bizalmas munkat\u00e1rsa volt, G\u00e1lffy S\u00e1ndorral k\u00f6z\u00f6sen [&hellip;]<\/p>\n","protected":false},"featured_media":0,"comment_status":"open","ping_status":"closed","template":"","meta":[],"product_brand":[],"product_cat":[137],"product_tag":[],"class_list":{"0":"post-13566","1":"product","2":"type-product","3":"status-publish","5":"product_cat-maros-megyei-eletrajzi-lexikon","7":"first","8":"instock","9":"shipping-taxable","10":"product-type-simple"},"_links":{"self":[{"href":"https:\/\/uj.adatbank.ro\/lexikon\/wp-json\/wp\/v2\/product\/13566","targetHints":{"allow":["GET"]}}],"collection":[{"href":"https:\/\/uj.adatbank.ro\/lexikon\/wp-json\/wp\/v2\/product"}],"about":[{"href":"https:\/\/uj.adatbank.ro\/lexikon\/wp-json\/wp\/v2\/types\/product"}],"replies":[{"embeddable":true,"href":"https:\/\/uj.adatbank.ro\/lexikon\/wp-json\/wp\/v2\/comments?post=13566"}],"wp:attachment":[{"href":"https:\/\/uj.adatbank.ro\/lexikon\/wp-json\/wp\/v2\/media?parent=13566"}],"wp:term":[{"taxonomy":"product_brand","embeddable":true,"href":"https:\/\/uj.adatbank.ro\/lexikon\/wp-json\/wp\/v2\/product_brand?post=13566"},{"taxonomy":"product_cat","embeddable":true,"href":"https:\/\/uj.adatbank.ro\/lexikon\/wp-json\/wp\/v2\/product_cat?post=13566"},{"taxonomy":"product_tag","embeddable":true,"href":"https:\/\/uj.adatbank.ro\/lexikon\/wp-json\/wp\/v2\/product_tag?post=13566"}],"curies":[{"name":"wp","href":"https:\/\/api.w.org\/{rel}","templated":true}]}}