{"id":13592,"date":"2025-07-15T12:33:49","date_gmt":"2025-07-15T10:33:49","guid":{"rendered":"https:\/\/uj.adatbank.ro\/lexikon\/termek\/lakatos-sandor-lakatos-alexandru\/"},"modified":"2025-07-15T12:33:49","modified_gmt":"2025-07-15T10:33:49","slug":"lakatos-sandor-lakatos-alexandru","status":"publish","type":"product","link":"https:\/\/uj.adatbank.ro\/lexikon\/termek\/lakatos-sandor-lakatos-alexandru\/","title":{"rendered":"LAKATOS S\u00e1ndor, Lakatos Alexandru"},"content":{"rendered":"<p>Marosludas, 1886., \u2020 1944.: dr., \u00fcgyv\u00e9d, a mv.-i Gy\u00e1riparos Sz\u00f6vets\u00e9g titk\u00e1ra, az UGIR f\u0151titk\u00e1ra \u2013 Az egyetem jogi fakult\u00e1s\u00e1n Bp.-en v\u00e9gezte, doktor\u00e1lt (1907), majd \u00fcgyv\u00e9di diplom\u00e1t szerzett (1910). Hosszabb ideig Mv.-en \u00fcgyv\u00e9d, v\u00e1rosi f\u0151\u00fcgy\u00e9sz,.a lak\u00e1shivatal eln\u00f6ke (\u20131919). A Munkaad\u00f3k Sz\u00f6vets\u00e9g\u00e9nek f\u0151titk\u00e1ra (1921), tervezte egy ell\u00e1t\u00e1si sz\u00f6vezkezet fel\u00e1ll\u00edt\u00e1s\u00e1t a munk\u00e1ss\u00e1g sz\u00e1m\u00e1ra (1921).A nagyipari szervezked\u00e9s orsz\u00e1goss\u00e1 t\u00e9tel\u00e9ben fejtett ki munk\u00e1ss\u00e1got, \u00edgy az UGIR l\u00e9trej\u00f6tt\u00e9nek el\u0151mozd\u00edt\u00e1s\u00e1ban is szerepe volt, majd f\u0151titk\u00e1ra lett (1920). Mint egyik el\u0151ad\u00f3ja, t\u00f6bb gazdas\u00e1gi \u00e9s szoci\u00e1lis t\u00f6rv\u00e9nyjavaslat kritik\u00e1j\u00e1t k\u00e9sz\u00edtette el. Mint az Ugir szakreferense (1927\u201330) vett r\u00e9szt a Nemzetk\u00f6zi Munka\u00fcgyi Iroda genfi kongresszus\u00e1n,ahol szakel\u0151ad\u00f3 volt (1928).A Munk\u00e1sbiztos\u00edt\u00f3 eln\u00f6ke, a Kereskedelmi \u00e9s Iparkamara tan\u00e1cstagja, A MP int\u00e9z\u0151 bizotts\u00e1g\u00e1nak, a mv.-i v\u00e1rosi tan\u00e1cs tagja volt, azon k\u00edv\u00fcl sz\u00e1mos t\u00e1rsadalmi \u00e9s kultur\u00e1lis egyes\u00fclet m\u0171k\u00f6d\u00e9s\u00e9ben vett r\u00e9szt, szabadk\u0151m\u0171ves. Az Erd\u00e9lyi Helikon mv.-i tagjai k\u00f6zt szerepelt (1930). A Mv.-i Kaszin\u00f3 v\u00e1lasztm\u00e1nyi tagja (1932). Sz\u00e1mos cikke \u00e9s tanulm\u00e1nya jelent meg munka\u00fcgyi k\u00e9rd\u00e9sekr\u0151l \u2013 <strong>F. m.:<\/strong> <strong>antol\u00f3g.:<\/strong> Gazdas\u00e1gi s\u00e9relmeink \u00e9s k\u00edv\u00e1ns\u00e1gaink (Dics\u0151szentm\u00e1rton, 1926; Kv., 1930).-<br \/><strong>Irod.:<\/strong> Almanah Tg.M.; Bi\u00e1s Istv\u00e1n; EGKL; EM; F\u00fcl\u00f6p\u2013Ferencz; Id\u0151t\u00e1r 3; Ki kicsoda?, Marosi-Helikon; Molter 2., 3.; Molter K\u00e1roly: Mv. (\u00daj Kezdet, 6. sz., 2010. j\u00fan.); Osv\u00e1th; \u0141 \u00dajv\u00e1ri<\/br><\/p>\n","protected":false},"excerpt":{"rendered":"<p>Marosludas, 1886., \u2020 1944.: dr., \u00fcgyv\u00e9d, a mv.-i Gy\u00e1riparos Sz\u00f6vets\u00e9g titk\u00e1ra, az UGIR f\u0151titk\u00e1ra \u2013 Az egyetem jogi fakult\u00e1s\u00e1n Bp.-en v\u00e9gezte, doktor\u00e1lt (1907), majd \u00fcgyv\u00e9di diplom\u00e1t szerzett (1910). Hosszabb ideig Mv.-en \u00fcgyv\u00e9d, v\u00e1rosi f\u0151\u00fcgy\u00e9sz,.a lak\u00e1shivatal eln\u00f6ke (\u20131919). A Munkaad\u00f3k Sz\u00f6vets\u00e9g\u00e9nek f\u0151titk\u00e1ra (1921), tervezte egy ell\u00e1t\u00e1si sz\u00f6vezkezet fel\u00e1ll\u00edt\u00e1s\u00e1t a munk\u00e1ss\u00e1g sz\u00e1m\u00e1ra (1921).A nagyipari szervezked\u00e9s orsz\u00e1goss\u00e1 t\u00e9tel\u00e9ben [&hellip;]<\/p>\n","protected":false},"featured_media":0,"comment_status":"open","ping_status":"closed","template":"","meta":[],"product_brand":[],"product_cat":[137],"product_tag":[],"class_list":{"0":"post-13592","1":"product","2":"type-product","3":"status-publish","5":"product_cat-maros-megyei-eletrajzi-lexikon","7":"first","8":"instock","9":"shipping-taxable","10":"product-type-simple"},"_links":{"self":[{"href":"https:\/\/uj.adatbank.ro\/lexikon\/wp-json\/wp\/v2\/product\/13592","targetHints":{"allow":["GET"]}}],"collection":[{"href":"https:\/\/uj.adatbank.ro\/lexikon\/wp-json\/wp\/v2\/product"}],"about":[{"href":"https:\/\/uj.adatbank.ro\/lexikon\/wp-json\/wp\/v2\/types\/product"}],"replies":[{"embeddable":true,"href":"https:\/\/uj.adatbank.ro\/lexikon\/wp-json\/wp\/v2\/comments?post=13592"}],"wp:attachment":[{"href":"https:\/\/uj.adatbank.ro\/lexikon\/wp-json\/wp\/v2\/media?parent=13592"}],"wp:term":[{"taxonomy":"product_brand","embeddable":true,"href":"https:\/\/uj.adatbank.ro\/lexikon\/wp-json\/wp\/v2\/product_brand?post=13592"},{"taxonomy":"product_cat","embeddable":true,"href":"https:\/\/uj.adatbank.ro\/lexikon\/wp-json\/wp\/v2\/product_cat?post=13592"},{"taxonomy":"product_tag","embeddable":true,"href":"https:\/\/uj.adatbank.ro\/lexikon\/wp-json\/wp\/v2\/product_tag?post=13592"}],"curies":[{"name":"wp","href":"https:\/\/api.w.org\/{rel}","templated":true}]}}