{"id":13613,"date":"2025-07-15T12:34:26","date_gmt":"2025-07-15T10:34:26","guid":{"rendered":"https:\/\/uj.adatbank.ro\/lexikon\/termek\/lani-oszkar-lanyi-oszkar\/"},"modified":"2025-07-15T12:34:26","modified_gmt":"2025-07-15T10:34:26","slug":"lani-oszkar-lanyi-oszkar","status":"publish","type":"product","link":"https:\/\/uj.adatbank.ro\/lexikon\/termek\/lani-oszkar-lanyi-oszkar\/","title":{"rendered":"L\u00c1NI Oszk\u00e1r, L\u00e1nyi Oszk\u00e1r"},"content":{"rendered":"<p>Mv., 1888. \u00e1pr. 28.,\u2020 Mv., 1953.: jog\u00e1sz, orvos, zeneszez\u0151, zongoram\u0171v\u00e9sz. \u2013 L\u00e1ni Oszk\u00e1r \u00fcgyv\u00e9d (1859 \u2013 Mv., 1919. j\u00fal. 2.) \u00e9s Szil\u00e1gyi N. Ilona fia. \u2013 \u00c9retts\u00e9gizett a Mv.-i Ref. Koll.-ban; Lipcs\u00e9ben, M\u00fcnchenben \u00e9s N\u00fcrnbergben jogi \u00e9s orvosi tanulm\u00e1nyokat folytatott. Jogi dr., tanulm\u00e1nyainak elv\u00e9gz\u00e9se ut\u00e1n zenei p\u00e1ly\u00e1ra l\u00e9pett. Tanulm\u00e1ny\u00faton j\u00e1rt Angli\u00e1ban, D\u00e1ni\u00e1ban, Hollandi\u00e1ban. Mv.-en B\u00fcrger Dezs\u0151vel Tudom\u00e1ny \u00e9s Halad\u00e1s c.ismeretterjeszt\u0151 foly\u00f3iratot szerkesztett (1925\u201326). Sz\u00fcl\u0151v\u00e1ros\u00e1ban mint a Zenekedvel\u0151kT\u00e1rsas\u00e1g\u00e1nak tagja els\u0151sorban kamaramuzsikus, k\u00eds\u00e9r\u0151zongorista; Dalm\u0171 J\u00e1tsz\u00f3 t\u00e1rsas\u00e1got szervezett t\u00f6bbekkel (1930) a KZST tagja (1929\u2013), majd helyettes f\u0151titk\u00e1ra. Rendszeresen szerepelt a t\u00e1rsas\u00e1g est\u00e9lyein, szerz\u0151i estj\u00e9n (1935) az \u00e1ltala megzen\u00e9s\u00edtett Arany J\u00e1nos \u00e9s Lenau verseket \u00e9s a K\u0151m\u0171ves Kelemen ballad\u00e1t adta el\u0151. A minorita templom orgon\u00e1j\u00e1nak felszentel\u00e9se alkalm\u00e1b\u00f3l m\u00e1ria-himnuszt \u00edrt.(1939. dec.17.). Tompa L\u00e1szl\u00f3 tisztelet\u00e9re rendezett \u00fcnnep\u00e9lyen (1944) a k\u00f6lt\u0151 Ne f\u00e9lj c. megzen\u00e9s\u00edtett vers\u00e9vel vett r\u00e9szt, dalt szerzett Salamon Ern\u0151 Utols\u00f3 dal c. vers\u00e9b\u0151l ihlet\u0151dve. H\u00e1rom k\u00f6tetnyi dalt szerzett, nagyr\u00e9szt n\u00e9met k\u00f6lt\u0151k \u2013 Lenau, Heine, Rilke stb. \u2013 verseire. A II. vh. ut\u00e1n Kozma G\u00e9za-Magos Etel-L\u00e1ni Oszk\u00e1r tri\u00f3val indult a mv.-i zenei \u00e9let, a trio k\u00f6zel sz\u00e1z alkalommal l\u00e9pett fel. Sorozatban szervezett koncerteket Mv.-en (1945\u201346) n\u00e9pnevel\u0151 c\u00e9lzattal. Kutat\u00e1sokat is v\u00e9gzett a v\u00e1ros zenei \u00e9let\u00e9vel kapcsolatban. Zenei kiadv\u00e1nyok \u00e9s ritka k\u00f6nyvek gy\u0171jt\u0151je volt. Kottam\u00e1sol\u00f3k\u00e9nt dolgozott a Filharm\u00f3ni\u00e1n\u00e1l (1947\u2013). A Mv.-i \u00c1llami Filharm\u00f3nia alap\u00edt\u00f3 tagjai k\u00f6z\u00f6tt szerepelt mint zongoram\u0171v\u00e9sz (1950). M\u00e1ig tiszt\u00e1zatlan okb\u00f3l letart\u00f3ztatt\u00e1k, a b\u00f6rt\u00f6nben halt meg. Kottahagyat\u00e9ka, f\u00e9nyk\u00e9pgy\u0171jtem\u00e9nye, k\u00e9ziratai, a Maros megyei \u00c1llami Lev\u00e9lt\u00e1rba ker\u00fcltek. Kiv\u00e1l\u00f3 teniszez\u0151 volt, a MSE teniszszakoszt\u00e1ly\u00e1nak eln\u00f6ke (1920. k.\u2013). \u2013 <strong>F. m.:<\/strong> Lawn tennis = Illy\u00e9s. <br \/><strong>Irod.:<\/strong> Dsida; Gy\u00e1szjelent\u0151; Filarmonica 50; Id\u0151t\u00e1r 3; Illy\u00e9s; Kim; Marosi-KZST; KZST1930; Maros megyei t\u00f6rt.; Marosi-KZST; Molter: Mv.; Maros megyei t\u00f6rt.; Muzicieni din Rom.; Mv.-i lev\u00e9lt\u00e1r; RMIL, Todea 2013; \u00dcnnepi k\u00f6nyv; Zenetudom\u00e1nyi \u00edr\u00e1sok<\/br><\/p>\n","protected":false},"excerpt":{"rendered":"<p>Mv., 1888. \u00e1pr. 28.,\u2020 Mv., 1953.: jog\u00e1sz, orvos, zeneszez\u0151, zongoram\u0171v\u00e9sz. \u2013 L\u00e1ni Oszk\u00e1r \u00fcgyv\u00e9d (1859 \u2013 Mv., 1919. j\u00fal. 2.) \u00e9s Szil\u00e1gyi N. Ilona fia. \u2013 \u00c9retts\u00e9gizett a Mv.-i Ref. Koll.-ban; Lipcs\u00e9ben, M\u00fcnchenben \u00e9s N\u00fcrnbergben jogi \u00e9s orvosi tanulm\u00e1nyokat folytatott. Jogi dr., tanulm\u00e1nyainak elv\u00e9gz\u00e9se ut\u00e1n zenei p\u00e1ly\u00e1ra l\u00e9pett. Tanulm\u00e1ny\u00faton j\u00e1rt Angli\u00e1ban, D\u00e1ni\u00e1ban, Hollandi\u00e1ban. Mv.-en B\u00fcrger [&hellip;]<\/p>\n","protected":false},"featured_media":0,"comment_status":"open","ping_status":"closed","template":"","meta":[],"product_brand":[],"product_cat":[137],"product_tag":[],"class_list":{"0":"post-13613","1":"product","2":"type-product","3":"status-publish","5":"product_cat-maros-megyei-eletrajzi-lexikon","7":"first","8":"instock","9":"shipping-taxable","10":"product-type-simple"},"_links":{"self":[{"href":"https:\/\/uj.adatbank.ro\/lexikon\/wp-json\/wp\/v2\/product\/13613","targetHints":{"allow":["GET"]}}],"collection":[{"href":"https:\/\/uj.adatbank.ro\/lexikon\/wp-json\/wp\/v2\/product"}],"about":[{"href":"https:\/\/uj.adatbank.ro\/lexikon\/wp-json\/wp\/v2\/types\/product"}],"replies":[{"embeddable":true,"href":"https:\/\/uj.adatbank.ro\/lexikon\/wp-json\/wp\/v2\/comments?post=13613"}],"wp:attachment":[{"href":"https:\/\/uj.adatbank.ro\/lexikon\/wp-json\/wp\/v2\/media?parent=13613"}],"wp:term":[{"taxonomy":"product_brand","embeddable":true,"href":"https:\/\/uj.adatbank.ro\/lexikon\/wp-json\/wp\/v2\/product_brand?post=13613"},{"taxonomy":"product_cat","embeddable":true,"href":"https:\/\/uj.adatbank.ro\/lexikon\/wp-json\/wp\/v2\/product_cat?post=13613"},{"taxonomy":"product_tag","embeddable":true,"href":"https:\/\/uj.adatbank.ro\/lexikon\/wp-json\/wp\/v2\/product_tag?post=13613"}],"curies":[{"name":"wp","href":"https:\/\/api.w.org\/{rel}","templated":true}]}}