{"id":13628,"date":"2025-07-15T12:34:54","date_gmt":"2025-07-15T10:34:54","guid":{"rendered":"https:\/\/uj.adatbank.ro\/lexikon\/termek\/laskai-csokas-peter-petrus-monedulatus-lascovius-ungarus-petrus-lascovius-de-barovia-laskoi-csokas-peter-tsokas-monedulatus-peter\/"},"modified":"2025-07-15T12:34:54","modified_gmt":"2025-07-15T10:34:54","slug":"laskai-csokas-peter-petrus-monedulatus-lascovius-ungarus-petrus-lascovius-de-barovia-laskoi-csokas-peter-tsokas-monedulatus-peter","status":"publish","type":"product","link":"https:\/\/uj.adatbank.ro\/lexikon\/termek\/laskai-csokas-peter-petrus-monedulatus-lascovius-ungarus-petrus-lascovius-de-barovia-laskoi-csokas-peter-tsokas-monedulatus-peter\/","title":{"rendered":"LASKAI CS\u00d3K\u00c1S P\u00e9ter; Petrus Monedulatus Lascovius Ungarus, Petrus Lascovius de Barovia, Lask\u00f3i Cs\u00f3k\u00e1s P\u00e9ter, Ts\u00f3k\u00e1s Monedulatus P\u00e9ter"},"content":{"rendered":"<p>Lask\u00f3 (Baranya), 1541\u201351 k\u00f6z\u00f6tt, \u2020 Gyulafeh\u00e9rv\u00e1r, 1587. szept.: ref. lelk\u00e9sz, tan\u00e1r \u00e9s iskolaigazgat\u00f3, egyh\u00e1zi \u00e9s teol\u00f3giai \u00edr\u00f3, sz\u00f3t\u00e1r\u00edr\u00f3. \u2013 Tanult Kv.-on, Gyulafeh\u00e9rv\u00e1rt, Debrecenben. A fogarasi iskola igazgat\u00f3ja lett Val\u00f3sz\u00edn\u0171 minden tant\u00e1rgyat egymaga tan\u00edtott. Mint az \u00e9lettan tan\u00e1ra term\u00e9szettudom\u00e1nyos szellemben nevelte az ifj\u00fas\u00e1got. R\u00e9szt vett a D\u00e1vid Ferenc\u2013G\u00f6csi M\u00e1t\u00e9 k\u00f6z\u00f6tti hitvit\u00e1n (1571), majd k\u00fclf\u00f6ld\u00f6n megl\u00e1togatta Sv\u00e1jc, Olaszo.- (ott orvostudom\u00e1nyokat is hallgatott), Franciao.- \u00e9s N\u00e9meto. nevezetesebb egyetemeit, majd, Wittenbergben tanult (1578). A m\u00e1sodik peregrin\u00e1ci\u00f3jakor elhagyta a partikul\u00e1t (1579). Hazat\u00e9rve a mv.-i Schola Particula rektora (1580\u201381), az iskola igazgat\u00f3ja (1581\u201395). Im\u00e1dkoz\u00e1ssal foglalkoz\u00f3 el\u0151ad\u00e1saib\u00f3l, \u00edr\u00e1smagyar\u00e1z\u00f3, nyelv\u00e9szeti, hitvit\u00e1z\u00f3, dogmatikai, teol\u00f3giai enciklop\u00e9di\u00e1t szerkesztett \u00e9s nyomtat\u00e1sban Brass\u00f3ban adta ki (1581). M\u00e9g Mv.-en k\u00e9sz\u00edtette el a t\u00edznyelv\u0171 Calepinus-sz\u00f3t\u00e1r (Lyon, 1585), \u00e9s a tizenegy nyelv\u0171 sz\u00f3t\u00e1r (1590) m. sz\u00f6vegr\u00e9sz\u00e9t, k\u00e9t wittenbergi m. de\u00e1k seg\u00edtett a kidolgoz\u00e1s \u00e9s az anyag tov\u00e1bb\u00edt\u00e1s\u00e1ban. Lelk\u00e9sznek h\u00edvt\u00e1k Fogarasra (1581) de \u00e1ll\u00e1s\u00e1nak elfoglal\u00e1sa el\u0151tt \u00fajabb tanulm\u00e1nyutat tett It\u00e1li\u00e1ban, Francio.-ban, Wittenbergben (1581\u20131582). Hazat\u00e9rve Fogarason elfoglalta \u00e1ll\u00e1s\u00e1t, egy patronus m\u00e1gn\u00e1s fia k\u00eds\u00e9r\u0151jek\u00e9nt \u00fajb\u00f3l \u00fatra kelt It\u00e1li\u00e1ba, Genfbe \u00e9s Wittenbergbe (1583\u201385). Hazat\u00e9rte ut\u00e1n Gyulafeh\u00e9rv\u00e1ron els\u0151 lelk\u00e9sz volt hal\u00e1l\u00e1ig (1585\u201387). Skolasztika ellenes de a Bibli\u00e1hoz szigor\u00faan ragaszkod\u00f3 gondolkod\u00f3 volt. Munk\u00e1i sok ir\u00e1ny\u00fa m\u0171velts\u00e9g\u00e9r\u0151l, kiv\u00e1l\u00f3 tudom\u00e1nyos k\u00e9pzetts\u00e9g\u00e9r\u0151l tan\u00faskodnak Im\u00e1dkoz\u00e1ssal foglalkoz\u00f3 el\u0151ad\u00e1saib\u00f3l, \u00edr\u00e1smagyar\u00e1z\u00f3, nyelv\u00e9szeti, hitvit\u00e1z\u00f3, dogmatikai, teol\u00f3giai enciklop\u00e9di\u00e1t szerkesztett \u00e9s nyomtat\u00e1sban Brass\u00f3ban adta ki (1581). A kv.-i disputa 31 kat. t\u00e9tel\u00e9re v\u00e1laszolt; versekben dics\u0151itette az erd\u00e9lyi fejedelmi udvar nagyjait. \u00edrt \u00fcdv\u00f6zl\u0151verseket is. De homine magna c. munk\u00e1ja az els\u0151 erd\u00e9lyi szerz\u0151 \u00e1ltal \u00edrt anat\u00f3miai munka. M\u0171v\u00e9ben a wittenbergi egyetemre j\u00e1rt m. di\u00e1kok n\u00e9vsor\u00e1t adja. K\u00f6vetkezetesen ragaszkodott a Biblia tan\u00edt\u00e1saihoz, elutas\u00edtotta a skolasztik\u00e1t. A purgat\u00f3riumr\u00f3l (1587) \u00edrt munk\u00e1ja nem l\u00e1tott napvil\u00e1got, \u00fagyszint\u00e9n az sem, melyben az elhunyt szentek k\u00f6zbenj\u00e1r\u00e1sa elleni \u00e1ll\u00e1spontot v\u00e9dte (1580). \u00cdr\u00e1sait versbe szedte, m\u00e9g szerzett m\u00e1s verseket is, melyek r\u00e9szint Brass\u00f3ban kiadott m\u0171ve f\u00fcggel\u00e9k\u00e9\u00fcl (Nablium precanum), r\u00e9szint a B\u00e1thory Istv\u00e1n lengyel kir\u00e1ly tisztelet\u00e9re kiadott f\u00fczetben (Viridarium, poetarum\u2026 in laudes\u2026 Stephani Regis Poloniae\u2026 in duobus libros diuisam \/ Auctt. Ferenc Hunyadi, P. L. Cs. etc. (Venetiis, 1583); r\u00e9szint Ecsedi B\u00e1thory Istv\u00e1nt dics\u0151\u00edtve a Fegyverneki Izs\u00e1k m\u0171ve elej\u00e9n jelentek meg. \u2013 <strong>F. m.:<\/strong> Jucundum ac svave sponsi Christi colloquium cum sponsa ecclesia&#8230; (Wittenberg, 1578); Speculum exilii, et indigentiae nostrae&#8230; (Corona [Brass\u00f3], 1581); Nobilium praecanum (Brass\u00f3, 1581); Theoramatum de puro et expresso Dei verbo&#8230; examen et refutatio (Genevae, 1584); Orthodoxae assertio-nes de authoritate, necessitate ac fine sacrarum literarum&#8230; (Genf, 1584); De homine magn\u00f3 illo in rerum natura miraculo et partibus eius essentialibus lib. II. (Wittenberg, 1585; Bp., 1961); Ode protreptice ad Magnific D. Stephanum de B\u00e1thor, Comitem Comitatus Szatm\u00e1r et Szabolch&#8230;(Bazel, 1586); <strong>t\u00e1rssz.:<\/strong> Calepinus, Ambrosius: Dictionarium undecim linguarum (Lyon, 1585), (Basileae, 1590); <strong>antol\u00f3g.:<\/strong> poetarum\u2026 in laudes\u2026 Stephani Regis Poloniae\u2026 in duobus libros diuisam \/ Auctt. Ferenc Hunyadi, P. L. Cs. etc. (Venetiis, 1583); R\u00e9gi magyar filoz\u00f3fusok (Bp., 1961). <br \/><strong>Irod.:<\/strong> Bihari P\u00e9ter: \u00c1ltal\u00e1nos \u00e9s hazai m\u0171vel\u0151d\u00e9st\u00f6rt\u00e9net (Bp., 1884); Cat. Bibl. T.-B.; Chiorean 2008; Dankanits \u00c1d\u00e1m:XVI.sz\u00e1zadi olvasm\u00e1nyok (Buk.,1974); Dankanits \u00c1d\u00e1m: L.Cs. P. k\u00f6nyvei (Lymbus, 1990); Encyc. Hung.; Erd\u00e9lyi panteon; Er\u0151s v\u00e1runk; Fodor Ferenc 2000; Frankl; F\u00fcl\u00f6p\u2013Ferencz; Hars\u00e1nyi Istv\u00e1n: A reform\u00e1ci\u00f3 hat\u00e1sa a m. k\u00f6zm\u0171vel\u0151d\u00e9sre (Bp., 1923); H\u00edres polg\u00e1rok; Hor\u00e1nyi; Horv\u00e1th \u00c9va. M\u00e1r \u00f6tsz\u00e1z \u00e9ve elkezd\u0151d\u00f6tt nyelv\u00fcnk tudatos m\u0171vel\u00e9se (N\u00fa., 2023.nov.10.); Id\u0151t\u00e1r 1; Ki kicsoda a filoz\u00f3fi\u00e1ban?; Kiss P\u00e1l: Mv. kalauz; Koncz; Koncz J\u00f3zsef : A mv.-i Ev. Ref. r\u00e9gi iskola ismertet\u00e9se (Mv., 1884); A m. irodalom t\u00f6rt\u00e9nete: K\u00e9pes d\u00edszmunka (Bp., 1906\u20131907); M. t\u00f6rt\u00e9nelmi t\u00e1r (Bp., 1855\u201363); MAM\u0170L; M\u00e1th\u00e9 M\u00e1rta-Haller B\u00e9la: A Mv.-i Ref. Koll. alap\u00edt\u00e1s\u00e1nak 450. \u00e9vfordul\u00f3j\u00e1ra (Magiszter, 3\u20134. sz., 2007); M\u00c9L; P\u00e1l-Antal; PNL; Par\u00e1dy; Pint\u00e9r; R\u00e9v\u00e9sz Imre: M. tanul\u00f3k Wittenbergben Melanchton hal\u00e1l\u00e1ig = M. t\u00f6rt. t\u00e1r 6.; RMK; RNL; Sebesty\u00e9n Mih\u00e1ly: A Calepinus-sz\u00f3t\u00e1rr\u00f3l- mindenkinek (\u00daj Kezdet, 9. sz., 2010. szept.); Sebesty\u00e9n Mih\u00e1ly: Az els\u0151 v\u00e1s\u00e1rhelyi iskolamester L. Cs. P. (N\u00fa., 1990. m\u00e1rc. 3.); Szily K\u00e1lm\u00e1n: Ki volt Calepinus m. tolm\u00e1csa (Bp., 1886), Szinnyei; Thury; Tonk S. 2020; T\u00f3th Istv\u00e1n: A gyulafeh\u00e9rv\u00e1ri humanista k\u00f6lt\u00e9szet antol\u00f3gi\u00e1ja (Bp., 2001); T\u00f3th Istv\u00e1n: V\u00e1s\u00e1rhelyi humanista k\u00f6lt\u0151k (V. Z., 1969. jan. 4.); \u00daIL; \u00daM\u00c9L; Weszpr\u00e9mi; Zov\u00e1nyi<\/br><\/p>\n","protected":false},"excerpt":{"rendered":"<p>Lask\u00f3 (Baranya), 1541\u201351 k\u00f6z\u00f6tt, \u2020 Gyulafeh\u00e9rv\u00e1r, 1587. szept.: ref. lelk\u00e9sz, tan\u00e1r \u00e9s iskolaigazgat\u00f3, egyh\u00e1zi \u00e9s teol\u00f3giai \u00edr\u00f3, sz\u00f3t\u00e1r\u00edr\u00f3. \u2013 Tanult Kv.-on, Gyulafeh\u00e9rv\u00e1rt, Debrecenben. A fogarasi iskola igazgat\u00f3ja lett Val\u00f3sz\u00edn\u0171 minden tant\u00e1rgyat egymaga tan\u00edtott. Mint az \u00e9lettan tan\u00e1ra term\u00e9szettudom\u00e1nyos szellemben nevelte az ifj\u00fas\u00e1got. R\u00e9szt vett a D\u00e1vid Ferenc\u2013G\u00f6csi M\u00e1t\u00e9 k\u00f6z\u00f6tti hitvit\u00e1n (1571), majd k\u00fclf\u00f6ld\u00f6n megl\u00e1togatta Sv\u00e1jc, [&hellip;]<\/p>\n","protected":false},"featured_media":0,"comment_status":"open","ping_status":"closed","template":"","meta":[],"product_brand":[],"product_cat":[137],"product_tag":[],"class_list":{"0":"post-13628","1":"product","2":"type-product","3":"status-publish","5":"product_cat-maros-megyei-eletrajzi-lexikon","7":"first","8":"instock","9":"shipping-taxable","10":"product-type-simple"},"_links":{"self":[{"href":"https:\/\/uj.adatbank.ro\/lexikon\/wp-json\/wp\/v2\/product\/13628","targetHints":{"allow":["GET"]}}],"collection":[{"href":"https:\/\/uj.adatbank.ro\/lexikon\/wp-json\/wp\/v2\/product"}],"about":[{"href":"https:\/\/uj.adatbank.ro\/lexikon\/wp-json\/wp\/v2\/types\/product"}],"replies":[{"embeddable":true,"href":"https:\/\/uj.adatbank.ro\/lexikon\/wp-json\/wp\/v2\/comments?post=13628"}],"wp:attachment":[{"href":"https:\/\/uj.adatbank.ro\/lexikon\/wp-json\/wp\/v2\/media?parent=13628"}],"wp:term":[{"taxonomy":"product_brand","embeddable":true,"href":"https:\/\/uj.adatbank.ro\/lexikon\/wp-json\/wp\/v2\/product_brand?post=13628"},{"taxonomy":"product_cat","embeddable":true,"href":"https:\/\/uj.adatbank.ro\/lexikon\/wp-json\/wp\/v2\/product_cat?post=13628"},{"taxonomy":"product_tag","embeddable":true,"href":"https:\/\/uj.adatbank.ro\/lexikon\/wp-json\/wp\/v2\/product_tag?post=13628"}],"curies":[{"name":"wp","href":"https:\/\/api.w.org\/{rel}","templated":true}]}}