{"id":13654,"date":"2025-07-15T12:35:45","date_gmt":"2025-07-15T10:35:45","guid":{"rendered":"https:\/\/uj.adatbank.ro\/lexikon\/termek\/laszlo-boldizsar\/"},"modified":"2025-07-15T12:35:45","modified_gmt":"2025-07-15T10:35:45","slug":"laszlo-boldizsar","status":"publish","type":"product","link":"https:\/\/uj.adatbank.ro\/lexikon\/termek\/laszlo-boldizsar\/","title":{"rendered":"L\u00c1SZL\u00d3 Boldizs\u00e1r"},"content":{"rendered":"<p>Ny\u00e1r\u00e1dk\u00f6szv\u00e9nyes, 1921.m\u00e1j.26. \u2020\u00a0?:gazd\u00e1lkod\u00f3. \u2013 Jehova-tan\u00fak\u00e9nt megtagadta a fegyvervisel\u00e9st, ami\u00e9rt a b\u00fcntet\u00e9s 8 \u00e9v (fellebez\u00e9s ut\u00e1n 5 \u00e9v) b\u00f6rt\u00f6n.Letart\u00f3ztatt\u00e1k (1953.szept.8.-amneszti\u00e1val szabadult 1954.aug.13.). Mint jehovist\u00e1t letart\u00f3ztatt\u00e1k (1957.\u00e1pr.11.), 22 \u00e9v b\u00f6rt\u00f6nb\u00fcntet\u00e9sre \u00edt\u00e9lt\u00e9k, amit Mv.-en, Szamos\u00fajv\u00e1ron (1958\u20131959), a Duna-delt\u00e1ban \u00e9s a Br\u0103ilai Nagyszigeten, Jilav\u00e1n t\u00f6lt\u00f6tt \u00e9s szabadult (1964.j\u00fan.23.). Mv.-en k\u00e1d\u00e1rmester volt (1974\u20131985), nyugd\u00edjaz\u00e1s\u00e1ig. <br \/><strong>Irod.:<\/strong> 1956 Erd\u00e9lyben<\/br><\/p>\n","protected":false},"excerpt":{"rendered":"<p>Ny\u00e1r\u00e1dk\u00f6szv\u00e9nyes, 1921.m\u00e1j.26. \u2020\u00a0?:gazd\u00e1lkod\u00f3. \u2013 Jehova-tan\u00fak\u00e9nt megtagadta a fegyvervisel\u00e9st, ami\u00e9rt a b\u00fcntet\u00e9s 8 \u00e9v (fellebez\u00e9s ut\u00e1n 5 \u00e9v) b\u00f6rt\u00f6n.Letart\u00f3ztatt\u00e1k (1953.szept.8.-amneszti\u00e1val szabadult 1954.aug.13.). Mint jehovist\u00e1t letart\u00f3ztatt\u00e1k (1957.\u00e1pr.11.), 22 \u00e9v b\u00f6rt\u00f6nb\u00fcntet\u00e9sre \u00edt\u00e9lt\u00e9k, amit Mv.-en, Szamos\u00fajv\u00e1ron (1958\u20131959), a Duna-delt\u00e1ban \u00e9s a Br\u0103ilai Nagyszigeten, Jilav\u00e1n t\u00f6lt\u00f6tt \u00e9s szabadult (1964.j\u00fan.23.). Mv.-en k\u00e1d\u00e1rmester volt (1974\u20131985), nyugd\u00edjaz\u00e1s\u00e1ig. Irod.: 1956 Erd\u00e9lyben<\/p>\n","protected":false},"featured_media":0,"comment_status":"open","ping_status":"closed","template":"","meta":[],"product_brand":[],"product_cat":[137],"product_tag":[],"class_list":{"0":"post-13654","1":"product","2":"type-product","3":"status-publish","5":"product_cat-maros-megyei-eletrajzi-lexikon","7":"first","8":"instock","9":"shipping-taxable","10":"product-type-simple"},"_links":{"self":[{"href":"https:\/\/uj.adatbank.ro\/lexikon\/wp-json\/wp\/v2\/product\/13654","targetHints":{"allow":["GET"]}}],"collection":[{"href":"https:\/\/uj.adatbank.ro\/lexikon\/wp-json\/wp\/v2\/product"}],"about":[{"href":"https:\/\/uj.adatbank.ro\/lexikon\/wp-json\/wp\/v2\/types\/product"}],"replies":[{"embeddable":true,"href":"https:\/\/uj.adatbank.ro\/lexikon\/wp-json\/wp\/v2\/comments?post=13654"}],"wp:attachment":[{"href":"https:\/\/uj.adatbank.ro\/lexikon\/wp-json\/wp\/v2\/media?parent=13654"}],"wp:term":[{"taxonomy":"product_brand","embeddable":true,"href":"https:\/\/uj.adatbank.ro\/lexikon\/wp-json\/wp\/v2\/product_brand?post=13654"},{"taxonomy":"product_cat","embeddable":true,"href":"https:\/\/uj.adatbank.ro\/lexikon\/wp-json\/wp\/v2\/product_cat?post=13654"},{"taxonomy":"product_tag","embeddable":true,"href":"https:\/\/uj.adatbank.ro\/lexikon\/wp-json\/wp\/v2\/product_tag?post=13654"}],"curies":[{"name":"wp","href":"https:\/\/api.w.org\/{rel}","templated":true}]}}