{"id":13725,"date":"2025-07-15T12:38:00","date_gmt":"2025-07-15T10:38:00","guid":{"rendered":"https:\/\/uj.adatbank.ro\/lexikon\/termek\/laurean-paul\/"},"modified":"2025-07-15T12:38:00","modified_gmt":"2025-07-15T10:38:00","slug":"laurean-paul","status":"publish","type":"product","link":"https:\/\/uj.adatbank.ro\/lexikon\/termek\/laurean-paul\/","title":{"rendered":"LAUREAN, Paul"},"content":{"rendered":"<p>Marosludas, 1913.,\u2020 Marosludas, 2004.: tan\u00edt\u00f3, igazgat\u00f3. \u2013 Elemi isk.-t a sz\u00fcl\u0151fv\u00e1ros\u00e1ban (1919\u201326), tan\u00edt\u00f3k\u00e9pz\u0151t Bal\u00e1zsfalv\u00e1n v\u00e9gzett (1932\u201336).Tan\u00edt\u00f3-igazgat\u00f3 volt Ludason (1937\u201338), Sz\u00e9kelyhidason (1938\u201339), Cip\u0103ieni Kem\u00e9nytelk\u00e9n (1939\u201340), az Andr\u00e1ssytelepen (1940\u201341), Gyep\u00fcpatak\u00e1n (1940\u201345), Ludas \u00c1llom\u00e1son (1945\u201360). Iskolaigazgat\u00f3 Marosludas 2. sz. \u00c1ltal\u00e1nos iskol\u00e1ban (1960\u201361), uo. tan\u00edt\u00f3 (1961\u201375). El\u0151ad\u00e1sokat tartott, k\u00f3rust, sz\u00ednj\u00e1tsz\u00f3 csoportokat vezetett, iskolai m\u00fazeumot l\u00e9tes\u00edtett, iskolai k\u00f6nyvt\u00e1ros, vezette az iskolai gy\u00f3gyszert\u00e1rat \u00e9s sz\u00f6vetkezetet. Marosludas v\u00e1ros els\u0151 d\u00edszpolg\u00e1ra c. kapta (1995. dec. 17.). <br \/><strong>Irod.:<\/strong> Ludu\u015f<\/br><\/p>\n","protected":false},"excerpt":{"rendered":"<p>Marosludas, 1913.,\u2020 Marosludas, 2004.: tan\u00edt\u00f3, igazgat\u00f3. \u2013 Elemi isk.-t a sz\u00fcl\u0151fv\u00e1ros\u00e1ban (1919\u201326), tan\u00edt\u00f3k\u00e9pz\u0151t Bal\u00e1zsfalv\u00e1n v\u00e9gzett (1932\u201336).Tan\u00edt\u00f3-igazgat\u00f3 volt Ludason (1937\u201338), Sz\u00e9kelyhidason (1938\u201339), Cip\u0103ieni Kem\u00e9nytelk\u00e9n (1939\u201340), az Andr\u00e1ssytelepen (1940\u201341), Gyep\u00fcpatak\u00e1n (1940\u201345), Ludas \u00c1llom\u00e1son (1945\u201360). Iskolaigazgat\u00f3 Marosludas 2. sz. \u00c1ltal\u00e1nos iskol\u00e1ban (1960\u201361), uo. tan\u00edt\u00f3 (1961\u201375). El\u0151ad\u00e1sokat tartott, k\u00f3rust, sz\u00ednj\u00e1tsz\u00f3 csoportokat vezetett, iskolai m\u00fazeumot l\u00e9tes\u00edtett, iskolai k\u00f6nyvt\u00e1ros, vezette az [&hellip;]<\/p>\n","protected":false},"featured_media":0,"comment_status":"open","ping_status":"closed","template":"","meta":[],"product_brand":[],"product_cat":[137],"product_tag":[],"class_list":{"0":"post-13725","1":"product","2":"type-product","3":"status-publish","5":"product_cat-maros-megyei-eletrajzi-lexikon","7":"first","8":"instock","9":"shipping-taxable","10":"product-type-simple"},"_links":{"self":[{"href":"https:\/\/uj.adatbank.ro\/lexikon\/wp-json\/wp\/v2\/product\/13725","targetHints":{"allow":["GET"]}}],"collection":[{"href":"https:\/\/uj.adatbank.ro\/lexikon\/wp-json\/wp\/v2\/product"}],"about":[{"href":"https:\/\/uj.adatbank.ro\/lexikon\/wp-json\/wp\/v2\/types\/product"}],"replies":[{"embeddable":true,"href":"https:\/\/uj.adatbank.ro\/lexikon\/wp-json\/wp\/v2\/comments?post=13725"}],"wp:attachment":[{"href":"https:\/\/uj.adatbank.ro\/lexikon\/wp-json\/wp\/v2\/media?parent=13725"}],"wp:term":[{"taxonomy":"product_brand","embeddable":true,"href":"https:\/\/uj.adatbank.ro\/lexikon\/wp-json\/wp\/v2\/product_brand?post=13725"},{"taxonomy":"product_cat","embeddable":true,"href":"https:\/\/uj.adatbank.ro\/lexikon\/wp-json\/wp\/v2\/product_cat?post=13725"},{"taxonomy":"product_tag","embeddable":true,"href":"https:\/\/uj.adatbank.ro\/lexikon\/wp-json\/wp\/v2\/product_tag?post=13725"}],"curies":[{"name":"wp","href":"https:\/\/api.w.org\/{rel}","templated":true}]}}