{"id":13734,"date":"2025-07-15T12:38:19","date_gmt":"2025-07-15T10:38:19","guid":{"rendered":"https:\/\/uj.adatbank.ro\/lexikon\/termek\/lax-jozsef\/"},"modified":"2025-07-15T12:38:19","modified_gmt":"2025-07-15T10:38:19","slug":"lax-jozsef","status":"publish","type":"product","link":"https:\/\/uj.adatbank.ro\/lexikon\/termek\/lax-jozsef\/","title":{"rendered":"LAX J\u00f3zsef"},"content":{"rendered":"<p>? \u2020\u00a0?: \u00e9kszer\u00e9sz. \u2013 Mv.-en Tam\u00e1s Jen\u0151 \u00e9kszer\u00e9szet\u00e9ben volt seg\u00e9d. A m. k\u00e9melh\u00e1r\u00edt\u00f3 csend\u0151rs\u00e9g inform\u00e1torak\u00e9nt t\u00f6bb \u00e1rtatlan zsid\u00f3t jelentett fel, letart\u00f3ztat\u00e1suk ut\u00e1n r\u00e9szt vett azok b\u00e1ntalmaz\u00e1s\u00e1ban, s\u0151t szem\u00e9lyesen is verte az el\u0151\u00e1ll\u00edtottakat. Err\u0151l tan\u00faskodik az \u00e1ldozatok tan\u00favallom\u00e1sa az ellene h\u00e1bor\u00fas b\u0171n\u0151sk\u00e9nt ind\u00edtott kv.-i perben (1946. m\u00e1j. 22.), ahol 10 \u00e9vre \u00edt\u00e9lt\u00e9k.-<br \/><strong>Irod.:<\/strong> B\u0103la\u015f-Kocsis<\/br><\/p>\n","protected":false},"excerpt":{"rendered":"<p>? \u2020\u00a0?: \u00e9kszer\u00e9sz. \u2013 Mv.-en Tam\u00e1s Jen\u0151 \u00e9kszer\u00e9szet\u00e9ben volt seg\u00e9d. A m. k\u00e9melh\u00e1r\u00edt\u00f3 csend\u0151rs\u00e9g inform\u00e1torak\u00e9nt t\u00f6bb \u00e1rtatlan zsid\u00f3t jelentett fel, letart\u00f3ztat\u00e1suk ut\u00e1n r\u00e9szt vett azok b\u00e1ntalmaz\u00e1s\u00e1ban, s\u0151t szem\u00e9lyesen is verte az el\u0151\u00e1ll\u00edtottakat. Err\u0151l tan\u00faskodik az \u00e1ldozatok tan\u00favallom\u00e1sa az ellene h\u00e1bor\u00fas b\u0171n\u0151sk\u00e9nt ind\u00edtott kv.-i perben (1946. m\u00e1j. 22.), ahol 10 \u00e9vre \u00edt\u00e9lt\u00e9k.-Irod.: B\u0103la\u015f-Kocsis<\/p>\n","protected":false},"featured_media":0,"comment_status":"open","ping_status":"closed","template":"","meta":[],"product_brand":[],"product_cat":[137],"product_tag":[],"class_list":{"0":"post-13734","1":"product","2":"type-product","3":"status-publish","5":"product_cat-maros-megyei-eletrajzi-lexikon","7":"first","8":"instock","9":"shipping-taxable","10":"product-type-simple"},"_links":{"self":[{"href":"https:\/\/uj.adatbank.ro\/lexikon\/wp-json\/wp\/v2\/product\/13734","targetHints":{"allow":["GET"]}}],"collection":[{"href":"https:\/\/uj.adatbank.ro\/lexikon\/wp-json\/wp\/v2\/product"}],"about":[{"href":"https:\/\/uj.adatbank.ro\/lexikon\/wp-json\/wp\/v2\/types\/product"}],"replies":[{"embeddable":true,"href":"https:\/\/uj.adatbank.ro\/lexikon\/wp-json\/wp\/v2\/comments?post=13734"}],"wp:attachment":[{"href":"https:\/\/uj.adatbank.ro\/lexikon\/wp-json\/wp\/v2\/media?parent=13734"}],"wp:term":[{"taxonomy":"product_brand","embeddable":true,"href":"https:\/\/uj.adatbank.ro\/lexikon\/wp-json\/wp\/v2\/product_brand?post=13734"},{"taxonomy":"product_cat","embeddable":true,"href":"https:\/\/uj.adatbank.ro\/lexikon\/wp-json\/wp\/v2\/product_cat?post=13734"},{"taxonomy":"product_tag","embeddable":true,"href":"https:\/\/uj.adatbank.ro\/lexikon\/wp-json\/wp\/v2\/product_tag?post=13734"}],"curies":[{"name":"wp","href":"https:\/\/api.w.org\/{rel}","templated":true}]}}