{"id":13739,"date":"2025-07-15T12:38:29","date_gmt":"2025-07-15T10:38:29","guid":{"rendered":"https:\/\/uj.adatbank.ro\/lexikon\/termek\/lazar-albert-szarhegyi-gr\/"},"modified":"2025-07-15T12:38:29","modified_gmt":"2025-07-15T10:38:29","slug":"lazar-albert-szarhegyi-gr","status":"publish","type":"product","link":"https:\/\/uj.adatbank.ro\/lexikon\/termek\/lazar-albert-szarhegyi-gr\/","title":{"rendered":"L\u00c1Z\u00c1R Albert, sz\u00e1rhegyi gr."},"content":{"rendered":"<p>B\u00e9cs, 1813. febr. 7., \u2020 Mv.,1884. okt. 27., tem. Meggyesfalva, okt. 29. csal\u00e1di s\u00edrbolt: cs. katona, 1849.-es honv\u00e9d\u0151rnagy. \u2013 Gr. L. J\u00f3zsef (1782- Mv., 1865. m\u00e1rc 15.) cs. k. kamar\u00e1s, lovas sz\u00e1zados, \u00e9s p\u00e9cs\u00fajfalusi P\u00e9chy Eszter fia. Feles\u00e9ge lemh\u00e9nyi Illy\u00e9s Julianna (1812\u20131902. m\u00e1rc. 13).Testv\u00e9re: gr. L. D\u00e9nes, M\u00f3r, Eszter. Le\u00e1nyuk: Lukr\u00e9cia. El\u0151bb Mv-en, azt\u00e1n B\u00e9csben, v\u00e9g\u00fcl Kv.-on a kir. l\u00edc.-ban tanult. A katonai p\u00e1ly\u00e1ra l\u00e9pett, el\u0151bb egy ideig az akkor Erd\u00e9lyben tany\u00e1z\u00f3 \u00e9s Alberti nevet visel\u0151 chevauxlegers ezredn\u00e9l katon\u00e1skodott, azut\u00e1n mint hadnagy a 2. sz. Schwarzenberg dzsid\u00e1s ezredbe l\u00e9pett, de csak kev\u00e9s ideig szolg\u00e1lt s elhagyva az ezredet visszament Erd\u00e9lybe. Egy ideig Sz\u00e1szerkeden lakott, azut\u00e1n Ol\u00e1hsolymoson, a hol mag\u00e1nak lak\u00e1st \u00e9p\u00edtett \u00e9s gazdas\u00e1ggal foglalkozott. Bem t\u00e1bor\u00e1ban harcolt (1849). Bem vez\u00e9r kis\u00e9ret\u00e9t G\u00e1lfalv\u00e1n\u00e1l megt\u00e1madta egy savoyen dragonyos f\u0151hadnagy, akit megsebes\u00edtett \u00e9s foglyul ejtett (1849. jan. 17.). M\u00e9sz\u00e1ros L\u00e1z\u00e1r \u0151rnagynak nevezte ki (1849. m\u00e1rc. 2.) \u00e9s Medgyesen t\u00e9rparancsnok volt. A szabads\u00e1gharc ut\u00e1n, hol Mv.-t, hol Medgyesen lakott \u00e9s kisebb nyeres\u00e9gi v\u00e1llalatokkal foglalkozott. Az egyetlen volt a sz\u00e1rhegyi L\u00e1z\u00e1rok k\u00f6z\u00fcl, aki protest\u00e1nss\u00e1 lett. Pet\u0151fi hal\u00e1l\u00e1r\u00f3l mint szemtan\u00fa \u00edrt a Reformba (1874. 219. sz.) \u00e9s a Vas\u00e1rnapi Ujs\u00e1gba (1884. 46. sz.). <br \/><strong>Irod.:<\/strong> 1848\u20131849 Transilvania; Gudenus; Gy\u00e1szjelent\u0151; Szinnyei; Szinnyei J.<\/br><\/p>\n","protected":false},"excerpt":{"rendered":"<p>B\u00e9cs, 1813. febr. 7., \u2020 Mv.,1884. okt. 27., tem. Meggyesfalva, okt. 29. csal\u00e1di s\u00edrbolt: cs. katona, 1849.-es honv\u00e9d\u0151rnagy. \u2013 Gr. L. J\u00f3zsef (1782- Mv., 1865. m\u00e1rc 15.) cs. k. kamar\u00e1s, lovas sz\u00e1zados, \u00e9s p\u00e9cs\u00fajfalusi P\u00e9chy Eszter fia. Feles\u00e9ge lemh\u00e9nyi Illy\u00e9s Julianna (1812\u20131902. m\u00e1rc. 13).Testv\u00e9re: gr. L. D\u00e9nes, M\u00f3r, Eszter. Le\u00e1nyuk: Lukr\u00e9cia. El\u0151bb Mv-en, azt\u00e1n B\u00e9csben, [&hellip;]<\/p>\n","protected":false},"featured_media":0,"comment_status":"open","ping_status":"closed","template":"","meta":[],"product_brand":[],"product_cat":[137],"product_tag":[],"class_list":{"0":"post-13739","1":"product","2":"type-product","3":"status-publish","5":"product_cat-maros-megyei-eletrajzi-lexikon","7":"first","8":"instock","9":"shipping-taxable","10":"product-type-simple"},"_links":{"self":[{"href":"https:\/\/uj.adatbank.ro\/lexikon\/wp-json\/wp\/v2\/product\/13739","targetHints":{"allow":["GET"]}}],"collection":[{"href":"https:\/\/uj.adatbank.ro\/lexikon\/wp-json\/wp\/v2\/product"}],"about":[{"href":"https:\/\/uj.adatbank.ro\/lexikon\/wp-json\/wp\/v2\/types\/product"}],"replies":[{"embeddable":true,"href":"https:\/\/uj.adatbank.ro\/lexikon\/wp-json\/wp\/v2\/comments?post=13739"}],"wp:attachment":[{"href":"https:\/\/uj.adatbank.ro\/lexikon\/wp-json\/wp\/v2\/media?parent=13739"}],"wp:term":[{"taxonomy":"product_brand","embeddable":true,"href":"https:\/\/uj.adatbank.ro\/lexikon\/wp-json\/wp\/v2\/product_brand?post=13739"},{"taxonomy":"product_cat","embeddable":true,"href":"https:\/\/uj.adatbank.ro\/lexikon\/wp-json\/wp\/v2\/product_cat?post=13739"},{"taxonomy":"product_tag","embeddable":true,"href":"https:\/\/uj.adatbank.ro\/lexikon\/wp-json\/wp\/v2\/product_tag?post=13739"}],"curies":[{"name":"wp","href":"https:\/\/api.w.org\/{rel}","templated":true}]}}