{"id":13765,"date":"2025-07-15T12:39:20","date_gmt":"2025-07-15T10:39:20","guid":{"rendered":"https:\/\/uj.adatbank.ro\/lexikon\/termek\/lazar-ferenc-szarhegyi\/"},"modified":"2025-07-15T12:39:20","modified_gmt":"2025-07-15T10:39:20","slug":"lazar-ferenc-szarhegyi","status":"publish","type":"product","link":"https:\/\/uj.adatbank.ro\/lexikon\/termek\/lazar-ferenc-szarhegyi\/","title":{"rendered":"L\u00c1Z\u00c1R Ferenc, sz\u00e1rhegyi"},"content":{"rendered":"<p>1515 v. 16., \u2020 Sz\u00e1szr\u00e9gen, 1536. \u00e1pr. 24.: kir\u00e1lyb\u00edr\u00f3, hadnagy. \u2013 L. Andr\u00e1s fia. Feles\u00e9ge: sz\u00e1szf\u00fclp\u00f6si Bykli Katalin. Testv\u00e9re szentannai L. J\u00e1nosnak. K\u00e1szonsz\u00e9ki tiszts\u00e9geket viselt, felv\u00e1ltva hol kir\u00e1lybir\u00f3, hol hadnagy volt (1515 v 1516 k.). A moh\u00e1csi v\u00e9sz ut\u00e1n Szapolyai p\u00e1rtj\u00e1n \u00e1llt, ez\u00e9rt mind Erd\u00e9lyben mind Magyaro.-on sok j\u00f3sz\u00e1got kapott. Erd\u00e9lyben a v\u00e9csi kast\u00e9lyt, a tekei birtokot, a Kolozs megyei Sz\u00e1szerkedet is (1526\u201329), feles\u00e9ge r\u00e9v\u00e9n a sz\u00e1szf\u00fclp\u00f6si birtokok is az \u00f6v\u00e9 lett. Kisfaludot \u00e9s h\u00e1rom l\u00f3f\u0151s\u00e9get v\u00e1s\u00e1rolt Sz\u00e9kely Ferenct\u0151l (1507). K\u00e9s\u0151bb I. Ferdinand hive lett, ami\u00e9rt J\u00e1nos kir\u00e1ly vajd\u00e1ja B\u00e1thori Istv\u00e1n elfogta (1529), \u00e9s n\u00f3t\u00e1n elvesztette V\u00e9cset, mely az \u00c1rth\u00e1ndi testv\u00e9rekhez jutott, valamint Kisfalud helys\u00e9get, amit Szentgy\u00f6rgyi T\u00f3th J\u00e1nosnak adom\u00e1nyoztak (1529). Szapolyai J\u00e1nos, nem b\u00edzott h\u0171s\u00e9g\u00e9ben, Majl\u00e1th Istv\u00e1n erd\u00e9lyi vajda elfogatta (1536. m\u00e1rc. 27.), \u00e9s Sz\u00e1szr\u00e9genben fej\u00e9t v\u00e9tette (1536. \u00e1pr. 24.) Kiv\u00e9gz\u00e9se ut\u00e1n gyergy\u00f3i, cs\u00edki, k\u00e1szoni birtokait testv\u00e9re, a szentannai L. J\u00e1nos \u00f6r\u00f6k\u00f6lte. <br \/><strong>Irod.:<\/strong> Garda Dezs\u0151: A L\u00e1z\u00e1r csal\u00e1d marossz\u00e9ki otthonalap\u00edt\u00e1sa\u2026= P\u00e1l-Antal \u2013 Simon; Maros megyei m. 3.; Id\u0151t\u00e1r 1; Nagy Iv\u00e1n; P\u00e1l-Antal; P\u00e1l-Antal \u2013 Szab\u00f3 2; Szab\u00f3 K\u00e1roly: A r\u00e9gi sz\u00e9kelys\u00e9g (Kv., 1890); SzOkl, 2.; Sz\u00e9kelys\u00e9g<\/br><\/p>\n","protected":false},"excerpt":{"rendered":"<p>1515 v. 16., \u2020 Sz\u00e1szr\u00e9gen, 1536. \u00e1pr. 24.: kir\u00e1lyb\u00edr\u00f3, hadnagy. \u2013 L. Andr\u00e1s fia. Feles\u00e9ge: sz\u00e1szf\u00fclp\u00f6si Bykli Katalin. Testv\u00e9re szentannai L. J\u00e1nosnak. K\u00e1szonsz\u00e9ki tiszts\u00e9geket viselt, felv\u00e1ltva hol kir\u00e1lybir\u00f3, hol hadnagy volt (1515 v 1516 k.). A moh\u00e1csi v\u00e9sz ut\u00e1n Szapolyai p\u00e1rtj\u00e1n \u00e1llt, ez\u00e9rt mind Erd\u00e9lyben mind Magyaro.-on sok j\u00f3sz\u00e1got kapott. Erd\u00e9lyben a v\u00e9csi kast\u00e9lyt, a [&hellip;]<\/p>\n","protected":false},"featured_media":0,"comment_status":"open","ping_status":"closed","template":"","meta":[],"product_brand":[],"product_cat":[137],"product_tag":[],"class_list":{"0":"post-13765","1":"product","2":"type-product","3":"status-publish","5":"product_cat-maros-megyei-eletrajzi-lexikon","7":"first","8":"instock","9":"shipping-taxable","10":"product-type-simple"},"_links":{"self":[{"href":"https:\/\/uj.adatbank.ro\/lexikon\/wp-json\/wp\/v2\/product\/13765","targetHints":{"allow":["GET"]}}],"collection":[{"href":"https:\/\/uj.adatbank.ro\/lexikon\/wp-json\/wp\/v2\/product"}],"about":[{"href":"https:\/\/uj.adatbank.ro\/lexikon\/wp-json\/wp\/v2\/types\/product"}],"replies":[{"embeddable":true,"href":"https:\/\/uj.adatbank.ro\/lexikon\/wp-json\/wp\/v2\/comments?post=13765"}],"wp:attachment":[{"href":"https:\/\/uj.adatbank.ro\/lexikon\/wp-json\/wp\/v2\/media?parent=13765"}],"wp:term":[{"taxonomy":"product_brand","embeddable":true,"href":"https:\/\/uj.adatbank.ro\/lexikon\/wp-json\/wp\/v2\/product_brand?post=13765"},{"taxonomy":"product_cat","embeddable":true,"href":"https:\/\/uj.adatbank.ro\/lexikon\/wp-json\/wp\/v2\/product_cat?post=13765"},{"taxonomy":"product_tag","embeddable":true,"href":"https:\/\/uj.adatbank.ro\/lexikon\/wp-json\/wp\/v2\/product_tag?post=13765"}],"curies":[{"name":"wp","href":"https:\/\/api.w.org\/{rel}","templated":true}]}}