{"id":13766,"date":"2025-07-15T12:39:22","date_gmt":"2025-07-15T10:39:22","guid":{"rendered":"https:\/\/uj.adatbank.ro\/lexikon\/termek\/lazar-ferenc-szarhegyi-szentannai\/"},"modified":"2025-07-15T12:39:22","modified_gmt":"2025-07-15T10:39:22","slug":"lazar-ferenc-szarhegyi-szentannai","status":"publish","type":"product","link":"https:\/\/uj.adatbank.ro\/lexikon\/termek\/lazar-ferenc-szarhegyi-szentannai\/","title":{"rendered":"L\u00c1Z\u00c1R Ferenc, sz\u00e1rhegyi, szentannai"},"content":{"rendered":"<p>? \u2020\u00a0?: nemes, marossz\u00e9ki f\u0151ember, f\u0151b\u00edr\u00f3. \u2013 Szentannai L. J\u00e1nos \u00e9s Apafi Kl\u00e1ra (\u2020 1544) fia. Testv\u00e9rei: J\u00e1nos \u00e9s Imre. Feles\u00e9ge fels\u0151zsuki Suky Katalin. \u2013Apj\u00e1t\u00f3l \u00f6r\u00f6k\u00f6lte a ny\u00e1r\u00e1dszentannai birtokot, \u00e9s felvette a szentannai el\u0151nevet is. A marossz\u00e9ki 12 primor egyike (1566) A kv.-i ogy.\u2013en (1551. j\u00fal. 26.) Bern\u00e1ld Bal\u00e1zzsal egy\u00fctt a Mv. mellett l\u00e9v\u0151 k\u00f6nny\u0171gyalogs\u00e1g parancsnok\u00e1v\u00e1 nevezt\u00e9k ki. II. J\u00e1nos kir\u00e1ly had\u00e1ban h\u00edven szolg\u00e1lt (1566. j\u00fal. 11 el\u0151tt). Testv\u00e9r\u00e9vel Imr\u00e9vel J\u00e1nos Zsigmondt\u00f3l adom\u00e1nyk\u00e9nt a Ny\u00e1r\u00e1dandr\u00e1sfalv\u00e1n l\u00e9v\u0151 kir. r\u00e9szj\u00f3sz\u00e1got kapt\u00e1k (1570. m\u00e1rc. 29.). A v\u00e1rossal pereskedett Kisfalud\u00e9rt (1564\u201368), majd kiegyezett testv\u00e9reivel egy\u00fctt a v\u00e1rossal, aminek \u00e9rtelm\u00e9ben Kisfalud\u00e9rt kaptak 350 forintot, 9 jobb\u00e1gytelket Fel\u00e9ben \u00e9s h\u00e1rmat M\u00e9nesen (1571). A Sz\u00e9kb\u00edr\u00f3k\u00e9nt, marossz\u00e9ki f\u0151kir\u00e1lyb\u00edr\u00f3i tisztet kaptak minf a ketten (1571). majd Marossz\u00e9k f\u0151kir\u00e1lyb\u00edr\u00f3jak\u00e9nt eml\u00edtik testv\u00e9r\u00e9vel Imr\u00e9vel egy\u00fctt a dokumentumok (1575, 1579). R\u00e9szt vett a kerel\u0151szentp\u00e1li csat\u00e1ban a fejedelem oldal\u00e1n (1575). Imr\u00e9vel, mint a korabeli Marossz\u00e9k kir\u00e1lyb\u00edr\u00e1i, tagjai voltak B\u00e1thory Istv\u00e1n lengyel kir. k\u00eds\u00e9ret\u00e9nek (1576. febr. 8.). A marosszentkir\u00e1lyi p\u00e1los remet\u00e9k m\u00e1r nem voltak abban a helyzetben, hogy megv\u00e9dj\u00e9k javaikat, \u00edgy a marosszentkir\u00e1lyi Bar\u00e1tr\u00e9sz nev\u0171 r\u00e9szbirtokuk m\u00e1r \u00f6zvegye, Suki Katalin birtok\u00e1ba ker\u00fclt (1588). Hal\u00e1la ut\u00e1n testv\u00e9re Imre \u00f6t\u00f6k\u00f6lte birtokait <br \/><strong>Irod.:<\/strong> Garda Dezs\u0151: A L\u00e1z\u00e1r csal\u00e1d marossz\u00e9ki otthonalap\u00edt\u00e1sa\u2026 =  P\u00e1l-Antal \u2013 Simon; Ny\u00e1r\u00e1dszereda k\u00f6zs\u00e9g; Orb\u00e1n Bal\u00e1zs; P\u00e1l-Antal; P\u00e1l-Antal 2002; P\u00e1l-Antal 2009; Szab\u00f3 K\u00e1roly: A r\u00e9gi sz\u00e9kelys\u00e9g (Kv., 1890); Sz\u00e9kelyf\u00f6ld t\u00f6rt.1.; SzOkl, 2, SzOkl \u00das, 4.<\/br><\/p>\n","protected":false},"excerpt":{"rendered":"<p>? \u2020\u00a0?: nemes, marossz\u00e9ki f\u0151ember, f\u0151b\u00edr\u00f3. \u2013 Szentannai L. J\u00e1nos \u00e9s Apafi Kl\u00e1ra (\u2020 1544) fia. Testv\u00e9rei: J\u00e1nos \u00e9s Imre. Feles\u00e9ge fels\u0151zsuki Suky Katalin. \u2013Apj\u00e1t\u00f3l \u00f6r\u00f6k\u00f6lte a ny\u00e1r\u00e1dszentannai birtokot, \u00e9s felvette a szentannai el\u0151nevet is. A marossz\u00e9ki 12 primor egyike (1566) A kv.-i ogy.\u2013en (1551. j\u00fal. 26.) Bern\u00e1ld Bal\u00e1zzsal egy\u00fctt a Mv. mellett l\u00e9v\u0151 k\u00f6nny\u0171gyalogs\u00e1g [&hellip;]<\/p>\n","protected":false},"featured_media":0,"comment_status":"open","ping_status":"closed","template":"","meta":[],"product_brand":[],"product_cat":[137],"product_tag":[],"class_list":{"0":"post-13766","1":"product","2":"type-product","3":"status-publish","5":"product_cat-maros-megyei-eletrajzi-lexikon","7":"first","8":"instock","9":"shipping-taxable","10":"product-type-simple"},"_links":{"self":[{"href":"https:\/\/uj.adatbank.ro\/lexikon\/wp-json\/wp\/v2\/product\/13766","targetHints":{"allow":["GET"]}}],"collection":[{"href":"https:\/\/uj.adatbank.ro\/lexikon\/wp-json\/wp\/v2\/product"}],"about":[{"href":"https:\/\/uj.adatbank.ro\/lexikon\/wp-json\/wp\/v2\/types\/product"}],"replies":[{"embeddable":true,"href":"https:\/\/uj.adatbank.ro\/lexikon\/wp-json\/wp\/v2\/comments?post=13766"}],"wp:attachment":[{"href":"https:\/\/uj.adatbank.ro\/lexikon\/wp-json\/wp\/v2\/media?parent=13766"}],"wp:term":[{"taxonomy":"product_brand","embeddable":true,"href":"https:\/\/uj.adatbank.ro\/lexikon\/wp-json\/wp\/v2\/product_brand?post=13766"},{"taxonomy":"product_cat","embeddable":true,"href":"https:\/\/uj.adatbank.ro\/lexikon\/wp-json\/wp\/v2\/product_cat?post=13766"},{"taxonomy":"product_tag","embeddable":true,"href":"https:\/\/uj.adatbank.ro\/lexikon\/wp-json\/wp\/v2\/product_tag?post=13766"}],"curies":[{"name":"wp","href":"https:\/\/api.w.org\/{rel}","templated":true}]}}