{"id":13767,"date":"2025-07-15T12:39:23","date_gmt":"2025-07-15T10:39:23","guid":{"rendered":"https:\/\/uj.adatbank.ro\/lexikon\/termek\/lazar-ferenc-zarhegyi\/"},"modified":"2025-07-15T12:39:23","modified_gmt":"2025-07-15T10:39:23","slug":"lazar-ferenc-zarhegyi","status":"publish","type":"product","link":"https:\/\/uj.adatbank.ro\/lexikon\/termek\/lazar-ferenc-zarhegyi\/","title":{"rendered":"L\u00c1Z\u00c1R Ferenc, z\u00e1rhegyi"},"content":{"rendered":"<p>Gyergy\u00f3sz\u00e1rhegy,1675.,\u2020\u00a0Sz\u00e1rhegy 1742. j\u00fal 3, temetve Sz\u00e1rhegyen j\u00fal.: cs\u00edki f\u00f6ldbirtokos, f\u0151kapit\u00e1ny. \u2013 Istv\u00e1n (\u20201679) \u00e9s Kereszt\u00fari Krisztina fia. Feles\u00e9ge: 1. g\u00f6ncruszkai br. Kornis Margit (1683\u20131698) (esk. 1696); 2. k\u0151r\u00f6sszegi \u00e9s adorj\u00e1ni gr. Cs\u00e1ky Zsuzsanna, Cs. G\u00e1bor (1662-?) \u00e9s Gyulaffy Zs\u00f3fia l\u00e1nya. (esk. 1700) (\u20201715); 3. b\u00e9riv\u00f3i Bo\u00e9r Zs\u00f3fia (esk.1716). Gyermekei: Antal, jezsuita, L\u00e1szl\u00f3 (1707- Meggyesfalva, 1732), feles\u00e9ge Kornis Zsuzsa; Druzsina Szentiv\u00e1nyi Henter D\u00e1vidn\u00e9; G\u00e1bor (\u2020 1775), \u00c1d\u00e1m (Kor\u00f3d, 1712\u20131779); Ferenc; Krisztina, Kl\u00e1ra, Borb\u00e1la, Kata. \u2013 Els\u0151 emlit\u00e9s r\u00f3la Apaffy fejedelemnek az amneszti\u00e1r\u00f3l \u00e9s a L\u00e1z\u00e1r Istv\u00e1n politikai b\u0171nei\u00e9rt elkobzott javaknak re\u00e1, testv\u00e9reire \u00e9s anyj\u00e1ra n\u00e9zve visszaadat\u00e1s\u00e1r\u00f3l sz\u00f3l\u00f3 1679- \u00e9s 1680-beli oklevelekben van. Kir.-i hivatalos az ogy,.en (1698, 1699, 1701, 1702), Lip\u00f3t cs\u00e1sz\u00e1rt\u00f3l gr\u00f3fi rangot kapott a maga \u00e9s ut\u00f3dai sz\u00e1m\u00e1ra (1702. m\u00e1rc. 9). II. R\u00e1k\u00f3czi Ferenc h\u00edvek\u00e9nt a. kurucok oldal\u00e1n \u00e1llt (1703\u201311). Csik-Gyergy\u00f3- K\u00e1szonsz\u00e9k f\u0151kapit\u00e1nya (1705\u201311), a kir. t\u00e1bla \u00fcln\u00f6ke (1721\u201336), f\u0151kir\u00e1lyb\u00edr\u00e1ja (1735\u201342). A gyergy\u00f3sz\u00e1rhegyi kast\u00e9ly tulajdonosa, amelyet a labancok fel\u00e9gettek (1707), elkezdte a jav\u00edt\u00e1sokat (1707 ut\u00e1n), majd \u00f6zvegye Bo\u00e9r Zs\u00f3fia fejezte be (1744 u.). Cal\u00e1di \u00f6sszek\u00f6ttet\u00e9sei r\u00e9v\u00e9n nem b\u00fcntett\u00e9k meg s\u0151t visszakapta elkobzott javait t\u00f6bbek k\u00f6z\u00f6tt Mez\u0151b\u00e1ndon, Dedr\u00e1don, Tancson.(1711). K\u00f3rodon els\u0151 h\u00e1zass\u00e1g\u00e1b\u00f3l sz\u00fcletett fia, Antal j\u00f3sz\u00e1g\u00e1n lakott k\u00e9t \u00e9vig (1711\u201312), majd megh\u00edvt\u00e1k a szebeni ogy.-re. A mv.-i gimn.-ot nagyobb alap\u00edtv\u00e1nnyal t\u00e1mogatta. Adom\u00e1ny\u00e1b\u00f3l, a v\u00e1roslak\u00f3k \u00e9s Hevenesi G\u00e1bor adom\u00e1ny\u00e1b\u00f3l \u00e9p\u00fclt a mv.-i L\u00e1bas h\u00e1z (a mai f\u0151t\u00e9r \u00e9s Kossuth u. sark\u00e1n). Els\u0151 feles\u00e9ge, Kornis Margit, r\u00e9v\u00e9n k\u00fari\u00e1ja volt Backamadarason. Kor\u00f3don is volt birtoka ahol udvarh\u00e1zat \u00e9p\u00edttetett a XVIII. sz els\u0151 fel\u00e9ben. <br \/><strong>Irod.:<\/strong> Backamadaras; Bicsok-Orb\u00e1n; Gudenus; Kornis; L\u00e1z\u00e1r csal\u00e1d; Man: TgM; Marosz\u00e9k; Rugonfalvi-Kiss; P\u00e1lmay; Papp Kl\u00e1ra; Tr\u00f3cs\u00e1nyi 1988; Wessel\u00e9nyi Istv\u00e1n<\/br><\/p>\n","protected":false},"excerpt":{"rendered":"<p>Gyergy\u00f3sz\u00e1rhegy,1675.,\u2020\u00a0Sz\u00e1rhegy 1742. j\u00fal 3, temetve Sz\u00e1rhegyen j\u00fal.: cs\u00edki f\u00f6ldbirtokos, f\u0151kapit\u00e1ny. \u2013 Istv\u00e1n (\u20201679) \u00e9s Kereszt\u00fari Krisztina fia. Feles\u00e9ge: 1. g\u00f6ncruszkai br. Kornis Margit (1683\u20131698) (esk. 1696); 2. k\u0151r\u00f6sszegi \u00e9s adorj\u00e1ni gr. Cs\u00e1ky Zsuzsanna, Cs. G\u00e1bor (1662-?) \u00e9s Gyulaffy Zs\u00f3fia l\u00e1nya. (esk. 1700) (\u20201715); 3. b\u00e9riv\u00f3i Bo\u00e9r Zs\u00f3fia (esk.1716). Gyermekei: Antal, jezsuita, L\u00e1szl\u00f3 (1707- Meggyesfalva, 1732), [&hellip;]<\/p>\n","protected":false},"featured_media":0,"comment_status":"open","ping_status":"closed","template":"","meta":[],"product_brand":[],"product_cat":[137],"product_tag":[],"class_list":{"0":"post-13767","1":"product","2":"type-product","3":"status-publish","5":"product_cat-maros-megyei-eletrajzi-lexikon","7":"first","8":"instock","9":"shipping-taxable","10":"product-type-simple"},"_links":{"self":[{"href":"https:\/\/uj.adatbank.ro\/lexikon\/wp-json\/wp\/v2\/product\/13767","targetHints":{"allow":["GET"]}}],"collection":[{"href":"https:\/\/uj.adatbank.ro\/lexikon\/wp-json\/wp\/v2\/product"}],"about":[{"href":"https:\/\/uj.adatbank.ro\/lexikon\/wp-json\/wp\/v2\/types\/product"}],"replies":[{"embeddable":true,"href":"https:\/\/uj.adatbank.ro\/lexikon\/wp-json\/wp\/v2\/comments?post=13767"}],"wp:attachment":[{"href":"https:\/\/uj.adatbank.ro\/lexikon\/wp-json\/wp\/v2\/media?parent=13767"}],"wp:term":[{"taxonomy":"product_brand","embeddable":true,"href":"https:\/\/uj.adatbank.ro\/lexikon\/wp-json\/wp\/v2\/product_brand?post=13767"},{"taxonomy":"product_cat","embeddable":true,"href":"https:\/\/uj.adatbank.ro\/lexikon\/wp-json\/wp\/v2\/product_cat?post=13767"},{"taxonomy":"product_tag","embeddable":true,"href":"https:\/\/uj.adatbank.ro\/lexikon\/wp-json\/wp\/v2\/product_tag?post=13767"}],"curies":[{"name":"wp","href":"https:\/\/api.w.org\/{rel}","templated":true}]}}