{"id":13770,"date":"2025-07-15T12:39:32","date_gmt":"2025-07-15T10:39:32","guid":{"rendered":"https:\/\/uj.adatbank.ro\/lexikon\/termek\/lazar-gyorgy-gyalakti\/"},"modified":"2025-07-15T12:39:32","modified_gmt":"2025-07-15T10:39:32","slug":"lazar-gyorgy-gyalakti","status":"publish","type":"product","link":"https:\/\/uj.adatbank.ro\/lexikon\/termek\/lazar-gyorgy-gyalakti\/","title":{"rendered":"L\u00c1Z\u00c1R Gy\u00f6rgy, gyalakti"},"content":{"rendered":"<p>? \u2020 1716.: f\u0151kir\u00e1lyb\u00edr\u00f3. \u2013 L. Imre marossz\u00e9ki f\u0151kir\u00e1lyb\u00edr\u00f3 \u00e9s hidv\u00e9gi Nemes Kl\u00e1ra fia. Feles\u00e9ge: bethleni gr. Bethlen Judit (1683\u20131719), a k\u00e9s\u0151bbi K\u00f6les\u00e9ri S\u00e1mueln\u00e9. Gyermekei: J\u00e1nos, Anna Korda L\u00e1szl\u00f3n\u00e9 \u00e9s M\u00e1ria Bethlen S\u00e1mueln\u00e9. \u2013 R\u00e9szt vett az ogy.-eken (1699. \u00e9s 1703.), r\u00e9szint a lustra, r\u00e9szint az ad\u00f3 \u00e9s k\u00f6zteher megvizsg\u00e1l\u00e1s\u00e1ra volt kik\u00fcldve. Az ogy. kinevezte Marossz\u00e9k lustr\u00e1l\u00e1s\u00e1ra (1699) Hidv\u00e9gre telep\u00edtett tax\u00e1s zsell\u00e9reket az ottani birtokr\u00e9sz\u00e9re (1699) \u00e9s akkor keletkezett a helyis\u00e9g. A R\u00e1k\u00f3czi-forradalom alatt labancp\u00e1rti, eg\u00e9sz h\u00e1zn\u00e9p\u00e9vel Szebenbe, a n\u00e9met hadak v\u00e9delme al\u00e1 vonult (1707-ig). Megv\u00e1lasztott\u00e1k Marossz\u00e9k f\u0151kir\u00e1lyb\u00edr\u00f3j\u00e1nak (1708\u201316), a Somosdon tartott k\u00f6zgy\u0171l\u00e9sen tette le \u00fcnnep\u00e9lyes esk\u00fcj\u00e9t. (1710. szept. 16), beteg\u00e9ge miatt hivatal\u00e1r\u00f3l lemondott (1716. m\u00e1j.). Borosnyai Luk\u00e1ts J\u00e1nos ref. p\u00fcsp\u00f6k szerint nagytudom\u00e1ny\u00fa \u00e9s \u00e9kessz\u00f3l\u00f3 f\u00e9rfi\u00fa volt, 336 v\u00e9ka b\u00faz\u00e1t adott a mv.-i schol\u00e1nak (1711\u201316). Napl\u00f3ja fennmaradt (1704. j\u00fal.-okt.). <br \/><strong>Irod.:<\/strong> \u00c1rva Bethlen K.; Bicsok-Orb\u00e1n; Bir\u00f3 J\u00f3zsef. A bonchidai B\u00e1nffy-kast\u00e9ly csal\u00e1di arck\u00e9pei = Lyka eml\u00e9kk.; H\u00edres polg\u00e1rok; Kov\u00e1sznai; Kr\u00f3n. F\u00fcz. (1940. 4\/10); Nagy Iv\u00e1n; P\u00e1l-Antal 2002; P\u00e1l-Antal 2009; RMK; Rugonfalvi Kiss; SzOkl, 5; Marosz\u00e9k, Wessel\u00e9nyi Istv\u00e1n<\/br><\/p>\n","protected":false},"excerpt":{"rendered":"<p>? \u2020 1716.: f\u0151kir\u00e1lyb\u00edr\u00f3. \u2013 L. Imre marossz\u00e9ki f\u0151kir\u00e1lyb\u00edr\u00f3 \u00e9s hidv\u00e9gi Nemes Kl\u00e1ra fia. Feles\u00e9ge: bethleni gr. Bethlen Judit (1683\u20131719), a k\u00e9s\u0151bbi K\u00f6les\u00e9ri S\u00e1mueln\u00e9. Gyermekei: J\u00e1nos, Anna Korda L\u00e1szl\u00f3n\u00e9 \u00e9s M\u00e1ria Bethlen S\u00e1mueln\u00e9. \u2013 R\u00e9szt vett az ogy.-eken (1699. \u00e9s 1703.), r\u00e9szint a lustra, r\u00e9szint az ad\u00f3 \u00e9s k\u00f6zteher megvizsg\u00e1l\u00e1s\u00e1ra volt kik\u00fcldve. Az ogy. kinevezte [&hellip;]<\/p>\n","protected":false},"featured_media":0,"comment_status":"open","ping_status":"closed","template":"","meta":[],"product_brand":[],"product_cat":[137],"product_tag":[],"class_list":{"0":"post-13770","1":"product","2":"type-product","3":"status-publish","5":"product_cat-maros-megyei-eletrajzi-lexikon","7":"first","8":"instock","9":"shipping-taxable","10":"product-type-simple"},"_links":{"self":[{"href":"https:\/\/uj.adatbank.ro\/lexikon\/wp-json\/wp\/v2\/product\/13770","targetHints":{"allow":["GET"]}}],"collection":[{"href":"https:\/\/uj.adatbank.ro\/lexikon\/wp-json\/wp\/v2\/product"}],"about":[{"href":"https:\/\/uj.adatbank.ro\/lexikon\/wp-json\/wp\/v2\/types\/product"}],"replies":[{"embeddable":true,"href":"https:\/\/uj.adatbank.ro\/lexikon\/wp-json\/wp\/v2\/comments?post=13770"}],"wp:attachment":[{"href":"https:\/\/uj.adatbank.ro\/lexikon\/wp-json\/wp\/v2\/media?parent=13770"}],"wp:term":[{"taxonomy":"product_brand","embeddable":true,"href":"https:\/\/uj.adatbank.ro\/lexikon\/wp-json\/wp\/v2\/product_brand?post=13770"},{"taxonomy":"product_cat","embeddable":true,"href":"https:\/\/uj.adatbank.ro\/lexikon\/wp-json\/wp\/v2\/product_cat?post=13770"},{"taxonomy":"product_tag","embeddable":true,"href":"https:\/\/uj.adatbank.ro\/lexikon\/wp-json\/wp\/v2\/product_tag?post=13770"}],"curies":[{"name":"wp","href":"https:\/\/api.w.org\/{rel}","templated":true}]}}