{"id":13781,"date":"2025-07-15T12:39:48","date_gmt":"2025-07-15T10:39:48","guid":{"rendered":"https:\/\/uj.adatbank.ro\/lexikon\/termek\/lazar-istvan-szarhegyi-gr-2\/"},"modified":"2025-07-15T12:39:48","modified_gmt":"2025-07-15T10:39:48","slug":"lazar-istvan-szarhegyi-gr-2","status":"publish","type":"product","link":"https:\/\/uj.adatbank.ro\/lexikon\/termek\/lazar-istvan-szarhegyi-gr-2\/","title":{"rendered":"L\u00c1Z\u00c1R Istv\u00e1n, sz\u00e1rhegyi gr."},"content":{"rendered":"<p>Bencenc, 1864. jan. 15., \u2020\u00a0Kv., 1920 szept. 3.: f\u0151isp\u00e1n. \u2013 L. K\u00e1lm\u00e1n (1827\u20131874) b\u00f6lcs\u00e9szdoktor \u00e9s s\u00e1rdi Sim\u00e9n Am\u00e1lia (1835-Mv., 1907. m\u00e1rc. 28) legkisebb fia. Feles\u00e9ge tarcsfalvi P\u00e1lffy Jozefa (1873- Kv., 1922. j\u00fan 30.). L\u00e1nyai: M\u00e1ria (Mici) Sztojanovocs Viktorn\u00e9 (1894\u20131985), Ilona (Lili) Kamerrer Guszt\u00e1vn\u00e9 (1903\u20132000) \u2013 vel\u00fck a sz\u00e1rhegyi gr. L. csal\u00e1d le\u00e1ny\u00e1gon is kihalt. \u2013 Apja hal\u00e1la ut\u00e1n L\u00e1z\u00e1r Imre mez\u0151sarkadi nagybirtokosn\u00e1l nevelekdett. K\u00f6z\u00e9piskolai tanulm\u00e1nyait a gyulafeh\u00e9rv\u00e1ri R. K. Gimn.-ban, a jogakad\u00e9mi\u00e1t Nagyszebenben v\u00e9gezte. Kolozs vm. szolg\u00e1lat\u00e1ban k\u00f6zigazgat\u00e1si gyakornok (1886\u201387), f\u0151isp\u00e1ni titk\u00e1r (1887), fogalmaz\u00f3 (1889\u201392), Besztercenasz\u00f3d vm. alisp\u00e1nja (1893\u2013), Kolozs vm. alisp\u00e1nja (1895\u2013), Brass\u00f3 vm. f\u0151isp\u00e1nja (1900. dec.\u2013), MT. vm. \u00e9s Mv. sz. kir. v\u00e1ros f\u0151isp\u00e1nja (1904\u20131906), a \u201cdarabont korm\u00e1ny\u201d idej\u00e9n lemondott (1906), Kv.-ra k\u00f6lt\u00f6z\u00f6tt a csal\u00e1d, megv\u00e1lsztott\u00e1k ogy.-i k\u00e9pvisel\u0151nek a B\u00e1nffyhunyad ker\u00fcletben. Az EKE orsz\u00e1gos eln\u00f6ke (1909\u201320). A Szent Istv\u00e1n \u00e9rdemrend tulajdonosa volt. <br \/><strong>Irod.:<\/strong> Gudenus; Id\u0151t\u00e1r 2; Id\u0151t\u00e1r 3; Kornis; Lev\u00e9lt\u00e1ri gy\u00e1szj.; P\u00e1lmay<\/br><\/p>\n","protected":false},"excerpt":{"rendered":"<p>Bencenc, 1864. jan. 15., \u2020\u00a0Kv., 1920 szept. 3.: f\u0151isp\u00e1n. \u2013 L. K\u00e1lm\u00e1n (1827\u20131874) b\u00f6lcs\u00e9szdoktor \u00e9s s\u00e1rdi Sim\u00e9n Am\u00e1lia (1835-Mv., 1907. m\u00e1rc. 28) legkisebb fia. Feles\u00e9ge tarcsfalvi P\u00e1lffy Jozefa (1873- Kv., 1922. j\u00fan 30.). L\u00e1nyai: M\u00e1ria (Mici) Sztojanovocs Viktorn\u00e9 (1894\u20131985), Ilona (Lili) Kamerrer Guszt\u00e1vn\u00e9 (1903\u20132000) \u2013 vel\u00fck a sz\u00e1rhegyi gr. L. csal\u00e1d le\u00e1ny\u00e1gon is kihalt. \u2013 [&hellip;]<\/p>\n","protected":false},"featured_media":0,"comment_status":"open","ping_status":"closed","template":"","meta":[],"product_brand":[],"product_cat":[137],"product_tag":[],"class_list":{"0":"post-13781","1":"product","2":"type-product","3":"status-publish","5":"product_cat-maros-megyei-eletrajzi-lexikon","7":"first","8":"instock","9":"shipping-taxable","10":"product-type-simple"},"_links":{"self":[{"href":"https:\/\/uj.adatbank.ro\/lexikon\/wp-json\/wp\/v2\/product\/13781","targetHints":{"allow":["GET"]}}],"collection":[{"href":"https:\/\/uj.adatbank.ro\/lexikon\/wp-json\/wp\/v2\/product"}],"about":[{"href":"https:\/\/uj.adatbank.ro\/lexikon\/wp-json\/wp\/v2\/types\/product"}],"replies":[{"embeddable":true,"href":"https:\/\/uj.adatbank.ro\/lexikon\/wp-json\/wp\/v2\/comments?post=13781"}],"wp:attachment":[{"href":"https:\/\/uj.adatbank.ro\/lexikon\/wp-json\/wp\/v2\/media?parent=13781"}],"wp:term":[{"taxonomy":"product_brand","embeddable":true,"href":"https:\/\/uj.adatbank.ro\/lexikon\/wp-json\/wp\/v2\/product_brand?post=13781"},{"taxonomy":"product_cat","embeddable":true,"href":"https:\/\/uj.adatbank.ro\/lexikon\/wp-json\/wp\/v2\/product_cat?post=13781"},{"taxonomy":"product_tag","embeddable":true,"href":"https:\/\/uj.adatbank.ro\/lexikon\/wp-json\/wp\/v2\/product_tag?post=13781"}],"curies":[{"name":"wp","href":"https:\/\/api.w.org\/{rel}","templated":true}]}}