{"id":13785,"date":"2025-07-15T12:39:56","date_gmt":"2025-07-15T10:39:56","guid":{"rendered":"https:\/\/uj.adatbank.ro\/lexikon\/termek\/lazar-janos-csikvacsarcsi-id\/"},"modified":"2025-07-15T12:39:56","modified_gmt":"2025-07-15T10:39:56","slug":"lazar-janos-csikvacsarcsi-id","status":"publish","type":"product","link":"https:\/\/uj.adatbank.ro\/lexikon\/termek\/lazar-janos-csikvacsarcsi-id\/","title":{"rendered":"L\u00c1Z\u00c1R J\u00e1nos, cs\u00edkvacs\u00e1rcsi, id."},"content":{"rendered":"<p>1792. \u00e1pr. 9.,\u2020 Mv.,1863. nov. 6.: a minorita-templom alatti kript\u00e1ba temett\u00e9k: gimn. tan\u00e1r, v\u00e1rosi szen\u00e1tor, f\u0151b\u00edr\u00f3. \u2013 Feles\u00e9ge: Peielle M\u00e1ria (1798. j\u00fan. 16.-Mv.,1864. jan. 7.). Gyermekeik: \u00c1d\u00e1m \u00fcgyv\u00e9d (Mv., 1821-Mv., 1891.), J\u00e1nos \u00fcgyv\u00e9d (1823\u20131883) feles\u00e9ge Reich Luiza (1833 \u2013 Bp., 1883. febr.1.); M\u00e1ria Antalfy G\u00e1born\u00e9; Laura Fischer Ferencn\u00e9; Benedek, mv.-i rend\u0151rkapit\u00e1ny; Gy\u00f6rgy; Ant\u00f3nia. \u2013 Tan\u00edtott a mv.-i rk. Gimn.-ban (1817\u201328) \u00e9s ebben a min\u0151s\u00e9g\u00e9ben k\u00e9pviselte (\u20131863) az iskol\u00e1t a Gecse-f\u00e9le alap\u00edtv\u00e1nyi bizotts\u00e1gban. K\u00e9s\u0151bb a v\u00e1ros szolg\u00e1lat\u00e1ba l\u00e9pett, szen\u00e1tor, majd t\u00f6bb \u00edzben f\u0151b\u00edr\u00f3 (1833\u201336; 1842; 1847\u201349, 1852). Szervez\u0151 \u00e9s hozz\u00e1\u00e9rt\u0151 v\u00e1rospolitikus, aki a korm\u00e1nynak bizalmasa volt. el\u0151ny\u00f6ket is \u00e9lvezett a v\u00e1ros a kir\u00e1lyi ad\u00f3n kiv\u00fcl egy\u00e9b k\u00f6zterhet nem viselt. Mint f\u0151b\u00edr\u00f3, megszervezte a mv.-i nemzeti polg\u00e1r\u0151rs\u00e9get \u00e9s megszabta m\u0171k\u0151d\u00e9si szab\u00e1lyzat\u00e1t, amelyet a v\u00e1rosi tan\u00e1cs j\u00f3v\u00e1hagyott (1848. \u00e1pr. 18.). Az \u00f6nk\u00e9ntes nemzeti polg\u00e1r\u0151rs\u00e9g parancsnoka, (1848. j\u00fan.15.- 1848. szept. 22.), ezut\u00e1n lemondott. At\u00e1llt az ellens\u00e9g oldal\u00e1ra, elfogatta \u00e9s t\u00faszk\u00e9nt \u00e1tadta az osztr\u00e1koknak gr\u00f3f L\u00e1z\u00e1r J\u00f3zsefet, b\u00e1r\u00f3 Kem\u00e9ny P\u00e1lt, Berzenczey Ferencet, Gy\u00e1rf\u00e1s Domokost, T\u00f6r\u00f6k J\u00e1nost akiket tov\u00e1bbi hat polg\u00e1rral Szebenbe sz\u00e1ll\u00edtanak (1848. nov). A forradalom idej\u00e9n, K\u00e9s\u0151bb Bem alt\u00e1bornagy az osztr\u00e1kokat h\u0171en kiszolg\u00e1l\u00f3 L. J.-t. elt\u00e1vol\u00edtotta a f\u0151b\u00edr\u00f3i sz\u00e9kb\u0151l (1849. jan. 14.), de amikor fordulat \u00e1llott be \u00e9s az osztr\u00e1kok kerekedtek fel\u00fcl \u00fajra elfoglalta f\u0151b\u00edr\u00f3i sz\u00e9k\u00e9t (1849. okt). \u00d6ssze\u00e1ll\u00edtotta a kimutat\u00e1st azok neveir\u0151l \u2019\u2019akik V\u00e1s\u00e1rhelyen a n\u00e9pet izgatt\u00e1k az osztr\u00e1k korm\u00e1ny \u00e9s ezen korm\u00e1ny emberei ellen\u2019\u2019 A sz\u00e9kely v\u00e9rtan\u00fak kiv\u00e9gz\u00e9s\u00e9n\u00e9l is a lelkiismeretes hivatalnok tiszt\u00e9t t\u00f6lt\u00f6tte be, \u00e1ll\u00edt\u00f3lag amikor a h\u00e1rom v\u00e9rtan\u00fa hal\u00e1lb\u0171netet\u00e9s\u00e9t a polg\u00e1rs\u00e1g goly\u00f3 \u00e1ltalira k\u00e9rte v\u00e1ltoztatni ezt mondta \u2019\u2019el\u00e9g fa van a v\u00e1ros erdein az ilyen sz\u00e9p madarak sz\u00e1m\u00e1ra,\u2019\u2019 a kiv\u00e9gz\u00e9skor kiment a postar\u00e9ti veszt\u0151helyre szem\u00e9lyesen meggy\u0151z\u0151dni arr\u00f3l hogy a bit\u00f3fa magass\u00e1ga megfelel-e az el\u0151\u00edr\u00e1sos h\u00e1rom \u00f6lnek, mialatt az \u00edt\u00e9letv\u00e9grehajt\u00f3 biztossal Gyursits \u0151rnaggyal szellemess\u00e9ggekkel t\u00e1rsalgott, a kiv\u00e9gz\u00e9s ut\u00e1n meg szem\u00e9lyesen j\u00e1rt h\u00e1zr\u00f3l h\u00e1zra oltottmeszet rekvir\u00e1lni a meggyilkolt h\u0151s\u00f6k tetemeinek eltakar\u00edt\u00e1s\u00e1hoz. Cs\u00e1sz\u00e1ri h\u0171s\u00e9g\u00e9\u00e9rt Arany\u00e9rdemrenddel t\u00fcntett\u00e9k ki (1849 \u0151sz\u00e9n). I. Ferenc J\u00f3zsef mv.-i l\u00e1togat\u00e1sa alkalm\u00e1val (1852. j\u00fal. 31.) kisebbfok\u00fa rendjelet kapott, amit h\u00edzelg\u0151 besz\u00e9ddel k\u00f6sz\u00f6nt meg a piact\u00e9ri G\u00f6r\u00f6g h\u00e1zban megtartott udvari esteb\u00e9den. A minorita templom alatti kript\u00e1ban nyugszik. A Mv.-i Kaszino alap\u00edt\u00f3tagja, egyik igazgat\u00f3ja volt (1832). <br \/><strong>Irod.:<\/strong> 1848\u20131849 Marossz\u00e9k; 1848\u20131849 Transilvania; Bi\u00e1s Istv\u00e1n, Fodor\u2013Bal\u00e1s; Erd\u00e9lyi Napl\u00f3 (2004. m\u00e1rc. 10. sz.); Gy\u00e1szjelent\u0151; Id\u0151t\u00e1r 2; Kr\u00f3n. F\u00fcz. (1939. 4\/6); ); Minorit\u00e1k; Nistor, Ioan: Decorarea lui A. Iancu (Buc., 1931); P\u00e1l-Antal; P\u00e1l-Antal 2002; P\u00e1l-Antal 2009; Szentgy\u00f6rgyi; T\u00f3falvi Zolt\u00e1n: 1848 m\u00e1rc.-a a Sz\u00e9kelyf\u00f6ld\u00f6n, Mv.-en (N\u00fa., 1998. m\u00e1rc. 12\u201313.)<\/br><\/p>\n","protected":false},"excerpt":{"rendered":"<p>1792. \u00e1pr. 9.,\u2020 Mv.,1863. nov. 6.: a minorita-templom alatti kript\u00e1ba temett\u00e9k: gimn. tan\u00e1r, v\u00e1rosi szen\u00e1tor, f\u0151b\u00edr\u00f3. \u2013 Feles\u00e9ge: Peielle M\u00e1ria (1798. j\u00fan. 16.-Mv.,1864. jan. 7.). Gyermekeik: \u00c1d\u00e1m \u00fcgyv\u00e9d (Mv., 1821-Mv., 1891.), J\u00e1nos \u00fcgyv\u00e9d (1823\u20131883) feles\u00e9ge Reich Luiza (1833 \u2013 Bp., 1883. febr.1.); M\u00e1ria Antalfy G\u00e1born\u00e9; Laura Fischer Ferencn\u00e9; Benedek, mv.-i rend\u0151rkapit\u00e1ny; Gy\u00f6rgy; Ant\u00f3nia. \u2013 Tan\u00edtott [&hellip;]<\/p>\n","protected":false},"featured_media":0,"comment_status":"open","ping_status":"closed","template":"","meta":[],"product_brand":[],"product_cat":[137],"product_tag":[],"class_list":{"0":"post-13785","1":"product","2":"type-product","3":"status-publish","5":"product_cat-maros-megyei-eletrajzi-lexikon","7":"first","8":"instock","9":"shipping-taxable","10":"product-type-simple"},"_links":{"self":[{"href":"https:\/\/uj.adatbank.ro\/lexikon\/wp-json\/wp\/v2\/product\/13785","targetHints":{"allow":["GET"]}}],"collection":[{"href":"https:\/\/uj.adatbank.ro\/lexikon\/wp-json\/wp\/v2\/product"}],"about":[{"href":"https:\/\/uj.adatbank.ro\/lexikon\/wp-json\/wp\/v2\/types\/product"}],"replies":[{"embeddable":true,"href":"https:\/\/uj.adatbank.ro\/lexikon\/wp-json\/wp\/v2\/comments?post=13785"}],"wp:attachment":[{"href":"https:\/\/uj.adatbank.ro\/lexikon\/wp-json\/wp\/v2\/media?parent=13785"}],"wp:term":[{"taxonomy":"product_brand","embeddable":true,"href":"https:\/\/uj.adatbank.ro\/lexikon\/wp-json\/wp\/v2\/product_brand?post=13785"},{"taxonomy":"product_cat","embeddable":true,"href":"https:\/\/uj.adatbank.ro\/lexikon\/wp-json\/wp\/v2\/product_cat?post=13785"},{"taxonomy":"product_tag","embeddable":true,"href":"https:\/\/uj.adatbank.ro\/lexikon\/wp-json\/wp\/v2\/product_tag?post=13785"}],"curies":[{"name":"wp","href":"https:\/\/api.w.org\/{rel}","templated":true}]}}