{"id":13789,"date":"2025-07-15T12:40:03","date_gmt":"2025-07-15T10:40:03","guid":{"rendered":"https:\/\/uj.adatbank.ro\/lexikon\/termek\/lazar-janos-gyalakuti-gr\/"},"modified":"2025-07-15T12:40:03","modified_gmt":"2025-07-15T10:40:03","slug":"lazar-janos-gyalakuti-gr","status":"publish","type":"product","link":"https:\/\/uj.adatbank.ro\/lexikon\/termek\/lazar-janos-gyalakuti-gr\/","title":{"rendered":"L\u00c1Z\u00c1R J\u00e1nos, gyalakuti gr."},"content":{"rendered":"<p>Gyulakuta, 1755., \u2020\u00a01800, temetve: Sz\u00e1szsebes a Ferences bar\u00e1tok s\u00edrboltj\u00e1ba: f\u00f6ldes\u00far, kir. kamar\u00e1s, t\u00e1blai \u00fcln\u00f6k. \u2013 J\u00e1nos (1703\u20131772) \u00e9s sz\u00e9ki Teleki Kata (\u2020 1758) fia. Feles\u00e9ge: g\u00f6ncruszkai gr. Kornis Anna (1758. aug. 31.- Drass\u00f3, 1814. nov. 10., temetve a Sz\u00e1szsebes, Freneces templomba), esk\u00fcv\u0151j\u00e9n (B\u00e9cs, 1776. nov. 18.) kat. lett. Vele a gyalakuti \u00e1g r\u00e9gi vall\u00e1s\u00e1ra t\u00e9rt, \u00e9s \u00edgy ez \u00e1g is kihal\u00e1saig a katolikus hit mellett maradt. Gyermekeik: J\u00e1nos (\u2020), Gy\u00f6rgy (\u2020), Istv\u00e1n (Gyulakuta, 1779.,aug. 6 \u2020 1831, nov 18, temetve Mikh\u00e1za), Anna csillagkereszted h\u00f6lgy gr. Batthy\u00e1ni J\u00f3zsefn\u00e9 (1787\u20131831. j\u00fal 24), J\u00f3zsef (1783\u20131831. j\u00fal. 12), akivel kihalt a L\u00e1z\u00e1rok gyulakuti \u00e1ga. \u2013 A ref. egyh\u00e1z patr\u00f3nusak\u00e9nt seg\u00edtett \u00fajj\u00e1\u00e9p\u00edteni a parochi\u00e1lis h\u00e1zat (1773). H\u00fasz \u00e9ves kor\u00e1ban m\u00e1r az erd\u00e9lyi kir. t\u00e1bla tagj\u00e1nak nevezt\u00e9k ki (1775); uo. \u00fcln\u00f6k (1780). B\u00e1r\u00f3s\u00e1got (1773), \u00e9s gr\u00f3fi rangot (1775) kapott,  Hivatalr\u00f3l lemondott \u00e9s j\u00f3sz\u00e1gaira Gyulakut\u00e1ra telepedett (1786). Ref.-r\u00f3l r. k. vall\u00e1sra t\u00e9r\u00edtette a feles\u00e9ge, aki vall\u00e1si t\u00fcrelmetlens\u00e9g\u00e9vel sok bajt okozott a szeg\u00e9ny jobb\u00e1gyainak. Az ogy.-en kir. hivatalos volt (1790 \u00e9s 1792). V\u00e9g\u00fcl saj\u00e1t birtokait b\u00e9rbe adta, \u00e9s elhagyta Gyulakut\u00e1t (1796).Tulajdon\u00e1ba ker\u00fclt a remeteszegi \u00e9s a h\u00eddv\u00e9gi birtok. <br \/><strong>Irod.:<\/strong> Bir\u00f3 J\u00f3zsef. A bonchidai B\u00e1nffy-kast\u00e9ly csal\u00e1di arck\u00e9pei = Lyka eml\u00e9kk.; Gudenus; Gy\u00f6rgy: A ferencrendiek; Gyulakuta \u00e9s egyh\u00e1za; Kelemen Lajos 2006; L\u00e9sty\u00e1n \u2013 templomok 1.; Lev\u00e9lt\u00e1ri gy\u00e1szj.; Nagy Iv\u00e1n; Remeteszeg; Veress Endre 1917.<\/br><\/p>\n","protected":false},"excerpt":{"rendered":"<p>Gyulakuta, 1755., \u2020\u00a01800, temetve: Sz\u00e1szsebes a Ferences bar\u00e1tok s\u00edrboltj\u00e1ba: f\u00f6ldes\u00far, kir. kamar\u00e1s, t\u00e1blai \u00fcln\u00f6k. \u2013 J\u00e1nos (1703\u20131772) \u00e9s sz\u00e9ki Teleki Kata (\u2020 1758) fia. Feles\u00e9ge: g\u00f6ncruszkai gr. Kornis Anna (1758. aug. 31.- Drass\u00f3, 1814. nov. 10., temetve a Sz\u00e1szsebes, Freneces templomba), esk\u00fcv\u0151j\u00e9n (B\u00e9cs, 1776. nov. 18.) kat. lett. Vele a gyalakuti \u00e1g r\u00e9gi vall\u00e1s\u00e1ra t\u00e9rt, [&hellip;]<\/p>\n","protected":false},"featured_media":0,"comment_status":"open","ping_status":"closed","template":"","meta":[],"product_brand":[],"product_cat":[137],"product_tag":[],"class_list":{"0":"post-13789","1":"product","2":"type-product","3":"status-publish","5":"product_cat-maros-megyei-eletrajzi-lexikon","7":"first","8":"instock","9":"shipping-taxable","10":"product-type-simple"},"_links":{"self":[{"href":"https:\/\/uj.adatbank.ro\/lexikon\/wp-json\/wp\/v2\/product\/13789","targetHints":{"allow":["GET"]}}],"collection":[{"href":"https:\/\/uj.adatbank.ro\/lexikon\/wp-json\/wp\/v2\/product"}],"about":[{"href":"https:\/\/uj.adatbank.ro\/lexikon\/wp-json\/wp\/v2\/types\/product"}],"replies":[{"embeddable":true,"href":"https:\/\/uj.adatbank.ro\/lexikon\/wp-json\/wp\/v2\/comments?post=13789"}],"wp:attachment":[{"href":"https:\/\/uj.adatbank.ro\/lexikon\/wp-json\/wp\/v2\/media?parent=13789"}],"wp:term":[{"taxonomy":"product_brand","embeddable":true,"href":"https:\/\/uj.adatbank.ro\/lexikon\/wp-json\/wp\/v2\/product_brand?post=13789"},{"taxonomy":"product_cat","embeddable":true,"href":"https:\/\/uj.adatbank.ro\/lexikon\/wp-json\/wp\/v2\/product_cat?post=13789"},{"taxonomy":"product_tag","embeddable":true,"href":"https:\/\/uj.adatbank.ro\/lexikon\/wp-json\/wp\/v2\/product_tag?post=13789"}],"curies":[{"name":"wp","href":"https:\/\/api.w.org\/{rel}","templated":true}]}}