{"id":13790,"date":"2025-07-15T12:40:05","date_gmt":"2025-07-15T10:40:05","guid":{"rendered":"https:\/\/uj.adatbank.ro\/lexikon\/termek\/lazar-janos-lazar-joannes-lazar-ioan-gyulakuti-br\/"},"modified":"2025-07-15T12:40:05","modified_gmt":"2025-07-15T10:40:05","slug":"lazar-janos-lazar-joannes-lazar-ioan-gyulakuti-br","status":"publish","type":"product","link":"https:\/\/uj.adatbank.ro\/lexikon\/termek\/lazar-janos-lazar-joannes-lazar-ioan-gyulakuti-br\/","title":{"rendered":"L\u00c1Z\u00c1R J\u00e1nos, Lazar Joannes, L\u00e1z\u00e1r Ioan, gyulakuti br."},"content":{"rendered":"<p>Segesv\u00e1r, 1703. szept. 6., \u2020 Gyulakuta, 1772. nov. 26.: \u00edr\u00f3, k\u00f6lt\u0151, f\u0151korm\u00e1nysz\u00e9ki tan\u00e1csos, ogy. eln\u00f6ke, cs. k. f\u0151vad\u00e1szmester, v. t. b. t.. \u2013 L. Gy\u00f6rgy (\u20201776) \u00e9s Bethlen Judith (1683\u20131709) fia, Ifj. K\u00f6les\u00e9ri S\u00e1muel mostohafia. Feles\u00e9ge: sz\u00e9ki gr.Teleki Anna (\u2020 Szeben, 1758. \u00e1pr. 2.) (esk\u00fcv\u0151 1737). Gyermekeik: Imre (1743\u20131761), Anna, J\u00e1nos (1755\u20131800). \u2013 A nagyenyedi koll.-ban P\u00e1pai-P\u00e1riz Ferenct\u0151l tanult filoz\u00f3fi\u00e1t (1716). Az erd\u00e9lyi korm\u00e1nysz\u00e9k tisztvisel\u0151je (1719\u2013); az Apafi \u00f6r\u00f6k\u00f6s\u00f6k \u00fcgy\u00e9ben B\u00e9csben tart\u00f3zkodott (1725\u2013). M\u00e1r hivatalba volt, amikor k\u00fclf\u00f6ldre ment, a marburgi egyetemen tanult (1728\u20131731), Christian Wolff kedvelt tan\u00edtv\u00e1nya volt, az ott megismert tud\u00f3sokkal hazat\u00e9r\u00e9se ut\u00e1n is levelezett. Hazat\u00e9rte ut\u00e1n folytatta hivatalos m\u0171k\u00f6d\u00e9s\u00e9t, mely lassank\u00e9nt f\u0151korm\u00e1nysz\u00e9ki eln\u00f6ks\u00e9gre emelte, k\u00f6zben b\u00e1r\u00f3s\u00e1got (1729. dec. 29), majd gr\u00f3fs\u00e1got (1750 okt. 26) nyert a maga \u00e9s gyermekei sz\u00e1m\u00e1ra. Az erd\u00e9lyi kir. t\u00e1bla \u00fcln\u00f6ke (1736\u2013). Megv\u00e1dolt\u00e1k, hogy kapcsolatot tartott fenn R\u00e1k\u00f3czi J\u00f3zseffel, II. R\u00e1k\u00f3czi Ferenc fi\u00e1val ez\u00e9rt \u00f6sszeesk\u00fcv\u00e9s v\u00e1dj\u00e1val a kir\u00e1ly parancs\u00e1ra elfogt\u00e1k, Szebenbe (1738. m\u00e1rc.\u2013), majd Brass\u00f3ba vitt\u00e9k de \u00e1rtatlannak bizonyult, ez\u00e9rt (1738. dec. 23) szabadon engedt\u00e9k, s ism\u00e9t a mv.-i kir. t\u00e1bla \u00fcln\u00f6ke lett. Az erd\u00e9lyi rendek k\u00f6vetek\u00e9nt B\u00e9csben j\u00e1rt (1742). Bels\u0151-Szolnok vm. f\u0151isp\u00e1nja (1742\u201346); a kir. t\u00e1bla eln\u00f6ke (1746\u2013), az erd\u00e9lyi ogy. k\u00f6vetek\u00e9nt a fizetend\u0151 ad\u00f3k t\u00e1rgy\u00e1ban k\u00f6vets\u00e9gben j\u00e1rt B\u00e9csben (1749), az ogy. eln\u00f6ke (1749\u2013). Az Erd\u00e9lyi Mez\u0151gazdas\u00e1gi Egyes\u00fclet eln\u00f6k\u00e9v\u00e9 v\u00e1lasztott\u00e1k (1769. m\u00e1j. 1.\u20131770. dec. 3.). A szamosujv\u00e1ri \u00f6rm\u00e9nyekt\u0151l az ezen uradalomhoz tartoz\u00f3 kerl\u00e9si \u00e9s kentelki birtokokra biztos\u00edt\u00e1st nyert (1750\u2013), hogy 90 \u00e9vig nem h\u00e1borgatj\u00e1k. Az erd\u00e9lyi rendek k\u00e9s\u0151bb f\u0151korm\u00e1nyz\u00f3nak is jel\u00f6lt\u00e9k, de a kir\u00e1lyn\u0151 m\u00e1st nevezett ki. A sz\u00e9kelyek megmozdul\u00e1sa idej\u00e9n (1763\u201364) Bucow \u201ct\u0151rbe csalta\u201d s elv\u00e1llalta a sz\u00e9kely hat\u00e1r\u0151rs\u00e9g megalak\u00edt\u00e1s\u00e1nak adminisztr\u00e1l\u00e1s\u00e1t, s \u00edgy r\u00e9sze volt a mad\u00e9falvi v\u00e9rengz\u00e9sben. A l\u00e1zad\u00f3k leszerel\u00e9s\u00e9re kik\u00fcld\u00f6tt bizotts\u00e1g eln\u00f6ke. A bizotts\u00e1g a sz\u00e9kelyeket, kiv\u00e1lts\u00e1gaik megs\u00e9rt\u00e9s\u00e9vel, hat\u00e1r\u0151rszolg\u00e1latra akarta k\u00f6telezni, aminek az lett a k\u00f6vetkezm\u00e9nye, hogy a cs\u00e1sz\u00e1ri katonas\u00e1g megt\u00e1madta a sz\u00e9kelyeket, a v\u00e9rengz\u00e9s k\u00f6zismerten az \u00fan. m\u00e1d\u00e9falvi veszedelem. F\u0151korm\u00e1nysz\u00e9ki tan\u00e1csos nyugd\u00edjaz\u00e1s\u00e1ig (1768\u20131771). Az erd\u00e9lyi ref. egyh\u00e1zker. f\u0151gondnoka (1748-t\u00f3l). A mv.-i ref. koll. f\u0151gondnoka (1735\u201364) \u00e9s lelkes t\u00e1mogat\u00f3ja anyagilag is. Hathat\u00f3s seg\u00edts\u00e9g\u00e9vel \u00e9s anyagi t\u00e1mogat\u00e1s\u00e1val \u00e9p\u00fclt a koll. nyugatra n\u00e9z\u0151, 9 szob\u00e1b\u00f3l \u00e1ll\u00f3 \u00e9p\u00fcletr\u00e9sze (1767). Mint a gyulakuti gy\u00fclekezet patr\u00f3nusa t\u00e1mogatta az egyh\u00e1zat, b\u0151v\u00edtette \u00e9s \u00e1t\u00e9p\u00edtette a templomot (1756), \u00faj harangot adom\u00e1nyozott (1768), meg\u00faj\u00edttatta a tornyot. Feles\u00e9ge m\u00e9g ma is meglev\u0151, \u00e9rt\u00e9kes feh\u00e9r \u00farasztali ter\u00edt\u0151t adom\u00e1nyozott. Birtokainak nagyobb r\u00e9sze a v\u00e1ros hat\u00e1r\u00e1val szomsz\u00e9dos B\u00e1rdoson volt. Megh\u00edvta a v\u00e1ros k\u00e9pvisel\u0151it a kir. t\u00e1bl\u00e1ra, hogy Remeteszeg \u00e9s Mv. hat\u00e1rv\u00e9g\u00e9re a Maroson k\u00f6z\u00f6s k\u00f6lts\u00e9gen \u00e9s k\u00f6z\u00f6s v\u00e1mszed\u00e9s joga mellett egy h\u00edd\u00e9p\u00edt\u00e9s lehet\u0151s\u00e9g\u00e9t megbesz\u00e9lje. Kiterjedt levelez\u00e9st folytatott az erd\u00e9lyi tud\u00f3sokkal \u00e9s a ref. p\u00fcsp\u00f6k\u00f6kkel. Kora nagy tud\u00f3s f\u00e9rfi\u00faja, Erd\u00e9ly oraculuma volt, akit d\u00e1ciai Janusnak s m. Apoll\u00f3nak, Erd\u00e9lyi Janus Pannoniusnak, kora Vergilius\u00e1nak neveztek. Besz\u00e9lte a m., a n\u00e9met, szl\u00e1v, francia, olasz, angol, t\u00f6r\u00f6k, g\u00f6r\u00f6g, zsid\u00f3 \u00e9s perzsa nyelveket. Ifj\u00fakor\u00e1ban sokat utazgatott. Vars\u00f3ban \u00e9s Berlinben k\u00f6vets\u00e9get viselt. Hosszabb ideig Konstantin\u00e1polyban is tart\u00f3zkodott, ahol a t\u00f6r\u00f6k\u00f6k hadi dolgair\u00f3l sz\u00f3l\u00f3 k\u00f6nyvet t\u00f6r\u00f6kb\u0151l franci\u00e1ra ford\u00edtotta \u00e9s kiadta (B\u00e9csben, 1766-ban), valamint H\u00e1fisz perzsa k\u00f6lt\u0151 \u00f3d\u00e1it latinra \u00fcltette \u00e1t. Mv.-re vonatkoz\u00f3 munk\u00e1ja: Oratio inauguralis de intellectus et vollunlatis emendatione. Egy latin k\u00e9z\u00edrati m\u0171ve: Epistola de officiis quae gessit. Mag\u00e1n- \u00e9s hivatalos levelei, k\u00e9relmei \u00e9s besz\u00e9deinek fogalmazv\u00e1nyai, \u00fcdv\u00f6zl\u0151 versei, fogs\u00e1g\u00e1ra \u00e9s a mad\u00e9falvi esem\u00e9nyekre vonatkoz\u00f3 iratok, hozz\u00e1k\u00fcld\u00f6tt levelek a mv.-i Ref. Koll. K\u00f6nyvt\u00e1ra oklev\u00e9lt\u00e1r\u00e1ban vannak. Latin halotti verseket \u00e9s lakodalmi \u00e9nekeket \u00edrt. Versben \u00f6r\u00f6k\u00edtette meg M\u00e1ria Ter\u00e9zia koron\u00e1z\u00e1s\u00e1t, az 1741. \u00e9vi nemesi felkel\u00e9st \u00e9s II. J\u00f3zsef sz\u00fclet\u00e9s\u00e9t.. M. nyelv\u0171 versei moraliz\u00e1l\u00f3 elm\u00e9lked\u00e9sek; \u00edrt im\u00e1ds\u00e1gokat \u00e9s epikus k\u00f6ltem\u00e9nyt is \u00cdrt n\u00e9met\u00fcl, franci\u00e1ul, olaszul, spanyolul \u00e9s rom\u00e1nul is. Francia nyelv\u0171 \u00fatirajzot adott ki, franci\u00e1b\u00f3l f\u00f6ldrajzk\u00f6nyvet \u00e9s templomi \u00e9nekeket, Christian Wolff \u00e9s Voltaire m\u0171veib\u0151l ford. Az egyik legels\u0151 m. Voltaire-ford\u00edt\u00f3, de latin nyelv\u0171 Voltaire-ford\u00edt\u00e1sai k\u00e9ziratban maradtak. A Tractatus de tolerantia, editus a Voltaire, e gallico in latinum translatus \u00e9s Politica Christiani Wolfii c. k\u00e9ziratban maradt m\u0171veit a gyulafeh\u00e9rv\u00e1ri Batthy\u00e1ny-k\u00f6nyvt\u00e1r \u0151rzi, m\u00e1sokat a Teleki T\u00e9ka (pl. Epistola de officiis quae gessit). Dac\u00e1ra sokoldal\u00fa kiv\u00e1l\u00f3s\u00e1g\u00e1nak, s\u00edrj\u00e1ban m\u00e9gis nemzet\u00e9nek \u00e1tka s\u00falytja, hiszen mint az osztr\u00e1k cs\u00e1sz\u00e1ri h\u00e1z buzg\u00f3 h\u00edve, r\u00e9szese volt a \u201emad\u00e9falvi veszedelemnek\u201d, \u0151 tartotta az \u00fan. fegyverbe csalogat\u00f3 besz\u00e9det (1763 nov.14). Nemzete ellen elk\u00f6vetett b\u0171ne miatt, hal\u00e1lakor, nem kapott helyet a templomban, a falu feletti kript\u00e1ba temett\u00e9k el, de ma a kript\u00e1nak nyoma sincs. Hal\u00e1l\u00e1ra a mv.-i koll\u00e9gium di\u00e1kjai gy\u00e1szverseket szereztek, Kov\u00e1sznai S\u00e1ndor halotti k\u00f6ltem\u00e9nyt \u00edrt. \u2013 <strong>F. m.:<\/strong> Lessus funeralis in tristi obitu illustr. dni Samuelis K\u00f6les\u00e9ri de Keres-Eer, anno 1732. die 24. Decembris denati, et ejusdem mensis die penultima in templo Cibiniensium tumulati. (Hely n.); Oratio inauguralis de intellectus et volluntatis emendatione. Quam, dum celeberrimum dominum Samuelem R. Szombati, in rectorem et professorem illustris collegii S. P. Marus-V\u00e1s\u00e1rhelyensis introduceret, publice proposuit&#8230; collegii curator suppremus in auditorio die 28. Apr. a. 1735. (Claudiopoli, 1735); Difformitas mulierum, carmine epithalamico in nuptiis dni Francisci T. Tsepregi, ad lyram amicam modulata. (Claudiopoli, 1737); Descriptio et explicatio imaginum inscultarum numismati. N\u00e9vtelen\u00fcl (B\u00e9cs, 1742); Versus mnemonici summaria et numeros tituloram operis decreti Tripartiti juris&#8230; (Nagyszeben, 1744); Dona et bona corporis, animae, et fortunae. Nuper in illustr. dum viveret S. R. I. comite Michaele Teleki de Sz\u00e9k, regii in Transilvania gubernii consiliario, et exactoratus in Transilvania provincialis praeside conspicua; nunc occidua: et carmine amico defleta&#8230; (Hely n\u00e9lk\u00fcl, 1745); Okos teremtett \u00e1llat : im\u00e1ds\u00e1gok (Kv., 1745); Carmen epithalamicum Gabrielis comitis de Bethlen et Josephae com. e. Khevenh\u00fcller honoribus dicatam.(Kv., 1756); Saltus naturae in praematura morteillustrissimi adolescentis Emerici comitis L\u00e1z\u00e1r filii Joannis c. Lazar \u2026 e conjuge dum viveret sua Catharina S. R. I. comite Teleki de Sz\u00e9k \u2026 anno 1761. denati, adumbratus et carmine lugubri defletus a patre. (Vindobonae, 1762); Musae Transilvanico-Siculae ad fontem acidum L\u00f6vetensem ludentes (Szeben, 1762); Opera poetica varii argumenti (Kv., 1765); Florinda&#8230; (Szeben, 1766 ; Pest, 1791); K\u00fcl\u00f6mb-k\u00fcl\u00f6mbf\u00e9le vil\u00e1gi dolgokat \u00e9s erk\u00f6lcs\u00f6kre szabogat\u00f3 m. versek. (Kibocs\u00e1totta Petki Nagy S\u00e1muel ; sajt\u00f3 al\u00e1 rendezte Zilahi S\u00e1muel, h. n., 1795); Voyages Historiques (Br\u00fcsszel, 1804); <strong>ford.:<\/strong>. Lenglet du Fresnoy: R\u00f6viden egybefoglalt gyermekek geographi\u00e1ja (Szeben, 1750); Innepnapokra val\u00f3 isteni dics\u00e9retek. Ford. franci\u00e1b\u00f3l (Kv., 1760). <br \/><strong>Irod.:<\/strong> \u00c1rva Bethlen K.; Bicsok-Orb\u00e1n, Bozac-Pavel; Guly\u00e1s; Gy\u00f6rgy: A ferencrendiek; Gyulakuta \u00e9s egyh\u00e1za; Halotti besz\u00e9dek; Hor\u00e1nyi; Id\u0151t\u00e1r 1; Koczi\u00e1ny L\u00e1szl\u00f3: Komment\u00e1rok L. J. kiadatlan verseihez =Kov\u00e1sznai S\u00e1ndor: Az \u00e9sz igaz \u00fatj\u00e1n. (Buk., 1970); Koncz; Gr\u00f3f L. J. r\u00f6vid \u00e9letrajza =  Kov\u00e1sznai; Kr\u00f3n. F\u00fcz. (1940. 4\/10); L\u00e1z\u00e1r Mikl\u00f3s: A gr\u00f3f L. csal\u00e1d (Kv., 1858); L\u00e9sty\u00e1n \u2013 templomok 1.; A magyar pr\u00f3za k\u00f6nyve (Bp., 1942); MAM\u0170L; Maros \u2013 m\u0171eml\u00e9kek; M\u00c9L; MNL; M\u0171vt\u00f6rt. T. 1979; Nagy Iv\u00e1n; Pallas Lexikon; Pint\u00e9r; Remeteszeg; RMK III\/18.sz.; RNL; R\u00f3th: Sz\u00fcletett nyelv\u00fcnk\u00f6n; R\u00f3th Andr\u00e1s Lajos: Patr\u00f3nusok szerepe a magyar nyelvet v\u00e9delmez\u0151 k\u00f6nyvkiad\u00e1sban= K\u00f6nyves m\u0171velts\u00e9g; Sebesty\u00e9n Gyula: A m. honfoglal\u00e1s mond\u00e1i (Bp., 1904\u201305); Sebesty\u00e9n Mih\u00e1ly: Egy kollig\u00e1tum belvil\u00e1ga (V. Z., 1987. m\u00e1j. 24.); Szab\u00f3\u2013Sz\u00f6gi, Sz\u00e1deczky Kardos Lajos : A sz\u00e9kely hat\u00e1r\u0151rs\u00e9g szervez\u00e9se 1762\u201364-ben (Bp., 1908); Szinnyei; Toldy; Tolnai G\u00e1bor: Gr\u00f3f L.. J., a Voltaire-ford\u00edt\u00f3 (Kv., 1942), T\u00f3th Istv\u00e1n: A gyulafeh\u00e9rv\u00e1ri humanista k\u00f6lt\u00e9szet antol\u00f3gi\u00e1ja (Bp., 2001); \u00daIL; \u00daM\u00c9L; \u00daMIL, Veress; Zov\u00e1nyi<\/br><\/p>\n","protected":false},"excerpt":{"rendered":"<p>Segesv\u00e1r, 1703. szept. 6., \u2020 Gyulakuta, 1772. nov. 26.: \u00edr\u00f3, k\u00f6lt\u0151, f\u0151korm\u00e1nysz\u00e9ki tan\u00e1csos, ogy. eln\u00f6ke, cs. k. f\u0151vad\u00e1szmester, v. t. b. t.. \u2013 L. Gy\u00f6rgy (\u20201776) \u00e9s Bethlen Judith (1683\u20131709) fia, Ifj. K\u00f6les\u00e9ri S\u00e1muel mostohafia. Feles\u00e9ge: sz\u00e9ki gr.Teleki Anna (\u2020 Szeben, 1758. \u00e1pr. 2.) (esk\u00fcv\u0151 1737). Gyermekeik: Imre (1743\u20131761), Anna, J\u00e1nos (1755\u20131800). \u2013 A nagyenyedi [&hellip;]<\/p>\n","protected":false},"featured_media":0,"comment_status":"open","ping_status":"closed","template":"","meta":[],"product_brand":[],"product_cat":[137],"product_tag":[],"class_list":{"0":"post-13790","1":"product","2":"type-product","3":"status-publish","5":"product_cat-maros-megyei-eletrajzi-lexikon","7":"first","8":"instock","9":"shipping-taxable","10":"product-type-simple"},"_links":{"self":[{"href":"https:\/\/uj.adatbank.ro\/lexikon\/wp-json\/wp\/v2\/product\/13790","targetHints":{"allow":["GET"]}}],"collection":[{"href":"https:\/\/uj.adatbank.ro\/lexikon\/wp-json\/wp\/v2\/product"}],"about":[{"href":"https:\/\/uj.adatbank.ro\/lexikon\/wp-json\/wp\/v2\/types\/product"}],"replies":[{"embeddable":true,"href":"https:\/\/uj.adatbank.ro\/lexikon\/wp-json\/wp\/v2\/comments?post=13790"}],"wp:attachment":[{"href":"https:\/\/uj.adatbank.ro\/lexikon\/wp-json\/wp\/v2\/media?parent=13790"}],"wp:term":[{"taxonomy":"product_brand","embeddable":true,"href":"https:\/\/uj.adatbank.ro\/lexikon\/wp-json\/wp\/v2\/product_brand?post=13790"},{"taxonomy":"product_cat","embeddable":true,"href":"https:\/\/uj.adatbank.ro\/lexikon\/wp-json\/wp\/v2\/product_cat?post=13790"},{"taxonomy":"product_tag","embeddable":true,"href":"https:\/\/uj.adatbank.ro\/lexikon\/wp-json\/wp\/v2\/product_tag?post=13790"}],"curies":[{"name":"wp","href":"https:\/\/api.w.org\/{rel}","templated":true}]}}