{"id":13911,"date":"2025-07-15T12:44:09","date_gmt":"2025-07-15T10:44:09","guid":{"rendered":"https:\/\/uj.adatbank.ro\/lexikon\/termek\/lestyan-ferenc-%c2%a7-lestyan-ferenc\/"},"modified":"2025-07-15T12:44:09","modified_gmt":"2025-07-15T10:44:09","slug":"lestyan-ferenc-%c2%a7-lestyan-ferenc","status":"publish","type":"product","link":"https:\/\/uj.adatbank.ro\/lexikon\/termek\/lestyan-ferenc-%c2%a7-lestyan-ferenc\/","title":{"rendered":"L\u00c9STY\u00c1N Ferenc, \u00a7 Lesty\u00e1n Ferenc"},"content":{"rendered":"<p>Cs\u00edkszentkir\u00e1ly, 1913. febr. 12., \u2020 Sz\u00e9kelyudvarhely, 2008.j\u00fal.14., Csikszentkir\u00e1lyon temett\u00e9k el: r. k. lelk\u00e9sz, protonot\u00e1rius, p\u00e1pai prel\u00e1tus, vik\u00e1rius, egyh\u00e1zi \u00edr\u00f3, egyh\u00e1zt\u00f6rt\u00e9n\u00e9sz, teol\u00f3gus. \u2013 Cs\u00edkszered\u00e1ban a R. K. F\u0151gimn.&#8211;ban tanult, egy rendelet folyt\u00e1n Brass\u00f3ban egy rom\u00e1n gimn.-ban \u00e9retts\u00e9gizett (1932), fels\u0151bb tanulm\u00e1nyait Gyulafeh\u00e9rv\u00e1ron a Hittudom\u00e1nyi F\u0151iskol\u00e1ban v\u00e9gezte (1937), dr. Vorbuchner Adolf erd\u00e9lyi p\u00fcp\u00f6k szentelte papp\u00e1 (1937.m\u00e1rc. 13.). R. k. k\u00e1pl\u00e1n volt Gyergy\u00f3remet\u00e9n (1937\u201338), Sepsiszentgy\u00f6rgy\u00f6n (1938\u201339), Tord\u00e1n (1939\u201342), Kv.-on, pl\u00e9b\u00e1nos Boicz\u00e1n, Gyulafeh\u00e9rv\u00e1ron r\u00f6vid ideig p\u00fcsp\u00f6ki lev\u00e9lt\u00e1ros (1942\u2013). K\u00f6zben az Antonescu-diktat\u00fara idej\u00e9n koncepci\u00f3s perben a hat\u00f3s\u00e1gok jogtalanul meggyanus\u00edtott\u00e1k, a nagyszebeni hadb\u00edr\u00f3s\u00e1g el\u00e9 id\u00e9zt\u00e9k, \u00e1tsz\u00f6k\u00f6tt \u00c9.-Erd\u00e9lybe, hab\u00e1r hal\u00e1lra \u00edt\u00e9lt\u00e9k, az it\u00e9letet \u00edgy nem tudt\u00e1k v\u00e9grehajtani, csak n\u00e9gy \u00e9v m\u00falva kapott felment\u00e9st (1948). Kv.-ra ker\u00fclt (1943), majd Gyergy\u00f3ditr\u00f3ba helyezt\u00e9k helyettes pl\u00e9b\u00e1nosnak (1944), Cs\u00edknagyboldogasszonyon pl\u00e9b\u00e1nos (1945\u2013), D\u00e9sakn\u00e1n folytatta tev\u00e9kenys\u00e9g\u00e9t, ahol k\u00e9nyszerlakhelye volt (1952. jan. 1.\u20131953. aug. 6. \u00e9s 1954. j\u00fan. 6.\u20131955. j\u00fal. 31.), egy h\u00e9tig titkos ordin\u00e1riusk\u00e9nt is helyettes\u00edtette a b\u00f6rt\u00f6nben l\u00e9v\u0151 M\u00e1rton \u00c1ron p\u00fcsp\u00f6k\u00f6t, ordinarius substitutus (1952. febr. 4. \u2013). Letart\u00f3ztatt\u00e1k \u00e9s elvitt\u00e9k Pite\u015ftire, a kommunista koncepci\u00f3s perben k\u00e9t \u00e9vre it\u00e9lt\u00e9k, egy \u00e9v b\u00f6rt\u00f6nb\u0171ntet\u00e9s ut\u00e1n szabadult (1953\u201354). Kiszabadul\u00e1sa ut\u00e1n M\u00e1rton \u00c1ron p\u00fcsp\u00f6k Mv.-re rendelte, hogy \u00c1gotha Endr\u00e9t felv\u00e1ltsa \u00e9s t\u0151le \u00e1tvegye a k\u00e9t szerzetesi templomot: a Szent Imre ferences \u00e9s a Szent Antal minorita templomot, de a rend\u0151rs\u00e9g kiutas\u00edtotta \u00e9s visszaker\u00fclt D\u00e9sakn\u00e1ra (1954. j\u00fan. 6.\u20131955. j\u00fal. 31.).Kimutat\u00e1sa alapj\u00e1n a gyulafeh\u00e9rv\u00e1ri egyh\u00e1zmegy\u00e9ben 130 pap ker\u00fclt b\u00f6rt\u00f6nbe vagy k\u00e9nyszermunka-t\u00e1borba.A b\u00f6rt\u00f6nben 12-en haltak v\u00e9rtan\u00fahal\u00e1lt. A p\u00fcsp\u00f6ki int\u00e9zked\u00e9s ut\u00e1n visszamehetett Mv.-re, ahol a ferences templom igazgat\u00f3ja. Itt pl\u00e9b\u00e1nos (1956. jan. 1. \u201368), f\u0151esperes nyugalombavonul\u00e1s\u00e1ig (1968\u201392). A securitate megfigyeltette tev\u00e9kenys\u00e9g\u00e9t, levelez\u00e9s\u00e9t (1966, 1968 k.\u2013). M\u0171k\u00f6d\u00e9se idej\u00e9n lebontott\u00e1k a Mv. k\u00f6zpontj\u00e1ban l\u00e9v\u0151 Szent Imre ferences templomot \u00e9s kolostort \u00e9s helyette egy kult\u00farh\u00e1zb\u00f3l \u00e9p\u00fclt templomot kapott az egyh\u00e1z az Ady negyedben, amit M\u00e1rton \u00c1ron szentelt fel (1972). Mv.-en siker\u00fclt 6 k\u00e1poln\u00e1t l\u00e9tes\u00edteni: a K\u00f6vesdombon (1981), a Cserealj\u00e1n (1984), Meggyesfalv\u00e1n (1990), Remeteszegen (1991), a Hidegv\u00f6lgyben, a Maroskereszt\u00faron (1987). K\u00e9s\u0151bb enged\u00e9lyezt\u00e9k, hogy ezek a k\u00e1poln\u00e1k pl\u00e9b\u00e1ni\u00e1v\u00e1 szervez\u0151djenek. Megszervezte a vall\u00e1soktat\u00e1st, elkezdte a cig\u00e1nypasztor\u00e1ci\u00f3t. \u00c1ltal\u00e1nos helyn\u00f6kk\u00e9 nevezt\u00e9k ki, Gyulafeh\u00e9rv\u00e1ron p\u00fcsp\u00f6ki, majd \u00e9rseki vik\u00e1rius (1992\u201397), itt sorra jelentette meg egyh\u00e1zt\u00f6rt\u00e9neti, teol\u00f3giai t\u00e1rgy\u00fa tanulm\u00e1nyait. T\u00f6bb mint harminc \u00e9v gy\u0171jt\u00e9se, lev\u00e9lt\u00e1ri munk\u00e1ja nyom\u00e1n k\u00f6z\u00f6lte k\u00e9t k\u00f6tetben 1200 erd\u00e9lyi telep\u00fcl\u00e9s, egyh\u00e1zker\u00fcletek szerinti, m\u0171eml\u00e9k templom\u00e1nak r\u00f6vid t\u00f6rt\u00e9net\u00e9t, le\u00edr\u00e1s\u00e1t, f\u00e9nyk\u00e9p\u00e9t. A k\u00f6tet k\u00e9panyag\u00e1t ki\u00e1ll\u00edt\u00e1son mutatta be G\u00f6d\u00f6ll\u0151n, Bp.-en, Szegeden, Cs\u00edkszered\u00e1ban, K\u00e9zdiv\u00e1s\u00e1rhelyen \u00e9s Sz\u00e9kelykereszt\u00faron, majd a Gyulafeh\u00e9rv\u00e1ri \u00c9rseki Lev\u00e9lt\u00e1rnak adom\u00e1nyozta. Sz\u00e9kelyudvarhelyen \u00e9lt a Pastor Bonus papi otthonban hal\u00e1l\u00e1ig (2006- 2008). Els\u0151 \u00edr\u00e1sait az Aranyossz\u00e9k k\u00f6z\u00f6lte (1940). Meg\u00edrta a p\u00fcsp\u00f6ks\u00e9g t\u00f6rt\u00e9net\u00e9t a kommunista rendszer els\u0151 \u00e9vei alatt: amit a R\u00e9gi\u00f3 (1991) \u00e9s a Rom\u00e1nai M. Sz\u00f3 k\u00f6z\u00f6lt, majd a P\u00e1p\u00e1k \u00e9s a magyars\u00e1g sorsd\u00f6nt\u0151 sz\u00e1zadai (1991) c. tanulm\u00e1ny\u00e1t. <strong>Kit\u00fcntet\u00e9sei:<\/strong> archidiaconus ad honorem (1966), p\u00e1pai prel\u00e1tus (1970), Mv. d\u00edszpolg\u00e1ra (1992), protonotarius apostolicus (1993), a M. K\u00f6zt\u00e1rsas\u00e1g \u00c9rdemrendj\u00e9nek kiskeresztje (1994), Frank\u00f3i Vilmos-d\u00edj (2002), Juli\u00e1nus-d\u00edj (2006). \u2013 <strong>F. m.:<\/strong> Katolikus imak\u00f6nyv (Gyulafeh\u00e9rv\u00e1r, 1975; 12 kiad\u00e1st \u00e9rt meg); Katolikus katekizmus (Gyulafeh\u00e9rv\u00e1r, 1978, 2. kiad. 1987.); Ne ossz\u00e1tok meg Krisztus k\u00f6nt\u00f6s\u00e9t (1993); Megszentelt k\u00f6vek. A k\u00f6z\u00e9pkori erd\u00e9lyi p\u00fcsp\u00f6ks\u00e9g templomai, St\u00edlusok, zord id\u0151k, hitvall\u00e1sok (katolikus, luter\u00e1nus, reform\u00e1tus, unit\u00e1rius) v\u00e1ltoz\u00e1saiban.1100 templomk\u00e9ppel. 1\u20132. k\u00f6t. (Kv., 1996; 2. b\u0151v. kiad. Gyulafeh\u00e9rv\u00e1r, 2000; CD-n is); Cs\u00edkszentkir\u00e1ly temploma \u00e9s csal\u00e1djai (Kv., 1997); Az erd\u00e9lyi r\u00f3mai katolikus paps\u00e1g az 1848\u20131849-es forradalom \u00e9s szabads\u00e1gharcban = Maros megyei m. 2..; A hitvall\u00e1sos iskol\u00e1k k\u00fczdelme a k\u00e9t vil\u00e1gh\u00e1bor\u00fa k\u00f6z\u00f6tt 1920\u201340 (Kv., 2000); Boldog h\u00e1zass\u00e1g fel\u00e9: Fiataloknak, sz\u00fcleiknek \u00e9s nevel\u0151iknek (Kv., 2002); Boldog h\u00e1zass\u00e1g: esk\u00fcv\u0151t\u0151l holtomiglan (Kv., 2003); A k\u00e9t vil\u00e1gh\u00e1bor\u00fa k\u00f6z\u00f6tti hitvall\u00e1sos iskol\u00e1k; Erd\u00e9lyi Szib\u00e9ria: Az erd\u00e9lyi katolicizmus gy\u0151zedelmes k\u00fczdelme a hith\u0171s\u00e9g\u00e9rt. 1948\u20131989 Gyulafeh\u00e9rv\u00e1r, 2003); Mv. katolikus egyh\u00e1za a kommunista elnyom\u00e1s idej\u00e9n, 1948\u20131990 (Kv., 2007); <strong>antol\u00f3g.:<\/strong> A Gyulafeh\u00e9rv\u00e1ri R\u00f3mai Katolikus Megy\u00e9sp\u00fcsp\u00f6ks\u00e9g = Erd\u00e9lyi egyh\u00e1zak \u00e9vsz\u00e1zadai (Buk., 1992); Mv. katolikus m\u00faltja = Mv. t\u00f6rt\u00e9net\u00e9b\u0151l (Mv., 1999). <br \/><strong>Irod.:<\/strong> Bartos 2012; Bodolai: Lesz-e z\u00e1rda Mv.-en? (N\u00fa., 1992. jan. 8.); Csintalan L\u00e1szl\u00f3: Elhunyt L. F. (V\u00e1s\u00e1rhelyi H\u00edrlap, 2008. j\u00fal. 15.); \u201eIsten aj\u00e1nd\u00e9ka volt, hogy mindezt meg tudtam \u00e9lni\u2026\u201d: Kov\u00e1cs \u00c1rp\u00e1d besz\u00e9lget\u00e9se L. F.-cel (\u00d6r\u00f6ks\u00e9g\u00fcnk, 1. sz., 2008); Ferenczi S\u00e1ndor: 2009; Imreh Ern\u0151: \u201eA pl\u00e9b\u00e1nos besz\u00e9l&#8230;\u201d: Tal\u00e1lkoz\u00e1saim L. F.-cel (Erd\u00e9lyi Figyel\u0151, 2. sz., 1993); Luk\u00e1cs J\u00e1nos: K\u00f6nyvekkel szolg\u00e1lok tov\u00e1bb: interj\u00fa L. F.-cel (Kr\u00f3nika: Szempont, 8.sz., 2007. febr. 23\u201325); Maros-k\u00fck\u00fcll\u0151i f\u0151esp.; Maros megyei t\u00f6rt.; MKL; Moln\u00e1r; Mv.-Bal\u00e1s; P\u00e9k.Antal 2003; RMIL; RMKK; Todea 2013<\/br><\/p>\n","protected":false},"excerpt":{"rendered":"<p>Cs\u00edkszentkir\u00e1ly, 1913. febr. 12., \u2020 Sz\u00e9kelyudvarhely, 2008.j\u00fal.14., Csikszentkir\u00e1lyon temett\u00e9k el: r. k. lelk\u00e9sz, protonot\u00e1rius, p\u00e1pai prel\u00e1tus, vik\u00e1rius, egyh\u00e1zi \u00edr\u00f3, egyh\u00e1zt\u00f6rt\u00e9n\u00e9sz, teol\u00f3gus. \u2013 Cs\u00edkszered\u00e1ban a R. K. F\u0151gimn.&#8211;ban tanult, egy rendelet folyt\u00e1n Brass\u00f3ban egy rom\u00e1n gimn.-ban \u00e9retts\u00e9gizett (1932), fels\u0151bb tanulm\u00e1nyait Gyulafeh\u00e9rv\u00e1ron a Hittudom\u00e1nyi F\u0151iskol\u00e1ban v\u00e9gezte (1937), dr. Vorbuchner Adolf erd\u00e9lyi p\u00fcp\u00f6k szentelte papp\u00e1 (1937.m\u00e1rc. 13.). R. [&hellip;]<\/p>\n","protected":false},"featured_media":0,"comment_status":"open","ping_status":"closed","template":"","meta":[],"product_brand":[],"product_cat":[137],"product_tag":[],"class_list":{"0":"post-13911","1":"product","2":"type-product","3":"status-publish","5":"product_cat-maros-megyei-eletrajzi-lexikon","7":"first","8":"instock","9":"shipping-taxable","10":"product-type-simple"},"_links":{"self":[{"href":"https:\/\/uj.adatbank.ro\/lexikon\/wp-json\/wp\/v2\/product\/13911","targetHints":{"allow":["GET"]}}],"collection":[{"href":"https:\/\/uj.adatbank.ro\/lexikon\/wp-json\/wp\/v2\/product"}],"about":[{"href":"https:\/\/uj.adatbank.ro\/lexikon\/wp-json\/wp\/v2\/types\/product"}],"replies":[{"embeddable":true,"href":"https:\/\/uj.adatbank.ro\/lexikon\/wp-json\/wp\/v2\/comments?post=13911"}],"wp:attachment":[{"href":"https:\/\/uj.adatbank.ro\/lexikon\/wp-json\/wp\/v2\/media?parent=13911"}],"wp:term":[{"taxonomy":"product_brand","embeddable":true,"href":"https:\/\/uj.adatbank.ro\/lexikon\/wp-json\/wp\/v2\/product_brand?post=13911"},{"taxonomy":"product_cat","embeddable":true,"href":"https:\/\/uj.adatbank.ro\/lexikon\/wp-json\/wp\/v2\/product_cat?post=13911"},{"taxonomy":"product_tag","embeddable":true,"href":"https:\/\/uj.adatbank.ro\/lexikon\/wp-json\/wp\/v2\/product_tag?post=13911"}],"curies":[{"name":"wp","href":"https:\/\/api.w.org\/{rel}","templated":true}]}}