{"id":13919,"date":"2025-07-15T12:44:25","date_gmt":"2025-07-15T10:44:25","guid":{"rendered":"https:\/\/uj.adatbank.ro\/lexikon\/termek\/letz-hans\/"},"modified":"2025-07-15T12:44:25","modified_gmt":"2025-07-15T10:44:25","slug":"letz-hans","status":"publish","type":"product","link":"https:\/\/uj.adatbank.ro\/lexikon\/termek\/letz-hans\/","title":{"rendered":"LETZ, Hans"},"content":{"rendered":"<p>Segesv\u00e1r,1873. okt.19., \u2020 Segesv\u00e1r, ?, :m\u0171\u00e9p\u00edt\u00e9sz, t\u00e9glagy\u00e1ros. \u2013 M\u0171szaki egyetemet B\u00e9csben, M\u00fcnchenben v\u00e9gzett. H\u00e1rom \u00e9vig M\u00fcnchenben dolgozott, azut\u00e1n Segesv\u00e1ron \u00e1tvette apja \u00e9p\u00edt\u00e9szeti irod\u00e1j\u00e1t \u00e9s t\u00e9glagy\u00e1r\u00e1t, ahol lyukas t\u00e9glagy\u00e1rt\u00e1st honos\u00edtott meg. V\u00e1rosi tan\u00e1csos, az ev. egyh\u00e1z presbitere. T\u0171zolt\u00f3 parancsnokk\u00e9nt v\u00e1rosi f\u00fav\u00f3s zenekart l\u00e9tes\u00edtett. T\u00f6bb \u00e9remmel t\u00fcntett\u00e9k ki. <br \/><strong>Irod.:<\/strong> Lexiconul vie\u0163ii publice<\/br><\/p>\n","protected":false},"excerpt":{"rendered":"<p>Segesv\u00e1r,1873. okt.19., \u2020 Segesv\u00e1r, ?, :m\u0171\u00e9p\u00edt\u00e9sz, t\u00e9glagy\u00e1ros. \u2013 M\u0171szaki egyetemet B\u00e9csben, M\u00fcnchenben v\u00e9gzett. H\u00e1rom \u00e9vig M\u00fcnchenben dolgozott, azut\u00e1n Segesv\u00e1ron \u00e1tvette apja \u00e9p\u00edt\u00e9szeti irod\u00e1j\u00e1t \u00e9s t\u00e9glagy\u00e1r\u00e1t, ahol lyukas t\u00e9glagy\u00e1rt\u00e1st honos\u00edtott meg. V\u00e1rosi tan\u00e1csos, az ev. egyh\u00e1z presbitere. T\u0171zolt\u00f3 parancsnokk\u00e9nt v\u00e1rosi f\u00fav\u00f3s zenekart l\u00e9tes\u00edtett. T\u00f6bb \u00e9remmel t\u00fcntett\u00e9k ki. Irod.: Lexiconul vie\u0163ii publice<\/p>\n","protected":false},"featured_media":0,"comment_status":"open","ping_status":"closed","template":"","meta":[],"product_brand":[],"product_cat":[137],"product_tag":[],"class_list":{"0":"post-13919","1":"product","2":"type-product","3":"status-publish","5":"product_cat-maros-megyei-eletrajzi-lexikon","7":"first","8":"instock","9":"shipping-taxable","10":"product-type-simple"},"_links":{"self":[{"href":"https:\/\/uj.adatbank.ro\/lexikon\/wp-json\/wp\/v2\/product\/13919","targetHints":{"allow":["GET"]}}],"collection":[{"href":"https:\/\/uj.adatbank.ro\/lexikon\/wp-json\/wp\/v2\/product"}],"about":[{"href":"https:\/\/uj.adatbank.ro\/lexikon\/wp-json\/wp\/v2\/types\/product"}],"replies":[{"embeddable":true,"href":"https:\/\/uj.adatbank.ro\/lexikon\/wp-json\/wp\/v2\/comments?post=13919"}],"wp:attachment":[{"href":"https:\/\/uj.adatbank.ro\/lexikon\/wp-json\/wp\/v2\/media?parent=13919"}],"wp:term":[{"taxonomy":"product_brand","embeddable":true,"href":"https:\/\/uj.adatbank.ro\/lexikon\/wp-json\/wp\/v2\/product_brand?post=13919"},{"taxonomy":"product_cat","embeddable":true,"href":"https:\/\/uj.adatbank.ro\/lexikon\/wp-json\/wp\/v2\/product_cat?post=13919"},{"taxonomy":"product_tag","embeddable":true,"href":"https:\/\/uj.adatbank.ro\/lexikon\/wp-json\/wp\/v2\/product_tag?post=13919"}],"curies":[{"name":"wp","href":"https:\/\/api.w.org\/{rel}","templated":true}]}}