{"id":13933,"date":"2025-07-15T12:44:54","date_gmt":"2025-07-15T10:44:54","guid":{"rendered":"https:\/\/uj.adatbank.ro\/lexikon\/termek\/ligeti-gyorgy-%c2%a7\/"},"modified":"2025-07-15T12:44:54","modified_gmt":"2025-07-15T10:44:54","slug":"ligeti-gyorgy-%c2%a7","status":"publish","type":"product","link":"https:\/\/uj.adatbank.ro\/lexikon\/termek\/ligeti-gyorgy-%c2%a7\/","title":{"rendered":"LIGETI Gy\u00f6rgy, \u00a7"},"content":{"rendered":"<p>Dics\u0151szentm\u00e1rton, 1923. m\u00e1j. 28.,\u2020 B\u00e9cs, 2006. j\u00fan. 12.: zeneszerz\u0151, zenetud\u00f3s, tan\u00e1r. \u2013 Sz\u00fclei: Auer (Ligeti) S\u00e1ndor bankigazgat\u00f3 \u00e9s Somogyi Ilona szem\u00e9sz orvos. H\u00e9t \u00e9ves kor\u00e1ig Dics\u0151szentm\u00e1rtonban laktak, a nagyn\u00e9ni zongor\u00e1j\u00e1n kalimp\u00e1lt, zenei \u00e9rdekl\u0151d\u00e9s\u00e9t a gramafon, a r\u00e1di\u00f3 hangja, a v\u00e1rosb\u00f3l besziv\u00e1rg\u00f3 cig\u00e1nyzene keltette fel. Kv.-on h\u00e9t\u00e9ves kor\u00e1ban l\u00e1tott operael\u0151ad\u00e1st, operetteket, majd \u201esiralmas\u201d koncerteket. Itt kezdett zongor\u00e1zni tanulni 14 \u00e9ves kor\u00e1t\u00f3l, itt \u00edrta t\u00edz\u00e9vesen els\u0151 \u201em\u0171v\u00e9t\u201d, ami egysz\u00f3lam\u00fa dallam volt \u00e9s els\u0151 gimnazista kor\u00e1ban jegyezte le, majd zongoradarabokat \u00edrt. Els\u0151, a-moll szimf\u00f3ni\u00e1j\u00e1t 16 \u00e9vesen \u00edrta meg. Beiratkozott a Kv.-i Konzervat\u00f3riumba (1941\u201343), ahol orgon\u00e1t, csell\u00f3t \u00e9s \u00fct\u0151hangszereket tanult, majd a bp.-i Zenem\u0171v\u00e9szeti F\u0151iskol\u00e1ban folytatta tanulm\u00e1nyait, B\u00e1rdos Lajos, Farkas Ferenc \u00e9s Veress S\u00e1ndor tan\u00edtv\u00e1nya (1945\u201349). Erd\u00e9lyben kutatott (\u20131950). A Bp.-i Zenem\u0171v\u00e9szeti F\u0151iskola klasszikus harm\u00f3niatan- \u00e9s ellenpontok tan\u00e1ra (1950\u201356); elhagyta Magyaro.-ot, az emigr\u00e1ci\u00f3t v\u00e1lasztotta (1956 v\u00e9g\u00e9n). El\u00f4bb B\u00e9csben, majd Berlinben \u00e9lt. Dolgozott a k\u00f6lni r\u00e1di\u00f3 f\u00f4munkat\u00e1rsak\u00e9nt (1957\u201359), itt ismerkedett meg Karlheinz Stockhausennel, k\u00e9s\u0151bb zenekari \u00e9s vok\u00e1lis m\u0171veire nagy hat\u00e1ssal voltak a st\u00fadi\u00f3ban szerzett tapasztalatok. Zeneszerz\u0151i tev\u00e9kenys\u00e9g\u00e9re hat\u00e1ssal volt Debussy, Bart\u00f3k, Sztravinszkij \u00e9s Stockhausen zen\u00e9je, valamint Eur\u00f3p\u00e1n k\u00edv\u00fcli zenei kult\u00far\u00e1k is. Vend\u00e9gprofesszor Darmstadtban a Ferienkursen f\u00fcr Neue Musik docense (1959, 1960, 1961); Stockholmban a Kir. Konzervat\u00f3rium megh\u00edvott professzora (1961\u201369); Madridban a ny\u00e1ri tanfolyamok vezet\u0151je (1961), Belthovenben (1962, 1963), Essenben (1963, 1964), Finno.-ban Jyvaskylaban professzor (1964\u201365), majd Berlinben szabadfoglalkoz\u00e1s\u00fa zeneszerz\u0151 (1969\u201373, amelyb\u0151l DAAD \u00f6szt\u00f6nd\u00edjjal 1969\/ 1970); rezidens zeneszerz\u0151 Kaliforni\u00e1ban a Stanford Egyetemen \u00e9s az AE\u00c1-ban (1972); prof. Hamburgban a Staatliche Hochschule f\u00fcr Musik zeneszerz\u00e9s katedr\u00e1j\u00e1n (1973\u201379). El\u0151ad\u00e1sokat, tudom\u00e1nyos \u00e9rtekez\u00e9seket, konferenci\u00e1kat, r\u00e1di\u00f3 \u00e9s televizi\u00f3 el\u0151ad\u00e1sokat tartott Ausztria, No., Spanyolo., AE\u00c1, Franciao., Hollandia, Sv\u00e9do., Mo., Sv\u00e1jc \u00e9s m\u00e1s orsz\u00e1gok p\u00f3diumain. Tanulm\u00e1nyai \u00e9s cikkei jelentek meg: Melos; Forum; Neue Musik Zeitung; Neues Forum; Wort und Wahrheit; Darmstadter Beitrage zur Neuen Musik; \u00d6sterreichische Musikzeitung, a Zenei Szeml\u00e9ben \u00e9s m\u00e1s sajt\u00f3term\u00e9kekben. Az eur\u00f3pai avantgard zene egyik legtekint\u00e9lyesebb k\u00e9pvisel\u0151je, legh\u00edresebb m\u0171ve a P\u00e1rizsban bemutatott La Grand Macabre c. opera (1978). Tagja: a Kir. Zeneakad.-nak Stockholmban (1964\u2013); t.b.tagja a Musikverein f\u00fcr die Steiermark-nak Grazban (1969), a Szabad M\u0171v\u00e9szeti Akad.-nak Hamburgban (1971\u2013); a M\u0171v\u00e9szeti Akad.-nak Berlinben (1972\u2013); A Sz\u00e9chenyi Irodalmi \u00e9s M\u0171v\u00e9szeti Akad.-nak tagja (1993). Serge Koussevitzky zeneszerz\u00e9s pr\u00e9mium tulajdonosa (1965); Pierre Boulez \u00e9s Leonard Bernstein ut\u00e1n harmadikk\u00e9nt \u00f4 kapta meg a legmagasabb jap\u00e1n kultur\u00e1lis kit\u00fcntet\u00e9st, a Cs\u00e1sz\u00e1ri- d\u00edjat (2000), a finn Wihuri Alap\u00edtv\u00e1ny Sibelius- d\u00edjat adom\u00e1nyozott neki. M\u0171v\u00e9szeti (zenei) Wolf-d\u00edjas (1995\u201396); UNESCO d\u00edjas (1996). a Rom\u00e1n Akad. (1997. m\u00e1rc. 28.) \u00e9s a Francia M\u0171v\u00e9szeti Akad. k\u00fclf\u00f6ldi tagjai sor\u00e1ba v\u00e1lasztotta (1998), m\u00e1r kor\u00e1bban a Berlini M\u0171v\u00e9szeti Akad. valamint az Amerikai M\u0171v\u00e9szeti \u00e9s Irodalmi Int\u00e9zet \u00e9s Akad. tagja volt. Adorno-d\u00edjat kapott (2003), Beethoven- \u00e9s Bach-d\u00edjas, Kossuth-d\u00edjas (2003), Polar-d\u00edjat kapott (2004. m\u00e1j. 24.). Ligeti 2003 elnevez\u00e9ssel fesztiv\u00e1lt rendezett a n\u00fcrnbergi operah\u00e1z 80. sz\u00fclet\u00e9snapja alkalm\u00e1b\u00f3l. A Liszt Ferenc Zenem\u0171v\u00e9szeti Egyetem \u00faj bp.-i k\u00f6zpontja a nev\u00e9t viseli (2000). \u2013 <strong>F. m.:<\/strong> Duo (1946); Sz\u00e9kely t\u00e1nc (1947); Ballada- m. n\u00e9pzen\u00e9re- (1947); Capriccio (1947); Invencio (1948); 8 kis indul\u00f3 (1948); Mifiso la sodo (1948), T\u00e1nc (1948); R\u00e9gi magyar t\u00e1rsas t\u00e1ncok (1949); Ballada \u00e9s t\u00e1nc rom\u00e1n n\u00e9pdalok alapj\u00e1n (1949); Fesztiv\u00e1l \u2013 trombitajel (1949); Tavaszi vir\u00e1g \u2013 barokk dr\u00e1ma \u2013 k\u00eds\u00e9r\u0151 zene zongor\u00e1ra \u00e9s \u00e9nekhangra (1949); \u00cdfj\u00fas\u00e1gi Kantata (1949); Kinai mes\u00e9k \u00e9s Korm\u00f3czi Zolt\u00e1n b\u00e1bj\u00e1t\u00e9kainak k\u00eds\u00e9r\u0151zen\u00e9je; Ballada: T\u00e1nc- rom\u00e1n n\u00e9pzene nyom\u00e1n (1950); K\u00e9t r\u00e9zvon\u00f3s kvartett (1950); Ritmusgyakorlatok \u2013 n\u00e9gykezes zongor\u00e1ra (1950); Sonatina 1950); H\u00e1rom t\u00e1nc \u2013 m. n\u00e9pdalfeldolgoz\u00e1s (1951); Grande Symphonie Militaire (1951); Musica ricercata \u2013 11 m\u0171 zongor\u00e1ra \u2013 (nr. 11 Omagio a G. Frec\u00f3baldi \u2013 orgona-; 6 Bagatelle \u2013 f\u00fav\u00f3soknak) (1953); Szon\u00e1ta- Dialogo e Capriccio, csell\u00f3 (1953); Metamorfoze nocturne \u2013 Von\u00f3s kvartett nr. 1. (1954); Chromatische Fantesie (1956); Vizi\u00f3k (1956); Artikul\u00e1ci\u00f3 (1958); Apparitions: zenekari m\u0171 (1958\u201359, 1960. sug\u00e1rozta a k\u00f6lni r\u00e1di\u00f3); Concert rom\u00e2nesc (1959); Poeme symphonique f\u00fcr 100 Metronome (1960); Jelent\u00e9sek (zenekari m\u0171; 1960); Atmosph\u00e9res (zenekari m\u0171; 1961); Zukunft der Musik (\u201eZenei provok\u00e1ci\u00f3\u201d egy el\u0151ad\u00f3ra \u00e9s hallgat\u00f3s\u00e1gra, 1961); Trois bagatelles (\u201eZenei szertart\u00e1s\u201d egy zongorist\u00e1ra, 1961); Szimfonikus k\u00f6ltem\u00e9ny (1962); Aventures (1962); Nouvelles aventures (1962\u201365); Po\u0117me symphonique f\u00fcr 100 Metronome (\u201eZenei szertart\u00e1s\u201d, 1962); Volumina (orgona, 1962, 1966); Requiem (1963\u201365); Gordonkaverseny (1966); Lux aeterna (vegyeskar, a capella, 1966); Lontano (1967); Harmonies \u2013orgona- (1967); 3 Bagatelles for David Tudor (1967); Continuum csemball\u00f3ra (1968); Ramifications (von\u00f3szenekarra, 1969); Von\u00f3s kvartett nr.2.(1969); Zehn St\u00fccke (1969); Coube\u00e9 -orgona- (1969); Kamarakoncert (1970); Melodien (1971); Doppeltkonzert (1972); Clocks and Clouds (1973); San Francisco Poliphony (1974); Sechs Miniaturen \u2013 egy\u00fcttm\u0171k\u0151dve Friedrich K. Wanekkel (1975); Rondeau (monodr\u00e1ma, 1976); Monument, Selbstportret, Bewegung (1976); Magyar Rock; Hungarian Rock; Passacaglia Ungherese (csembal\u00f3ra, 1978); Le Grand Macabre, opera 2 felvon\u00e1sban, sz\u00f6vegk\u00f6nyv Michael Meschke \u00e9s L. Gy. (1977), r\u00f6vid\u00edtett v\u00e1ltozata (Salzburgban 1996), Mainzban CD-n is megjelent; K\u00fcrttri\u00f3 (1982); Trio \u2013 heged\u0171, k\u00fcrt \u00e9s zongor\u00e1ra (1982); M.et\u00fcd\u00f6k (1983); Zongoraverseny (1986\u201388); The Mysteries of the Macabre (1992); Heged\u0171verseny (1989\u201393); Szon\u00e1ta Br\u00e1csaverseny (1991\u201394); \u00c9tudes pour piano (1995); \u00c9tudes pour piano (1996); Nonsense Madrigals; Hamburgi verseny (k\u00fcrtre \u00e9s kamarazenekarra, 1998\u201399; \u00e1tdolg. 2003); S\u00edppal, dobbal, n\u00e1diheged\u0171vel (\u00e9nekkarra \u00e9s \u00fct\u0151kre, 2000); oper\u00e1i: Aventures&#038;Nouvelles Aventures = Kalandoz\u00e1sok \u00e9s \u00fajabb kalandoz\u00e1sok (kamaradarab; 1966); Liza Lim (1966); Le Grand Macabre, opera 2 felvon\u00e1sban, sz\u00f6vegk\u00f6nyv Michael Meschke \u00e9s L. Gy. (1977), r\u00f6vid\u00edtett v\u00e1ltozata (Salzburgban 1996), Mainzban CD-n is megjelent; The Oresteia (1993); Moon Spirit Feasting (1999); The Navigator (2008); lemezfelv\u00e9tel: Transzcendens et\u0171d\u00f6k (Csalog G\u00e1bor tolm\u00e1csol\u00e1s\u00e1ban; 2004); \u00edr\u00e1sai: Egy aradmegyei rom\u00e1n egy\u00fcttes, A klasszikus harm\u00f3niarend: \u00d6sszhangzattani p\u00e9ld\u00e1k a barokk \u00e9s a b\u00e9csi klasszikus zeneirodalomb\u00f3l (Bp., 1956); Kompositorische Tendenzen heute.(?); N\u00e1dler-Ligeti (Marczi Mariann; N\u00e1dler Istv\u00e1nnal; Bp., 2008); Ligeti.Gy. v\u00e1logatott \u00edr\u00e1sai \/ Szerk. Ker\u00e9kfy M\u00e1rton (Bp., 2010). <br \/><strong>Irod.:<\/strong> Csehy Zolt\u00e1n: Experimentum mundi: (Poszt) modern operakalauz 1945\u20132014 (Bratislava, 2015); DS\u20132000; Guly\u00e1s; L\u00e1szl\u00f3 Ferenc: Gy mint gy\u00e1sz Gy mint \u2019\u2019III. Gy\u00f6rgy\u2019\u2019(Korunk, 8.sz., 2006.); L. Gy.: Gyerek- \u00e9s ifj\u00fakori zenei eml\u00e9kek (N\u00fa., M\u00fazsa, 346. sz., 1998. m\u00e1j. 30.; 347. sz., 1998. j\u00fan. 6.; 348. sz., 1998. j\u00fan. 13.); L. Gy.-Marczi Mariann- N\u00e1dler Istv\u00e1n: N\u00e1dler-Ligeti (Bp., 2008); L. Gy. \u2013 Centen\u00e1riumi koncertek (N\u00fa., 2022.szept.10.); Muzicieni din Rom.; Nagy Csaba; NML; N\u00fa (2003. febr., 22); R\u00daL; Sava-Vartolomei; Sz\u00fclet\u00e9snapi koncert L. Gy.-nek (Magyar Nemzet, 2006. m\u00e1j. 26.); Wertzberger<\/br><\/p>\n","protected":false},"excerpt":{"rendered":"<p>Dics\u0151szentm\u00e1rton, 1923. m\u00e1j. 28.,\u2020 B\u00e9cs, 2006. j\u00fan. 12.: zeneszerz\u0151, zenetud\u00f3s, tan\u00e1r. \u2013 Sz\u00fclei: Auer (Ligeti) S\u00e1ndor bankigazgat\u00f3 \u00e9s Somogyi Ilona szem\u00e9sz orvos. H\u00e9t \u00e9ves kor\u00e1ig Dics\u0151szentm\u00e1rtonban laktak, a nagyn\u00e9ni zongor\u00e1j\u00e1n kalimp\u00e1lt, zenei \u00e9rdekl\u0151d\u00e9s\u00e9t a gramafon, a r\u00e1di\u00f3 hangja, a v\u00e1rosb\u00f3l besziv\u00e1rg\u00f3 cig\u00e1nyzene keltette fel. Kv.-on h\u00e9t\u00e9ves kor\u00e1ban l\u00e1tott operael\u0151ad\u00e1st, operetteket, majd \u201esiralmas\u201d koncerteket. Itt kezdett [&hellip;]<\/p>\n","protected":false},"featured_media":0,"comment_status":"open","ping_status":"closed","template":"","meta":[],"product_brand":[],"product_cat":[137],"product_tag":[],"class_list":{"0":"post-13933","1":"product","2":"type-product","3":"status-publish","5":"product_cat-maros-megyei-eletrajzi-lexikon","7":"first","8":"instock","9":"shipping-taxable","10":"product-type-simple"},"_links":{"self":[{"href":"https:\/\/uj.adatbank.ro\/lexikon\/wp-json\/wp\/v2\/product\/13933","targetHints":{"allow":["GET"]}}],"collection":[{"href":"https:\/\/uj.adatbank.ro\/lexikon\/wp-json\/wp\/v2\/product"}],"about":[{"href":"https:\/\/uj.adatbank.ro\/lexikon\/wp-json\/wp\/v2\/types\/product"}],"replies":[{"embeddable":true,"href":"https:\/\/uj.adatbank.ro\/lexikon\/wp-json\/wp\/v2\/comments?post=13933"}],"wp:attachment":[{"href":"https:\/\/uj.adatbank.ro\/lexikon\/wp-json\/wp\/v2\/media?parent=13933"}],"wp:term":[{"taxonomy":"product_brand","embeddable":true,"href":"https:\/\/uj.adatbank.ro\/lexikon\/wp-json\/wp\/v2\/product_brand?post=13933"},{"taxonomy":"product_cat","embeddable":true,"href":"https:\/\/uj.adatbank.ro\/lexikon\/wp-json\/wp\/v2\/product_cat?post=13933"},{"taxonomy":"product_tag","embeddable":true,"href":"https:\/\/uj.adatbank.ro\/lexikon\/wp-json\/wp\/v2\/product_tag?post=13933"}],"curies":[{"name":"wp","href":"https:\/\/api.w.org\/{rel}","templated":true}]}}